{"id":6717,"date":"2024-06-17T08:36:50","date_gmt":"2024-06-17T08:36:50","guid":{"rendered":"https:\/\/msuv.org\/?page_id=6717"},"modified":"2024-08-05T17:29:11","modified_gmt":"2024-08-05T17:29:11","slug":"zbirka-filma-videa-i-fotografije","status":"publish","type":"page","link":"https:\/\/msuv.org\/en\/zbirka-filma-videa-i-fotografije\/","title":{"rendered":"Collection of Film, Video and Photography"},"content":{"rendered":"<div data-elementor-type=\"wp-page\" data-elementor-id=\"6717\" class=\"elementor elementor-6717\" data-elementor-post-type=\"page\">\n\t\t\t\t<div class=\"elementor-element elementor-element-070fc5a e-con-full e-flex e-con e-parent\" data-id=\"070fc5a\" data-element_type=\"container\" data-e-type=\"container\" data-settings=\"{&quot;background_background&quot;:&quot;classic&quot;}\">\n\t\t<div class=\"elementor-element elementor-element-0542b74 e-con-full e-flex e-con e-child\" data-id=\"0542b74\" data-element_type=\"container\" data-e-type=\"container\">\n\t\t\t\t<div class=\"elementor-element elementor-element-65c778c elementor-widget elementor-widget-heading\" data-id=\"65c778c\" data-element_type=\"widget\" data-e-type=\"widget\" data-widget_type=\"heading.default\">\n\t\t\t\t<div class=\"elementor-widget-container\">\n\t\t\t\t\t<h2 class=\"elementor-heading-title elementor-size-default\">Collection of Film, Video and Photography<\/h2>\t\t\t\t<\/div>\n\t\t\t\t<\/div>\n\t\t\t\t<\/div>\n\t\t<div class=\"elementor-element elementor-element-b481571 e-con-full e-flex e-con e-child\" data-id=\"b481571\" data-element_type=\"container\" data-e-type=\"container\">\n\t\t\t\t<div class=\"elementor-element elementor-element-0c71e5e elementor-widget-tablet__width-inherit elementor-widget elementor-widget-text-editor\" data-id=\"0c71e5e\" data-element_type=\"widget\" data-e-type=\"widget\" data-widget_type=\"text-editor.default\">\n\t\t\t\t<div class=\"elementor-widget-container\">\n\t\t\t\t\t\t\t\t\t<p>The focus of the activities of the collection of film, video and photography are contemporary and historical avant-garde practices, auteur, experimental and conceptual approaches, within the context of the culture of photo-cinema clubs, neo-avant-garde media research, the development of arthouse film, video art, photography, media installations, as well as contemporary artistic practices, socially significant topics, new technologies, etc. The collection, created by the purchase of works and courtesy of the authors who donated their works, includes numerous artists and art groups: Marina Abramovi\u0107, Zoran Naskovski, association Apsolutno, Autopsia, Aleksandar Davi\u0107, IRWIN, Ne\u0161a Paripovi\u0107, Zoran Popovi\u0107, Milica Tomi\u0107, Borislav \u0160ajtinac, Predrag \u0160idjanin, Tanja Ostoji\u0107, Doplgenger, Jasmina Cibic and other prominent authors.<\/p><p><span style=\"font-weight: 400;\">\u00a0<\/span><\/p>\t\t\t\t\t\t\t\t<\/div>\n\t\t\t\t<\/div>\n\t\t\t\t<\/div>\n\t\t\t\t<\/div>\n\t\t<div class=\"elementor-element elementor-element-d9eea90 e-con-full e-flex e-con e-child\" data-id=\"d9eea90\" data-element_type=\"container\" data-e-type=\"container\">\n\t\t<div class=\"elementor-element elementor-element-1106085 e-con-full e-flex e-con e-child\" data-id=\"1106085\" data-element_type=\"container\" data-e-type=\"container\">\n\t\t\t\t<div class=\"elementor-element elementor-element-2678ddd elementor-widget elementor-widget-image\" data-id=\"2678ddd\" data-element_type=\"widget\" data-e-type=\"widget\" data-widget_type=\"image.default\">\n\t\t\t\t<div class=\"elementor-widget-container\">\n\t\t\t\t\t\t\t\t\t\t\t\t\t\t\t\t<a href=\"https:\/\/msuv.org\/wp-content\/uploads\/2024\/06\/Marina-Abramovic-Ispovest-video-performans-60-min-2010.jpg\" data-elementor-open-lightbox=\"yes\" data-elementor-lightbox-title=\"Marina Abramovic\u0301, Ispovest, video performans, 60 min, 2010. Fotografija iz videa.\" data-e-action-hash=\"#elementor-action%3Aaction%3Dlightbox%26settings%3DeyJpZCI6NjczMCwidXJsIjoiaHR0cHM6XC9cL21zdXYub3JnXC93cC1jb250ZW50XC91cGxvYWRzXC8yMDI0XC8wNlwvTWFyaW5hLUFicmFtb3ZpYy1Jc3BvdmVzdC12aWRlby1wZXJmb3JtYW5zLTYwLW1pbi0yMDEwLmpwZyJ9\">\n\t\t\t\t\t\t\t<img fetchpriority=\"high\" decoding=\"async\" width=\"800\" height=\"450\" src=\"https:\/\/msuv.org\/wp-content\/uploads\/2024\/06\/Marina-Abramovic-Ispovest-video-performans-60-min-2010.jpg\" class=\"attachment-large size-large wp-image-6730\" alt=\"Marina Abramovic\u0301, Ispovest, video performans, 60 min, 2010. Fotografija iz videa.\" srcset=\"https:\/\/msuv.org\/wp-content\/uploads\/2024\/06\/Marina-Abramovic-Ispovest-video-performans-60-min-2010.jpg 800w, https:\/\/msuv.org\/wp-content\/uploads\/2024\/06\/Marina-Abramovic-Ispovest-video-performans-60-min-2010-300x169.jpg 300w, https:\/\/msuv.org\/wp-content\/uploads\/2024\/06\/Marina-Abramovic-Ispovest-video-performans-60-min-2010-768x432.jpg 768w, https:\/\/msuv.org\/wp-content\/uploads\/2024\/06\/Marina-Abramovic-Ispovest-video-performans-60-min-2010-18x10.jpg 18w\" sizes=\"(max-width: 800px) 100vw, 800px\" \/>\t\t\t\t\t\t\t\t<\/a>\n\t\t\t\t\t\t\t\t\t\t\t\t\t\t\t<\/div>\n\t\t\t\t<\/div>\n\t\t\t\t<div class=\"elementor-element elementor-element-bf67a11 elementor-widget-mobile__width-inherit elementor-widget elementor-widget-image-box\" data-id=\"bf67a11\" data-element_type=\"widget\" data-e-type=\"widget\" data-widget_type=\"image-box.default\">\n\t\t\t\t<div class=\"elementor-widget-container\">\n\t\t\t\t\t<div class=\"elementor-image-box-wrapper\"><div class=\"elementor-image-box-content\"><h3 class=\"elementor-image-box-title\">Ispovest, video performans, 60 min, 2010.<\/h3><p class=\"elementor-image-box-description\">Marina Abramovi\u0107<\/p><\/div><\/div>\t\t\t\t<\/div>\n\t\t\t\t<\/div>\n\t\t\t\t<\/div>\n\t\t<div class=\"elementor-element elementor-element-f88fa8c e-con-full e-flex e-con e-child\" data-id=\"f88fa8c\" data-element_type=\"container\" data-e-type=\"container\">\n\t\t\t\t<div class=\"elementor-element elementor-element-26fceec elementor-widget elementor-widget-image\" data-id=\"26fceec\" data-element_type=\"widget\" data-e-type=\"widget\" data-widget_type=\"image.default\">\n\t\t\t\t<div class=\"elementor-widget-container\">\n\t\t\t\t\t\t\t\t\t\t\t\t\t\t\t\t<a href=\"https:\/\/msuv.org\/wp-content\/uploads\/2024\/06\/Zoran-Naskovski-Smrt-u-Dalasu-video-instalacija-c\uf022b-kolor-zvuk-17-min-2000\uf0221.jpg\" data-elementor-open-lightbox=\"yes\" data-elementor-lightbox-title=\"Smrt u Dalasu  Zoran Naskovski 2000\/1. Video instalacija, c\/b, kolor, zvuk  17 min.\" data-e-action-hash=\"#elementor-action%3Aaction%3Dlightbox%26settings%3DeyJpZCI6NjczNCwidXJsIjoiaHR0cHM6XC9cL21zdXYub3JnXC93cC1jb250ZW50XC91cGxvYWRzXC8yMDI0XC8wNlwvWm9yYW4tTmFza292c2tpLVNtcnQtdS1EYWxhc3UtdmlkZW8taW5zdGFsYWNpamEtY1x1ZjAyMmIta29sb3ItenZ1ay0xNy1taW4tMjAwMFx1ZjAyMjEuanBnIn0%3D\">\n\t\t\t\t\t\t\t<img decoding=\"async\" width=\"800\" height=\"533\" src=\"https:\/\/msuv.org\/wp-content\/uploads\/2024\/06\/Zoran-Naskovski-Smrt-u-Dalasu-video-instalacija-c\uf022b-kolor-zvuk-17-min-2000\uf0221.jpg\" class=\"attachment-large size-large wp-image-6734\" alt=\"Smrt u Dalasu Zoran Naskovski 2000\/1. Video instalacija, c\/b, kolor, zvuk 17 min.\" srcset=\"https:\/\/msuv.org\/wp-content\/uploads\/2024\/06\/Zoran-Naskovski-Smrt-u-Dalasu-video-instalacija-c\uf022b-kolor-zvuk-17-min-2000\uf0221.jpg 800w, https:\/\/msuv.org\/wp-content\/uploads\/2024\/06\/Zoran-Naskovski-Smrt-u-Dalasu-video-instalacija-c\uf022b-kolor-zvuk-17-min-2000\uf0221-300x200.jpg 300w, https:\/\/msuv.org\/wp-content\/uploads\/2024\/06\/Zoran-Naskovski-Smrt-u-Dalasu-video-instalacija-c\uf022b-kolor-zvuk-17-min-2000\uf0221-768x512.jpg 768w, https:\/\/msuv.org\/wp-content\/uploads\/2024\/06\/Zoran-Naskovski-Smrt-u-Dalasu-video-instalacija-c\uf022b-kolor-zvuk-17-min-2000\uf0221-18x12.jpg 18w\" sizes=\"(max-width: 800px) 100vw, 800px\" \/>\t\t\t\t\t\t\t\t<\/a>\n\t\t\t\t\t\t\t\t\t\t\t\t\t\t\t<\/div>\n\t\t\t\t<\/div>\n\t\t\t\t<div class=\"elementor-element elementor-element-b41c24d elementor-widget-mobile__width-inherit elementor-widget elementor-widget-image-box\" data-id=\"b41c24d\" data-element_type=\"widget\" data-e-type=\"widget\" data-widget_type=\"image-box.default\">\n\t\t\t\t<div class=\"elementor-widget-container\">\n\t\t\t\t\t<div class=\"elementor-image-box-wrapper\"><div class=\"elementor-image-box-content\"><h3 class=\"elementor-image-box-title\">Smrt u Dalasu, video instalacija, c\/b, kolor, zvuk, 17 min, 2000\/1. <\/h3><p class=\"elementor-image-box-description\">Zoran Naskovski<\/p><\/div><\/div>\t\t\t\t<\/div>\n\t\t\t\t<\/div>\n\t\t\t\t<\/div>\n\t\t<div class=\"elementor-element elementor-element-932adc0 e-con-full e-flex e-con e-child\" data-id=\"932adc0\" data-element_type=\"container\" data-e-type=\"container\">\n\t\t\t\t<div class=\"elementor-element elementor-element-1b2df87 elementor-widget elementor-widget-image\" data-id=\"1b2df87\" data-element_type=\"widget\" data-e-type=\"widget\" data-widget_type=\"image.default\">\n\t\t\t\t<div class=\"elementor-widget-container\">\n\t\t\t\t\t\t\t\t\t\t\t\t\t\t\t\t<a href=\"https:\/\/msuv.org\/wp-content\/uploads\/2024\/06\/Zoran-Naskovski-Crisis\uf022Ornet-Kolmen-u-Beogradu-instalacija-dimenzije-promenljive-2020.jpg\" data-elementor-open-lightbox=\"yes\" data-elementor-lightbox-title=\"Crisis \/ Ornet Kolmen u Beogradu Zoran Naskovski 2020. Instalacija Dimenzije promenljive\" data-e-action-hash=\"#elementor-action%3Aaction%3Dlightbox%26settings%3DeyJpZCI6NjczMywidXJsIjoiaHR0cHM6XC9cL21zdXYub3JnXC93cC1jb250ZW50XC91cGxvYWRzXC8yMDI0XC8wNlwvWm9yYW4tTmFza292c2tpLUNyaXNpc1x1ZjAyMk9ybmV0LUtvbG1lbi11LUJlb2dyYWR1LWluc3RhbGFjaWphLWRpbWVuemlqZS1wcm9tZW5saml2ZS0yMDIwLmpwZyJ9\">\n\t\t\t\t\t\t\t<img decoding=\"async\" width=\"800\" height=\"450\" src=\"https:\/\/msuv.org\/wp-content\/uploads\/2024\/06\/Zoran-Naskovski-Crisis\uf022Ornet-Kolmen-u-Beogradu-instalacija-dimenzije-promenljive-2020.jpg\" class=\"attachment-large size-large wp-image-6733\" alt=\"Crisis \/ Ornet Kolmen u Beogradu Zoran Naskovski 2020. Instalacija Dimenzije promenljive\" srcset=\"https:\/\/msuv.org\/wp-content\/uploads\/2024\/06\/Zoran-Naskovski-Crisis\uf022Ornet-Kolmen-u-Beogradu-instalacija-dimenzije-promenljive-2020.jpg 800w, https:\/\/msuv.org\/wp-content\/uploads\/2024\/06\/Zoran-Naskovski-Crisis\uf022Ornet-Kolmen-u-Beogradu-instalacija-dimenzije-promenljive-2020-300x169.jpg 300w, https:\/\/msuv.org\/wp-content\/uploads\/2024\/06\/Zoran-Naskovski-Crisis\uf022Ornet-Kolmen-u-Beogradu-instalacija-dimenzije-promenljive-2020-768x432.jpg 768w, https:\/\/msuv.org\/wp-content\/uploads\/2024\/06\/Zoran-Naskovski-Crisis\uf022Ornet-Kolmen-u-Beogradu-instalacija-dimenzije-promenljive-2020-18x10.jpg 18w\" sizes=\"(max-width: 800px) 100vw, 800px\" \/>\t\t\t\t\t\t\t\t<\/a>\n\t\t\t\t\t\t\t\t\t\t\t\t\t\t\t<\/div>\n\t\t\t\t<\/div>\n\t\t\t\t<div class=\"elementor-element elementor-element-c7a0cc9 elementor-widget-mobile__width-inherit elementor-widget elementor-widget-image-box\" data-id=\"c7a0cc9\" data-element_type=\"widget\" data-e-type=\"widget\" data-widget_type=\"image-box.default\">\n\t\t\t\t<div class=\"elementor-widget-container\">\n\t\t\t\t\t<div class=\"elementor-image-box-wrapper\"><div class=\"elementor-image-box-content\"><h3 class=\"elementor-image-box-title\">Crisis\/Ornet Kolmen u Beogradu, instalacija, dimenzije promenljive, 2020.<\/h3><p class=\"elementor-image-box-description\">Zoran Naskovski<\/p><\/div><\/div>\t\t\t\t<\/div>\n\t\t\t\t<\/div>\n\t\t\t\t<\/div>\n\t\t<div class=\"elementor-element elementor-element-a24d98f e-con-full e-flex e-con e-child\" data-id=\"a24d98f\" data-element_type=\"container\" data-e-type=\"container\">\n\t\t\t\t<div class=\"elementor-element elementor-element-6f8b141 elementor-widget elementor-widget-image\" data-id=\"6f8b141\" data-element_type=\"widget\" data-e-type=\"widget\" data-widget_type=\"image.default\">\n\t\t\t\t<div class=\"elementor-widget-container\">\n\t\t\t\t\t\t\t\t\t\t\t\t\t\t\t\t<a href=\"https:\/\/msuv.org\/wp-content\/uploads\/2024\/06\/asocijacija-Apsolutno-Na-Balkanu-video-c\uf022b-NTSC\uf022PAL-B\uf022G-2.30min-1998.-Fotografija-iz-videa.jpg\" data-elementor-open-lightbox=\"yes\" data-elementor-lightbox-title=\"Na Balkanu asocijacija Apsolutno 1998. Video, c\/b, NTSC\/PAL, B\/G  2.30 min.\" data-e-action-hash=\"#elementor-action%3Aaction%3Dlightbox%26settings%3DeyJpZCI6NjcyNSwidXJsIjoiaHR0cHM6XC9cL21zdXYub3JnXC93cC1jb250ZW50XC91cGxvYWRzXC8yMDI0XC8wNlwvYXNvY2lqYWNpamEtQXBzb2x1dG5vLU5hLUJhbGthbnUtdmlkZW8tY1x1ZjAyMmItTlRTQ1x1ZjAyMlBBTC1CXHVmMDIyRy0yLjMwbWluLTE5OTguLUZvdG9ncmFmaWphLWl6LXZpZGVhLmpwZyJ9\">\n\t\t\t\t\t\t\t<img loading=\"lazy\" decoding=\"async\" width=\"800\" height=\"450\" src=\"https:\/\/msuv.org\/wp-content\/uploads\/2024\/06\/asocijacija-Apsolutno-Na-Balkanu-video-c\uf022b-NTSC\uf022PAL-B\uf022G-2.30min-1998.-Fotografija-iz-videa.jpg\" class=\"attachment-large size-large wp-image-6725\" alt=\"Na Balkanu asocijacija Apsolutno 1998. Video, c\/b, NTSC\/PAL, B\/G 2.30 min.\" srcset=\"https:\/\/msuv.org\/wp-content\/uploads\/2024\/06\/asocijacija-Apsolutno-Na-Balkanu-video-c\uf022b-NTSC\uf022PAL-B\uf022G-2.30min-1998.-Fotografija-iz-videa.jpg 800w, https:\/\/msuv.org\/wp-content\/uploads\/2024\/06\/asocijacija-Apsolutno-Na-Balkanu-video-c\uf022b-NTSC\uf022PAL-B\uf022G-2.30min-1998.-Fotografija-iz-videa-300x169.jpg 300w, https:\/\/msuv.org\/wp-content\/uploads\/2024\/06\/asocijacija-Apsolutno-Na-Balkanu-video-c\uf022b-NTSC\uf022PAL-B\uf022G-2.30min-1998.-Fotografija-iz-videa-768x432.jpg 768w, https:\/\/msuv.org\/wp-content\/uploads\/2024\/06\/asocijacija-Apsolutno-Na-Balkanu-video-c\uf022b-NTSC\uf022PAL-B\uf022G-2.30min-1998.-Fotografija-iz-videa-18x10.jpg 18w\" sizes=\"(max-width: 800px) 100vw, 800px\" \/>\t\t\t\t\t\t\t\t<\/a>\n\t\t\t\t\t\t\t\t\t\t\t\t\t\t\t<\/div>\n\t\t\t\t<\/div>\n\t\t\t\t<div class=\"elementor-element elementor-element-ddfd3c2 elementor-widget-mobile__width-inherit elementor-widget elementor-widget-image-box\" data-id=\"ddfd3c2\" data-element_type=\"widget\" data-e-type=\"widget\" data-widget_type=\"image-box.default\">\n\t\t\t\t<div class=\"elementor-widget-container\">\n\t\t\t\t\t<div class=\"elementor-image-box-wrapper\"><div class=\"elementor-image-box-content\"><h3 class=\"elementor-image-box-title\">Na Balkanu, video, c\/b, NTSC\/PAL, B\/G, 2.30min, 1998.<\/h3><p class=\"elementor-image-box-description\">Asocijacija Apsolutno<\/p><\/div><\/div>\t\t\t\t<\/div>\n\t\t\t\t<\/div>\n\t\t\t\t<\/div>\n\t\t\t\t<\/div>\n\t\t<div class=\"elementor-element elementor-element-c5abf7a e-con-full e-flex e-con e-child\" data-id=\"c5abf7a\" data-element_type=\"container\" data-e-type=\"container\">\n\t\t<div class=\"elementor-element elementor-element-585d812 e-con-full e-flex e-con e-child\" data-id=\"585d812\" data-element_type=\"container\" data-e-type=\"container\">\n\t\t\t\t<div class=\"elementor-element elementor-element-935aaa1 elementor-widget elementor-widget-image\" data-id=\"935aaa1\" data-element_type=\"widget\" data-e-type=\"widget\" data-widget_type=\"image.default\">\n\t\t\t\t<div class=\"elementor-widget-container\">\n\t\t\t\t\t\t\t\t\t\t\t\t\t\t\t\t<a href=\"https:\/\/msuv.org\/wp-content\/uploads\/2024\/06\/Aleksandar-Davic-reditelj-Jasna-Jovanov-scenarista-Poslednja-dadaisticka-predstava-video-c\uf022b-kolor-zvuk-36-min-TVNS-1992.jpg\" data-elementor-open-lightbox=\"yes\" data-elementor-lightbox-title=\"Poslednja dadaisti\u010dka predstava Aleksandar Davi\u0107 (reditelj) Jasna Jovanov (scenarista) Produkcija: TVNS Video, c\/b, kolor, zvuk  1992. 36 min.\" data-e-action-hash=\"#elementor-action%3Aaction%3Dlightbox%26settings%3DeyJpZCI6NjcyMywidXJsIjoiaHR0cHM6XC9cL21zdXYub3JnXC93cC1jb250ZW50XC91cGxvYWRzXC8yMDI0XC8wNlwvQWxla3NhbmRhci1EYXZpYy1yZWRpdGVsai1KYXNuYS1Kb3Zhbm92LXNjZW5hcmlzdGEtUG9zbGVkbmphLWRhZGFpc3RpY2thLXByZWRzdGF2YS12aWRlby1jXHVmMDIyYi1rb2xvci16dnVrLTM2LW1pbi1UVk5TLTE5OTIuanBnIn0%3D\">\n\t\t\t\t\t\t\t<img loading=\"lazy\" decoding=\"async\" width=\"800\" height=\"450\" src=\"https:\/\/msuv.org\/wp-content\/uploads\/2024\/06\/Aleksandar-Davic-reditelj-Jasna-Jovanov-scenarista-Poslednja-dadaisticka-predstava-video-c\uf022b-kolor-zvuk-36-min-TVNS-1992.jpg\" class=\"attachment-large size-large wp-image-6723\" alt=\"Poslednja dadaisti\u010dka predstava Aleksandar Davi\u0107 (reditelj) Jasna Jovanov (scenarista) Produkcija: TVNS Video, c\/b, kolor, zvuk 1992. 36 min.\" srcset=\"https:\/\/msuv.org\/wp-content\/uploads\/2024\/06\/Aleksandar-Davic-reditelj-Jasna-Jovanov-scenarista-Poslednja-dadaisticka-predstava-video-c\uf022b-kolor-zvuk-36-min-TVNS-1992.jpg 800w, https:\/\/msuv.org\/wp-content\/uploads\/2024\/06\/Aleksandar-Davic-reditelj-Jasna-Jovanov-scenarista-Poslednja-dadaisticka-predstava-video-c\uf022b-kolor-zvuk-36-min-TVNS-1992-300x169.jpg 300w, https:\/\/msuv.org\/wp-content\/uploads\/2024\/06\/Aleksandar-Davic-reditelj-Jasna-Jovanov-scenarista-Poslednja-dadaisticka-predstava-video-c\uf022b-kolor-zvuk-36-min-TVNS-1992-768x432.jpg 768w, https:\/\/msuv.org\/wp-content\/uploads\/2024\/06\/Aleksandar-Davic-reditelj-Jasna-Jovanov-scenarista-Poslednja-dadaisticka-predstava-video-c\uf022b-kolor-zvuk-36-min-TVNS-1992-18x10.jpg 18w\" sizes=\"(max-width: 800px) 100vw, 800px\" \/>\t\t\t\t\t\t\t\t<\/a>\n\t\t\t\t\t\t\t\t\t\t\t\t\t\t\t<\/div>\n\t\t\t\t<\/div>\n\t\t\t\t<div class=\"elementor-element elementor-element-175151b elementor-widget-mobile__width-inherit elementor-widget elementor-widget-image-box\" data-id=\"175151b\" data-element_type=\"widget\" data-e-type=\"widget\" data-widget_type=\"image-box.default\">\n\t\t\t\t<div class=\"elementor-widget-container\">\n\t\t\t\t\t<div class=\"elementor-image-box-wrapper\"><div class=\"elementor-image-box-content\"><h3 class=\"elementor-image-box-title\"> Poslednja dadaistic\u030cka predstava, video, c\/b, kolor, zvuk, 36 min, TVNS, 1992.<\/h3><p class=\"elementor-image-box-description\">Aleksandar Davic\u0301 (reditelj), Jasna Jovanov (scenarista)<\/p><\/div><\/div>\t\t\t\t<\/div>\n\t\t\t\t<\/div>\n\t\t\t\t<\/div>\n\t\t<div class=\"elementor-element elementor-element-58fef7b e-con-full e-flex e-con e-child\" data-id=\"58fef7b\" data-element_type=\"container\" data-e-type=\"container\">\n\t\t\t\t<div class=\"elementor-element elementor-element-5f4c7e2 elementor-widget elementor-widget-image\" data-id=\"5f4c7e2\" data-element_type=\"widget\" data-e-type=\"widget\" data-widget_type=\"image.default\">\n\t\t\t\t<div class=\"elementor-widget-container\">\n\t\t\t\t\t\t\t\t\t\t\t\t\t\t\t\t<a href=\"https:\/\/msuv.org\/wp-content\/uploads\/2024\/06\/Aleksandar-Davic-Ocevidac-video-instalacija-kolor-zvuk-3.48-min-1995.jpg\" data-elementor-open-lightbox=\"yes\" data-elementor-lightbox-title=\"O\u010devidac Aleksandar Davi\u0107 1995. Video instalacija, kolor, zvuk  3.48 min.\" data-e-action-hash=\"#elementor-action%3Aaction%3Dlightbox%26settings%3DeyJpZCI6NjcyNCwidXJsIjoiaHR0cHM6XC9cL21zdXYub3JnXC93cC1jb250ZW50XC91cGxvYWRzXC8yMDI0XC8wNlwvQWxla3NhbmRhci1EYXZpYy1PY2V2aWRhYy12aWRlby1pbnN0YWxhY2lqYS1rb2xvci16dnVrLTMuNDgtbWluLTE5OTUuanBnIn0%3D\">\n\t\t\t\t\t\t\t<img loading=\"lazy\" decoding=\"async\" width=\"800\" height=\"534\" src=\"https:\/\/msuv.org\/wp-content\/uploads\/2024\/06\/Aleksandar-Davic-Ocevidac-video-instalacija-kolor-zvuk-3.48-min-1995.jpg\" class=\"attachment-large size-large wp-image-6724\" alt=\"O\u010devidac Aleksandar Davi\u0107 1995. Video instalacija, kolor, zvuk 3.48 min.\" srcset=\"https:\/\/msuv.org\/wp-content\/uploads\/2024\/06\/Aleksandar-Davic-Ocevidac-video-instalacija-kolor-zvuk-3.48-min-1995.jpg 800w, https:\/\/msuv.org\/wp-content\/uploads\/2024\/06\/Aleksandar-Davic-Ocevidac-video-instalacija-kolor-zvuk-3.48-min-1995-300x200.jpg 300w, https:\/\/msuv.org\/wp-content\/uploads\/2024\/06\/Aleksandar-Davic-Ocevidac-video-instalacija-kolor-zvuk-3.48-min-1995-768x513.jpg 768w, https:\/\/msuv.org\/wp-content\/uploads\/2024\/06\/Aleksandar-Davic-Ocevidac-video-instalacija-kolor-zvuk-3.48-min-1995-18x12.jpg 18w\" sizes=\"(max-width: 800px) 100vw, 800px\" \/>\t\t\t\t\t\t\t\t<\/a>\n\t\t\t\t\t\t\t\t\t\t\t\t\t\t\t<\/div>\n\t\t\t\t<\/div>\n\t\t\t\t<div class=\"elementor-element elementor-element-e72d21c elementor-widget-mobile__width-inherit elementor-widget elementor-widget-image-box\" data-id=\"e72d21c\" data-element_type=\"widget\" data-e-type=\"widget\" data-widget_type=\"image-box.default\">\n\t\t\t\t<div class=\"elementor-widget-container\">\n\t\t\t\t\t<div class=\"elementor-image-box-wrapper\"><div class=\"elementor-image-box-content\"><h3 class=\"elementor-image-box-title\"> Oc\u030cevidac, video instalacija, kolor, zvuk, 3.48 min, 1995. <\/h3><p class=\"elementor-image-box-description\">Aleksandar Davic\u0301<\/p><\/div><\/div>\t\t\t\t<\/div>\n\t\t\t\t<\/div>\n\t\t\t\t<\/div>\n\t\t<div class=\"elementor-element elementor-element-5d9449c e-con-full e-flex e-con e-child\" data-id=\"5d9449c\" data-element_type=\"container\" data-e-type=\"container\">\n\t\t\t\t<div class=\"elementor-element elementor-element-7932cd8 elementor-widget elementor-widget-image\" data-id=\"7932cd8\" data-element_type=\"widget\" data-e-type=\"widget\" data-widget_type=\"image.default\">\n\t\t\t\t<div class=\"elementor-widget-container\">\n\t\t\t\t\t\t\t\t\t\t\t\t\t\t\t\t<a href=\"https:\/\/msuv.org\/wp-content\/uploads\/2024\/06\/IRWIN-DADA-Episkop-M.-Zlatanov-recituje-pesme-napisane-za-H.-Bala-Kabare-Volter-video-kolor-zvuk-3.51-min-2010.jpg\" data-elementor-open-lightbox=\"yes\" data-elementor-lightbox-title=\"Episkop M. Zlatanov recituje pesme napisane za H. Bala, Kabare Volter IRWIN 2010. video, kolor, zvuk  3.51 min.\" data-e-action-hash=\"#elementor-action%3Aaction%3Dlightbox%26settings%3DeyJpZCI6NjcyOCwidXJsIjoiaHR0cHM6XC9cL21zdXYub3JnXC93cC1jb250ZW50XC91cGxvYWRzXC8yMDI0XC8wNlwvSVJXSU4tREFEQS1FcGlza29wLU0uLVpsYXRhbm92LXJlY2l0dWplLXBlc21lLW5hcGlzYW5lLXphLUguLUJhbGEtS2FiYXJlLVZvbHRlci12aWRlby1rb2xvci16dnVrLTMuNTEtbWluLTIwMTAuanBnIn0%3D\">\n\t\t\t\t\t\t\t<img loading=\"lazy\" decoding=\"async\" width=\"800\" height=\"928\" src=\"https:\/\/msuv.org\/wp-content\/uploads\/2024\/06\/IRWIN-DADA-Episkop-M.-Zlatanov-recituje-pesme-napisane-za-H.-Bala-Kabare-Volter-video-kolor-zvuk-3.51-min-2010.jpg\" class=\"attachment-large size-large wp-image-6728\" alt=\"DA+DA Episkop M. Zlatanov recituje pesme napisane za H. Bala, Kabare Volter IRWIN 2010. video, kolor, zvuk 3.51 min.\" srcset=\"https:\/\/msuv.org\/wp-content\/uploads\/2024\/06\/IRWIN-DADA-Episkop-M.-Zlatanov-recituje-pesme-napisane-za-H.-Bala-Kabare-Volter-video-kolor-zvuk-3.51-min-2010.jpg 800w, https:\/\/msuv.org\/wp-content\/uploads\/2024\/06\/IRWIN-DADA-Episkop-M.-Zlatanov-recituje-pesme-napisane-za-H.-Bala-Kabare-Volter-video-kolor-zvuk-3.51-min-2010-259x300.jpg 259w, https:\/\/msuv.org\/wp-content\/uploads\/2024\/06\/IRWIN-DADA-Episkop-M.-Zlatanov-recituje-pesme-napisane-za-H.-Bala-Kabare-Volter-video-kolor-zvuk-3.51-min-2010-768x891.jpg 768w, https:\/\/msuv.org\/wp-content\/uploads\/2024\/06\/IRWIN-DADA-Episkop-M.-Zlatanov-recituje-pesme-napisane-za-H.-Bala-Kabare-Volter-video-kolor-zvuk-3.51-min-2010-10x12.jpg 10w\" sizes=\"(max-width: 800px) 100vw, 800px\" \/>\t\t\t\t\t\t\t\t<\/a>\n\t\t\t\t\t\t\t\t\t\t\t\t\t\t\t<\/div>\n\t\t\t\t<\/div>\n\t\t\t\t<div class=\"elementor-element elementor-element-b142fd2 elementor-widget-mobile__width-inherit elementor-widget elementor-widget-image-box\" data-id=\"b142fd2\" data-element_type=\"widget\" data-e-type=\"widget\" data-widget_type=\"image-box.default\">\n\t\t\t\t<div class=\"elementor-widget-container\">\n\t\t\t\t\t<div class=\"elementor-image-box-wrapper\"><div class=\"elementor-image-box-content\"><h3 class=\"elementor-image-box-title\">Episkop M. Zlatanov recituje pesme napisane za H. Bala, Kabare Volter, video, kolor, zvuk, 3.51 min, 2010.<\/h3><p class=\"elementor-image-box-description\">IRWIN, DA+DA<\/p><\/div><\/div>\t\t\t\t<\/div>\n\t\t\t\t<\/div>\n\t\t\t\t<\/div>\n\t\t<div class=\"elementor-element elementor-element-a42176d e-con-full e-flex e-con e-child\" data-id=\"a42176d\" data-element_type=\"container\" data-e-type=\"container\">\n\t\t\t\t<div class=\"elementor-element elementor-element-1c6d3c1 elementor-widget elementor-widget-image\" data-id=\"1c6d3c1\" data-element_type=\"widget\" data-e-type=\"widget\" data-widget_type=\"image.default\">\n\t\t\t\t<div class=\"elementor-widget-container\">\n\t\t\t\t\t\t\t\t\t\t\t\t\t\t\t\t<a href=\"https:\/\/msuv.org\/wp-content\/uploads\/2024\/06\/Nesa-Paripovic-NP.1977-video-kolor-bez-zvuka-24.25-min.-1977.jpg\" data-elementor-open-lightbox=\"yes\" data-elementor-lightbox-title=\"N.P. 1977 Ne\u0161a Paripovi\u0107 1977. Video, kolor, bez zvuka 24.25 min.\" data-e-action-hash=\"#elementor-action%3Aaction%3Dlightbox%26settings%3DeyJpZCI6NjczMiwidXJsIjoiaHR0cHM6XC9cL21zdXYub3JnXC93cC1jb250ZW50XC91cGxvYWRzXC8yMDI0XC8wNlwvTmVzYS1QYXJpcG92aWMtTlAuMTk3Ny12aWRlby1rb2xvci1iZXotenZ1a2EtMjQuMjUtbWluLi0xOTc3LmpwZyJ9\">\n\t\t\t\t\t\t\t<img loading=\"lazy\" decoding=\"async\" width=\"800\" height=\"605\" src=\"https:\/\/msuv.org\/wp-content\/uploads\/2024\/06\/Nesa-Paripovic-NP.1977-video-kolor-bez-zvuka-24.25-min.-1977.jpg\" class=\"attachment-large size-large wp-image-6732\" alt=\"N.P. 1977 Ne\u0161a Paripovi\u0107 1977. Video, kolor, bez zvuka 24.25 min.\" srcset=\"https:\/\/msuv.org\/wp-content\/uploads\/2024\/06\/Nesa-Paripovic-NP.1977-video-kolor-bez-zvuka-24.25-min.-1977.jpg 800w, https:\/\/msuv.org\/wp-content\/uploads\/2024\/06\/Nesa-Paripovic-NP.1977-video-kolor-bez-zvuka-24.25-min.-1977-300x227.jpg 300w, https:\/\/msuv.org\/wp-content\/uploads\/2024\/06\/Nesa-Paripovic-NP.1977-video-kolor-bez-zvuka-24.25-min.-1977-768x581.jpg 768w, https:\/\/msuv.org\/wp-content\/uploads\/2024\/06\/Nesa-Paripovic-NP.1977-video-kolor-bez-zvuka-24.25-min.-1977-16x12.jpg 16w\" sizes=\"(max-width: 800px) 100vw, 800px\" \/>\t\t\t\t\t\t\t\t<\/a>\n\t\t\t\t\t\t\t\t\t\t\t\t\t\t\t<\/div>\n\t\t\t\t<\/div>\n\t\t\t\t<div class=\"elementor-element elementor-element-f586949 elementor-widget-mobile__width-inherit elementor-widget elementor-widget-image-box\" data-id=\"f586949\" data-element_type=\"widget\" data-e-type=\"widget\" data-widget_type=\"image-box.default\">\n\t\t\t\t<div class=\"elementor-widget-container\">\n\t\t\t\t\t<div class=\"elementor-image-box-wrapper\"><div class=\"elementor-image-box-content\"><h3 class=\"elementor-image-box-title\"> NP.1977, video, kolor, bez zvuka, 24.25 min. 1977.<\/h3><p class=\"elementor-image-box-description\">Ne\u0161a Paripovi\u0107<\/p><\/div><\/div>\t\t\t\t<\/div>\n\t\t\t\t<\/div>\n\t\t\t\t<\/div>\n\t\t\t\t<\/div>\n\t\t<div class=\"elementor-element elementor-element-68be390 e-con-full e-flex e-con e-child\" data-id=\"68be390\" data-element_type=\"container\" data-e-type=\"container\">\n\t\t<div class=\"elementor-element elementor-element-1531dac e-con-full e-flex e-con e-child\" data-id=\"1531dac\" data-element_type=\"container\" data-e-type=\"container\">\n\t\t\t\t<div class=\"elementor-element elementor-element-504c365 elementor-widget elementor-widget-image\" data-id=\"504c365\" data-element_type=\"widget\" data-e-type=\"widget\" data-widget_type=\"image.default\">\n\t\t\t\t<div class=\"elementor-widget-container\">\n\t\t\t\t\t\t\t\t\t\t\t\t\t\t\t\t<a href=\"https:\/\/msuv.org\/wp-content\/uploads\/2024\/08\/ZORANP1-scaled.jpg\" data-elementor-open-lightbox=\"yes\" data-elementor-lightbox-title=\"Dokument kao umetnic\u030cki rad - Gestualni govor Jozefa Bojsa, Edinburg\" data-e-action-hash=\"#elementor-action%3Aaction%3Dlightbox%26settings%3DeyJpZCI6Njg3MiwidXJsIjoiaHR0cHM6XC9cL21zdXYub3JnXC93cC1jb250ZW50XC91cGxvYWRzXC8yMDI0XC8wOFwvWk9SQU5QMS1zY2FsZWQuanBnIn0%3D\">\n\t\t\t\t\t\t\t<img loading=\"lazy\" decoding=\"async\" width=\"800\" height=\"588\" src=\"https:\/\/msuv.org\/wp-content\/uploads\/2024\/08\/ZORANP1-1024x752.jpg\" class=\"attachment-large size-large wp-image-6872\" alt=\"dokument_kao_umetnic\u030cki_rad-gestualni_govor_Jozefa_Bojsa\" srcset=\"https:\/\/msuv.org\/wp-content\/uploads\/2024\/08\/ZORANP1-1024x752.jpg 1024w, https:\/\/msuv.org\/wp-content\/uploads\/2024\/08\/ZORANP1-300x220.jpg 300w, https:\/\/msuv.org\/wp-content\/uploads\/2024\/08\/ZORANP1-768x564.jpg 768w, https:\/\/msuv.org\/wp-content\/uploads\/2024\/08\/ZORANP1-1536x1128.jpg 1536w, https:\/\/msuv.org\/wp-content\/uploads\/2024\/08\/ZORANP1-2048x1505.jpg 2048w, https:\/\/msuv.org\/wp-content\/uploads\/2024\/08\/ZORANP1-16x12.jpg 16w\" sizes=\"(max-width: 800px) 100vw, 800px\" \/>\t\t\t\t\t\t\t\t<\/a>\n\t\t\t\t\t\t\t\t\t\t\t\t\t\t\t<\/div>\n\t\t\t\t<\/div>\n\t\t\t\t<div class=\"elementor-element elementor-element-83aeb18 elementor-widget-mobile__width-inherit elementor-widget elementor-widget-image-box\" data-id=\"83aeb18\" data-element_type=\"widget\" data-e-type=\"widget\" data-widget_type=\"image-box.default\">\n\t\t\t\t<div class=\"elementor-widget-container\">\n\t\t\t\t\t<div class=\"elementor-image-box-wrapper\"><div class=\"elementor-image-box-content\"><h3 class=\"elementor-image-box-title\">Dokument kao umetnic\u030cki rad - Gestualni govor Jozefa Bojsa, Edinburg, 1973, film 8mm, kolor, zvuk (Rihard Vagner, Prsten Nibelunga), 15.28 min, 1973\/2016.<\/h3><p class=\"elementor-image-box-description\">Zoran Popovic\u0301<\/p><\/div><\/div>\t\t\t\t<\/div>\n\t\t\t\t<\/div>\n\t\t\t\t<\/div>\n\t\t<div class=\"elementor-element elementor-element-4a19ed3 e-con-full e-flex e-con e-child\" data-id=\"4a19ed3\" data-element_type=\"container\" data-e-type=\"container\">\n\t\t\t\t<div class=\"elementor-element elementor-element-8909a48 elementor-widget elementor-widget-image\" data-id=\"8909a48\" data-element_type=\"widget\" data-e-type=\"widget\" data-widget_type=\"image.default\">\n\t\t\t\t<div class=\"elementor-widget-container\">\n\t\t\t\t\t\t\t\t\t\t\t\t\t\t\t\t<a href=\"https:\/\/msuv.org\/wp-content\/uploads\/2024\/08\/MILICA1-Copy-scaled.jpg\" data-elementor-open-lightbox=\"yes\" data-elementor-lightbox-title=\"Jednoga dana umesto noc\u0301i, bljesnuc\u0301e rafal iz mitraljeza kad drukc\u030ce svetlost ne moz\u030ce doc\u0301i (iz poeme Oskara Davic\u030ca), akcija-intervencija u javnom prostoru, Milica Tomi\u0107\" data-e-action-hash=\"#elementor-action%3Aaction%3Dlightbox%26settings%3DeyJpZCI6Njg3NCwidXJsIjoiaHR0cHM6XC9cL21zdXYub3JnXC93cC1jb250ZW50XC91cGxvYWRzXC8yMDI0XC8wOFwvTUlMSUNBMS1Db3B5LXNjYWxlZC5qcGcifQ%3D%3D\">\n\t\t\t\t\t\t\t<img loading=\"lazy\" decoding=\"async\" width=\"800\" height=\"534\" src=\"https:\/\/msuv.org\/wp-content\/uploads\/2024\/08\/MILICA1-Copy-1024x683.jpg\" class=\"attachment-large size-large wp-image-6874\" alt=\"\" srcset=\"https:\/\/msuv.org\/wp-content\/uploads\/2024\/08\/MILICA1-Copy-1024x683.jpg 1024w, https:\/\/msuv.org\/wp-content\/uploads\/2024\/08\/MILICA1-Copy-300x200.jpg 300w, https:\/\/msuv.org\/wp-content\/uploads\/2024\/08\/MILICA1-Copy-768x512.jpg 768w, https:\/\/msuv.org\/wp-content\/uploads\/2024\/08\/MILICA1-Copy-1536x1024.jpg 1536w, https:\/\/msuv.org\/wp-content\/uploads\/2024\/08\/MILICA1-Copy-2048x1366.jpg 2048w, https:\/\/msuv.org\/wp-content\/uploads\/2024\/08\/MILICA1-Copy-18x12.jpg 18w\" sizes=\"(max-width: 800px) 100vw, 800px\" \/>\t\t\t\t\t\t\t\t<\/a>\n\t\t\t\t\t\t\t\t\t\t\t\t\t\t\t<\/div>\n\t\t\t\t<\/div>\n\t\t\t\t<div class=\"elementor-element elementor-element-7dfc057 elementor-widget-mobile__width-inherit elementor-widget elementor-widget-image-box\" data-id=\"7dfc057\" data-element_type=\"widget\" data-e-type=\"widget\" data-widget_type=\"image-box.default\">\n\t\t\t\t<div class=\"elementor-widget-container\">\n\t\t\t\t\t<div class=\"elementor-image-box-wrapper\"><div class=\"elementor-image-box-content\"><h3 class=\"elementor-image-box-title\">Jednoga dana umesto noc\u0301i, bljesnuc\u0301e rafal iz mitraljeza kad drukc\u030ce svetlost ne moz\u030ce doc\u0301i (iz poeme Oskara Davic\u030ca), akcija-intervencija u javnom prostoru, fotografija Sr\u0111an Veljovic\u0301, (5)64x43cm, 2009.<\/h3><p class=\"elementor-image-box-description\">Milica Tomic\u0301<\/p><\/div><\/div>\t\t\t\t<\/div>\n\t\t\t\t<\/div>\n\t\t\t\t<\/div>\n\t\t<div class=\"elementor-element elementor-element-6d39786 e-con-full e-flex e-con e-child\" data-id=\"6d39786\" data-element_type=\"container\" data-e-type=\"container\">\n\t\t\t\t<div class=\"elementor-element elementor-element-8049e23 elementor-widget elementor-widget-image\" data-id=\"8049e23\" data-element_type=\"widget\" data-e-type=\"widget\" data-widget_type=\"image.default\">\n\t\t\t\t<div class=\"elementor-widget-container\">\n\t\t\t\t\t\t\t\t\t\t\t\t\t\t\t\t<a href=\"https:\/\/msuv.org\/wp-content\/uploads\/2024\/06\/Borislav-Sajtinac-Nije-ptica-sve-sto-leti-animirani-film-kolor-zvuk-8.44-min-1968\uf0221970.jpg\" data-elementor-open-lightbox=\"yes\" data-elementor-lightbox-title=\"Nije ptica sve \u0161to leti Borislav \u0160ajtinac 1968\/1970. Animirani film, kolor, zvuk  8.44 min.\" data-e-action-hash=\"#elementor-action%3Aaction%3Dlightbox%26settings%3DeyJpZCI6NjcyNiwidXJsIjoiaHR0cHM6XC9cL21zdXYub3JnXC93cC1jb250ZW50XC91cGxvYWRzXC8yMDI0XC8wNlwvQm9yaXNsYXYtU2FqdGluYWMtTmlqZS1wdGljYS1zdmUtc3RvLWxldGktYW5pbWlyYW5pLWZpbG0ta29sb3ItenZ1ay04LjQ0LW1pbi0xOTY4XHVmMDIyMTk3MC5qcGcifQ%3D%3D\">\n\t\t\t\t\t\t\t<img loading=\"lazy\" decoding=\"async\" width=\"800\" height=\"641\" src=\"https:\/\/msuv.org\/wp-content\/uploads\/2024\/06\/Borislav-Sajtinac-Nije-ptica-sve-sto-leti-animirani-film-kolor-zvuk-8.44-min-1968\uf0221970.jpg\" class=\"attachment-large size-large wp-image-6726\" alt=\"Nije ptica sve \u0161to leti Borislav \u0160ajtinac 1968\/1970. Animirani film, kolor, zvuk 8.44 min.\" srcset=\"https:\/\/msuv.org\/wp-content\/uploads\/2024\/06\/Borislav-Sajtinac-Nije-ptica-sve-sto-leti-animirani-film-kolor-zvuk-8.44-min-1968\uf0221970.jpg 800w, https:\/\/msuv.org\/wp-content\/uploads\/2024\/06\/Borislav-Sajtinac-Nije-ptica-sve-sto-leti-animirani-film-kolor-zvuk-8.44-min-1968\uf0221970-300x240.jpg 300w, https:\/\/msuv.org\/wp-content\/uploads\/2024\/06\/Borislav-Sajtinac-Nije-ptica-sve-sto-leti-animirani-film-kolor-zvuk-8.44-min-1968\uf0221970-768x615.jpg 768w, https:\/\/msuv.org\/wp-content\/uploads\/2024\/06\/Borislav-Sajtinac-Nije-ptica-sve-sto-leti-animirani-film-kolor-zvuk-8.44-min-1968\uf0221970-15x12.jpg 15w\" sizes=\"(max-width: 800px) 100vw, 800px\" \/>\t\t\t\t\t\t\t\t<\/a>\n\t\t\t\t\t\t\t\t\t\t\t\t\t\t\t<\/div>\n\t\t\t\t<\/div>\n\t\t\t\t<div class=\"elementor-element elementor-element-2161559 elementor-widget-mobile__width-inherit elementor-widget elementor-widget-image-box\" data-id=\"2161559\" data-element_type=\"widget\" data-e-type=\"widget\" data-widget_type=\"image-box.default\">\n\t\t\t\t<div class=\"elementor-widget-container\">\n\t\t\t\t\t<div class=\"elementor-image-box-wrapper\"><div class=\"elementor-image-box-content\"><h3 class=\"elementor-image-box-title\">Nije ptica sve s\u030cto leti, animirani film, kolor, zvuk, 8.44 min, 1968\/1970.<\/h3><p class=\"elementor-image-box-description\">Borislav S\u030cajtinac<\/p><\/div><\/div>\t\t\t\t<\/div>\n\t\t\t\t<\/div>\n\t\t\t\t<\/div>\n\t\t<div class=\"elementor-element elementor-element-80df0ce e-con-full e-flex e-con e-child\" data-id=\"80df0ce\" data-element_type=\"container\" data-e-type=\"container\">\n\t\t\t\t<div class=\"elementor-element elementor-element-2ba1e5a elementor-widget elementor-widget-image\" data-id=\"2ba1e5a\" data-element_type=\"widget\" data-e-type=\"widget\" data-widget_type=\"image.default\">\n\t\t\t\t<div class=\"elementor-widget-container\">\n\t\t\t\t\t\t\t\t\t\t\t\t\t\t\t\t<a href=\"https:\/\/msuv.org\/wp-content\/uploads\/2024\/06\/Doplgenger-Neimenovani-fragmenti-1-video-DV-PAL-4-3-kolor-stereo-6.50-min-2012.jpg\" data-elementor-open-lightbox=\"yes\" data-elementor-lightbox-title=\"Neimenovani fragmenti #1 Doplgenger 2012.\" data-e-action-hash=\"#elementor-action%3Aaction%3Dlightbox%26settings%3DeyJpZCI6NjcyNywidXJsIjoiaHR0cHM6XC9cL21zdXYub3JnXC93cC1jb250ZW50XC91cGxvYWRzXC8yMDI0XC8wNlwvRG9wbGdlbmdlci1OZWltZW5vdmFuaS1mcmFnbWVudGktMS12aWRlby1EVi1QQUwtNC0zLWtvbG9yLXN0ZXJlby02LjUwLW1pbi0yMDEyLmpwZyJ9\">\n\t\t\t\t\t\t\t<img loading=\"lazy\" decoding=\"async\" width=\"800\" height=\"640\" src=\"https:\/\/msuv.org\/wp-content\/uploads\/2024\/06\/Doplgenger-Neimenovani-fragmenti-1-video-DV-PAL-4-3-kolor-stereo-6.50-min-2012.jpg\" class=\"attachment-large size-large wp-image-6727\" alt=\"Neimenovani fragmenti #1 Doplgenger 2012.\" srcset=\"https:\/\/msuv.org\/wp-content\/uploads\/2024\/06\/Doplgenger-Neimenovani-fragmenti-1-video-DV-PAL-4-3-kolor-stereo-6.50-min-2012.jpg 800w, https:\/\/msuv.org\/wp-content\/uploads\/2024\/06\/Doplgenger-Neimenovani-fragmenti-1-video-DV-PAL-4-3-kolor-stereo-6.50-min-2012-300x240.jpg 300w, https:\/\/msuv.org\/wp-content\/uploads\/2024\/06\/Doplgenger-Neimenovani-fragmenti-1-video-DV-PAL-4-3-kolor-stereo-6.50-min-2012-768x614.jpg 768w, https:\/\/msuv.org\/wp-content\/uploads\/2024\/06\/Doplgenger-Neimenovani-fragmenti-1-video-DV-PAL-4-3-kolor-stereo-6.50-min-2012-15x12.jpg 15w\" sizes=\"(max-width: 800px) 100vw, 800px\" \/>\t\t\t\t\t\t\t\t<\/a>\n\t\t\t\t\t\t\t\t\t\t\t\t\t\t\t<\/div>\n\t\t\t\t<\/div>\n\t\t\t\t<div class=\"elementor-element elementor-element-693fb98 elementor-widget-mobile__width-inherit elementor-widget elementor-widget-image-box\" data-id=\"693fb98\" data-element_type=\"widget\" data-e-type=\"widget\" data-widget_type=\"image-box.default\">\n\t\t\t\t<div class=\"elementor-widget-container\">\n\t\t\t\t\t<div class=\"elementor-image-box-wrapper\"><div class=\"elementor-image-box-content\"><h3 class=\"elementor-image-box-title\">Neimenovani fragmenti #1, video, DV PAL (4 3), kolor, stereo, 6.50 min, 2012.<\/h3><p class=\"elementor-image-box-description\">Doplgenger<\/p><\/div><\/div>\t\t\t\t<\/div>\n\t\t\t\t<\/div>\n\t\t\t\t<\/div>\n\t\t\t\t<\/div>\n\t\t<div class=\"elementor-element elementor-element-f95e85b e-con-full e-flex e-con e-child\" data-id=\"f95e85b\" data-element_type=\"container\" data-e-type=\"container\">\n\t\t<div class=\"elementor-element elementor-element-097a1d5 e-con-full e-flex e-con e-child\" data-id=\"097a1d5\" data-element_type=\"container\" data-e-type=\"container\">\n\t\t\t\t<div class=\"elementor-element elementor-element-bc38f69 elementor-widget elementor-widget-image\" data-id=\"bc38f69\" data-element_type=\"widget\" data-e-type=\"widget\" data-widget_type=\"image.default\">\n\t\t\t\t<div class=\"elementor-widget-container\">\n\t\t\t\t\t\t\t\t\t\t\t\t\t\t\t\t<a href=\"https:\/\/msuv.org\/wp-content\/uploads\/2024\/06\/Multiflex-Monkey-Spa-video-kolor-zvuk-20.11-min-2011.jpg\" data-elementor-open-lightbox=\"yes\" data-elementor-lightbox-title=\"Monkey Spa Multiflex 2011. Video, kolor, zvuk 20.11 min.\" data-e-action-hash=\"#elementor-action%3Aaction%3Dlightbox%26settings%3DeyJpZCI6NjczMSwidXJsIjoiaHR0cHM6XC9cL21zdXYub3JnXC93cC1jb250ZW50XC91cGxvYWRzXC8yMDI0XC8wNlwvTXVsdGlmbGV4LU1vbmtleS1TcGEtdmlkZW8ta29sb3ItenZ1ay0yMC4xMS1taW4tMjAxMS5qcGcifQ%3D%3D\">\n\t\t\t\t\t\t\t<img loading=\"lazy\" decoding=\"async\" width=\"800\" height=\"476\" src=\"https:\/\/msuv.org\/wp-content\/uploads\/2024\/06\/Multiflex-Monkey-Spa-video-kolor-zvuk-20.11-min-2011.jpg\" class=\"attachment-large size-large wp-image-6731\" alt=\"Monkey Spa Multiflex 2011. Video, kolor, zvuk 20.11 min.\" srcset=\"https:\/\/msuv.org\/wp-content\/uploads\/2024\/06\/Multiflex-Monkey-Spa-video-kolor-zvuk-20.11-min-2011.jpg 800w, https:\/\/msuv.org\/wp-content\/uploads\/2024\/06\/Multiflex-Monkey-Spa-video-kolor-zvuk-20.11-min-2011-300x179.jpg 300w, https:\/\/msuv.org\/wp-content\/uploads\/2024\/06\/Multiflex-Monkey-Spa-video-kolor-zvuk-20.11-min-2011-768x457.jpg 768w, https:\/\/msuv.org\/wp-content\/uploads\/2024\/06\/Multiflex-Monkey-Spa-video-kolor-zvuk-20.11-min-2011-18x12.jpg 18w\" sizes=\"(max-width: 800px) 100vw, 800px\" \/>\t\t\t\t\t\t\t\t<\/a>\n\t\t\t\t\t\t\t\t\t\t\t\t\t\t\t<\/div>\n\t\t\t\t<\/div>\n\t\t\t\t<div class=\"elementor-element elementor-element-75c4438 elementor-widget-mobile__width-inherit elementor-widget elementor-widget-image-box\" data-id=\"75c4438\" data-element_type=\"widget\" data-e-type=\"widget\" data-widget_type=\"image-box.default\">\n\t\t\t\t<div class=\"elementor-widget-container\">\n\t\t\t\t\t<div class=\"elementor-image-box-wrapper\"><div class=\"elementor-image-box-content\"><h3 class=\"elementor-image-box-title\">Monkey Spa, video, kolor, zvuk, 20.11 min, 2011.<\/h3><p class=\"elementor-image-box-description\">Multiflex<\/p><\/div><\/div>\t\t\t\t<\/div>\n\t\t\t\t<\/div>\n\t\t\t\t<\/div>\n\t\t<div class=\"elementor-element elementor-element-0895030 e-con-full e-flex e-con e-child\" data-id=\"0895030\" data-element_type=\"container\" data-e-type=\"container\">\n\t\t\t\t<div class=\"elementor-element elementor-element-4c27341 elementor-widget elementor-widget-image\" data-id=\"4c27341\" data-element_type=\"widget\" data-e-type=\"widget\" data-widget_type=\"image.default\">\n\t\t\t\t<div class=\"elementor-widget-container\">\n\t\t\t\t\t\t\t\t\t\t\t\t\t\t\t\t<a href=\"https:\/\/msuv.org\/wp-content\/uploads\/2024\/08\/Tanja-Ostojic-Missplaced-Women\uf025-group-performance-2013-Marseille-France-2009-2022-21x31cm-12-photos-21x28cm-1-photo.-Photo-by-Anne-Charles.-Copyright-Tanja-Ostojic-scaled.jpeg\" data-elementor-open-lightbox=\"yes\" data-elementor-lightbox-title=\"Tanja Ostoji\u0107, Mis(s)placed Women group performance, 2013, Marseille, France, 2009-2022, 21x31cm (12 photos), 21x28cm (1 photo). Photo by Anne Charles. Copyright Tanja Ostoji\u0107\" data-e-action-hash=\"#elementor-action%3Aaction%3Dlightbox%26settings%3DeyJpZCI6Njg3MywidXJsIjoiaHR0cHM6XC9cL21zdXYub3JnXC93cC1jb250ZW50XC91cGxvYWRzXC8yMDI0XC8wOFwvVGFuamEtT3N0b2ppYy1NaXNzcGxhY2VkLVdvbWVuXHVmMDI1LWdyb3VwLXBlcmZvcm1hbmNlLTIwMTMtTWFyc2VpbGxlLUZyYW5jZS0yMDA5LTIwMjItMjF4MzFjbS0xMi1waG90b3MtMjF4MjhjbS0xLXBob3RvLi1QaG90by1ieS1Bbm5lLUNoYXJsZXMuLUNvcHlyaWdodC1UYW5qYS1Pc3RvamljLXNjYWxlZC5qcGVnIn0%3D\">\n\t\t\t\t\t\t\t<img loading=\"lazy\" decoding=\"async\" width=\"800\" height=\"534\" src=\"https:\/\/msuv.org\/wp-content\/uploads\/2024\/08\/Tanja-Ostojic-Missplaced-Women\uf025-group-performance-2013-Marseille-France-2009-2022-21x31cm-12-photos-21x28cm-1-photo.-Photo-by-Anne-Charles.-Copyright-Tanja-Ostojic-1024x683.jpeg\" class=\"attachment-large size-large wp-image-6873\" alt=\"tanja-ostojic-missplaced-women-group\" srcset=\"https:\/\/msuv.org\/wp-content\/uploads\/2024\/08\/Tanja-Ostojic-Missplaced-Women\uf025-group-performance-2013-Marseille-France-2009-2022-21x31cm-12-photos-21x28cm-1-photo.-Photo-by-Anne-Charles.-Copyright-Tanja-Ostojic-1024x683.jpeg 1024w, https:\/\/msuv.org\/wp-content\/uploads\/2024\/08\/Tanja-Ostojic-Missplaced-Women\uf025-group-performance-2013-Marseille-France-2009-2022-21x31cm-12-photos-21x28cm-1-photo.-Photo-by-Anne-Charles.-Copyright-Tanja-Ostojic-300x200.jpeg 300w, https:\/\/msuv.org\/wp-content\/uploads\/2024\/08\/Tanja-Ostojic-Missplaced-Women\uf025-group-performance-2013-Marseille-France-2009-2022-21x31cm-12-photos-21x28cm-1-photo.-Photo-by-Anne-Charles.-Copyright-Tanja-Ostojic-768x512.jpeg 768w, https:\/\/msuv.org\/wp-content\/uploads\/2024\/08\/Tanja-Ostojic-Missplaced-Women\uf025-group-performance-2013-Marseille-France-2009-2022-21x31cm-12-photos-21x28cm-1-photo.-Photo-by-Anne-Charles.-Copyright-Tanja-Ostojic-1536x1024.jpeg 1536w, https:\/\/msuv.org\/wp-content\/uploads\/2024\/08\/Tanja-Ostojic-Missplaced-Women\uf025-group-performance-2013-Marseille-France-2009-2022-21x31cm-12-photos-21x28cm-1-photo.-Photo-by-Anne-Charles.-Copyright-Tanja-Ostojic-2048x1365.jpeg 2048w, https:\/\/msuv.org\/wp-content\/uploads\/2024\/08\/Tanja-Ostojic-Missplaced-Women\uf025-group-performance-2013-Marseille-France-2009-2022-21x31cm-12-photos-21x28cm-1-photo.-Photo-by-Anne-Charles.-Copyright-Tanja-Ostojic-18x12.jpeg 18w\" sizes=\"(max-width: 800px) 100vw, 800px\" \/>\t\t\t\t\t\t\t\t<\/a>\n\t\t\t\t\t\t\t\t\t\t\t\t\t\t\t<\/div>\n\t\t\t\t<\/div>\n\t\t\t\t<div class=\"elementor-element elementor-element-eb338d5 elementor-widget-mobile__width-inherit elementor-widget elementor-widget-image-box\" data-id=\"eb338d5\" data-element_type=\"widget\" data-e-type=\"widget\" data-widget_type=\"image-box.default\">\n\t\t\t\t<div class=\"elementor-widget-container\">\n\t\t\t\t\t<div class=\"elementor-image-box-wrapper\"><div class=\"elementor-image-box-content\"><h3 class=\"elementor-image-box-title\">Mis(s)placed Women?, grupni performans, 2013, Marsej, Francuska, 2009-2022. 21x31cm (12 fotografija), 21x28cm (1 fotografija). <\/h3><p class=\"elementor-image-box-description\">Tanja Ostojic\u0301<\/p><\/div><\/div>\t\t\t\t<\/div>\n\t\t\t\t<\/div>\n\t\t\t\t<\/div>\n\t\t<div class=\"elementor-element elementor-element-2b2a927 e-con-full e-flex e-con e-child\" data-id=\"2b2a927\" data-element_type=\"container\" data-e-type=\"container\">\n\t\t\t\t<\/div>\n\t\t<div class=\"elementor-element elementor-element-6c3822b e-con-full e-flex e-con e-child\" data-id=\"6c3822b\" data-element_type=\"container\" data-e-type=\"container\">\n\t\t\t\t<div class=\"elementor-element elementor-element-5203d05 elementor-widget elementor-widget-image\" data-id=\"5203d05\" data-element_type=\"widget\" data-e-type=\"widget\" data-widget_type=\"image.default\">\n\t\t\t\t<div class=\"elementor-widget-container\">\n\t\t\t\t\t\t\t\t\t\t\t\t\t\t\t\t<a href=\"https:\/\/msuv.org\/wp-content\/uploads\/2024\/06\/Jasmina-Cibic-Paviljon-jednokanalni-HD-video-stereo-zvuk-6.43-min-2015.jpg\" data-elementor-open-lightbox=\"yes\" data-elementor-lightbox-title=\"Paviljon Jasmina Cibic 2015. Jednokanalni HD video, stereo zvuk 6.43 min (loop)\" data-e-action-hash=\"#elementor-action%3Aaction%3Dlightbox%26settings%3DeyJpZCI6NjcyOSwidXJsIjoiaHR0cHM6XC9cL21zdXYub3JnXC93cC1jb250ZW50XC91cGxvYWRzXC8yMDI0XC8wNlwvSmFzbWluYS1DaWJpYy1QYXZpbGpvbi1qZWRub2thbmFsbmktSEQtdmlkZW8tc3RlcmVvLXp2dWstNi40My1taW4tMjAxNS5qcGcifQ%3D%3D\">\n\t\t\t\t\t\t\t<img loading=\"lazy\" decoding=\"async\" width=\"800\" height=\"800\" src=\"https:\/\/msuv.org\/wp-content\/uploads\/2024\/06\/Jasmina-Cibic-Paviljon-jednokanalni-HD-video-stereo-zvuk-6.43-min-2015.jpg\" class=\"attachment-large size-large wp-image-6729\" alt=\"Paviljon Jasmina Cibic 2015. Jednokanalni HD video, stereo zvuk 6.43 min (loop)\" srcset=\"https:\/\/msuv.org\/wp-content\/uploads\/2024\/06\/Jasmina-Cibic-Paviljon-jednokanalni-HD-video-stereo-zvuk-6.43-min-2015.jpg 800w, https:\/\/msuv.org\/wp-content\/uploads\/2024\/06\/Jasmina-Cibic-Paviljon-jednokanalni-HD-video-stereo-zvuk-6.43-min-2015-300x300.jpg 300w, https:\/\/msuv.org\/wp-content\/uploads\/2024\/06\/Jasmina-Cibic-Paviljon-jednokanalni-HD-video-stereo-zvuk-6.43-min-2015-150x150.jpg 150w, https:\/\/msuv.org\/wp-content\/uploads\/2024\/06\/Jasmina-Cibic-Paviljon-jednokanalni-HD-video-stereo-zvuk-6.43-min-2015-768x768.jpg 768w, https:\/\/msuv.org\/wp-content\/uploads\/2024\/06\/Jasmina-Cibic-Paviljon-jednokanalni-HD-video-stereo-zvuk-6.43-min-2015-12x12.jpg 12w\" sizes=\"(max-width: 800px) 100vw, 800px\" \/>\t\t\t\t\t\t\t\t<\/a>\n\t\t\t\t\t\t\t\t\t\t\t\t\t\t\t<\/div>\n\t\t\t\t<\/div>\n\t\t\t\t<div class=\"elementor-element elementor-element-065aec7 elementor-widget-mobile__width-inherit elementor-widget elementor-widget-image-box\" data-id=\"065aec7\" data-element_type=\"widget\" data-e-type=\"widget\" data-widget_type=\"image-box.default\">\n\t\t\t\t<div class=\"elementor-widget-container\">\n\t\t\t\t\t<div class=\"elementor-image-box-wrapper\"><div class=\"elementor-image-box-content\"><h3 class=\"elementor-image-box-title\">Paviljon, jednokanalni HD video, stereo zvuk, 6.43 min, 2015. <\/h3><p class=\"elementor-image-box-description\">Jasmina Cibic<\/p><\/div><\/div>\t\t\t\t<\/div>\n\t\t\t\t<\/div>\n\t\t\t\t<\/div>\n\t\t\t\t<\/div>\n\t\t\t\t<\/div>","protected":false},"excerpt":{"rendered":"<p>Zbirka filma, videa i fotografije U fokusu delatnosti zbirke filma, video i fotografije su savremene i istorijske avangardne prakse, autorskog, eksperimentalnog i konceptualnog pristupa, u okviru konteksta kulture foto-kino klubova, neoavangardnih medijskih istra\u017eivanja, razvoja umetni\u010dkog filma, video umetnosti, fotografije, medijskih instalacija, kao i savremenih umetni\u010dkih praksi, dru\u0161tveno zna\u010dajnih tema, novih tehnologija itd. U zbirci, nastaloj [&hellip;]<\/p>\n","protected":false},"author":1,"featured_media":0,"parent":0,"menu_order":0,"comment_status":"closed","ping_status":"closed","template":"elementor_header_footer","meta":{"footnotes":""},"class_list":["post-6717","page","type-page","status-publish","hentry"],"yoast_head":"<!-- This site is optimized with the Yoast SEO plugin v27.4 - https:\/\/yoast.com\/product\/yoast-seo-wordpress\/ -->\n<title>Zbirka filma, videa i fotografije - Muzej savremene umetnosti Vojvodine<\/title>\n<meta name=\"robots\" content=\"index, follow, max-snippet:-1, max-image-preview:large, max-video-preview:-1\" \/>\n<link rel=\"canonical\" href=\"https:\/\/msuv.org\/en\/zbirka-filma-videa-i-fotografije\/\" \/>\n<meta property=\"og:locale\" content=\"en_US\" \/>\n<meta property=\"og:type\" content=\"article\" \/>\n<meta property=\"og:title\" content=\"Zbirka filma, videa i fotografije - Muzej savremene umetnosti Vojvodine\" \/>\n<meta property=\"og:description\" content=\"Zbirka filma, videa i fotografije U fokusu delatnosti zbirke filma, video i fotografije su savremene i istorijske avangardne prakse, autorskog, eksperimentalnog i konceptualnog pristupa, u okviru konteksta kulture foto-kino klubova, neoavangardnih medijskih istra\u017eivanja, razvoja umetni\u010dkog filma, video umetnosti, fotografije, medijskih instalacija, kao i savremenih umetni\u010dkih praksi, dru\u0161tveno zna\u010dajnih tema, novih tehnologija itd. U zbirci, nastaloj [&hellip;]\" \/>\n<meta property=\"og:url\" content=\"https:\/\/msuv.org\/en\/zbirka-filma-videa-i-fotografije\/\" \/>\n<meta property=\"og:site_name\" content=\"Muzej savremene umetnosti Vojvodine\" \/>\n<meta property=\"article:modified_time\" content=\"2024-08-05T17:29:11+00:00\" \/>\n<meta property=\"og:image\" content=\"https:\/\/msuv.org\/wp-content\/uploads\/2024\/06\/Marina-Abramovic-Ispovest-video-performans-60-min-2010.jpg\" \/>\n<meta name=\"twitter:card\" content=\"summary_large_image\" \/>\n<meta name=\"twitter:label1\" content=\"Est. reading time\" \/>\n\t<meta name=\"twitter:data1\" content=\"5 minutes\" \/>\n<script type=\"application\/ld+json\" class=\"yoast-schema-graph\">{\"@context\":\"https:\\\/\\\/schema.org\",\"@graph\":[{\"@type\":\"WebPage\",\"@id\":\"https:\\\/\\\/msuv.org\\\/zbirka-filma-videa-i-fotografije\\\/\",\"url\":\"https:\\\/\\\/msuv.org\\\/zbirka-filma-videa-i-fotografije\\\/\",\"name\":\"Zbirka filma, videa i fotografije - Muzej savremene umetnosti Vojvodine\",\"isPartOf\":{\"@id\":\"https:\\\/\\\/msuv.org\\\/#website\"},\"primaryImageOfPage\":{\"@id\":\"https:\\\/\\\/msuv.org\\\/zbirka-filma-videa-i-fotografije\\\/#primaryimage\"},\"image\":{\"@id\":\"https:\\\/\\\/msuv.org\\\/zbirka-filma-videa-i-fotografije\\\/#primaryimage\"},\"thumbnailUrl\":\"https:\\\/\\\/msuv.org\\\/wp-content\\\/uploads\\\/2024\\\/06\\\/Marina-Abramovic-Ispovest-video-performans-60-min-2010.jpg\",\"datePublished\":\"2024-06-17T08:36:50+00:00\",\"dateModified\":\"2024-08-05T17:29:11+00:00\",\"breadcrumb\":{\"@id\":\"https:\\\/\\\/msuv.org\\\/zbirka-filma-videa-i-fotografije\\\/#breadcrumb\"},\"inLanguage\":\"en-US\",\"potentialAction\":[{\"@type\":\"ReadAction\",\"target\":[\"https:\\\/\\\/msuv.org\\\/zbirka-filma-videa-i-fotografije\\\/\"]}]},{\"@type\":\"ImageObject\",\"inLanguage\":\"en-US\",\"@id\":\"https:\\\/\\\/msuv.org\\\/zbirka-filma-videa-i-fotografije\\\/#primaryimage\",\"url\":\"https:\\\/\\\/msuv.org\\\/wp-content\\\/uploads\\\/2024\\\/06\\\/Marina-Abramovic-Ispovest-video-performans-60-min-2010.jpg\",\"contentUrl\":\"https:\\\/\\\/msuv.org\\\/wp-content\\\/uploads\\\/2024\\\/06\\\/Marina-Abramovic-Ispovest-video-performans-60-min-2010.jpg\"},{\"@type\":\"BreadcrumbList\",\"@id\":\"https:\\\/\\\/msuv.org\\\/zbirka-filma-videa-i-fotografije\\\/#breadcrumb\",\"itemListElement\":[{\"@type\":\"ListItem\",\"position\":1,\"name\":\"Home\",\"item\":\"https:\\\/\\\/msuv.org\\\/\"},{\"@type\":\"ListItem\",\"position\":2,\"name\":\"Zbirka filma, videa i fotografije\"}]},{\"@type\":\"WebSite\",\"@id\":\"https:\\\/\\\/msuv.org\\\/#website\",\"url\":\"https:\\\/\\\/msuv.org\\\/\",\"name\":\"Muzej savremene umetnosti Vojvodine\",\"description\":\"\",\"publisher\":{\"@id\":\"https:\\\/\\\/msuv.org\\\/#organization\"},\"potentialAction\":[{\"@type\":\"SearchAction\",\"target\":{\"@type\":\"EntryPoint\",\"urlTemplate\":\"https:\\\/\\\/msuv.org\\\/?s={search_term_string}\"},\"query-input\":{\"@type\":\"PropertyValueSpecification\",\"valueRequired\":true,\"valueName\":\"search_term_string\"}}],\"inLanguage\":\"en-US\"},{\"@type\":\"Organization\",\"@id\":\"https:\\\/\\\/msuv.org\\\/#organization\",\"name\":\"Muzej savremene umetnosti Vojvodine\",\"url\":\"https:\\\/\\\/msuv.org\\\/\",\"logo\":{\"@type\":\"ImageObject\",\"inLanguage\":\"en-US\",\"@id\":\"https:\\\/\\\/msuv.org\\\/#\\\/schema\\\/logo\\\/image\\\/\",\"url\":\"https:\\\/\\\/msuv.org\\\/wp-content\\\/uploads\\\/2023\\\/11\\\/srpski-logo.png\",\"contentUrl\":\"https:\\\/\\\/msuv.org\\\/wp-content\\\/uploads\\\/2023\\\/11\\\/srpski-logo.png\",\"width\":872,\"height\":117,\"caption\":\"Muzej savremene umetnosti Vojvodine\"},\"image\":{\"@id\":\"https:\\\/\\\/msuv.org\\\/#\\\/schema\\\/logo\\\/image\\\/\"}}]}<\/script>\n<!-- \/ Yoast SEO plugin. -->","yoast_head_json":{"title":"Zbirka filma, videa i fotografije - Muzej savremene umetnosti Vojvodine","robots":{"index":"index","follow":"follow","max-snippet":"max-snippet:-1","max-image-preview":"max-image-preview:large","max-video-preview":"max-video-preview:-1"},"canonical":"https:\/\/msuv.org\/en\/zbirka-filma-videa-i-fotografije\/","og_locale":"en_US","og_type":"article","og_title":"Zbirka filma, videa i fotografije - Muzej savremene umetnosti Vojvodine","og_description":"Zbirka filma, videa i fotografije U fokusu delatnosti zbirke filma, video i fotografije su savremene i istorijske avangardne prakse, autorskog, eksperimentalnog i konceptualnog pristupa, u okviru konteksta kulture foto-kino klubova, neoavangardnih medijskih istra\u017eivanja, razvoja umetni\u010dkog filma, video umetnosti, fotografije, medijskih instalacija, kao i savremenih umetni\u010dkih praksi, dru\u0161tveno zna\u010dajnih tema, novih tehnologija itd. U zbirci, nastaloj [&hellip;]","og_url":"https:\/\/msuv.org\/en\/zbirka-filma-videa-i-fotografije\/","og_site_name":"Muzej savremene umetnosti Vojvodine","article_modified_time":"2024-08-05T17:29:11+00:00","og_image":[{"url":"https:\/\/msuv.org\/wp-content\/uploads\/2024\/06\/Marina-Abramovic-Ispovest-video-performans-60-min-2010.jpg","type":"","width":"","height":""}],"twitter_card":"summary_large_image","twitter_misc":{"Est. reading time":"5 minutes"},"schema":{"@context":"https:\/\/schema.org","@graph":[{"@type":"WebPage","@id":"https:\/\/msuv.org\/zbirka-filma-videa-i-fotografije\/","url":"https:\/\/msuv.org\/zbirka-filma-videa-i-fotografije\/","name":"Zbirka filma, videa i fotografije - Muzej savremene umetnosti Vojvodine","isPartOf":{"@id":"https:\/\/msuv.org\/#website"},"primaryImageOfPage":{"@id":"https:\/\/msuv.org\/zbirka-filma-videa-i-fotografije\/#primaryimage"},"image":{"@id":"https:\/\/msuv.org\/zbirka-filma-videa-i-fotografije\/#primaryimage"},"thumbnailUrl":"https:\/\/msuv.org\/wp-content\/uploads\/2024\/06\/Marina-Abramovic-Ispovest-video-performans-60-min-2010.jpg","datePublished":"2024-06-17T08:36:50+00:00","dateModified":"2024-08-05T17:29:11+00:00","breadcrumb":{"@id":"https:\/\/msuv.org\/zbirka-filma-videa-i-fotografije\/#breadcrumb"},"inLanguage":"en-US","potentialAction":[{"@type":"ReadAction","target":["https:\/\/msuv.org\/zbirka-filma-videa-i-fotografije\/"]}]},{"@type":"ImageObject","inLanguage":"en-US","@id":"https:\/\/msuv.org\/zbirka-filma-videa-i-fotografije\/#primaryimage","url":"https:\/\/msuv.org\/wp-content\/uploads\/2024\/06\/Marina-Abramovic-Ispovest-video-performans-60-min-2010.jpg","contentUrl":"https:\/\/msuv.org\/wp-content\/uploads\/2024\/06\/Marina-Abramovic-Ispovest-video-performans-60-min-2010.jpg"},{"@type":"BreadcrumbList","@id":"https:\/\/msuv.org\/zbirka-filma-videa-i-fotografije\/#breadcrumb","itemListElement":[{"@type":"ListItem","position":1,"name":"Home","item":"https:\/\/msuv.org\/"},{"@type":"ListItem","position":2,"name":"Zbirka filma, videa i fotografije"}]},{"@type":"WebSite","@id":"https:\/\/msuv.org\/#website","url":"https:\/\/msuv.org\/","name":"Muzej savremene umetnosti Vojvodine","description":"","publisher":{"@id":"https:\/\/msuv.org\/#organization"},"potentialAction":[{"@type":"SearchAction","target":{"@type":"EntryPoint","urlTemplate":"https:\/\/msuv.org\/?s={search_term_string}"},"query-input":{"@type":"PropertyValueSpecification","valueRequired":true,"valueName":"search_term_string"}}],"inLanguage":"en-US"},{"@type":"Organization","@id":"https:\/\/msuv.org\/#organization","name":"Muzej savremene umetnosti Vojvodine","url":"https:\/\/msuv.org\/","logo":{"@type":"ImageObject","inLanguage":"en-US","@id":"https:\/\/msuv.org\/#\/schema\/logo\/image\/","url":"https:\/\/msuv.org\/wp-content\/uploads\/2023\/11\/srpski-logo.png","contentUrl":"https:\/\/msuv.org\/wp-content\/uploads\/2023\/11\/srpski-logo.png","width":872,"height":117,"caption":"Muzej savremene umetnosti Vojvodine"},"image":{"@id":"https:\/\/msuv.org\/#\/schema\/logo\/image\/"}}]}},"_links":{"self":[{"href":"https:\/\/msuv.org\/en\/wp-json\/wp\/v2\/pages\/6717","targetHints":{"allow":["GET"]}}],"collection":[{"href":"https:\/\/msuv.org\/en\/wp-json\/wp\/v2\/pages"}],"about":[{"href":"https:\/\/msuv.org\/en\/wp-json\/wp\/v2\/types\/page"}],"author":[{"embeddable":true,"href":"https:\/\/msuv.org\/en\/wp-json\/wp\/v2\/users\/1"}],"replies":[{"embeddable":true,"href":"https:\/\/msuv.org\/en\/wp-json\/wp\/v2\/comments?post=6717"}],"version-history":[{"count":65,"href":"https:\/\/msuv.org\/en\/wp-json\/wp\/v2\/pages\/6717\/revisions"}],"predecessor-version":[{"id":6878,"href":"https:\/\/msuv.org\/en\/wp-json\/wp\/v2\/pages\/6717\/revisions\/6878"}],"wp:attachment":[{"href":"https:\/\/msuv.org\/en\/wp-json\/wp\/v2\/media?parent=6717"}],"curies":[{"name":"wp","href":"https:\/\/api.w.org\/{rel}","templated":true}]}}