{"id":6596,"date":"2024-06-17T07:51:13","date_gmt":"2024-06-17T07:51:13","guid":{"rendered":"https:\/\/msuv.org\/?page_id=6596"},"modified":"2024-06-17T08:23:58","modified_gmt":"2024-06-17T08:23:58","slug":"zbirka-intermedijske-i-digitalne-umetnosti","status":"publish","type":"page","link":"https:\/\/msuv.org\/en\/zbirka-intermedijske-i-digitalne-umetnosti\/","title":{"rendered":"Collection of Intermedial and Digital Art"},"content":{"rendered":"<div data-elementor-type=\"wp-page\" data-elementor-id=\"6596\" class=\"elementor elementor-6596\" data-elementor-post-type=\"page\">\n\t\t\t\t<div class=\"elementor-element elementor-element-34df793 e-con-full e-flex e-con e-parent\" data-id=\"34df793\" data-element_type=\"container\" data-e-type=\"container\" data-settings=\"{&quot;background_background&quot;:&quot;classic&quot;}\">\n\t\t<div class=\"elementor-element elementor-element-b61f2e5 e-con-full e-flex e-con e-child\" data-id=\"b61f2e5\" data-element_type=\"container\" data-e-type=\"container\">\n\t\t\t\t<div class=\"elementor-element elementor-element-dd067eb elementor-widget elementor-widget-heading\" data-id=\"dd067eb\" data-element_type=\"widget\" data-e-type=\"widget\" data-widget_type=\"heading.default\">\n\t\t\t\t<div class=\"elementor-widget-container\">\n\t\t\t\t\t<h2 class=\"elementor-heading-title elementor-size-default\">Collection of Intermedial and Digital Art<\/h2>\t\t\t\t<\/div>\n\t\t\t\t<\/div>\n\t\t\t\t<\/div>\n\t\t<div class=\"elementor-element elementor-element-a9f7058 e-con-full e-flex e-con e-child\" data-id=\"a9f7058\" data-element_type=\"container\" data-e-type=\"container\">\n\t\t\t\t<div class=\"elementor-element elementor-element-ab82f3b elementor-widget-tablet__width-inherit elementor-widget elementor-widget-text-editor\" data-id=\"ab82f3b\" data-element_type=\"widget\" data-e-type=\"widget\" data-widget_type=\"text-editor.default\">\n\t\t\t\t<div class=\"elementor-widget-container\">\n\t\t\t\t\t\t\t\t\t<p><span style=\"font-weight: 400;\">The development of new media, media and post-media practices, as well as interdisciplinary and digital culture, has led to a series of changes on the contemporary art scene in terms of the presentation of exhibitions and events. Changes within the artistic language itself have initiated research into ways of collecting, archiving and protecting (new) media artworks. The question arises as to how museums of contemporary art have responded to new challenges when it comes to the development of the collection and the inclusion of media practices, such as: computer, net and web art, virtual reality art, video games, 3D animations, bioart, virgin art (DIY and DIWO practice), media installations, sound art, actions, interventions, art in public space and performative forms of art (performance, body art, paratheatre...).<\/span><\/p><p><span style=\"font-weight: 400;\">The collection of intermediate and digital art was formed through a joint museum platform of introducing interdisciplinary approaches and methods, with the aim of research, mapping, historicization and presentation of intermediate practices and digital culture. In addition to collecting works of art and collecting archives of art documentation, the Collection (formerly the Center) included a wide range of activities, such as: exhibitions, presentations, film screenings, discussions, workshops, etc. Which include collaborators and institutions from the domestic and international context. The aim of the Collection is to indicate the appreciation of changes in artistic and social practice by museum institutions, as well as the possibility of active application of new solutions. The practice of editing with digital content, the possibility of re-realization of the work and its post-production (printing, performance, assembly, presentation, etc.), the purchase of the author's conceptual instructions for the realization of the artistic work, the parallel existence of the artwork online as a publicly available asset, archiving was introduced. documentation of temporary artistic work, its performance, etc. In the Museum's practice, it is therefore noticeable that the Collection's activity takes place mainly through exhibitions and public events, online presentations of works of art, art documentation and archives of artist interviews, which regularly achieves communication and interaction with the public.<\/span><\/p><p><span style=\"font-weight: 400;\">The first results of the work are international projects and exhibitions, among which stand out: Collection of media practice MSUV, WonderLab, RISK CHANGE, Milky Way, Feminist vanguard \u2012 On the road to freedom, and publications: Bogdanka Pozanovi\u0107: Contact Art, Skok i zaron. The identity of female artists in the field of new media and Feminism and visual art, authored by Dr. Sanja Koji\u0107 Mladenov. The artists and art groups present in the collection are: Igor Anti\u0107, Association ABSOLUTNO, Mr\u0111an Baji\u0107, Zorica \u010coli\u0107, Margareta Jeli\u0107, Vladan Joler, Gordana Kaljalovi\u0107 \/ \u0110or\u0111e Odanovi\u0107, Stevan Koji\u0107, MP_Art (Maja Bud\u017earov and Predrag \u0160idjanin), Ana Nedeljkovi\u0107, Vesna Perunovi\u0107, Branislav Petri\u0107 \/ Stani\u0161a Dautovi\u0107, Darinka Pop Miti\u0107, Bogdanka Poznanovi\u0107, Ppgrupa (Katarina \u0160evi\u0107 \/ Zota Majoro\u0161), Mileta Prodanovi\u0107, Marica Radoj\u010di\u0107, Predrag \u0160idjanin, Lidija Srebotnjak Pri\u0161i\u0107, Slobodanka Stupar, Nata\u0161a Teofilovi\u0107, Andrej Ti\u0161ma, Isidora Todorovi\u0107, Zoran Todorovi\u0107, Vacuumpack, Dragan Vojvodi\u0107 and Anica Vuceti\u0107.<\/span><\/p>\t\t\t\t\t\t\t\t<\/div>\n\t\t\t\t<\/div>\n\t\t\t\t<\/div>\n\t\t\t\t<\/div>\n\t\t<div class=\"elementor-element elementor-element-df5e206 e-con-full e-flex e-con e-child\" data-id=\"df5e206\" data-element_type=\"container\" data-e-type=\"container\">\n\t\t<div class=\"elementor-element elementor-element-818ce98 e-con-full e-flex e-con e-child\" data-id=\"818ce98\" data-element_type=\"container\" data-e-type=\"container\">\n\t\t\t\t<div class=\"elementor-element elementor-element-6495327 elementor-widget elementor-widget-image\" data-id=\"6495327\" data-element_type=\"widget\" data-e-type=\"widget\" data-widget_type=\"image.default\">\n\t\t\t\t<div class=\"elementor-widget-container\">\n\t\t\t\t\t\t\t\t\t\t\t\t\t\t\t\t<a href=\"https:\/\/msuv.org\/wp-content\/uploads\/2024\/06\/01_Asocijacija-APSOLUTNO-The-Absolute-Sale.gif\" data-elementor-open-lightbox=\"yes\" data-elementor-lightbox-title=\"Asocijacija APSOLUTNO, The Absolute Sale\" data-e-action-hash=\"#elementor-action%3Aaction%3Dlightbox%26settings%3DeyJpZCI6NjYwMiwidXJsIjoiaHR0cHM6XC9cL21zdXYub3JnXC93cC1jb250ZW50XC91cGxvYWRzXC8yMDI0XC8wNlwvMDFfQXNvY2lqYWNpamEtQVBTT0xVVE5PLVRoZS1BYnNvbHV0ZS1TYWxlLmdpZiJ9\">\n\t\t\t\t\t\t\t<img fetchpriority=\"high\" decoding=\"async\" width=\"800\" height=\"544\" src=\"https:\/\/msuv.org\/wp-content\/uploads\/2024\/06\/01_Asocijacija-APSOLUTNO-The-Absolute-Sale.gif\" class=\"attachment-large size-large wp-image-6602\" alt=\"The Absolute Sale, Asocijacija APSOLUTNO, 1997\u20132002, web projekat\" \/>\t\t\t\t\t\t\t\t<\/a>\n\t\t\t\t\t\t\t\t\t\t\t\t\t\t\t<\/div>\n\t\t\t\t<\/div>\n\t\t\t\t<div class=\"elementor-element elementor-element-4a1b9f5 elementor-widget-mobile__width-inherit elementor-widget elementor-widget-image-box\" data-id=\"4a1b9f5\" data-element_type=\"widget\" data-e-type=\"widget\" data-widget_type=\"image-box.default\">\n\t\t\t\t<div class=\"elementor-widget-container\">\n\t\t\t\t\t<div class=\"elementor-image-box-wrapper\"><div class=\"elementor-image-box-content\"><h3 class=\"elementor-image-box-title\">The Absolute Sale<\/h3><p class=\"elementor-image-box-description\">Asocijacija APSOLUTNO<\/p><\/div><\/div>\t\t\t\t<\/div>\n\t\t\t\t<\/div>\n\t\t\t\t<\/div>\n\t\t<div class=\"elementor-element elementor-element-7f0b34a e-con-full e-flex e-con e-child\" data-id=\"7f0b34a\" data-element_type=\"container\" data-e-type=\"container\">\n\t\t\t\t<div class=\"elementor-element elementor-element-eb7535b elementor-widget elementor-widget-image\" data-id=\"eb7535b\" data-element_type=\"widget\" data-e-type=\"widget\" data-widget_type=\"image.default\">\n\t\t\t\t<div class=\"elementor-widget-container\">\n\t\t\t\t\t\t\t\t\t\t\t\t\t\t\t\t<a href=\"https:\/\/msuv.org\/wp-content\/uploads\/2024\/06\/02_Vladan-JOLER-MCTE-\u2013-Multi-Consumer-Trauma-Experience.jpg\" data-elementor-open-lightbox=\"yes\" data-elementor-lightbox-title=\"MCTE \u2013 Multi Consumer Trauma Experience, Vladan JOLER, 2003, aplikacija, mod\" data-e-action-hash=\"#elementor-action%3Aaction%3Dlightbox%26settings%3DeyJpZCI6NjYwMywidXJsIjoiaHR0cHM6XC9cL21zdXYub3JnXC93cC1jb250ZW50XC91cGxvYWRzXC8yMDI0XC8wNlwvMDJfVmxhZGFuLUpPTEVSLU1DVEUtXHUyMDEzLU11bHRpLUNvbnN1bWVyLVRyYXVtYS1FeHBlcmllbmNlLmpwZyJ9\">\n\t\t\t\t\t\t\t<img decoding=\"async\" width=\"800\" height=\"600\" src=\"https:\/\/msuv.org\/wp-content\/uploads\/2024\/06\/02_Vladan-JOLER-MCTE-\u2013-Multi-Consumer-Trauma-Experience.jpg\" class=\"attachment-large size-large wp-image-6603\" alt=\"MCTE \u2013 Multi Consumer Trauma Experience, Vladan JOLER, 2003, aplikacija, mod\" srcset=\"https:\/\/msuv.org\/wp-content\/uploads\/2024\/06\/02_Vladan-JOLER-MCTE-\u2013-Multi-Consumer-Trauma-Experience.jpg 800w, https:\/\/msuv.org\/wp-content\/uploads\/2024\/06\/02_Vladan-JOLER-MCTE-\u2013-Multi-Consumer-Trauma-Experience-300x225.jpg 300w, https:\/\/msuv.org\/wp-content\/uploads\/2024\/06\/02_Vladan-JOLER-MCTE-\u2013-Multi-Consumer-Trauma-Experience-768x576.jpg 768w, https:\/\/msuv.org\/wp-content\/uploads\/2024\/06\/02_Vladan-JOLER-MCTE-\u2013-Multi-Consumer-Trauma-Experience-16x12.jpg 16w\" sizes=\"(max-width: 800px) 100vw, 800px\" \/>\t\t\t\t\t\t\t\t<\/a>\n\t\t\t\t\t\t\t\t\t\t\t\t\t\t\t<\/div>\n\t\t\t\t<\/div>\n\t\t\t\t<div class=\"elementor-element elementor-element-00b6a12 elementor-widget-mobile__width-inherit elementor-widget elementor-widget-image-box\" data-id=\"00b6a12\" data-element_type=\"widget\" data-e-type=\"widget\" data-widget_type=\"image-box.default\">\n\t\t\t\t<div class=\"elementor-widget-container\">\n\t\t\t\t\t<div class=\"elementor-image-box-wrapper\"><div class=\"elementor-image-box-content\"><h3 class=\"elementor-image-box-title\">Multi Consumer Trauma Experience<\/h3><p class=\"elementor-image-box-description\">Vladan JOLER, MCTE<\/p><\/div><\/div>\t\t\t\t<\/div>\n\t\t\t\t<\/div>\n\t\t\t\t<\/div>\n\t\t<div class=\"elementor-element elementor-element-17ed97b e-con-full e-flex e-con e-child\" data-id=\"17ed97b\" data-element_type=\"container\" data-e-type=\"container\">\n\t\t\t\t<div class=\"elementor-element elementor-element-205c647 elementor-widget elementor-widget-image\" data-id=\"205c647\" data-element_type=\"widget\" data-e-type=\"widget\" data-widget_type=\"image.default\">\n\t\t\t\t<div class=\"elementor-widget-container\">\n\t\t\t\t\t\t\t\t\t\t\t\t\t\t\t\t<a href=\"https:\/\/msuv.org\/wp-content\/uploads\/2024\/06\/03_Stevan-KOJIC-Samoodrzivi-sistem-apsurda.jpg\" data-elementor-open-lightbox=\"yes\" data-elementor-lightbox-title=\"Samoodr\u017eivi sistem apsurda, Stevan KOJI\u0106, 2010, medijska instalacija, dimenzije promenljive\" data-e-action-hash=\"#elementor-action%3Aaction%3Dlightbox%26settings%3DeyJpZCI6NjYwNCwidXJsIjoiaHR0cHM6XC9cL21zdXYub3JnXC93cC1jb250ZW50XC91cGxvYWRzXC8yMDI0XC8wNlwvMDNfU3RldmFuLUtPSklDLVNhbW9vZHJ6aXZpLXNpc3RlbS1hcHN1cmRhLmpwZyJ9\">\n\t\t\t\t\t\t\t<img decoding=\"async\" width=\"800\" height=\"533\" src=\"https:\/\/msuv.org\/wp-content\/uploads\/2024\/06\/03_Stevan-KOJIC-Samoodrzivi-sistem-apsurda.jpg\" class=\"attachment-large size-large wp-image-6604\" alt=\"Samoodr\u017eivi sistem apsurda, Stevan KOJI\u0106, 2010, medijska instalacija, dimenzije promenljive\" srcset=\"https:\/\/msuv.org\/wp-content\/uploads\/2024\/06\/03_Stevan-KOJIC-Samoodrzivi-sistem-apsurda.jpg 800w, https:\/\/msuv.org\/wp-content\/uploads\/2024\/06\/03_Stevan-KOJIC-Samoodrzivi-sistem-apsurda-300x200.jpg 300w, https:\/\/msuv.org\/wp-content\/uploads\/2024\/06\/03_Stevan-KOJIC-Samoodrzivi-sistem-apsurda-768x512.jpg 768w, https:\/\/msuv.org\/wp-content\/uploads\/2024\/06\/03_Stevan-KOJIC-Samoodrzivi-sistem-apsurda-18x12.jpg 18w\" sizes=\"(max-width: 800px) 100vw, 800px\" \/>\t\t\t\t\t\t\t\t<\/a>\n\t\t\t\t\t\t\t\t\t\t\t\t\t\t\t<\/div>\n\t\t\t\t<\/div>\n\t\t\t\t<div class=\"elementor-element elementor-element-ada2cd3 elementor-widget-mobile__width-inherit elementor-widget elementor-widget-image-box\" data-id=\"ada2cd3\" data-element_type=\"widget\" data-e-type=\"widget\" data-widget_type=\"image-box.default\">\n\t\t\t\t<div class=\"elementor-widget-container\">\n\t\t\t\t\t<div class=\"elementor-image-box-wrapper\"><div class=\"elementor-image-box-content\"><h3 class=\"elementor-image-box-title\">Samoodr\u017eivi sistem apsurda<\/h3><p class=\"elementor-image-box-description\">Stevan K\u043eji\u0107<\/p><\/div><\/div>\t\t\t\t<\/div>\n\t\t\t\t<\/div>\n\t\t\t\t<\/div>\n\t\t<div class=\"elementor-element elementor-element-68b731c e-con-full e-flex e-con e-child\" data-id=\"68b731c\" data-element_type=\"container\" data-e-type=\"container\">\n\t\t\t\t<div class=\"elementor-element elementor-element-9e2f98b elementor-widget elementor-widget-image\" data-id=\"9e2f98b\" data-element_type=\"widget\" data-e-type=\"widget\" data-widget_type=\"image.default\">\n\t\t\t\t<div class=\"elementor-widget-container\">\n\t\t\t\t\t\t\t\t\t\t\t\t\t\t\t\t<a href=\"https:\/\/msuv.org\/wp-content\/uploads\/2024\/06\/04_Predrag-SIDANIN-The-Aspects-of-Gaia.jpg\" data-elementor-open-lightbox=\"yes\" data-elementor-lightbox-title=\"The Aspects of Gaia, Predrag \u0160I\u0110ANIN, 1987, fotografija, 38,5x28 cm\" data-e-action-hash=\"#elementor-action%3Aaction%3Dlightbox%26settings%3DeyJpZCI6NjYwNSwidXJsIjoiaHR0cHM6XC9cL21zdXYub3JnXC93cC1jb250ZW50XC91cGxvYWRzXC8yMDI0XC8wNlwvMDRfUHJlZHJhZy1TSURBTklOLVRoZS1Bc3BlY3RzLW9mLUdhaWEuanBnIn0%3D\">\n\t\t\t\t\t\t\t<img loading=\"lazy\" decoding=\"async\" width=\"800\" height=\"668\" src=\"https:\/\/msuv.org\/wp-content\/uploads\/2024\/06\/04_Predrag-SIDANIN-The-Aspects-of-Gaia.jpg\" class=\"attachment-large size-large wp-image-6605\" alt=\"The Aspects of Gaia, Predrag \u0160I\u0110ANIN, 1987, fotografija, 38,5x28 cm\" srcset=\"https:\/\/msuv.org\/wp-content\/uploads\/2024\/06\/04_Predrag-SIDANIN-The-Aspects-of-Gaia.jpg 800w, https:\/\/msuv.org\/wp-content\/uploads\/2024\/06\/04_Predrag-SIDANIN-The-Aspects-of-Gaia-300x251.jpg 300w, https:\/\/msuv.org\/wp-content\/uploads\/2024\/06\/04_Predrag-SIDANIN-The-Aspects-of-Gaia-768x641.jpg 768w, https:\/\/msuv.org\/wp-content\/uploads\/2024\/06\/04_Predrag-SIDANIN-The-Aspects-of-Gaia-14x12.jpg 14w\" sizes=\"(max-width: 800px) 100vw, 800px\" \/>\t\t\t\t\t\t\t\t<\/a>\n\t\t\t\t\t\t\t\t\t\t\t\t\t\t\t<\/div>\n\t\t\t\t<\/div>\n\t\t\t\t<div class=\"elementor-element elementor-element-d75e7c4 elementor-widget-mobile__width-inherit elementor-widget elementor-widget-image-box\" data-id=\"d75e7c4\" data-element_type=\"widget\" data-e-type=\"widget\" data-widget_type=\"image-box.default\">\n\t\t\t\t<div class=\"elementor-widget-container\">\n\t\t\t\t\t<div class=\"elementor-image-box-wrapper\"><div class=\"elementor-image-box-content\"><h3 class=\"elementor-image-box-title\">The Aspects of Gaia<\/h3><p class=\"elementor-image-box-description\">Predrag \u0160i\u0111anin<\/p><\/div><\/div>\t\t\t\t<\/div>\n\t\t\t\t<\/div>\n\t\t\t\t<\/div>\n\t\t\t\t<\/div>\n\t\t<div class=\"elementor-element elementor-element-daeee0e e-con-full e-flex e-con e-child\" data-id=\"daeee0e\" data-element_type=\"container\" data-e-type=\"container\">\n\t\t<div class=\"elementor-element elementor-element-40eeefd e-con-full e-flex e-con e-child\" data-id=\"40eeefd\" data-element_type=\"container\" data-e-type=\"container\">\n\t\t\t\t<div class=\"elementor-element elementor-element-a42dc27 elementor-widget elementor-widget-image\" data-id=\"a42dc27\" data-element_type=\"widget\" data-e-type=\"widget\" data-widget_type=\"image.default\">\n\t\t\t\t<div class=\"elementor-widget-container\">\n\t\t\t\t\t\t\t\t\t\t\t\t\t\t\t\t<a href=\"https:\/\/msuv.org\/wp-content\/uploads\/2024\/06\/05_Andrej-TISMA-Electronic-Art-in-Serbia-.jpg\" data-elementor-open-lightbox=\"yes\" data-elementor-lightbox-title=\"Electronic Art in Serbia, Andrej TI\u0160MA, 2000, web art, web site\" data-e-action-hash=\"#elementor-action%3Aaction%3Dlightbox%26settings%3DeyJpZCI6NjYwNiwidXJsIjoiaHR0cHM6XC9cL21zdXYub3JnXC93cC1jb250ZW50XC91cGxvYWRzXC8yMDI0XC8wNlwvMDVfQW5kcmVqLVRJU01BLUVsZWN0cm9uaWMtQXJ0LWluLVNlcmJpYS0uanBnIn0%3D\">\n\t\t\t\t\t\t\t<img loading=\"lazy\" decoding=\"async\" width=\"800\" height=\"589\" src=\"https:\/\/msuv.org\/wp-content\/uploads\/2024\/06\/05_Andrej-TISMA-Electronic-Art-in-Serbia-.jpg\" class=\"attachment-large size-large wp-image-6606\" alt=\"Electronic Art in Serbia, Andrej TI\u0160MA, 2000, web art, web site\" srcset=\"https:\/\/msuv.org\/wp-content\/uploads\/2024\/06\/05_Andrej-TISMA-Electronic-Art-in-Serbia-.jpg 800w, https:\/\/msuv.org\/wp-content\/uploads\/2024\/06\/05_Andrej-TISMA-Electronic-Art-in-Serbia--300x221.jpg 300w, https:\/\/msuv.org\/wp-content\/uploads\/2024\/06\/05_Andrej-TISMA-Electronic-Art-in-Serbia--768x565.jpg 768w, https:\/\/msuv.org\/wp-content\/uploads\/2024\/06\/05_Andrej-TISMA-Electronic-Art-in-Serbia--16x12.jpg 16w\" sizes=\"(max-width: 800px) 100vw, 800px\" \/>\t\t\t\t\t\t\t\t<\/a>\n\t\t\t\t\t\t\t\t\t\t\t\t\t\t\t<\/div>\n\t\t\t\t<\/div>\n\t\t\t\t<div class=\"elementor-element elementor-element-0e6b73d elementor-widget-mobile__width-inherit elementor-widget elementor-widget-image-box\" data-id=\"0e6b73d\" data-element_type=\"widget\" data-e-type=\"widget\" data-widget_type=\"image-box.default\">\n\t\t\t\t<div class=\"elementor-widget-container\">\n\t\t\t\t\t<div class=\"elementor-image-box-wrapper\"><div class=\"elementor-image-box-content\"><h3 class=\"elementor-image-box-title\">Electronic Art in Serbia<\/h3><p class=\"elementor-image-box-description\">Andrej Ti\u0161ma<\/p><\/div><\/div>\t\t\t\t<\/div>\n\t\t\t\t<\/div>\n\t\t\t\t<\/div>\n\t\t<div class=\"elementor-element elementor-element-dee4c4e e-con-full e-flex e-con e-child\" data-id=\"dee4c4e\" data-element_type=\"container\" data-e-type=\"container\">\n\t\t\t\t<div class=\"elementor-element elementor-element-9b30589 elementor-widget elementor-widget-image\" data-id=\"9b30589\" data-element_type=\"widget\" data-e-type=\"widget\" data-widget_type=\"image.default\">\n\t\t\t\t<div class=\"elementor-widget-container\">\n\t\t\t\t\t\t\t\t\t\t\t\t\t\t\t\t<a href=\"https:\/\/msuv.org\/wp-content\/uploads\/2024\/06\/06_Zoran-TODOROVIC-Toplina-I-i-II.jpg\" data-elementor-open-lightbox=\"yes\" data-elementor-lightbox-title=\"Toplina I, Zoran TODOROVI\u0106, 2009, video instalacija: drvo, filc, video; transportna paleta sa to\u010dkovima (80x122 cm); \u0107ebad od filca (160x120 cm)x 57 kom; video 7 min 44 sec\" data-e-action-hash=\"#elementor-action%3Aaction%3Dlightbox%26settings%3DeyJpZCI6NjYwNywidXJsIjoiaHR0cHM6XC9cL21zdXYub3JnXC93cC1jb250ZW50XC91cGxvYWRzXC8yMDI0XC8wNlwvMDZfWm9yYW4tVE9ET1JPVklDLVRvcGxpbmEtSS1pLUlJLmpwZyJ9\">\n\t\t\t\t\t\t\t<img loading=\"lazy\" decoding=\"async\" width=\"800\" height=\"646\" src=\"https:\/\/msuv.org\/wp-content\/uploads\/2024\/06\/06_Zoran-TODOROVIC-Toplina-I-i-II.jpg\" class=\"attachment-large size-large wp-image-6607\" alt=\"Toplina I, Zoran TODOROVI\u0106, 2009, video instalacija: drvo, filc, video; transportna paleta sa to\u010dkovima (80x122 cm); \u0107ebad od filca (160x120 cm)x 57 kom; video 7 min 44 sec\" srcset=\"https:\/\/msuv.org\/wp-content\/uploads\/2024\/06\/06_Zoran-TODOROVIC-Toplina-I-i-II.jpg 800w, https:\/\/msuv.org\/wp-content\/uploads\/2024\/06\/06_Zoran-TODOROVIC-Toplina-I-i-II-300x242.jpg 300w, https:\/\/msuv.org\/wp-content\/uploads\/2024\/06\/06_Zoran-TODOROVIC-Toplina-I-i-II-768x620.jpg 768w, https:\/\/msuv.org\/wp-content\/uploads\/2024\/06\/06_Zoran-TODOROVIC-Toplina-I-i-II-15x12.jpg 15w\" sizes=\"(max-width: 800px) 100vw, 800px\" \/>\t\t\t\t\t\t\t\t<\/a>\n\t\t\t\t\t\t\t\t\t\t\t\t\t\t\t<\/div>\n\t\t\t\t<\/div>\n\t\t\t\t<div class=\"elementor-element elementor-element-1d3a7eb elementor-widget-mobile__width-inherit elementor-widget elementor-widget-image-box\" data-id=\"1d3a7eb\" data-element_type=\"widget\" data-e-type=\"widget\" data-widget_type=\"image-box.default\">\n\t\t\t\t<div class=\"elementor-widget-container\">\n\t\t\t\t\t<div class=\"elementor-image-box-wrapper\"><div class=\"elementor-image-box-content\"><h3 class=\"elementor-image-box-title\">Toplina I i II<\/h3><p class=\"elementor-image-box-description\">Zoran Todorivi\u0107<\/p><\/div><\/div>\t\t\t\t<\/div>\n\t\t\t\t<\/div>\n\t\t\t\t<\/div>\n\t\t<div class=\"elementor-element elementor-element-888ca41 e-con-full e-flex e-con e-child\" data-id=\"888ca41\" data-element_type=\"container\" data-e-type=\"container\">\n\t\t\t\t<div class=\"elementor-element elementor-element-d488908 elementor-widget elementor-widget-image\" data-id=\"d488908\" data-element_type=\"widget\" data-e-type=\"widget\" data-widget_type=\"image.default\">\n\t\t\t\t<div class=\"elementor-widget-container\">\n\t\t\t\t\t\t\t\t\t\t\t\t\t\t\t\t<a href=\"https:\/\/msuv.org\/wp-content\/uploads\/2024\/06\/07_Lidija-SREBOTNJAK-PRISIC-Izdaleka-izbliza.jpg\" data-elementor-open-lightbox=\"yes\" data-elementor-lightbox-title=\"Izdaleka izbliza, Lidija SREBOTNJAK PRI\u0160I\u0106, 2005, foto instalacija, digitalni print na transparentnoj foliji, 240x200 cm\" data-e-action-hash=\"#elementor-action%3Aaction%3Dlightbox%26settings%3DeyJpZCI6NjYwOCwidXJsIjoiaHR0cHM6XC9cL21zdXYub3JnXC93cC1jb250ZW50XC91cGxvYWRzXC8yMDI0XC8wNlwvMDdfTGlkaWphLVNSRUJPVE5KQUstUFJJU0lDLUl6ZGFsZWthLWl6YmxpemEuanBnIn0%3D\">\n\t\t\t\t\t\t\t<img loading=\"lazy\" decoding=\"async\" width=\"800\" height=\"673\" src=\"https:\/\/msuv.org\/wp-content\/uploads\/2024\/06\/07_Lidija-SREBOTNJAK-PRISIC-Izdaleka-izbliza.jpg\" class=\"attachment-large size-large wp-image-6608\" alt=\"Izdaleka izbliza, Lidija SREBOTNJAK PRI\u0160I\u0106, 2005, foto instalacija, digitalni print na transparentnoj foliji, 240x200 cm\" srcset=\"https:\/\/msuv.org\/wp-content\/uploads\/2024\/06\/07_Lidija-SREBOTNJAK-PRISIC-Izdaleka-izbliza.jpg 800w, https:\/\/msuv.org\/wp-content\/uploads\/2024\/06\/07_Lidija-SREBOTNJAK-PRISIC-Izdaleka-izbliza-300x252.jpg 300w, https:\/\/msuv.org\/wp-content\/uploads\/2024\/06\/07_Lidija-SREBOTNJAK-PRISIC-Izdaleka-izbliza-768x646.jpg 768w, https:\/\/msuv.org\/wp-content\/uploads\/2024\/06\/07_Lidija-SREBOTNJAK-PRISIC-Izdaleka-izbliza-14x12.jpg 14w\" sizes=\"(max-width: 800px) 100vw, 800px\" \/>\t\t\t\t\t\t\t\t<\/a>\n\t\t\t\t\t\t\t\t\t\t\t\t\t\t\t<\/div>\n\t\t\t\t<\/div>\n\t\t\t\t<div class=\"elementor-element elementor-element-fcd8e34 elementor-widget-mobile__width-inherit elementor-widget elementor-widget-image-box\" data-id=\"fcd8e34\" data-element_type=\"widget\" data-e-type=\"widget\" data-widget_type=\"image-box.default\">\n\t\t\t\t<div class=\"elementor-widget-container\">\n\t\t\t\t\t<div class=\"elementor-image-box-wrapper\"><div class=\"elementor-image-box-content\"><h3 class=\"elementor-image-box-title\">Izdaleka izbliza<\/h3><p class=\"elementor-image-box-description\">Lidija Srebotinjak Pri\u0161i\u0107<\/p><\/div><\/div>\t\t\t\t<\/div>\n\t\t\t\t<\/div>\n\t\t\t\t<\/div>\n\t\t<div class=\"elementor-element elementor-element-f13ff7b e-con-full e-flex e-con e-child\" data-id=\"f13ff7b\" data-element_type=\"container\" data-e-type=\"container\">\n\t\t\t\t<div class=\"elementor-element elementor-element-3b60ca6 elementor-widget elementor-widget-image\" data-id=\"3b60ca6\" data-element_type=\"widget\" data-e-type=\"widget\" data-widget_type=\"image.default\">\n\t\t\t\t<div class=\"elementor-widget-container\">\n\t\t\t\t\t\t\t\t\t\t\t\t\t\t\t\t<a href=\"https:\/\/msuv.org\/wp-content\/uploads\/2024\/06\/08_Marica-RADOJCIC-Tekst-tekst-tekst.jpg\" data-elementor-open-lightbox=\"yes\" data-elementor-lightbox-title=\"Tekst-tekst-tekst, Marica RADOJ\u010cI\u0106, 1992, kompjuterska animacija, 7 sec\" data-e-action-hash=\"#elementor-action%3Aaction%3Dlightbox%26settings%3DeyJpZCI6NjYwOSwidXJsIjoiaHR0cHM6XC9cL21zdXYub3JnXC93cC1jb250ZW50XC91cGxvYWRzXC8yMDI0XC8wNlwvMDhfTWFyaWNhLVJBRE9KQ0lDLVRla3N0LXRla3N0LXRla3N0LmpwZyJ9\">\n\t\t\t\t\t\t\t<img loading=\"lazy\" decoding=\"async\" width=\"800\" height=\"851\" src=\"https:\/\/msuv.org\/wp-content\/uploads\/2024\/06\/08_Marica-RADOJCIC-Tekst-tekst-tekst.jpg\" class=\"attachment-large size-large wp-image-6609\" alt=\"Tekst-tekst-tekst, Marica RADOJ\u010cI\u0106, 1992, kompjuterska animacija, 7 sec\" srcset=\"https:\/\/msuv.org\/wp-content\/uploads\/2024\/06\/08_Marica-RADOJCIC-Tekst-tekst-tekst.jpg 800w, https:\/\/msuv.org\/wp-content\/uploads\/2024\/06\/08_Marica-RADOJCIC-Tekst-tekst-tekst-282x300.jpg 282w, https:\/\/msuv.org\/wp-content\/uploads\/2024\/06\/08_Marica-RADOJCIC-Tekst-tekst-tekst-768x817.jpg 768w, https:\/\/msuv.org\/wp-content\/uploads\/2024\/06\/08_Marica-RADOJCIC-Tekst-tekst-tekst-11x12.jpg 11w\" sizes=\"(max-width: 800px) 100vw, 800px\" \/>\t\t\t\t\t\t\t\t<\/a>\n\t\t\t\t\t\t\t\t\t\t\t\t\t\t\t<\/div>\n\t\t\t\t<\/div>\n\t\t\t\t<div class=\"elementor-element elementor-element-dc9e362 elementor-widget-mobile__width-inherit elementor-widget elementor-widget-image-box\" data-id=\"dc9e362\" data-element_type=\"widget\" data-e-type=\"widget\" data-widget_type=\"image-box.default\">\n\t\t\t\t<div class=\"elementor-widget-container\">\n\t\t\t\t\t<div class=\"elementor-image-box-wrapper\"><div class=\"elementor-image-box-content\"><h3 class=\"elementor-image-box-title\">Tekst tekst tekst<\/h3><p class=\"elementor-image-box-description\">Marica Radoi\u010di\u0107<\/p><\/div><\/div>\t\t\t\t<\/div>\n\t\t\t\t<\/div>\n\t\t\t\t<\/div>\n\t\t\t\t<\/div>\n\t\t<div class=\"elementor-element elementor-element-ebeb7e3 e-con-full e-flex e-con e-child\" data-id=\"ebeb7e3\" data-element_type=\"container\" data-e-type=\"container\">\n\t\t<div class=\"elementor-element elementor-element-80ea08e e-con-full e-flex e-con e-child\" data-id=\"80ea08e\" data-element_type=\"container\" data-e-type=\"container\">\n\t\t\t\t<div class=\"elementor-element elementor-element-ec570f0 elementor-widget elementor-widget-image\" data-id=\"ec570f0\" data-element_type=\"widget\" data-e-type=\"widget\" data-widget_type=\"image.default\">\n\t\t\t\t<div class=\"elementor-widget-container\">\n\t\t\t\t\t\t\t\t\t\t\t\t\t\t\t\t<a href=\"https:\/\/msuv.org\/wp-content\/uploads\/2024\/06\/09_Natasa-TEOFILOVIC-s.h.e.jpg\" data-elementor-open-lightbox=\"yes\" data-elementor-lightbox-title=\"s.h.e., Nata\u0161a TEOFILOVI\u0106, 2006, 3D karakter animacija, 6 min 52 sec\" data-e-action-hash=\"#elementor-action%3Aaction%3Dlightbox%26settings%3DeyJpZCI6NjYxMCwidXJsIjoiaHR0cHM6XC9cL21zdXYub3JnXC93cC1jb250ZW50XC91cGxvYWRzXC8yMDI0XC8wNlwvMDlfTmF0YXNhLVRFT0ZJTE9WSUMtcy5oLmUuanBnIn0%3D\">\n\t\t\t\t\t\t\t<img loading=\"lazy\" decoding=\"async\" width=\"800\" height=\"400\" src=\"https:\/\/msuv.org\/wp-content\/uploads\/2024\/06\/09_Natasa-TEOFILOVIC-s.h.e.jpg\" class=\"attachment-large size-large wp-image-6610\" alt=\"s.h.e., Nata\u0161a TEOFILOVI\u0106, 2006, 3D karakter animacija, 6 min 52 sec\" srcset=\"https:\/\/msuv.org\/wp-content\/uploads\/2024\/06\/09_Natasa-TEOFILOVIC-s.h.e.jpg 800w, https:\/\/msuv.org\/wp-content\/uploads\/2024\/06\/09_Natasa-TEOFILOVIC-s.h.e-300x150.jpg 300w, https:\/\/msuv.org\/wp-content\/uploads\/2024\/06\/09_Natasa-TEOFILOVIC-s.h.e-768x384.jpg 768w, https:\/\/msuv.org\/wp-content\/uploads\/2024\/06\/09_Natasa-TEOFILOVIC-s.h.e-18x9.jpg 18w\" sizes=\"(max-width: 800px) 100vw, 800px\" \/>\t\t\t\t\t\t\t\t<\/a>\n\t\t\t\t\t\t\t\t\t\t\t\t\t\t\t<\/div>\n\t\t\t\t<\/div>\n\t\t\t\t<div class=\"elementor-element elementor-element-365c88b elementor-widget-mobile__width-inherit elementor-widget elementor-widget-image-box\" data-id=\"365c88b\" data-element_type=\"widget\" data-e-type=\"widget\" data-widget_type=\"image-box.default\">\n\t\t\t\t<div class=\"elementor-widget-container\">\n\t\t\t\t\t<div class=\"elementor-image-box-wrapper\"><div class=\"elementor-image-box-content\"><h3 class=\"elementor-image-box-title\">s.h.e.<\/h3><p class=\"elementor-image-box-description\">Nata\u0161a Teofilovi\u0107<\/p><\/div><\/div>\t\t\t\t<\/div>\n\t\t\t\t<\/div>\n\t\t\t\t<\/div>\n\t\t<div class=\"elementor-element elementor-element-ca5d222 e-con-full e-flex e-con e-child\" data-id=\"ca5d222\" data-element_type=\"container\" data-e-type=\"container\">\n\t\t\t\t<div class=\"elementor-element elementor-element-b807e88 elementor-widget elementor-widget-image\" data-id=\"b807e88\" data-element_type=\"widget\" data-e-type=\"widget\" data-widget_type=\"image.default\">\n\t\t\t\t<div class=\"elementor-widget-container\">\n\t\t\t\t\t\t\t\t\t\t\t\t\t\t\t\t<a href=\"https:\/\/msuv.org\/wp-content\/uploads\/2024\/06\/10_Vesna-PERUNOVIC-Vessna-Perunovich-Whole-House-of-Exile.jpg\" data-elementor-open-lightbox=\"yes\" data-elementor-lightbox-title=\"(W)hole, House of Exile, Vesna PERUNOVI\u0106 (Vessna Perunovich), 2002\u20132010, video instalacija, dimenzije promenljive (konstrukcija: 310x300x240 cm, maksimalna veli\u010dina projekcije 600x 400 cm)\" data-e-action-hash=\"#elementor-action%3Aaction%3Dlightbox%26settings%3DeyJpZCI6NjYxMSwidXJsIjoiaHR0cHM6XC9cL21zdXYub3JnXC93cC1jb250ZW50XC91cGxvYWRzXC8yMDI0XC8wNlwvMTBfVmVzbmEtUEVSVU5PVklDLVZlc3NuYS1QZXJ1bm92aWNoLVdob2xlLUhvdXNlLW9mLUV4aWxlLmpwZyJ9\">\n\t\t\t\t\t\t\t<img loading=\"lazy\" decoding=\"async\" width=\"800\" height=\"610\" src=\"https:\/\/msuv.org\/wp-content\/uploads\/2024\/06\/10_Vesna-PERUNOVIC-Vessna-Perunovich-Whole-House-of-Exile.jpg\" class=\"attachment-large size-large wp-image-6611\" alt=\"(W)hole, House of Exile, Vesna PERUNOVI\u0106 (Vessna Perunovich), 2002\u20132010, video instalacija, dimenzije promenljive (konstrukcija: 310x300x240 cm, maksimalna veli\u010dina projekcije 600x 400 cm)\" srcset=\"https:\/\/msuv.org\/wp-content\/uploads\/2024\/06\/10_Vesna-PERUNOVIC-Vessna-Perunovich-Whole-House-of-Exile.jpg 800w, https:\/\/msuv.org\/wp-content\/uploads\/2024\/06\/10_Vesna-PERUNOVIC-Vessna-Perunovich-Whole-House-of-Exile-300x229.jpg 300w, https:\/\/msuv.org\/wp-content\/uploads\/2024\/06\/10_Vesna-PERUNOVIC-Vessna-Perunovich-Whole-House-of-Exile-768x586.jpg 768w, https:\/\/msuv.org\/wp-content\/uploads\/2024\/06\/10_Vesna-PERUNOVIC-Vessna-Perunovich-Whole-House-of-Exile-16x12.jpg 16w\" sizes=\"(max-width: 800px) 100vw, 800px\" \/>\t\t\t\t\t\t\t\t<\/a>\n\t\t\t\t\t\t\t\t\t\t\t\t\t\t\t<\/div>\n\t\t\t\t<\/div>\n\t\t\t\t<div class=\"elementor-element elementor-element-0a51d0f elementor-widget-mobile__width-inherit elementor-widget elementor-widget-image-box\" data-id=\"0a51d0f\" data-element_type=\"widget\" data-e-type=\"widget\" data-widget_type=\"image-box.default\">\n\t\t\t\t<div class=\"elementor-widget-container\">\n\t\t\t\t\t<div class=\"elementor-image-box-wrapper\"><div class=\"elementor-image-box-content\"><h3 class=\"elementor-image-box-title\">(W)hole, House of Exile<\/h3><p class=\"elementor-image-box-description\">Vesna Perunovi\u0107 (Vessna\nPerunovich)<\/p><\/div><\/div>\t\t\t\t<\/div>\n\t\t\t\t<\/div>\n\t\t\t\t<\/div>\n\t\t<div class=\"elementor-element elementor-element-983c105 e-con-full e-flex e-con e-child\" data-id=\"983c105\" data-element_type=\"container\" data-e-type=\"container\">\n\t\t\t\t<div class=\"elementor-element elementor-element-e359f4e elementor-widget elementor-widget-image\" data-id=\"e359f4e\" data-element_type=\"widget\" data-e-type=\"widget\" data-widget_type=\"image.default\">\n\t\t\t\t<div class=\"elementor-widget-container\">\n\t\t\t\t\t\t\t\t\t\t\t\t\t\t\t\t<a href=\"https:\/\/msuv.org\/wp-content\/uploads\/2024\/06\/11_Anica-VUCETIC-Sa-druge-strane.jpg\" data-elementor-open-lightbox=\"yes\" data-elementor-lightbox-title=\"Sa druge strane, Anica VU\u010cETI\u0106, 2015, jedno- kanalna video instalacija, 4x3 m, 8 min 48 sec\" data-e-action-hash=\"#elementor-action%3Aaction%3Dlightbox%26settings%3DeyJpZCI6NjYxMiwidXJsIjoiaHR0cHM6XC9cL21zdXYub3JnXC93cC1jb250ZW50XC91cGxvYWRzXC8yMDI0XC8wNlwvMTFfQW5pY2EtVlVDRVRJQy1TYS1kcnVnZS1zdHJhbmUuanBnIn0%3D\">\n\t\t\t\t\t\t\t<img loading=\"lazy\" decoding=\"async\" width=\"800\" height=\"454\" src=\"https:\/\/msuv.org\/wp-content\/uploads\/2024\/06\/11_Anica-VUCETIC-Sa-druge-strane.jpg\" class=\"attachment-large size-large wp-image-6612\" alt=\"Sa druge strane, Anica VU\u010cETI\u0106, 2015, jedno- kanalna video instalacija, 4x3 m, 8 min 48 sec\" srcset=\"https:\/\/msuv.org\/wp-content\/uploads\/2024\/06\/11_Anica-VUCETIC-Sa-druge-strane.jpg 800w, https:\/\/msuv.org\/wp-content\/uploads\/2024\/06\/11_Anica-VUCETIC-Sa-druge-strane-300x170.jpg 300w, https:\/\/msuv.org\/wp-content\/uploads\/2024\/06\/11_Anica-VUCETIC-Sa-druge-strane-768x436.jpg 768w, https:\/\/msuv.org\/wp-content\/uploads\/2024\/06\/11_Anica-VUCETIC-Sa-druge-strane-18x10.jpg 18w\" sizes=\"(max-width: 800px) 100vw, 800px\" \/>\t\t\t\t\t\t\t\t<\/a>\n\t\t\t\t\t\t\t\t\t\t\t\t\t\t\t<\/div>\n\t\t\t\t<\/div>\n\t\t\t\t<div class=\"elementor-element elementor-element-125aa4d elementor-widget-mobile__width-inherit elementor-widget elementor-widget-image-box\" data-id=\"125aa4d\" data-element_type=\"widget\" data-e-type=\"widget\" data-widget_type=\"image-box.default\">\n\t\t\t\t<div class=\"elementor-widget-container\">\n\t\t\t\t\t<div class=\"elementor-image-box-wrapper\"><div class=\"elementor-image-box-content\"><h3 class=\"elementor-image-box-title\">Sa druge strane<\/h3><p class=\"elementor-image-box-description\">Anica Vu\u010deti\u0107<\/p><\/div><\/div>\t\t\t\t<\/div>\n\t\t\t\t<\/div>\n\t\t\t\t<\/div>\n\t\t<div class=\"elementor-element elementor-element-187c11d e-con-full e-flex e-con e-child\" data-id=\"187c11d\" data-element_type=\"container\" data-e-type=\"container\">\n\t\t\t\t<div class=\"elementor-element elementor-element-e19333d elementor-widget elementor-widget-image\" data-id=\"e19333d\" data-element_type=\"widget\" data-e-type=\"widget\" data-widget_type=\"image.default\">\n\t\t\t\t<div class=\"elementor-widget-container\">\n\t\t\t\t\t\t\t\t\t\t\t\t\t\t\t\t<a href=\"https:\/\/msuv.org\/wp-content\/uploads\/2024\/06\/12_Mrdan-BAJIC-YUGOMUZEJ.jpg\" data-elementor-open-lightbox=\"yes\" data-elementor-lightbox-title=\"YUGOMUZEJ, Mr\u0111an BAJI\u0106, 2012, medijska instalacija, drvo, DVD, DVD plejer, TV monitor, jugomuzej film\/ed.7\/, PC, monitor, \u2018yugomuzej\u2019 web, 250x250x80 cm\" data-e-action-hash=\"#elementor-action%3Aaction%3Dlightbox%26settings%3DeyJpZCI6NjYxMywidXJsIjoiaHR0cHM6XC9cL21zdXYub3JnXC93cC1jb250ZW50XC91cGxvYWRzXC8yMDI0XC8wNlwvMTJfTXJkYW4tQkFKSUMtWVVHT01VWkVKLmpwZyJ9\">\n\t\t\t\t\t\t\t<img loading=\"lazy\" decoding=\"async\" width=\"800\" height=\"487\" src=\"https:\/\/msuv.org\/wp-content\/uploads\/2024\/06\/12_Mrdan-BAJIC-YUGOMUZEJ.jpg\" class=\"attachment-large size-large wp-image-6613\" alt=\"YUGOMUZEJ, Mr\u0111an BAJI\u0106, 2012, medijska instalacija, drvo, DVD, DVD plejer, TV monitor, jugomuzej film\/ed.7\/, PC, monitor, \u2018yugomuzej\u2019 web, 250x250x80 cm\" srcset=\"https:\/\/msuv.org\/wp-content\/uploads\/2024\/06\/12_Mrdan-BAJIC-YUGOMUZEJ.jpg 800w, https:\/\/msuv.org\/wp-content\/uploads\/2024\/06\/12_Mrdan-BAJIC-YUGOMUZEJ-300x183.jpg 300w, https:\/\/msuv.org\/wp-content\/uploads\/2024\/06\/12_Mrdan-BAJIC-YUGOMUZEJ-768x468.jpg 768w, https:\/\/msuv.org\/wp-content\/uploads\/2024\/06\/12_Mrdan-BAJIC-YUGOMUZEJ-18x12.jpg 18w\" sizes=\"(max-width: 800px) 100vw, 800px\" \/>\t\t\t\t\t\t\t\t<\/a>\n\t\t\t\t\t\t\t\t\t\t\t\t\t\t\t<\/div>\n\t\t\t\t<\/div>\n\t\t\t\t<div class=\"elementor-element elementor-element-b8ce308 elementor-widget-mobile__width-inherit elementor-widget elementor-widget-image-box\" data-id=\"b8ce308\" data-element_type=\"widget\" data-e-type=\"widget\" data-widget_type=\"image-box.default\">\n\t\t\t\t<div class=\"elementor-widget-container\">\n\t\t\t\t\t<div class=\"elementor-image-box-wrapper\"><div class=\"elementor-image-box-content\"><h3 class=\"elementor-image-box-title\">YUGOMUZEJ<\/h3><p class=\"elementor-image-box-description\">Mr\u0111an Baji\u0107<\/p><\/div><\/div>\t\t\t\t<\/div>\n\t\t\t\t<\/div>\n\t\t\t\t<\/div>\n\t\t\t\t<\/div>\n\t\t<div class=\"elementor-element elementor-element-582e37a e-con-full e-flex e-con e-child\" data-id=\"582e37a\" data-element_type=\"container\" data-e-type=\"container\">\n\t\t<div class=\"elementor-element elementor-element-619670d e-con-full e-flex e-con e-child\" data-id=\"619670d\" data-element_type=\"container\" data-e-type=\"container\">\n\t\t\t\t<div class=\"elementor-element elementor-element-8f3edb6 elementor-widget elementor-widget-image\" data-id=\"8f3edb6\" data-element_type=\"widget\" data-e-type=\"widget\" data-widget_type=\"image.default\">\n\t\t\t\t<div class=\"elementor-widget-container\">\n\t\t\t\t\t\t\t\t\t\t\t\t\t\t\t\t<a href=\"https:\/\/msuv.org\/wp-content\/uploads\/2024\/06\/13_Slobodanka-STUPAR-OT.jpg\" data-elementor-open-lightbox=\"yes\" data-elementor-lightbox-title=\"OT, Slobodanka STUPAR, 2012, video performans, MPG2 format, 9 min\" data-e-action-hash=\"#elementor-action%3Aaction%3Dlightbox%26settings%3DeyJpZCI6NjYxNCwidXJsIjoiaHR0cHM6XC9cL21zdXYub3JnXC93cC1jb250ZW50XC91cGxvYWRzXC8yMDI0XC8wNlwvMTNfU2xvYm9kYW5rYS1TVFVQQVItT1QuanBnIn0%3D\">\n\t\t\t\t\t\t\t<img loading=\"lazy\" decoding=\"async\" width=\"800\" height=\"500\" src=\"https:\/\/msuv.org\/wp-content\/uploads\/2024\/06\/13_Slobodanka-STUPAR-OT.jpg\" class=\"attachment-large size-large wp-image-6614\" alt=\"OT, Slobodanka STUPAR, 2012, video performans, MPG2 format, 9 min\" srcset=\"https:\/\/msuv.org\/wp-content\/uploads\/2024\/06\/13_Slobodanka-STUPAR-OT.jpg 800w, https:\/\/msuv.org\/wp-content\/uploads\/2024\/06\/13_Slobodanka-STUPAR-OT-300x188.jpg 300w, https:\/\/msuv.org\/wp-content\/uploads\/2024\/06\/13_Slobodanka-STUPAR-OT-768x480.jpg 768w, https:\/\/msuv.org\/wp-content\/uploads\/2024\/06\/13_Slobodanka-STUPAR-OT-18x12.jpg 18w\" sizes=\"(max-width: 800px) 100vw, 800px\" \/>\t\t\t\t\t\t\t\t<\/a>\n\t\t\t\t\t\t\t\t\t\t\t\t\t\t\t<\/div>\n\t\t\t\t<\/div>\n\t\t\t\t<div class=\"elementor-element elementor-element-a9a2468 elementor-widget-mobile__width-inherit elementor-widget elementor-widget-image-box\" data-id=\"a9a2468\" data-element_type=\"widget\" data-e-type=\"widget\" data-widget_type=\"image-box.default\">\n\t\t\t\t<div class=\"elementor-widget-container\">\n\t\t\t\t\t<div class=\"elementor-image-box-wrapper\"><div class=\"elementor-image-box-content\"><h3 class=\"elementor-image-box-title\">OT<\/h3><p class=\"elementor-image-box-description\">Slobodanka Stupar<\/p><\/div><\/div>\t\t\t\t<\/div>\n\t\t\t\t<\/div>\n\t\t\t\t<\/div>\n\t\t<div class=\"elementor-element elementor-element-25e89b9 e-con-full e-flex e-con e-child\" data-id=\"25e89b9\" data-element_type=\"container\" data-e-type=\"container\">\n\t\t\t\t<div class=\"elementor-element elementor-element-751f09c elementor-widget elementor-widget-image\" data-id=\"751f09c\" data-element_type=\"widget\" data-e-type=\"widget\" data-widget_type=\"image.default\">\n\t\t\t\t<div class=\"elementor-widget-container\">\n\t\t\t\t\t\t\t\t\t\t\t\t\t\t\t\t<a href=\"https:\/\/msuv.org\/wp-content\/uploads\/2024\/06\/14_Dragan-VOJVODIC-Neprilagodeni-MISFITS.jpg\" data-elementor-open-lightbox=\"yes\" data-elementor-lightbox-title=\"Neprilago\u0111eni (MISFITS), Dragan VOJVODI\u0106, 2015, foto instalacija, fotografije, plo\u010de, 10 x (92x62 cm)\" data-e-action-hash=\"#elementor-action%3Aaction%3Dlightbox%26settings%3DeyJpZCI6NjYxNSwidXJsIjoiaHR0cHM6XC9cL21zdXYub3JnXC93cC1jb250ZW50XC91cGxvYWRzXC8yMDI0XC8wNlwvMTRfRHJhZ2FuLVZPSlZPRElDLU5lcHJpbGFnb2RlbmktTUlTRklUUy5qcGcifQ%3D%3D\">\n\t\t\t\t\t\t\t<img loading=\"lazy\" decoding=\"async\" width=\"800\" height=\"533\" src=\"https:\/\/msuv.org\/wp-content\/uploads\/2024\/06\/14_Dragan-VOJVODIC-Neprilagodeni-MISFITS.jpg\" class=\"attachment-large size-large wp-image-6615\" alt=\"Neprilago\u0111eni (MISFITS), Dragan VOJVODI\u0106, 2015, foto instalacija, fotografije, plo\u010de, 10 x (92x62 cm)\" srcset=\"https:\/\/msuv.org\/wp-content\/uploads\/2024\/06\/14_Dragan-VOJVODIC-Neprilagodeni-MISFITS.jpg 800w, https:\/\/msuv.org\/wp-content\/uploads\/2024\/06\/14_Dragan-VOJVODIC-Neprilagodeni-MISFITS-300x200.jpg 300w, https:\/\/msuv.org\/wp-content\/uploads\/2024\/06\/14_Dragan-VOJVODIC-Neprilagodeni-MISFITS-768x512.jpg 768w, https:\/\/msuv.org\/wp-content\/uploads\/2024\/06\/14_Dragan-VOJVODIC-Neprilagodeni-MISFITS-18x12.jpg 18w\" sizes=\"(max-width: 800px) 100vw, 800px\" \/>\t\t\t\t\t\t\t\t<\/a>\n\t\t\t\t\t\t\t\t\t\t\t\t\t\t\t<\/div>\n\t\t\t\t<\/div>\n\t\t\t\t<div class=\"elementor-element elementor-element-108abc8 elementor-widget-mobile__width-inherit elementor-widget elementor-widget-image-box\" data-id=\"108abc8\" data-element_type=\"widget\" data-e-type=\"widget\" data-widget_type=\"image-box.default\">\n\t\t\t\t<div class=\"elementor-widget-container\">\n\t\t\t\t\t<div class=\"elementor-image-box-wrapper\"><div class=\"elementor-image-box-content\"><h3 class=\"elementor-image-box-title\">Neprilago\u0111eni (MISFITS)<\/h3><p class=\"elementor-image-box-description\">Dragan Vojvodi\u0107<\/p><\/div><\/div>\t\t\t\t<\/div>\n\t\t\t\t<\/div>\n\t\t\t\t<\/div>\n\t\t<div class=\"elementor-element elementor-element-e8b8fb1 e-con-full e-flex e-con e-child\" data-id=\"e8b8fb1\" data-element_type=\"container\" data-e-type=\"container\">\n\t\t\t\t<div class=\"elementor-element elementor-element-b1dff09 elementor-widget elementor-widget-image\" data-id=\"b1dff09\" data-element_type=\"widget\" data-e-type=\"widget\" data-widget_type=\"image.default\">\n\t\t\t\t<div class=\"elementor-widget-container\">\n\t\t\t\t\t\t\t\t\t\t\t\t\t\t\t\t<a href=\"https:\/\/msuv.org\/wp-content\/uploads\/2024\/06\/15_Mileta-PRODANOVIC-1_707-343.jpg\" data-elementor-open-lightbox=\"yes\" data-elementor-lightbox-title=\"Gluve cipele, 2018, Rene Redle i Vladan Jeremi\u0107, 2 akrila na platnu, 112x200cm i 110x205cm, video dokumentacije rada, HD video, 15 min\" data-e-action-hash=\"#elementor-action%3Aaction%3Dlightbox%26settings%3DeyJpZCI6NjYxNiwidXJsIjoiaHR0cHM6XC9cL21zdXYub3JnXC93cC1jb250ZW50XC91cGxvYWRzXC8yMDI0XC8wNlwvMTVfTWlsZXRhLVBST0RBTk9WSUMtMV83MDctMzQzLmpwZyJ9\">\n\t\t\t\t\t\t\t<img loading=\"lazy\" decoding=\"async\" width=\"800\" height=\"533\" src=\"https:\/\/msuv.org\/wp-content\/uploads\/2024\/06\/15_Mileta-PRODANOVIC-1_707-343.jpg\" class=\"attachment-large size-large wp-image-6616\" alt=\"Gluve cipele, 2018, Rene Redle i Vladan Jeremi\u0107, 2 akrila na platnu, 112x200cm i 110x205cm, video dokumentacije rada, HD video, 15 min\" srcset=\"https:\/\/msuv.org\/wp-content\/uploads\/2024\/06\/15_Mileta-PRODANOVIC-1_707-343.jpg 800w, https:\/\/msuv.org\/wp-content\/uploads\/2024\/06\/15_Mileta-PRODANOVIC-1_707-343-300x200.jpg 300w, https:\/\/msuv.org\/wp-content\/uploads\/2024\/06\/15_Mileta-PRODANOVIC-1_707-343-768x512.jpg 768w, https:\/\/msuv.org\/wp-content\/uploads\/2024\/06\/15_Mileta-PRODANOVIC-1_707-343-18x12.jpg 18w\" sizes=\"(max-width: 800px) 100vw, 800px\" \/>\t\t\t\t\t\t\t\t<\/a>\n\t\t\t\t\t\t\t\t\t\t\t\t\t\t\t<\/div>\n\t\t\t\t<\/div>\n\t\t\t\t<div class=\"elementor-element elementor-element-c9d1ab2 elementor-widget-mobile__width-inherit elementor-widget elementor-widget-image-box\" data-id=\"c9d1ab2\" data-element_type=\"widget\" data-e-type=\"widget\" data-widget_type=\"image-box.default\">\n\t\t\t\t<div class=\"elementor-widget-container\">\n\t\t\t\t\t<div class=\"elementor-image-box-wrapper\"><div class=\"elementor-image-box-content\"><h3 class=\"elementor-image-box-title\">343<\/h3><p class=\"elementor-image-box-description\">Mileta Prodanovi\u0107<\/p><\/div><\/div>\t\t\t\t<\/div>\n\t\t\t\t<\/div>\n\t\t\t\t<\/div>\n\t\t<div class=\"elementor-element elementor-element-7964b40 e-con-full e-flex e-con e-child\" data-id=\"7964b40\" data-element_type=\"container\" data-e-type=\"container\">\n\t\t\t\t<div class=\"elementor-element elementor-element-726b578 elementor-widget elementor-widget-image\" data-id=\"726b578\" data-element_type=\"widget\" data-e-type=\"widget\" data-widget_type=\"image.default\">\n\t\t\t\t<div class=\"elementor-widget-container\">\n\t\t\t\t\t\t\t\t\t\t\t\t\t\t\t\t<a href=\"https:\/\/msuv.org\/wp-content\/uploads\/2024\/06\/15_Rene-Redle-i-Vladan-Jeremic-Gluve-cipele.jpg\" data-elementor-open-lightbox=\"yes\" data-elementor-lightbox-title=\"Gluve cipele, 2018, Rene Redle i Vladan Jeremi\u0107, 2 akrila na platnu, 112x200cm i 110x205cm, video dokumentacije rada, HD video, 15 min\" data-e-action-hash=\"#elementor-action%3Aaction%3Dlightbox%26settings%3DeyJpZCI6NjYxNywidXJsIjoiaHR0cHM6XC9cL21zdXYub3JnXC93cC1jb250ZW50XC91cGxvYWRzXC8yMDI0XC8wNlwvMTVfUmVuZS1SZWRsZS1pLVZsYWRhbi1KZXJlbWljLUdsdXZlLWNpcGVsZS5qcGcifQ%3D%3D\">\n\t\t\t\t\t\t\t<img loading=\"lazy\" decoding=\"async\" width=\"800\" height=\"450\" src=\"https:\/\/msuv.org\/wp-content\/uploads\/2024\/06\/15_Rene-Redle-i-Vladan-Jeremic-Gluve-cipele.jpg\" class=\"attachment-large size-large wp-image-6617\" alt=\"Gluve cipele, 2018, Rene Redle i Vladan Jeremi\u0107, 2 akrila na platnu, 112x200cm i 110x205cm, video dokumentacije rada, HD video, 15 min\" srcset=\"https:\/\/msuv.org\/wp-content\/uploads\/2024\/06\/15_Rene-Redle-i-Vladan-Jeremic-Gluve-cipele.jpg 800w, https:\/\/msuv.org\/wp-content\/uploads\/2024\/06\/15_Rene-Redle-i-Vladan-Jeremic-Gluve-cipele-300x169.jpg 300w, https:\/\/msuv.org\/wp-content\/uploads\/2024\/06\/15_Rene-Redle-i-Vladan-Jeremic-Gluve-cipele-768x432.jpg 768w, https:\/\/msuv.org\/wp-content\/uploads\/2024\/06\/15_Rene-Redle-i-Vladan-Jeremic-Gluve-cipele-18x10.jpg 18w\" sizes=\"(max-width: 800px) 100vw, 800px\" \/>\t\t\t\t\t\t\t\t<\/a>\n\t\t\t\t\t\t\t\t\t\t\t\t\t\t\t<\/div>\n\t\t\t\t<\/div>\n\t\t\t\t<div class=\"elementor-element elementor-element-4eb2c88 elementor-widget-mobile__width-inherit elementor-widget elementor-widget-image-box\" data-id=\"4eb2c88\" data-element_type=\"widget\" data-e-type=\"widget\" data-widget_type=\"image-box.default\">\n\t\t\t\t<div class=\"elementor-widget-container\">\n\t\t\t\t\t<div class=\"elementor-image-box-wrapper\"><div class=\"elementor-image-box-content\"><h3 class=\"elementor-image-box-title\">Gluve cipele<\/h3><p class=\"elementor-image-box-description\">Rene Redle i Vladan Jeremi\u0107<\/p><\/div><\/div>\t\t\t\t<\/div>\n\t\t\t\t<\/div>\n\t\t\t\t<\/div>\n\t\t\t\t<\/div>\n\t\t\t\t<\/div>","protected":false},"excerpt":{"rendered":"<p>Zbirka intermedijske i digitalne umetnosti Razvoj novih medija, medijske i postmedijske prakse, kao i interdisciplinarne i digitalne kulture, doveo je do niza promena na savremenoj umetni\u010dkoj sceni u pogledu prezentacije izlo\u017ebi i doga\u0111aja. Promene unutar samog umetni\u010dkog jezika pokrenule su istra\u017eivanje na\u010dina kolekcioniranja, arhiviranja i za\u0161tite (novo)medijskih umetni\u010dkih dela. Postavlja se pitanje na koji na\u010din [&hellip;]<\/p>\n","protected":false},"author":1,"featured_media":0,"parent":0,"menu_order":0,"comment_status":"closed","ping_status":"closed","template":"elementor_header_footer","meta":{"footnotes":""},"class_list":["post-6596","page","type-page","status-publish","hentry"],"yoast_head":"<!-- This site is optimized with the Yoast SEO plugin v27.4 - https:\/\/yoast.com\/product\/yoast-seo-wordpress\/ -->\n<title>Zbirka intermedijske i digitalne umetnosti - Muzej savremene umetnosti Vojvodine<\/title>\n<meta name=\"robots\" content=\"index, follow, max-snippet:-1, max-image-preview:large, max-video-preview:-1\" \/>\n<link rel=\"canonical\" href=\"https:\/\/msuv.org\/en\/zbirka-intermedijske-i-digitalne-umetnosti\/\" \/>\n<meta property=\"og:locale\" content=\"en_US\" \/>\n<meta property=\"og:type\" content=\"article\" \/>\n<meta property=\"og:title\" content=\"Zbirka intermedijske i digitalne umetnosti - Muzej savremene umetnosti Vojvodine\" \/>\n<meta property=\"og:description\" content=\"Zbirka intermedijske i digitalne umetnosti Razvoj novih medija, medijske i postmedijske prakse, kao i interdisciplinarne i digitalne kulture, doveo je do niza promena na savremenoj umetni\u010dkoj sceni u pogledu prezentacije izlo\u017ebi i doga\u0111aja. Promene unutar samog umetni\u010dkog jezika pokrenule su istra\u017eivanje na\u010dina kolekcioniranja, arhiviranja i za\u0161tite (novo)medijskih umetni\u010dkih dela. Postavlja se pitanje na koji na\u010din [&hellip;]\" \/>\n<meta property=\"og:url\" content=\"https:\/\/msuv.org\/en\/zbirka-intermedijske-i-digitalne-umetnosti\/\" \/>\n<meta property=\"og:site_name\" content=\"Muzej savremene umetnosti Vojvodine\" \/>\n<meta property=\"article:modified_time\" content=\"2024-06-17T08:23:58+00:00\" \/>\n<meta property=\"og:image\" content=\"https:\/\/msuv.org\/wp-content\/uploads\/2024\/06\/01_Asocijacija-APSOLUTNO-The-Absolute-Sale.gif\" \/>\n<meta name=\"twitter:card\" content=\"summary_large_image\" \/>\n<meta name=\"twitter:label1\" content=\"Est. reading time\" \/>\n\t<meta name=\"twitter:data1\" content=\"6 minutes\" \/>\n<script type=\"application\/ld+json\" class=\"yoast-schema-graph\">{\"@context\":\"https:\\\/\\\/schema.org\",\"@graph\":[{\"@type\":\"WebPage\",\"@id\":\"https:\\\/\\\/msuv.org\\\/zbirka-intermedijske-i-digitalne-umetnosti\\\/\",\"url\":\"https:\\\/\\\/msuv.org\\\/zbirka-intermedijske-i-digitalne-umetnosti\\\/\",\"name\":\"Zbirka intermedijske i digitalne umetnosti - Muzej savremene umetnosti Vojvodine\",\"isPartOf\":{\"@id\":\"https:\\\/\\\/msuv.org\\\/#website\"},\"primaryImageOfPage\":{\"@id\":\"https:\\\/\\\/msuv.org\\\/zbirka-intermedijske-i-digitalne-umetnosti\\\/#primaryimage\"},\"image\":{\"@id\":\"https:\\\/\\\/msuv.org\\\/zbirka-intermedijske-i-digitalne-umetnosti\\\/#primaryimage\"},\"thumbnailUrl\":\"https:\\\/\\\/msuv.org\\\/wp-content\\\/uploads\\\/2024\\\/06\\\/01_Asocijacija-APSOLUTNO-The-Absolute-Sale.gif\",\"datePublished\":\"2024-06-17T07:51:13+00:00\",\"dateModified\":\"2024-06-17T08:23:58+00:00\",\"breadcrumb\":{\"@id\":\"https:\\\/\\\/msuv.org\\\/zbirka-intermedijske-i-digitalne-umetnosti\\\/#breadcrumb\"},\"inLanguage\":\"en-US\",\"potentialAction\":[{\"@type\":\"ReadAction\",\"target\":[\"https:\\\/\\\/msuv.org\\\/zbirka-intermedijske-i-digitalne-umetnosti\\\/\"]}]},{\"@type\":\"ImageObject\",\"inLanguage\":\"en-US\",\"@id\":\"https:\\\/\\\/msuv.org\\\/zbirka-intermedijske-i-digitalne-umetnosti\\\/#primaryimage\",\"url\":\"https:\\\/\\\/msuv.org\\\/wp-content\\\/uploads\\\/2024\\\/06\\\/01_Asocijacija-APSOLUTNO-The-Absolute-Sale.gif\",\"contentUrl\":\"https:\\\/\\\/msuv.org\\\/wp-content\\\/uploads\\\/2024\\\/06\\\/01_Asocijacija-APSOLUTNO-The-Absolute-Sale.gif\"},{\"@type\":\"BreadcrumbList\",\"@id\":\"https:\\\/\\\/msuv.org\\\/zbirka-intermedijske-i-digitalne-umetnosti\\\/#breadcrumb\",\"itemListElement\":[{\"@type\":\"ListItem\",\"position\":1,\"name\":\"Home\",\"item\":\"https:\\\/\\\/msuv.org\\\/\"},{\"@type\":\"ListItem\",\"position\":2,\"name\":\"Zbirka intermedijske i digitalne umetnosti\"}]},{\"@type\":\"WebSite\",\"@id\":\"https:\\\/\\\/msuv.org\\\/#website\",\"url\":\"https:\\\/\\\/msuv.org\\\/\",\"name\":\"Muzej savremene umetnosti Vojvodine\",\"description\":\"\",\"publisher\":{\"@id\":\"https:\\\/\\\/msuv.org\\\/#organization\"},\"potentialAction\":[{\"@type\":\"SearchAction\",\"target\":{\"@type\":\"EntryPoint\",\"urlTemplate\":\"https:\\\/\\\/msuv.org\\\/?s={search_term_string}\"},\"query-input\":{\"@type\":\"PropertyValueSpecification\",\"valueRequired\":true,\"valueName\":\"search_term_string\"}}],\"inLanguage\":\"en-US\"},{\"@type\":\"Organization\",\"@id\":\"https:\\\/\\\/msuv.org\\\/#organization\",\"name\":\"Muzej savremene umetnosti Vojvodine\",\"url\":\"https:\\\/\\\/msuv.org\\\/\",\"logo\":{\"@type\":\"ImageObject\",\"inLanguage\":\"en-US\",\"@id\":\"https:\\\/\\\/msuv.org\\\/#\\\/schema\\\/logo\\\/image\\\/\",\"url\":\"https:\\\/\\\/msuv.org\\\/wp-content\\\/uploads\\\/2023\\\/11\\\/srpski-logo.png\",\"contentUrl\":\"https:\\\/\\\/msuv.org\\\/wp-content\\\/uploads\\\/2023\\\/11\\\/srpski-logo.png\",\"width\":872,\"height\":117,\"caption\":\"Muzej savremene umetnosti Vojvodine\"},\"image\":{\"@id\":\"https:\\\/\\\/msuv.org\\\/#\\\/schema\\\/logo\\\/image\\\/\"}}]}<\/script>\n<!-- \/ Yoast SEO plugin. -->","yoast_head_json":{"title":"Zbirka intermedijske i digitalne umetnosti - Muzej savremene umetnosti Vojvodine","robots":{"index":"index","follow":"follow","max-snippet":"max-snippet:-1","max-image-preview":"max-image-preview:large","max-video-preview":"max-video-preview:-1"},"canonical":"https:\/\/msuv.org\/en\/zbirka-intermedijske-i-digitalne-umetnosti\/","og_locale":"en_US","og_type":"article","og_title":"Zbirka intermedijske i digitalne umetnosti - Muzej savremene umetnosti Vojvodine","og_description":"Zbirka intermedijske i digitalne umetnosti Razvoj novih medija, medijske i postmedijske prakse, kao i interdisciplinarne i digitalne kulture, doveo je do niza promena na savremenoj umetni\u010dkoj sceni u pogledu prezentacije izlo\u017ebi i doga\u0111aja. Promene unutar samog umetni\u010dkog jezika pokrenule su istra\u017eivanje na\u010dina kolekcioniranja, arhiviranja i za\u0161tite (novo)medijskih umetni\u010dkih dela. Postavlja se pitanje na koji na\u010din [&hellip;]","og_url":"https:\/\/msuv.org\/en\/zbirka-intermedijske-i-digitalne-umetnosti\/","og_site_name":"Muzej savremene umetnosti Vojvodine","article_modified_time":"2024-06-17T08:23:58+00:00","og_image":[{"url":"https:\/\/msuv.org\/wp-content\/uploads\/2024\/06\/01_Asocijacija-APSOLUTNO-The-Absolute-Sale.gif","type":"","width":"","height":""}],"twitter_card":"summary_large_image","twitter_misc":{"Est. reading time":"6 minutes"},"schema":{"@context":"https:\/\/schema.org","@graph":[{"@type":"WebPage","@id":"https:\/\/msuv.org\/zbirka-intermedijske-i-digitalne-umetnosti\/","url":"https:\/\/msuv.org\/zbirka-intermedijske-i-digitalne-umetnosti\/","name":"Zbirka intermedijske i digitalne umetnosti - Muzej savremene umetnosti Vojvodine","isPartOf":{"@id":"https:\/\/msuv.org\/#website"},"primaryImageOfPage":{"@id":"https:\/\/msuv.org\/zbirka-intermedijske-i-digitalne-umetnosti\/#primaryimage"},"image":{"@id":"https:\/\/msuv.org\/zbirka-intermedijske-i-digitalne-umetnosti\/#primaryimage"},"thumbnailUrl":"https:\/\/msuv.org\/wp-content\/uploads\/2024\/06\/01_Asocijacija-APSOLUTNO-The-Absolute-Sale.gif","datePublished":"2024-06-17T07:51:13+00:00","dateModified":"2024-06-17T08:23:58+00:00","breadcrumb":{"@id":"https:\/\/msuv.org\/zbirka-intermedijske-i-digitalne-umetnosti\/#breadcrumb"},"inLanguage":"en-US","potentialAction":[{"@type":"ReadAction","target":["https:\/\/msuv.org\/zbirka-intermedijske-i-digitalne-umetnosti\/"]}]},{"@type":"ImageObject","inLanguage":"en-US","@id":"https:\/\/msuv.org\/zbirka-intermedijske-i-digitalne-umetnosti\/#primaryimage","url":"https:\/\/msuv.org\/wp-content\/uploads\/2024\/06\/01_Asocijacija-APSOLUTNO-The-Absolute-Sale.gif","contentUrl":"https:\/\/msuv.org\/wp-content\/uploads\/2024\/06\/01_Asocijacija-APSOLUTNO-The-Absolute-Sale.gif"},{"@type":"BreadcrumbList","@id":"https:\/\/msuv.org\/zbirka-intermedijske-i-digitalne-umetnosti\/#breadcrumb","itemListElement":[{"@type":"ListItem","position":1,"name":"Home","item":"https:\/\/msuv.org\/"},{"@type":"ListItem","position":2,"name":"Zbirka intermedijske i digitalne umetnosti"}]},{"@type":"WebSite","@id":"https:\/\/msuv.org\/#website","url":"https:\/\/msuv.org\/","name":"Muzej savremene umetnosti Vojvodine","description":"","publisher":{"@id":"https:\/\/msuv.org\/#organization"},"potentialAction":[{"@type":"SearchAction","target":{"@type":"EntryPoint","urlTemplate":"https:\/\/msuv.org\/?s={search_term_string}"},"query-input":{"@type":"PropertyValueSpecification","valueRequired":true,"valueName":"search_term_string"}}],"inLanguage":"en-US"},{"@type":"Organization","@id":"https:\/\/msuv.org\/#organization","name":"Muzej savremene umetnosti Vojvodine","url":"https:\/\/msuv.org\/","logo":{"@type":"ImageObject","inLanguage":"en-US","@id":"https:\/\/msuv.org\/#\/schema\/logo\/image\/","url":"https:\/\/msuv.org\/wp-content\/uploads\/2023\/11\/srpski-logo.png","contentUrl":"https:\/\/msuv.org\/wp-content\/uploads\/2023\/11\/srpski-logo.png","width":872,"height":117,"caption":"Muzej savremene umetnosti Vojvodine"},"image":{"@id":"https:\/\/msuv.org\/#\/schema\/logo\/image\/"}}]}},"_links":{"self":[{"href":"https:\/\/msuv.org\/en\/wp-json\/wp\/v2\/pages\/6596","targetHints":{"allow":["GET"]}}],"collection":[{"href":"https:\/\/msuv.org\/en\/wp-json\/wp\/v2\/pages"}],"about":[{"href":"https:\/\/msuv.org\/en\/wp-json\/wp\/v2\/types\/page"}],"author":[{"embeddable":true,"href":"https:\/\/msuv.org\/en\/wp-json\/wp\/v2\/users\/1"}],"replies":[{"embeddable":true,"href":"https:\/\/msuv.org\/en\/wp-json\/wp\/v2\/comments?post=6596"}],"version-history":[{"count":100,"href":"https:\/\/msuv.org\/en\/wp-json\/wp\/v2\/pages\/6596\/revisions"}],"predecessor-version":[{"id":6713,"href":"https:\/\/msuv.org\/en\/wp-json\/wp\/v2\/pages\/6596\/revisions\/6713"}],"wp:attachment":[{"href":"https:\/\/msuv.org\/en\/wp-json\/wp\/v2\/media?parent=6596"}],"curies":[{"name":"wp","href":"https:\/\/api.w.org\/{rel}","templated":true}]}}