{"id":6382,"date":"2024-06-04T14:55:09","date_gmt":"2024-06-04T14:55:09","guid":{"rendered":"https:\/\/msuv.org\/?page_id=6382"},"modified":"2025-07-10T09:48:54","modified_gmt":"2025-07-10T09:48:54","slug":"zbirka-konceptualne-umetnosti","status":"publish","type":"page","link":"https:\/\/msuv.org\/en\/zbirka-konceptualne-umetnosti\/","title":{"rendered":"Collection of Conceptual Art"},"content":{"rendered":"\t\t<div data-elementor-type=\"wp-page\" data-elementor-id=\"6382\" class=\"elementor elementor-6382\" data-elementor-post-type=\"page\">\n\t\t\t\t<div class=\"elementor-element elementor-element-5a121949 e-con-full e-flex e-con e-parent\" data-id=\"5a121949\" data-element_type=\"container\" data-e-type=\"container\" data-settings=\"{&quot;background_background&quot;:&quot;classic&quot;}\">\n\t\t\t\t<div class=\"elementor-element elementor-element-4e7872d2 elementor-grid-1 e-grid-align-left elementor-widget__width-auto elementor-fixed elementor-hidden-mobile elementor-hidden-tablet elementor-shape-rounded elementor-widget elementor-widget-social-icons\" data-id=\"4e7872d2\" data-element_type=\"widget\" data-e-type=\"widget\" data-settings=\"{&quot;_position&quot;:&quot;fixed&quot;,&quot;motion_fx_opacity_range&quot;:{&quot;unit&quot;:&quot;%&quot;,&quot;size&quot;:&quot;&quot;,&quot;sizes&quot;:{&quot;start&quot;:15,&quot;end&quot;:22}},&quot;motion_fx_motion_fx_scrolling&quot;:&quot;yes&quot;,&quot;motion_fx_opacity_effect&quot;:&quot;yes&quot;,&quot;motion_fx_opacity_direction&quot;:&quot;out-in&quot;,&quot;motion_fx_opacity_level&quot;:{&quot;unit&quot;:&quot;px&quot;,&quot;size&quot;:10,&quot;sizes&quot;:[]},&quot;motion_fx_devices&quot;:[&quot;widescreen&quot;,&quot;desktop&quot;,&quot;laptop&quot;,&quot;tablet&quot;,&quot;mobile&quot;]}\" data-widget_type=\"social-icons.default\">\n\t\t\t\t<div class=\"elementor-widget-container\">\n\t\t\t\t\t\t\t<div class=\"elementor-social-icons-wrapper elementor-grid\" role=\"list\">\n\t\t\t\t\t\t\t<span class=\"elementor-grid-item\" role=\"listitem\">\n\t\t\t\t\t<a class=\"elementor-icon elementor-social-icon elementor-social-icon-instagram icon elementor-animation-grow elementor-repeater-item-256705b\" href=\"https:\/\/www.instagram.com\/msuv_novisad\/\" target=\"_blank\">\n\t\t\t\t\t\t<span class=\"elementor-screen-only\">Instagram Icon<\/span>\n\t\t\t\t\t\t<svg xmlns=\"http:\/\/www.w3.org\/2000\/svg\" xmlns:xlink=\"http:\/\/www.w3.org\/1999\/xlink\" id=\"Layer_1\" x=\"0px\" y=\"0px\" viewBox=\"0 0 511.03 511.03\" style=\"enable-background:new 0 0 511.03 511.03;\" xml:space=\"preserve\"><g>\t<path d=\"M499.86,255.47c0,44.86,0.19,89.72-0.05,134.57c-0.29,53.51-35.46,96.73-87.49,107.59c-7.41,1.55-15.15,2.1-22.73,2.11  c-89.35,0.14-178.7,0.22-268.05,0.04c-53.85-0.11-97.34-35.37-108.2-87.48c-1.51-7.22-2.08-14.76-2.09-22.16  c-0.14-89.72-0.25-179.43-0.03-269.15c0.13-53.37,35.55-96.77,87.5-107.6c7.41-1.54,15.15-2.09,22.73-2.1  c89.35-0.14,178.7-0.21,268.05-0.05c53.83,0.1,97.32,35.29,108.15,87.5c1.69,8.14,2.09,16.66,2.13,25.01  C499.97,167.66,499.86,211.56,499.86,255.47z M413.8,255.59c0.05-87.24-70.54-158.03-157.81-158.26  C168.43,97.09,97.4,167.73,97.22,255.2c-0.18,87.45,70.63,158.47,158.1,158.56C342.83,413.86,413.75,343.08,413.8,255.59z   M450.64,92.52c-0.03-18.6-14.87-33.45-33.42-33.44c-18.52,0.01-33.41,14.89-33.44,33.43c-0.03,18.42,15.02,33.49,33.44,33.48  C435.73,125.98,450.67,111.01,450.64,92.52z\"><\/path>\t<path d=\"M345.15,255.31c0.11,49.55-39.66,89.6-89.23,89.84c-49.73,0.25-89.96-39.86-89.96-89.66c0.01-49.58,39.9-89.49,89.49-89.51  C305.06,165.95,345.04,205.76,345.15,255.31z\"><\/path><\/g><\/svg>\t\t\t\t\t<\/a>\n\t\t\t\t<\/span>\n\t\t\t\t\t\t\t<span class=\"elementor-grid-item\" role=\"listitem\">\n\t\t\t\t\t<a class=\"elementor-icon elementor-social-icon elementor-social-icon-facebook elementor-animation-grow elementor-repeater-item-fdd3169\" href=\"https:\/\/www.facebook.com\/MsuvNoviSad\/\" target=\"_blank\">\n\t\t\t\t\t\t<span class=\"elementor-screen-only\">Facebook<\/span>\n\t\t\t\t\t\t<svg aria-hidden=\"true\" class=\"e-font-icon-svg e-fab-facebook\" viewBox=\"0 0 512 512\" xmlns=\"http:\/\/www.w3.org\/2000\/svg\"><path d=\"M504 256C504 119 393 8 256 8S8 119 8 256c0 123.78 90.69 226.38 209.25 245V327.69h-63V256h63v-54.64c0-62.15 37-96.48 93.67-96.48 27.14 0 55.52 4.84 55.52 4.84v61h-31.28c-30.8 0-40.41 19.12-40.41 38.73V256h68.78l-11 71.69h-57.78V501C413.31 482.38 504 379.78 504 256z\"><\/path><\/svg>\t\t\t\t\t<\/a>\n\t\t\t\t<\/span>\n\t\t\t\t\t\t\t<span class=\"elementor-grid-item\" role=\"listitem\">\n\t\t\t\t\t<a class=\"elementor-icon elementor-social-icon elementor-social-icon-youtube elementor-animation-grow elementor-repeater-item-64aa097\" href=\"https:\/\/www.youtube.com\/@MSUV_NoviSad\" target=\"_blank\">\n\t\t\t\t\t\t<span class=\"elementor-screen-only\">Youtube<\/span>\n\t\t\t\t\t\t<svg aria-hidden=\"true\" class=\"e-font-icon-svg e-fab-youtube\" viewBox=\"0 0 576 512\" xmlns=\"http:\/\/www.w3.org\/2000\/svg\"><path d=\"M549.655 124.083c-6.281-23.65-24.787-42.276-48.284-48.597C458.781 64 288 64 288 64S117.22 64 74.629 75.486c-23.497 6.322-42.003 24.947-48.284 48.597-11.412 42.867-11.412 132.305-11.412 132.305s0 89.438 11.412 132.305c6.281 23.65 24.787 41.5 48.284 47.821C117.22 448 288 448 288 448s170.78 0 213.371-11.486c23.497-6.321 42.003-24.171 48.284-47.821 11.412-42.867 11.412-132.305 11.412-132.305s0-89.438-11.412-132.305zm-317.51 213.508V175.185l142.739 81.205-142.739 81.201z\"><\/path><\/svg>\t\t\t\t\t<\/a>\n\t\t\t\t<\/span>\n\t\t\t\t\t<\/div>\n\t\t\t\t\t\t<\/div>\n\t\t\t\t<\/div>\n\t\t<div class=\"elementor-element elementor-element-3ba65000 e-con-full e-flex e-con e-child\" data-id=\"3ba65000\" data-element_type=\"container\" data-e-type=\"container\">\n\t\t\t\t<div class=\"elementor-element elementor-element-68646d3a elementor-widget elementor-widget-heading\" data-id=\"68646d3a\" data-element_type=\"widget\" data-e-type=\"widget\" data-widget_type=\"heading.default\">\n\t\t\t\t<div class=\"elementor-widget-container\">\n\t\t\t\t\t<h2 class=\"elementor-heading-title elementor-size-default\">Zbirka konceptualne umetnosti<\/h2>\t\t\t\t<\/div>\n\t\t\t\t<\/div>\n\t\t\t\t<\/div>\n\t\t<div class=\"elementor-element elementor-element-61fa9d45 e-con-full e-flex e-con e-child\" data-id=\"61fa9d45\" data-element_type=\"container\" data-e-type=\"container\">\n\t\t\t\t<div class=\"elementor-element elementor-element-33499c66 elementor-widget-tablet__width-inherit elementor-widget elementor-widget-text-editor\" data-id=\"33499c66\" data-element_type=\"widget\" data-e-type=\"widget\" data-widget_type=\"text-editor.default\">\n\t\t\t\t<div class=\"elementor-widget-container\">\n\t\t\t\t\t\t\t\t\t<p>Zbirka konceptualne umetnosti kolekcionira, afirmi\u0161e i prezentuje radove vojvo\u0111anskih i jugoslovenskih neoavangardnih i konceptualnih umetnika 1960-ih i 1970-ih kao i odjeke te umetnosti kroz post i neo-konceptualisti\u010dke prakse sve do danas. Sadr\u017ei vi\u0161e stotina radova umetnika i umetnica me\u0111u kojima su i: Slavko Matkovi\u0107, Balint Sombati,Bogdanka Poznanovi\u0107, Katalin Ladik, Slobodan Ti\u0161ma, Bogdanka Poznanovi\u0107, Slavko Bogdanovi\u0107, Mirko Radoji\u010di\u0107, Vladimir Kopicl, Vujica Re\u0161in Tuci\u0107, Atila \u010cernik, \u010cedomir Dr\u010da, Laslo Kereke\u0161, Laslo Salma, Bo\u017eidar Mandi\u0107, Vojislav Despotov, Ratomir Kuli\u0107, Jaroslav Supek, Milica Mr\u0111a, Ilija \u0160o\u0161ki\u0107, Slobodan \u0160ijan i drugi. Izlo\u017ebom Primeri nevidljive umetnosti 2012. ve\u0107ina radova je digitalizovana te su \u0161iroj publici.dostupni na: <a href=\"https:\/\/www.digitizing-ideas.org\/\">https:\/\/www.digitizing-ideas.org\/<\/a><\/p>\t\t\t\t\t\t\t\t<\/div>\n\t\t\t\t<\/div>\n\t\t\t\t<\/div>\n\t\t\t\t<\/div>\n\t\t<div class=\"elementor-element elementor-element-462fb82 e-con-full e-flex e-con e-child\" data-id=\"462fb82\" data-element_type=\"container\" data-e-type=\"container\">\n\t\t<div class=\"elementor-element elementor-element-64b7f29 e-con-full e-flex e-con e-child\" data-id=\"64b7f29\" data-element_type=\"container\" data-e-type=\"container\">\n\t\t\t\t<div class=\"elementor-element elementor-element-185fce2 elementor-widget elementor-widget-image\" data-id=\"185fce2\" data-element_type=\"widget\" data-e-type=\"widget\" data-widget_type=\"image.default\">\n\t\t\t\t<div class=\"elementor-widget-container\">\n\t\t\t\t\t\t\t\t\t\t\t\t\t\t\t\t<a href=\"https:\/\/msuv.org\/wp-content\/uploads\/2024\/06\/1-vujica-resin-tuci-moje-menstruacije-foto-performans-1968.jpg\" data-elementor-open-lightbox=\"yes\" data-elementor-lightbox-title=\"Vujica Re\u0161in Tuci\u0107, Moje menstruacije, foto-performans, 1968\" data-e-action-hash=\"#elementor-action%3Aaction%3Dlightbox%26settings%3DeyJpZCI6NjQwNiwidXJsIjoiaHR0cHM6XC9cL21zdXYub3JnXC93cC1jb250ZW50XC91cGxvYWRzXC8yMDI0XC8wNlwvMS12dWppY2EtcmVzaW4tdHVjaS1tb2plLW1lbnN0cnVhY2lqZS1mb3RvLXBlcmZvcm1hbnMtMTk2OC5qcGcifQ%3D%3D\">\n\t\t\t\t\t\t\t<img fetchpriority=\"high\" decoding=\"async\" width=\"595\" height=\"764\" src=\"https:\/\/msuv.org\/wp-content\/uploads\/2024\/06\/1-vujica-resin-tuci-moje-menstruacije-foto-performans-1968.jpg\" class=\"attachment-large size-large wp-image-6406\" alt=\"vujica-resin-tuci-moje-menstruacije-foto-performans-1968\" srcset=\"https:\/\/msuv.org\/wp-content\/uploads\/2024\/06\/1-vujica-resin-tuci-moje-menstruacije-foto-performans-1968.jpg 595w, https:\/\/msuv.org\/wp-content\/uploads\/2024\/06\/1-vujica-resin-tuci-moje-menstruacije-foto-performans-1968-234x300.jpg 234w, https:\/\/msuv.org\/wp-content\/uploads\/2024\/06\/1-vujica-resin-tuci-moje-menstruacije-foto-performans-1968-9x12.jpg 9w\" sizes=\"(max-width: 595px) 100vw, 595px\" \/>\t\t\t\t\t\t\t\t<\/a>\n\t\t\t\t\t\t\t\t\t\t\t\t\t\t\t<\/div>\n\t\t\t\t<\/div>\n\t\t\t\t<div class=\"elementor-element elementor-element-44bf247 elementor-widget-mobile__width-inherit elementor-widget elementor-widget-image-box\" data-id=\"44bf247\" data-element_type=\"widget\" data-e-type=\"widget\" data-widget_type=\"image-box.default\">\n\t\t\t\t<div class=\"elementor-widget-container\">\n\t\t\t\t\t<div class=\"elementor-image-box-wrapper\"><div class=\"elementor-image-box-content\"><h3 class=\"elementor-image-box-title\">Moje menstruacije, foto-performans, 1968<\/h3><p class=\"elementor-image-box-description\">Vujica Re\u0161in Tuci\u0107<\/p><\/div><\/div>\t\t\t\t<\/div>\n\t\t\t\t<\/div>\n\t\t\t\t<\/div>\n\t\t<div class=\"elementor-element elementor-element-606280b e-con-full e-flex e-con e-child\" data-id=\"606280b\" data-element_type=\"container\" data-e-type=\"container\">\n\t\t\t\t<div class=\"elementor-element elementor-element-290a036 elementor-widget elementor-widget-image\" data-id=\"290a036\" data-element_type=\"widget\" data-e-type=\"widget\" data-widget_type=\"image.default\">\n\t\t\t\t<div class=\"elementor-widget-container\">\n\t\t\t\t\t\t\t\t\t\t\t\t\t\t\t\t<a href=\"https:\/\/msuv.org\/wp-content\/uploads\/2024\/06\/2.-Mirko-Radojicic-Slavko-Bogdanovic-Miroslav-Mandic-Objekti-grupe-Kod-akcija-1970.jpg\" data-elementor-open-lightbox=\"yes\" data-elementor-lightbox-title=\"Mirko Radoji\u010di\u0107, Slavko Bogdanovi\u0107, Miroslav Mandi\u0107\" data-e-action-hash=\"#elementor-action%3Aaction%3Dlightbox%26settings%3DeyJpZCI6NjM5MCwidXJsIjoiaHR0cHM6XC9cL21zdXYub3JnXC93cC1jb250ZW50XC91cGxvYWRzXC8yMDI0XC8wNlwvMi4tTWlya28tUmFkb2ppY2ljLVNsYXZrby1Cb2dkYW5vdmljLU1pcm9zbGF2LU1hbmRpYy1PYmpla3RpLWdydXBlLUtvZC1ha2NpamEtMTk3MC5qcGcifQ%3D%3D\">\n\t\t\t\t\t\t\t<img decoding=\"async\" width=\"800\" height=\"594\" src=\"https:\/\/msuv.org\/wp-content\/uploads\/2024\/06\/2.-Mirko-Radojicic-Slavko-Bogdanovic-Miroslav-Mandic-Objekti-grupe-Kod-akcija-1970-1024x760.jpg\" class=\"attachment-large size-large wp-image-6390\" alt=\"mirko-radojii-slavko-bogdanovi-miroslav-mandi-objekti-grupe-kod-akcija-1970\" srcset=\"https:\/\/msuv.org\/wp-content\/uploads\/2024\/06\/2.-Mirko-Radojicic-Slavko-Bogdanovic-Miroslav-Mandic-Objekti-grupe-Kod-akcija-1970-1024x760.jpg 1024w, https:\/\/msuv.org\/wp-content\/uploads\/2024\/06\/2.-Mirko-Radojicic-Slavko-Bogdanovic-Miroslav-Mandic-Objekti-grupe-Kod-akcija-1970-300x223.jpg 300w, https:\/\/msuv.org\/wp-content\/uploads\/2024\/06\/2.-Mirko-Radojicic-Slavko-Bogdanovic-Miroslav-Mandic-Objekti-grupe-Kod-akcija-1970-768x570.jpg 768w, https:\/\/msuv.org\/wp-content\/uploads\/2024\/06\/2.-Mirko-Radojicic-Slavko-Bogdanovic-Miroslav-Mandic-Objekti-grupe-Kod-akcija-1970-1536x1139.jpg 1536w, https:\/\/msuv.org\/wp-content\/uploads\/2024\/06\/2.-Mirko-Radojicic-Slavko-Bogdanovic-Miroslav-Mandic-Objekti-grupe-Kod-akcija-1970-16x12.jpg 16w, https:\/\/msuv.org\/wp-content\/uploads\/2024\/06\/2.-Mirko-Radojicic-Slavko-Bogdanovic-Miroslav-Mandic-Objekti-grupe-Kod-akcija-1970.jpg 1809w\" sizes=\"(max-width: 800px) 100vw, 800px\" \/>\t\t\t\t\t\t\t\t<\/a>\n\t\t\t\t\t\t\t\t\t\t\t\t\t\t\t<\/div>\n\t\t\t\t<\/div>\n\t\t\t\t<div class=\"elementor-element elementor-element-eabfe54 elementor-widget-mobile__width-inherit elementor-widget elementor-widget-image-box\" data-id=\"eabfe54\" data-element_type=\"widget\" data-e-type=\"widget\" data-widget_type=\"image-box.default\">\n\t\t\t\t<div class=\"elementor-widget-container\">\n\t\t\t\t\t<div class=\"elementor-image-box-wrapper\"><div class=\"elementor-image-box-content\"><h3 class=\"elementor-image-box-title\">Objekti grupe Kod, akcija, 1970<\/h3><p class=\"elementor-image-box-description\">Mirko Radoji\u010di\u0107, Slavko Bogdanovi\u0107, Miroslav Mandi\u0107<\/p><\/div><\/div>\t\t\t\t<\/div>\n\t\t\t\t<\/div>\n\t\t\t\t<\/div>\n\t\t<div class=\"elementor-element elementor-element-16f4c04 e-con-full e-flex e-con e-child\" data-id=\"16f4c04\" data-element_type=\"container\" data-e-type=\"container\">\n\t\t\t\t<div class=\"elementor-element elementor-element-77028d5 elementor-widget elementor-widget-image\" data-id=\"77028d5\" data-element_type=\"widget\" data-e-type=\"widget\" data-widget_type=\"image.default\">\n\t\t\t\t<div class=\"elementor-widget-container\">\n\t\t\t\t\t\t\t\t\t\t\t\t\t\t\t\t<a href=\"https:\/\/msuv.org\/wp-content\/uploads\/2024\/06\/3.-Goran-Trbuljak-i-grupa-Kod-Javni-cas-umetnosti-akcija-1971.jpg\" data-elementor-open-lightbox=\"yes\" data-elementor-lightbox-title=\"Goran Trbuljak i grupa Kod\" data-e-action-hash=\"#elementor-action%3Aaction%3Dlightbox%26settings%3DeyJpZCI6NjM5MSwidXJsIjoiaHR0cHM6XC9cL21zdXYub3JnXC93cC1jb250ZW50XC91cGxvYWRzXC8yMDI0XC8wNlwvMy4tR29yYW4tVHJidWxqYWstaS1ncnVwYS1Lb2QtSmF2bmktY2FzLXVtZXRub3N0aS1ha2NpamEtMTk3MS5qcGcifQ%3D%3D\">\n\t\t\t\t\t\t\t<img decoding=\"async\" width=\"800\" height=\"591\" src=\"https:\/\/msuv.org\/wp-content\/uploads\/2024\/06\/3.-Goran-Trbuljak-i-grupa-Kod-Javni-cas-umetnosti-akcija-1971-1024x756.jpg\" class=\"attachment-large size-large wp-image-6391\" alt=\"goran-trbuljak-i-grupa-kod-javni-as-umetnosti-akcija-1971\" srcset=\"https:\/\/msuv.org\/wp-content\/uploads\/2024\/06\/3.-Goran-Trbuljak-i-grupa-Kod-Javni-cas-umetnosti-akcija-1971-1024x756.jpg 1024w, https:\/\/msuv.org\/wp-content\/uploads\/2024\/06\/3.-Goran-Trbuljak-i-grupa-Kod-Javni-cas-umetnosti-akcija-1971-300x222.jpg 300w, https:\/\/msuv.org\/wp-content\/uploads\/2024\/06\/3.-Goran-Trbuljak-i-grupa-Kod-Javni-cas-umetnosti-akcija-1971-768x567.jpg 768w, https:\/\/msuv.org\/wp-content\/uploads\/2024\/06\/3.-Goran-Trbuljak-i-grupa-Kod-Javni-cas-umetnosti-akcija-1971-1536x1134.jpg 1536w, https:\/\/msuv.org\/wp-content\/uploads\/2024\/06\/3.-Goran-Trbuljak-i-grupa-Kod-Javni-cas-umetnosti-akcija-1971-2048x1512.jpg 2048w, https:\/\/msuv.org\/wp-content\/uploads\/2024\/06\/3.-Goran-Trbuljak-i-grupa-Kod-Javni-cas-umetnosti-akcija-1971-16x12.jpg 16w\" sizes=\"(max-width: 800px) 100vw, 800px\" \/>\t\t\t\t\t\t\t\t<\/a>\n\t\t\t\t\t\t\t\t\t\t\t\t\t\t\t<\/div>\n\t\t\t\t<\/div>\n\t\t\t\t<div class=\"elementor-element elementor-element-75fd302 elementor-widget-mobile__width-inherit elementor-widget elementor-widget-image-box\" data-id=\"75fd302\" data-element_type=\"widget\" data-e-type=\"widget\" data-widget_type=\"image-box.default\">\n\t\t\t\t<div class=\"elementor-widget-container\">\n\t\t\t\t\t<div class=\"elementor-image-box-wrapper\"><div class=\"elementor-image-box-content\"><h3 class=\"elementor-image-box-title\">Javni \u010das umetnosti, akcija, 1971<\/h3><p class=\"elementor-image-box-description\">Goran Trbuljak i grupa Kod<\/p><\/div><\/div>\t\t\t\t<\/div>\n\t\t\t\t<\/div>\n\t\t\t\t<\/div>\n\t\t<div class=\"elementor-element elementor-element-5a88415 e-con-full e-flex e-con e-child\" data-id=\"5a88415\" data-element_type=\"container\" data-e-type=\"container\">\n\t\t\t\t<div class=\"elementor-element elementor-element-11bbdb0 elementor-widget elementor-widget-image\" data-id=\"11bbdb0\" data-element_type=\"widget\" data-e-type=\"widget\" data-widget_type=\"image.default\">\n\t\t\t\t<div class=\"elementor-widget-container\">\n\t\t\t\t\t\t\t\t\t\t\t\t\t\t\t\t<a href=\"https:\/\/msuv.org\/wp-content\/uploads\/2024\/06\/4.-Grupa-E-Brojevi-koncept-1971-scaled.jpg\" data-elementor-open-lightbox=\"yes\" data-elementor-lightbox-title=\"Fatal-fanatic, 1995.\" data-e-action-hash=\"#elementor-action%3Aaction%3Dlightbox%26settings%3DeyJpZCI6NjM5MiwidXJsIjoiaHR0cHM6XC9cL21zdXYub3JnXC93cC1jb250ZW50XC91cGxvYWRzXC8yMDI0XC8wNlwvNC4tR3J1cGEtRS1Ccm9qZXZpLWtvbmNlcHQtMTk3MS1zY2FsZWQuanBnIn0%3D\">\n\t\t\t\t\t\t\t<img loading=\"lazy\" decoding=\"async\" width=\"446\" height=\"1024\" src=\"https:\/\/msuv.org\/wp-content\/uploads\/2024\/06\/4.-Grupa-E-Brojevi-koncept-1971-446x1024.jpg\" class=\"attachment-large size-large wp-image-6392\" alt=\"grupa-e-brojevi-koncept-1971\" srcset=\"https:\/\/msuv.org\/wp-content\/uploads\/2024\/06\/4.-Grupa-E-Brojevi-koncept-1971-446x1024.jpg 446w, https:\/\/msuv.org\/wp-content\/uploads\/2024\/06\/4.-Grupa-E-Brojevi-koncept-1971-131x300.jpg 131w, https:\/\/msuv.org\/wp-content\/uploads\/2024\/06\/4.-Grupa-E-Brojevi-koncept-1971-768x1765.jpg 768w, https:\/\/msuv.org\/wp-content\/uploads\/2024\/06\/4.-Grupa-E-Brojevi-koncept-1971-891x2048.jpg 891w, https:\/\/msuv.org\/wp-content\/uploads\/2024\/06\/4.-Grupa-E-Brojevi-koncept-1971-5x12.jpg 5w, https:\/\/msuv.org\/wp-content\/uploads\/2024\/06\/4.-Grupa-E-Brojevi-koncept-1971-scaled.jpg 1114w\" sizes=\"(max-width: 446px) 100vw, 446px\" \/>\t\t\t\t\t\t\t\t<\/a>\n\t\t\t\t\t\t\t\t\t\t\t\t\t\t\t<\/div>\n\t\t\t\t<\/div>\n\t\t\t\t<div class=\"elementor-element elementor-element-aa589df elementor-widget-mobile__width-inherit elementor-widget elementor-widget-image-box\" data-id=\"aa589df\" data-element_type=\"widget\" data-e-type=\"widget\" data-widget_type=\"image-box.default\">\n\t\t\t\t<div class=\"elementor-widget-container\">\n\t\t\t\t\t<div class=\"elementor-image-box-wrapper\"><div class=\"elementor-image-box-content\"><h3 class=\"elementor-image-box-title\">Brojevi, koncept, 1971<\/h3><p class=\"elementor-image-box-description\">Grupa E<\/p><\/div><\/div>\t\t\t\t<\/div>\n\t\t\t\t<\/div>\n\t\t\t\t<\/div>\n\t\t\t\t<\/div>\n\t\t<div class=\"elementor-element elementor-element-eb70def e-con-full e-flex e-con e-child\" data-id=\"eb70def\" data-element_type=\"container\" data-e-type=\"container\">\n\t\t<div class=\"elementor-element elementor-element-75d14b2 e-con-full e-flex e-con e-child\" data-id=\"75d14b2\" data-element_type=\"container\" data-e-type=\"container\">\n\t\t\t\t<div class=\"elementor-element elementor-element-9d8efba elementor-widget elementor-widget-image\" data-id=\"9d8efba\" data-element_type=\"widget\" data-e-type=\"widget\" data-widget_type=\"image.default\">\n\t\t\t\t<div class=\"elementor-widget-container\">\n\t\t\t\t\t\t\t\t\t\t\t\t\t\t\t\t<a href=\"https:\/\/msuv.org\/wp-content\/uploads\/2024\/06\/5.-Bogdanka-Poznanovic-Srce-predmet-akcija-1971.jpg\" data-elementor-open-lightbox=\"yes\" data-elementor-lightbox-title=\"Bogdanka Poznanovi\u0107\" data-e-action-hash=\"#elementor-action%3Aaction%3Dlightbox%26settings%3DeyJpZCI6NjM5MywidXJsIjoiaHR0cHM6XC9cL21zdXYub3JnXC93cC1jb250ZW50XC91cGxvYWRzXC8yMDI0XC8wNlwvNS4tQm9nZGFua2EtUG96bmFub3ZpYy1TcmNlLXByZWRtZXQtYWtjaWphLTE5NzEuanBnIn0%3D\">\n\t\t\t\t\t\t\t<img loading=\"lazy\" decoding=\"async\" width=\"800\" height=\"1008\" src=\"https:\/\/msuv.org\/wp-content\/uploads\/2024\/06\/5.-Bogdanka-Poznanovic-Srce-predmet-akcija-1971-813x1024.jpg\" class=\"attachment-large size-large wp-image-6393\" alt=\"bogdanka-poznanovi-srce-predmet-akcija-1971\" srcset=\"https:\/\/msuv.org\/wp-content\/uploads\/2024\/06\/5.-Bogdanka-Poznanovic-Srce-predmet-akcija-1971-813x1024.jpg 813w, https:\/\/msuv.org\/wp-content\/uploads\/2024\/06\/5.-Bogdanka-Poznanovic-Srce-predmet-akcija-1971-238x300.jpg 238w, https:\/\/msuv.org\/wp-content\/uploads\/2024\/06\/5.-Bogdanka-Poznanovic-Srce-predmet-akcija-1971-768x967.jpg 768w, https:\/\/msuv.org\/wp-content\/uploads\/2024\/06\/5.-Bogdanka-Poznanovic-Srce-predmet-akcija-1971-1219x1536.jpg 1219w, https:\/\/msuv.org\/wp-content\/uploads\/2024\/06\/5.-Bogdanka-Poznanovic-Srce-predmet-akcija-1971-10x12.jpg 10w, https:\/\/msuv.org\/wp-content\/uploads\/2024\/06\/5.-Bogdanka-Poznanovic-Srce-predmet-akcija-1971.jpg 1575w\" sizes=\"(max-width: 800px) 100vw, 800px\" \/>\t\t\t\t\t\t\t\t<\/a>\n\t\t\t\t\t\t\t\t\t\t\t\t\t\t\t<\/div>\n\t\t\t\t<\/div>\n\t\t\t\t<div class=\"elementor-element elementor-element-27ab619 elementor-widget-mobile__width-inherit elementor-widget elementor-widget-image-box\" data-id=\"27ab619\" data-element_type=\"widget\" data-e-type=\"widget\" data-widget_type=\"image-box.default\">\n\t\t\t\t<div class=\"elementor-widget-container\">\n\t\t\t\t\t<div class=\"elementor-image-box-wrapper\"><div class=\"elementor-image-box-content\"><h3 class=\"elementor-image-box-title\">Srce-predmet, akcija, 1971<\/h3><p class=\"elementor-image-box-description\">Bogdanka Poznanovi\u0107<\/p><\/div><\/div>\t\t\t\t<\/div>\n\t\t\t\t<\/div>\n\t\t\t\t<\/div>\n\t\t<div class=\"elementor-element elementor-element-b039fc2 e-con-full e-flex e-con e-child\" data-id=\"b039fc2\" data-element_type=\"container\" data-e-type=\"container\">\n\t\t\t\t<div class=\"elementor-element elementor-element-50c39a8 elementor-widget elementor-widget-image\" data-id=\"50c39a8\" data-element_type=\"widget\" data-e-type=\"widget\" data-widget_type=\"image.default\">\n\t\t\t\t<div class=\"elementor-widget-container\">\n\t\t\t\t\t\t\t\t\t\t\t\t\t\t\t\t<a href=\"https:\/\/msuv.org\/wp-content\/uploads\/2024\/06\/6.-Vujica-Resin-Tucic-Struganje-maste-kolaz-1971.jpg\" data-elementor-open-lightbox=\"yes\" data-elementor-lightbox-title=\"Vujica Re\u0161in Tuci\u0107\" data-e-action-hash=\"#elementor-action%3Aaction%3Dlightbox%26settings%3DeyJpZCI6NjM5NCwidXJsIjoiaHR0cHM6XC9cL21zdXYub3JnXC93cC1jb250ZW50XC91cGxvYWRzXC8yMDI0XC8wNlwvNi4tVnVqaWNhLVJlc2luLVR1Y2ljLVN0cnVnYW5qZS1tYXN0ZS1rb2xhei0xOTcxLmpwZyJ9\">\n\t\t\t\t\t\t\t<img loading=\"lazy\" decoding=\"async\" width=\"434\" height=\"1024\" src=\"https:\/\/msuv.org\/wp-content\/uploads\/2024\/06\/6.-Vujica-Resin-Tucic-Struganje-maste-kolaz-1971-434x1024.jpg\" class=\"attachment-large size-large wp-image-6394\" alt=\"vujica-resin-tuci-struganje-maste-kolaz-1971\" srcset=\"https:\/\/msuv.org\/wp-content\/uploads\/2024\/06\/6.-Vujica-Resin-Tucic-Struganje-maste-kolaz-1971-434x1024.jpg 434w, https:\/\/msuv.org\/wp-content\/uploads\/2024\/06\/6.-Vujica-Resin-Tucic-Struganje-maste-kolaz-1971-127x300.jpg 127w, https:\/\/msuv.org\/wp-content\/uploads\/2024\/06\/6.-Vujica-Resin-Tucic-Struganje-maste-kolaz-1971-768x1811.jpg 768w, https:\/\/msuv.org\/wp-content\/uploads\/2024\/06\/6.-Vujica-Resin-Tucic-Struganje-maste-kolaz-1971-869x2048.jpg 869w, https:\/\/msuv.org\/wp-content\/uploads\/2024\/06\/6.-Vujica-Resin-Tucic-Struganje-maste-kolaz-1971-5x12.jpg 5w, https:\/\/msuv.org\/wp-content\/uploads\/2024\/06\/6.-Vujica-Resin-Tucic-Struganje-maste-kolaz-1971.jpg 1004w\" sizes=\"(max-width: 434px) 100vw, 434px\" \/>\t\t\t\t\t\t\t\t<\/a>\n\t\t\t\t\t\t\t\t\t\t\t\t\t\t\t<\/div>\n\t\t\t\t<\/div>\n\t\t\t\t<div class=\"elementor-element elementor-element-402dfb4 elementor-widget-mobile__width-inherit elementor-widget elementor-widget-image-box\" data-id=\"402dfb4\" data-element_type=\"widget\" data-e-type=\"widget\" data-widget_type=\"image-box.default\">\n\t\t\t\t<div class=\"elementor-widget-container\">\n\t\t\t\t\t<div class=\"elementor-image-box-wrapper\"><div class=\"elementor-image-box-content\"><h3 class=\"elementor-image-box-title\">Struganje ma\u0161te, kola\u017e, 1971<\/h3><p class=\"elementor-image-box-description\">Vujica Re\u0161in Tuci\u0107<\/p><\/div><\/div>\t\t\t\t<\/div>\n\t\t\t\t<\/div>\n\t\t\t\t<\/div>\n\t\t<div class=\"elementor-element elementor-element-7b9cba1 e-con-full e-flex e-con e-child\" data-id=\"7b9cba1\" data-element_type=\"container\" data-e-type=\"container\">\n\t\t\t\t<div class=\"elementor-element elementor-element-421c11b elementor-widget elementor-widget-image\" data-id=\"421c11b\" data-element_type=\"widget\" data-e-type=\"widget\" data-widget_type=\"image.default\">\n\t\t\t\t<div class=\"elementor-widget-container\">\n\t\t\t\t\t\t\t\t\t\t\t\t\t\t\t\t<a href=\"https:\/\/msuv.org\/wp-content\/uploads\/2024\/06\/7.-Slavko-Matkovic-Fuzija-vodene-mase-Ludaskog-jezera-sa-\u00bd-litre-jogurta-akcija-scaled.jpg\" data-elementor-open-lightbox=\"yes\" data-elementor-lightbox-title=\"Slavko Matkovi\u0107\" data-e-action-hash=\"#elementor-action%3Aaction%3Dlightbox%26settings%3DeyJpZCI6NjM5NSwidXJsIjoiaHR0cHM6XC9cL21zdXYub3JnXC93cC1jb250ZW50XC91cGxvYWRzXC8yMDI0XC8wNlwvNy4tU2xhdmtvLU1hdGtvdmljLUZ1emlqYS12b2RlbmUtbWFzZS1MdWRhc2tvZy1qZXplcmEtc2EtXHUwMGJkLWxpdHJlLWpvZ3VydGEtYWtjaWphLXNjYWxlZC5qcGcifQ%3D%3D\">\n\t\t\t\t\t\t\t<img loading=\"lazy\" decoding=\"async\" width=\"800\" height=\"573\" src=\"https:\/\/msuv.org\/wp-content\/uploads\/2024\/06\/7.-Slavko-Matkovic-Fuzija-vodene-mase-Ludaskog-jezera-sa-\u00bd-litre-jogurta-akcija-1024x734.jpg\" class=\"attachment-large size-large wp-image-6395\" alt=\"slavko-matkovi-fuzija-vodene-mase-ludaskog-jezera-sa-litre-jogurta-akcija\" srcset=\"https:\/\/msuv.org\/wp-content\/uploads\/2024\/06\/7.-Slavko-Matkovic-Fuzija-vodene-mase-Ludaskog-jezera-sa-\u00bd-litre-jogurta-akcija-1024x734.jpg 1024w, https:\/\/msuv.org\/wp-content\/uploads\/2024\/06\/7.-Slavko-Matkovic-Fuzija-vodene-mase-Ludaskog-jezera-sa-\u00bd-litre-jogurta-akcija-300x215.jpg 300w, https:\/\/msuv.org\/wp-content\/uploads\/2024\/06\/7.-Slavko-Matkovic-Fuzija-vodene-mase-Ludaskog-jezera-sa-\u00bd-litre-jogurta-akcija-768x551.jpg 768w, https:\/\/msuv.org\/wp-content\/uploads\/2024\/06\/7.-Slavko-Matkovic-Fuzija-vodene-mase-Ludaskog-jezera-sa-\u00bd-litre-jogurta-akcija-1536x1101.jpg 1536w, https:\/\/msuv.org\/wp-content\/uploads\/2024\/06\/7.-Slavko-Matkovic-Fuzija-vodene-mase-Ludaskog-jezera-sa-\u00bd-litre-jogurta-akcija-2048x1468.jpg 2048w, https:\/\/msuv.org\/wp-content\/uploads\/2024\/06\/7.-Slavko-Matkovic-Fuzija-vodene-mase-Ludaskog-jezera-sa-\u00bd-litre-jogurta-akcija-18x12.jpg 18w\" sizes=\"(max-width: 800px) 100vw, 800px\" \/>\t\t\t\t\t\t\t\t<\/a>\n\t\t\t\t\t\t\t\t\t\t\t\t\t\t\t<\/div>\n\t\t\t\t<\/div>\n\t\t\t\t<div class=\"elementor-element elementor-element-6f3edea elementor-widget-mobile__width-inherit elementor-widget elementor-widget-image-box\" data-id=\"6f3edea\" data-element_type=\"widget\" data-e-type=\"widget\" data-widget_type=\"image-box.default\">\n\t\t\t\t<div class=\"elementor-widget-container\">\n\t\t\t\t\t<div class=\"elementor-image-box-wrapper\"><div class=\"elementor-image-box-content\"><h3 class=\"elementor-image-box-title\">Fuzija vodene mase Luda\u0161kog jezera sa \u00bd litre jogurta, akcija<\/h3><p class=\"elementor-image-box-description\">Slavko Matkovi\u0107<\/p><\/div><\/div>\t\t\t\t<\/div>\n\t\t\t\t<\/div>\n\t\t\t\t<\/div>\n\t\t<div class=\"elementor-element elementor-element-eb479e0 e-con-full e-flex e-con e-child\" data-id=\"eb479e0\" data-element_type=\"container\" data-e-type=\"container\">\n\t\t\t\t<div class=\"elementor-element elementor-element-bbd7305 elementor-widget elementor-widget-image\" data-id=\"bbd7305\" data-element_type=\"widget\" data-e-type=\"widget\" data-widget_type=\"image.default\">\n\t\t\t\t<div class=\"elementor-widget-container\">\n\t\t\t\t\t\t\t\t\t\t\t\t\t\t\t\t<a href=\"https:\/\/msuv.org\/wp-content\/uploads\/2024\/06\/8.-Laslo-Salma-Dada-akcija-1972-scaled.jpg\" data-elementor-open-lightbox=\"yes\" data-elementor-lightbox-title=\"Laslo Salma\" data-e-action-hash=\"#elementor-action%3Aaction%3Dlightbox%26settings%3DeyJpZCI6NjM5NiwidXJsIjoiaHR0cHM6XC9cL21zdXYub3JnXC93cC1jb250ZW50XC91cGxvYWRzXC8yMDI0XC8wNlwvOC4tTGFzbG8tU2FsbWEtRGFkYS1ha2NpamEtMTk3Mi1zY2FsZWQuanBnIn0%3D\">\n\t\t\t\t\t\t\t<img loading=\"lazy\" decoding=\"async\" width=\"800\" height=\"554\" src=\"https:\/\/msuv.org\/wp-content\/uploads\/2024\/06\/8.-Laslo-Salma-Dada-akcija-1972-1024x709.jpg\" class=\"attachment-large size-large wp-image-6396\" alt=\"laslo-salma-dada-akcija-1972\" srcset=\"https:\/\/msuv.org\/wp-content\/uploads\/2024\/06\/8.-Laslo-Salma-Dada-akcija-1972-1024x709.jpg 1024w, https:\/\/msuv.org\/wp-content\/uploads\/2024\/06\/8.-Laslo-Salma-Dada-akcija-1972-300x208.jpg 300w, https:\/\/msuv.org\/wp-content\/uploads\/2024\/06\/8.-Laslo-Salma-Dada-akcija-1972-768x532.jpg 768w, https:\/\/msuv.org\/wp-content\/uploads\/2024\/06\/8.-Laslo-Salma-Dada-akcija-1972-1536x1063.jpg 1536w, https:\/\/msuv.org\/wp-content\/uploads\/2024\/06\/8.-Laslo-Salma-Dada-akcija-1972-2048x1418.jpg 2048w, https:\/\/msuv.org\/wp-content\/uploads\/2024\/06\/8.-Laslo-Salma-Dada-akcija-1972-18x12.jpg 18w\" sizes=\"(max-width: 800px) 100vw, 800px\" \/>\t\t\t\t\t\t\t\t<\/a>\n\t\t\t\t\t\t\t\t\t\t\t\t\t\t\t<\/div>\n\t\t\t\t<\/div>\n\t\t\t\t<div class=\"elementor-element elementor-element-14bd028 elementor-widget-mobile__width-inherit elementor-widget elementor-widget-image-box\" data-id=\"14bd028\" data-element_type=\"widget\" data-e-type=\"widget\" data-widget_type=\"image-box.default\">\n\t\t\t\t<div class=\"elementor-widget-container\">\n\t\t\t\t\t<div class=\"elementor-image-box-wrapper\"><div class=\"elementor-image-box-content\"><h3 class=\"elementor-image-box-title\">Dada, akcija, 1972<\/h3><p class=\"elementor-image-box-description\">Laslo Salma<\/p><\/div><\/div>\t\t\t\t<\/div>\n\t\t\t\t<\/div>\n\t\t\t\t<\/div>\n\t\t\t\t<\/div>\n\t\t<div class=\"elementor-element elementor-element-ea341f0 e-con-full e-flex e-con e-child\" data-id=\"ea341f0\" data-element_type=\"container\" data-e-type=\"container\">\n\t\t<div class=\"elementor-element elementor-element-0ca2cfb e-con-full e-flex e-con e-child\" data-id=\"0ca2cfb\" data-element_type=\"container\" data-e-type=\"container\">\n\t\t\t\t<div class=\"elementor-element elementor-element-b7b2295 elementor-widget elementor-widget-image\" data-id=\"b7b2295\" data-element_type=\"widget\" data-e-type=\"widget\" data-widget_type=\"image.default\">\n\t\t\t\t<div class=\"elementor-widget-container\">\n\t\t\t\t\t\t\t\t\t\t\t\t\t\t\t\t<a href=\"https:\/\/msuv.org\/wp-content\/uploads\/2024\/06\/9.-Atila-Cernik-Vizuelna-recenica-koncept-1973-scaled.jpg\" data-elementor-open-lightbox=\"yes\" data-elementor-lightbox-title=\"Atila \u010cernik\" data-e-action-hash=\"#elementor-action%3Aaction%3Dlightbox%26settings%3DeyJpZCI6NjM5NywidXJsIjoiaHR0cHM6XC9cL21zdXYub3JnXC93cC1jb250ZW50XC91cGxvYWRzXC8yMDI0XC8wNlwvOS4tQXRpbGEtQ2VybmlrLVZpenVlbG5hLXJlY2VuaWNhLWtvbmNlcHQtMTk3My1zY2FsZWQuanBnIn0%3D\">\n\t\t\t\t\t\t\t<img loading=\"lazy\" decoding=\"async\" width=\"800\" height=\"516\" src=\"https:\/\/msuv.org\/wp-content\/uploads\/2024\/06\/9.-Atila-Cernik-Vizuelna-recenica-koncept-1973-1024x661.jpg\" class=\"attachment-large size-large wp-image-6397\" alt=\"-atila-ernik-vizuelna-reenica-koncept-1973\" srcset=\"https:\/\/msuv.org\/wp-content\/uploads\/2024\/06\/9.-Atila-Cernik-Vizuelna-recenica-koncept-1973-1024x661.jpg 1024w, https:\/\/msuv.org\/wp-content\/uploads\/2024\/06\/9.-Atila-Cernik-Vizuelna-recenica-koncept-1973-300x194.jpg 300w, https:\/\/msuv.org\/wp-content\/uploads\/2024\/06\/9.-Atila-Cernik-Vizuelna-recenica-koncept-1973-768x496.jpg 768w, https:\/\/msuv.org\/wp-content\/uploads\/2024\/06\/9.-Atila-Cernik-Vizuelna-recenica-koncept-1973-1536x992.jpg 1536w, https:\/\/msuv.org\/wp-content\/uploads\/2024\/06\/9.-Atila-Cernik-Vizuelna-recenica-koncept-1973-2048x1322.jpg 2048w, https:\/\/msuv.org\/wp-content\/uploads\/2024\/06\/9.-Atila-Cernik-Vizuelna-recenica-koncept-1973-18x12.jpg 18w\" sizes=\"(max-width: 800px) 100vw, 800px\" \/>\t\t\t\t\t\t\t\t<\/a>\n\t\t\t\t\t\t\t\t\t\t\t\t\t\t\t<\/div>\n\t\t\t\t<\/div>\n\t\t\t\t<div class=\"elementor-element elementor-element-0518b77 elementor-widget-mobile__width-inherit elementor-widget elementor-widget-image-box\" data-id=\"0518b77\" data-element_type=\"widget\" data-e-type=\"widget\" data-widget_type=\"image-box.default\">\n\t\t\t\t<div class=\"elementor-widget-container\">\n\t\t\t\t\t<div class=\"elementor-image-box-wrapper\"><div class=\"elementor-image-box-content\"><h3 class=\"elementor-image-box-title\">Vizuelna re\u010denica, koncept, 1973<\/h3><p class=\"elementor-image-box-description\">Atila \u010cernik<\/p><\/div><\/div>\t\t\t\t<\/div>\n\t\t\t\t<\/div>\n\t\t\t\t<\/div>\n\t\t<div class=\"elementor-element elementor-element-9740f45 e-con-full e-flex e-con e-child\" data-id=\"9740f45\" data-element_type=\"container\" data-e-type=\"container\">\n\t\t\t\t<div class=\"elementor-element elementor-element-c128848 elementor-widget elementor-widget-image\" data-id=\"c128848\" data-element_type=\"widget\" data-e-type=\"widget\" data-widget_type=\"image.default\">\n\t\t\t\t<div class=\"elementor-widget-container\">\n\t\t\t\t\t\t\t\t\t\t\t\t\t\t\t\t<a href=\"https:\/\/msuv.org\/wp-content\/uploads\/2024\/06\/10.-Bozidar-i-Braila-Mandic-Porodica-bistrih-potoka-Planeta-je-u-opasnosti-akcija-1975-scaled.jpg\" data-elementor-open-lightbox=\"yes\" data-elementor-lightbox-title=\"Bo\u017eidar i Braila Mandi\u0107, (Porodica bistrih potoka)\" data-e-action-hash=\"#elementor-action%3Aaction%3Dlightbox%26settings%3DeyJpZCI6NjM5OCwidXJsIjoiaHR0cHM6XC9cL21zdXYub3JnXC93cC1jb250ZW50XC91cGxvYWRzXC8yMDI0XC8wNlwvMTAuLUJvemlkYXItaS1CcmFpbGEtTWFuZGljLVBvcm9kaWNhLWJpc3RyaWgtcG90b2thLVBsYW5ldGEtamUtdS1vcGFzbm9zdGktYWtjaWphLTE5NzUtc2NhbGVkLmpwZyJ9\">\n\t\t\t\t\t\t\t<img loading=\"lazy\" decoding=\"async\" width=\"764\" height=\"1024\" src=\"https:\/\/msuv.org\/wp-content\/uploads\/2024\/06\/10.-Bozidar-i-Braila-Mandic-Porodica-bistrih-potoka-Planeta-je-u-opasnosti-akcija-1975-764x1024.jpg\" class=\"attachment-large size-large wp-image-6398\" alt=\"bozidar-i-braila-mandi-porodica-bistrih-potoka-planeta-je-u-opasnosti-akcija-1975\" srcset=\"https:\/\/msuv.org\/wp-content\/uploads\/2024\/06\/10.-Bozidar-i-Braila-Mandic-Porodica-bistrih-potoka-Planeta-je-u-opasnosti-akcija-1975-764x1024.jpg 764w, https:\/\/msuv.org\/wp-content\/uploads\/2024\/06\/10.-Bozidar-i-Braila-Mandic-Porodica-bistrih-potoka-Planeta-je-u-opasnosti-akcija-1975-224x300.jpg 224w, https:\/\/msuv.org\/wp-content\/uploads\/2024\/06\/10.-Bozidar-i-Braila-Mandic-Porodica-bistrih-potoka-Planeta-je-u-opasnosti-akcija-1975-768x1030.jpg 768w, https:\/\/msuv.org\/wp-content\/uploads\/2024\/06\/10.-Bozidar-i-Braila-Mandic-Porodica-bistrih-potoka-Planeta-je-u-opasnosti-akcija-1975-1146x1536.jpg 1146w, https:\/\/msuv.org\/wp-content\/uploads\/2024\/06\/10.-Bozidar-i-Braila-Mandic-Porodica-bistrih-potoka-Planeta-je-u-opasnosti-akcija-1975-1527x2048.jpg 1527w, https:\/\/msuv.org\/wp-content\/uploads\/2024\/06\/10.-Bozidar-i-Braila-Mandic-Porodica-bistrih-potoka-Planeta-je-u-opasnosti-akcija-1975-9x12.jpg 9w, https:\/\/msuv.org\/wp-content\/uploads\/2024\/06\/10.-Bozidar-i-Braila-Mandic-Porodica-bistrih-potoka-Planeta-je-u-opasnosti-akcija-1975-scaled.jpg 1909w\" sizes=\"(max-width: 764px) 100vw, 764px\" \/>\t\t\t\t\t\t\t\t<\/a>\n\t\t\t\t\t\t\t\t\t\t\t\t\t\t\t<\/div>\n\t\t\t\t<\/div>\n\t\t\t\t<div class=\"elementor-element elementor-element-3a21bad elementor-widget-mobile__width-inherit elementor-widget elementor-widget-image-box\" data-id=\"3a21bad\" data-element_type=\"widget\" data-e-type=\"widget\" data-widget_type=\"image-box.default\">\n\t\t\t\t<div class=\"elementor-widget-container\">\n\t\t\t\t\t<div class=\"elementor-image-box-wrapper\"><div class=\"elementor-image-box-content\"><h3 class=\"elementor-image-box-title\">Planeta u opasnosti, foto-performans, 1976.<\/h3><p class=\"elementor-image-box-description\">Bo\u017eidar i Braila Mandi\u0107 - Porodica bistrih potoka<\/p><\/div><\/div>\t\t\t\t<\/div>\n\t\t\t\t<\/div>\n\t\t\t\t<\/div>\n\t\t<div class=\"elementor-element elementor-element-b6ed763 e-con-full e-flex e-con e-child\" data-id=\"b6ed763\" data-element_type=\"container\" data-e-type=\"container\">\n\t\t\t\t<div class=\"elementor-element elementor-element-3bb6a84 elementor-widget elementor-widget-image\" data-id=\"3bb6a84\" data-element_type=\"widget\" data-e-type=\"widget\" data-widget_type=\"image.default\">\n\t\t\t\t<div class=\"elementor-widget-container\">\n\t\t\t\t\t\t\t\t\t\t\t\t\t\t\t\t<a href=\"https:\/\/msuv.org\/wp-content\/uploads\/2024\/06\/11.-Cedomir-Drca-Slobodan-Tisma-Galerija-\u2013-Primeri-nevidljive-umetnosti-foto-performans-1976.jpg\" data-elementor-open-lightbox=\"yes\" data-elementor-lightbox-title=\"\u010cedomir Dr\u010da, Slobodan Ti\u0161ma\" data-e-action-hash=\"#elementor-action%3Aaction%3Dlightbox%26settings%3DeyJpZCI6NjM5OSwidXJsIjoiaHR0cHM6XC9cL21zdXYub3JnXC93cC1jb250ZW50XC91cGxvYWRzXC8yMDI0XC8wNlwvMTEuLUNlZG9taXItRHJjYS1TbG9ib2Rhbi1UaXNtYS1HYWxlcmlqYS1cdTIwMTMtUHJpbWVyaS1uZXZpZGxqaXZlLXVtZXRub3N0aS1mb3RvLXBlcmZvcm1hbnMtMTk3Ni5qcGcifQ%3D%3D\">\n\t\t\t\t\t\t\t<img loading=\"lazy\" decoding=\"async\" width=\"631\" height=\"856\" src=\"https:\/\/msuv.org\/wp-content\/uploads\/2024\/06\/11.-Cedomir-Drca-Slobodan-Tisma-Galerija-\u2013-Primeri-nevidljive-umetnosti-foto-performans-1976.jpg\" class=\"attachment-large size-large wp-image-6399\" alt=\"edomir-dra-slobodan-tisma-galerija-primeri-nevidljive-umetnosti-foto-performans-1976\" srcset=\"https:\/\/msuv.org\/wp-content\/uploads\/2024\/06\/11.-Cedomir-Drca-Slobodan-Tisma-Galerija-\u2013-Primeri-nevidljive-umetnosti-foto-performans-1976.jpg 631w, https:\/\/msuv.org\/wp-content\/uploads\/2024\/06\/11.-Cedomir-Drca-Slobodan-Tisma-Galerija-\u2013-Primeri-nevidljive-umetnosti-foto-performans-1976-221x300.jpg 221w, https:\/\/msuv.org\/wp-content\/uploads\/2024\/06\/11.-Cedomir-Drca-Slobodan-Tisma-Galerija-\u2013-Primeri-nevidljive-umetnosti-foto-performans-1976-9x12.jpg 9w\" sizes=\"(max-width: 631px) 100vw, 631px\" \/>\t\t\t\t\t\t\t\t<\/a>\n\t\t\t\t\t\t\t\t\t\t\t\t\t\t\t<\/div>\n\t\t\t\t<\/div>\n\t\t\t\t<div class=\"elementor-element elementor-element-3675897 elementor-widget-mobile__width-inherit elementor-widget elementor-widget-image-box\" data-id=\"3675897\" data-element_type=\"widget\" data-e-type=\"widget\" data-widget_type=\"image-box.default\">\n\t\t\t\t<div class=\"elementor-widget-container\">\n\t\t\t\t\t<div class=\"elementor-image-box-wrapper\"><div class=\"elementor-image-box-content\"><h3 class=\"elementor-image-box-title\">Galerija \u2013 Primeri nevidljive umetnosti, foto-performans, 1976<\/h3><p class=\"elementor-image-box-description\"> \u010cedomir Dr\u010da, Slobodan Ti\u0161ma<\/p><\/div><\/div>\t\t\t\t<\/div>\n\t\t\t\t<\/div>\n\t\t\t\t<\/div>\n\t\t<div class=\"elementor-element elementor-element-f61ac8d e-con-full e-flex e-con e-child\" data-id=\"f61ac8d\" data-element_type=\"container\" data-e-type=\"container\">\n\t\t\t\t<div class=\"elementor-element elementor-element-d2e52be elementor-widget elementor-widget-image\" data-id=\"d2e52be\" data-element_type=\"widget\" data-e-type=\"widget\" data-widget_type=\"image.default\">\n\t\t\t\t<div class=\"elementor-widget-container\">\n\t\t\t\t\t\t\t\t\t\t\t\t\t\t\t\t<a href=\"https:\/\/msuv.org\/wp-content\/uploads\/2024\/06\/12.-Slavko-Matkovic-U-slavu-grupe-OHO-kolaz-1977-scaled.jpg\" data-elementor-open-lightbox=\"yes\" data-elementor-lightbox-title=\"Slavko Matkovi\u0107\" data-e-action-hash=\"#elementor-action%3Aaction%3Dlightbox%26settings%3DeyJpZCI6NjQwMCwidXJsIjoiaHR0cHM6XC9cL21zdXYub3JnXC93cC1jb250ZW50XC91cGxvYWRzXC8yMDI0XC8wNlwvMTIuLVNsYXZrby1NYXRrb3ZpYy1VLXNsYXZ1LWdydXBlLU9ITy1rb2xhei0xOTc3LXNjYWxlZC5qcGcifQ%3D%3D\">\n\t\t\t\t\t\t\t<img loading=\"lazy\" decoding=\"async\" width=\"740\" height=\"1024\" src=\"https:\/\/msuv.org\/wp-content\/uploads\/2024\/06\/12.-Slavko-Matkovic-U-slavu-grupe-OHO-kolaz-1977-740x1024.jpg\" class=\"attachment-large size-large wp-image-6400\" alt=\"slavko-matkovi-u-slavu-grupe-oho-kolaz-1977\" srcset=\"https:\/\/msuv.org\/wp-content\/uploads\/2024\/06\/12.-Slavko-Matkovic-U-slavu-grupe-OHO-kolaz-1977-740x1024.jpg 740w, https:\/\/msuv.org\/wp-content\/uploads\/2024\/06\/12.-Slavko-Matkovic-U-slavu-grupe-OHO-kolaz-1977-217x300.jpg 217w, https:\/\/msuv.org\/wp-content\/uploads\/2024\/06\/12.-Slavko-Matkovic-U-slavu-grupe-OHO-kolaz-1977-768x1063.jpg 768w, https:\/\/msuv.org\/wp-content\/uploads\/2024\/06\/12.-Slavko-Matkovic-U-slavu-grupe-OHO-kolaz-1977-1110x1536.jpg 1110w, https:\/\/msuv.org\/wp-content\/uploads\/2024\/06\/12.-Slavko-Matkovic-U-slavu-grupe-OHO-kolaz-1977-1480x2048.jpg 1480w, https:\/\/msuv.org\/wp-content\/uploads\/2024\/06\/12.-Slavko-Matkovic-U-slavu-grupe-OHO-kolaz-1977-9x12.jpg 9w, https:\/\/msuv.org\/wp-content\/uploads\/2024\/06\/12.-Slavko-Matkovic-U-slavu-grupe-OHO-kolaz-1977-scaled.jpg 1850w\" sizes=\"(max-width: 740px) 100vw, 740px\" \/>\t\t\t\t\t\t\t\t<\/a>\n\t\t\t\t\t\t\t\t\t\t\t\t\t\t\t<\/div>\n\t\t\t\t<\/div>\n\t\t\t\t<div class=\"elementor-element elementor-element-c99de1d elementor-widget-mobile__width-inherit elementor-widget elementor-widget-image-box\" data-id=\"c99de1d\" data-element_type=\"widget\" data-e-type=\"widget\" data-widget_type=\"image-box.default\">\n\t\t\t\t<div class=\"elementor-widget-container\">\n\t\t\t\t\t<div class=\"elementor-image-box-wrapper\"><div class=\"elementor-image-box-content\"><h3 class=\"elementor-image-box-title\">U slavu grupe OHO, kola\u017e, 1977<\/h3><p class=\"elementor-image-box-description\">Slavko Matkovi\u0107<\/p><\/div><\/div>\t\t\t\t<\/div>\n\t\t\t\t<\/div>\n\t\t\t\t<\/div>\n\t\t\t\t<\/div>\n\t\t<div class=\"elementor-element elementor-element-3db5719 e-con-full e-flex e-con e-child\" data-id=\"3db5719\" data-element_type=\"container\" data-e-type=\"container\">\n\t\t<div class=\"elementor-element elementor-element-e4b1975 e-con-full e-flex e-con e-child\" data-id=\"e4b1975\" data-element_type=\"container\" data-e-type=\"container\">\n\t\t\t\t<div class=\"elementor-element elementor-element-6808263 elementor-widget elementor-widget-image\" data-id=\"6808263\" data-element_type=\"widget\" data-e-type=\"widget\" data-widget_type=\"image.default\">\n\t\t\t\t<div class=\"elementor-widget-container\">\n\t\t\t\t\t\t\t\t\t\t\t\t\t\t\t\t<a href=\"https:\/\/msuv.org\/wp-content\/uploads\/2024\/06\/13.-Vojislav-Despotov-Pravilo-desne-ruke-kolaz-oko-1978-scaled.jpg\" data-elementor-open-lightbox=\"yes\" data-elementor-lightbox-title=\"Vojislav Despotov\" data-e-action-hash=\"#elementor-action%3Aaction%3Dlightbox%26settings%3DeyJpZCI6NjQwMSwidXJsIjoiaHR0cHM6XC9cL21zdXYub3JnXC93cC1jb250ZW50XC91cGxvYWRzXC8yMDI0XC8wNlwvMTMuLVZvamlzbGF2LURlc3BvdG92LVByYXZpbG8tZGVzbmUtcnVrZS1rb2xhei1va28tMTk3OC1zY2FsZWQuanBnIn0%3D\">\n\t\t\t\t\t\t\t<img loading=\"lazy\" decoding=\"async\" width=\"800\" height=\"557\" src=\"https:\/\/msuv.org\/wp-content\/uploads\/2024\/06\/13.-Vojislav-Despotov-Pravilo-desne-ruke-kolaz-oko-1978-1024x713.jpg\" class=\"attachment-large size-large wp-image-6401\" alt=\"vojislav-despotov-pravilo-desne-ruke-kolaz-oko-1978\" srcset=\"https:\/\/msuv.org\/wp-content\/uploads\/2024\/06\/13.-Vojislav-Despotov-Pravilo-desne-ruke-kolaz-oko-1978-1024x713.jpg 1024w, https:\/\/msuv.org\/wp-content\/uploads\/2024\/06\/13.-Vojislav-Despotov-Pravilo-desne-ruke-kolaz-oko-1978-300x209.jpg 300w, https:\/\/msuv.org\/wp-content\/uploads\/2024\/06\/13.-Vojislav-Despotov-Pravilo-desne-ruke-kolaz-oko-1978-768x535.jpg 768w, https:\/\/msuv.org\/wp-content\/uploads\/2024\/06\/13.-Vojislav-Despotov-Pravilo-desne-ruke-kolaz-oko-1978-1536x1070.jpg 1536w, https:\/\/msuv.org\/wp-content\/uploads\/2024\/06\/13.-Vojislav-Despotov-Pravilo-desne-ruke-kolaz-oko-1978-2048x1426.jpg 2048w, https:\/\/msuv.org\/wp-content\/uploads\/2024\/06\/13.-Vojislav-Despotov-Pravilo-desne-ruke-kolaz-oko-1978-18x12.jpg 18w\" sizes=\"(max-width: 800px) 100vw, 800px\" \/>\t\t\t\t\t\t\t\t<\/a>\n\t\t\t\t\t\t\t\t\t\t\t\t\t\t\t<\/div>\n\t\t\t\t<\/div>\n\t\t\t\t<div class=\"elementor-element elementor-element-219dbf5 elementor-widget-mobile__width-inherit elementor-widget elementor-widget-image-box\" data-id=\"219dbf5\" data-element_type=\"widget\" data-e-type=\"widget\" data-widget_type=\"image-box.default\">\n\t\t\t\t<div class=\"elementor-widget-container\">\n\t\t\t\t\t<div class=\"elementor-image-box-wrapper\"><div class=\"elementor-image-box-content\"><h3 class=\"elementor-image-box-title\">Pravilo desne ruke, kola\u017e, oko 1978<\/h3><p class=\"elementor-image-box-description\">Vojislav Despotov<\/p><\/div><\/div>\t\t\t\t<\/div>\n\t\t\t\t<\/div>\n\t\t\t\t<\/div>\n\t\t<div class=\"elementor-element elementor-element-0b787e9 e-con-full e-flex e-con e-child\" data-id=\"0b787e9\" data-element_type=\"container\" data-e-type=\"container\">\n\t\t\t\t<div class=\"elementor-element elementor-element-5aa1654 elementor-widget elementor-widget-image\" data-id=\"5aa1654\" data-element_type=\"widget\" data-e-type=\"widget\" data-widget_type=\"image.default\">\n\t\t\t\t<div class=\"elementor-widget-container\">\n\t\t\t\t\t\t\t\t\t\t\t\t\t\t\t\t<a href=\"https:\/\/msuv.org\/wp-content\/uploads\/2024\/06\/14.-Katalin-Ladik-Poemin-video-1980.jpg\" data-elementor-open-lightbox=\"yes\" data-elementor-lightbox-title=\"Katalin Ladik\" data-e-action-hash=\"#elementor-action%3Aaction%3Dlightbox%26settings%3DeyJpZCI6NjQwMiwidXJsIjoiaHR0cHM6XC9cL21zdXYub3JnXC93cC1jb250ZW50XC91cGxvYWRzXC8yMDI0XC8wNlwvMTQuLUthdGFsaW4tTGFkaWstUG9lbWluLXZpZGVvLTE5ODAuanBnIn0%3D\">\n\t\t\t\t\t\t\t<img loading=\"lazy\" decoding=\"async\" width=\"164\" height=\"109\" src=\"https:\/\/msuv.org\/wp-content\/uploads\/2024\/06\/14.-Katalin-Ladik-Poemin-video-1980.jpg\" class=\"attachment-large size-large wp-image-6402\" alt=\"katalin-ladik-poemin-video-1980\" srcset=\"https:\/\/msuv.org\/wp-content\/uploads\/2024\/06\/14.-Katalin-Ladik-Poemin-video-1980.jpg 164w, https:\/\/msuv.org\/wp-content\/uploads\/2024\/06\/14.-Katalin-Ladik-Poemin-video-1980-18x12.jpg 18w\" sizes=\"(max-width: 164px) 100vw, 164px\" \/>\t\t\t\t\t\t\t\t<\/a>\n\t\t\t\t\t\t\t\t\t\t\t\t\t\t\t<\/div>\n\t\t\t\t<\/div>\n\t\t\t\t<div class=\"elementor-element elementor-element-4ce82e3 elementor-widget-mobile__width-inherit elementor-widget elementor-widget-image-box\" data-id=\"4ce82e3\" data-element_type=\"widget\" data-e-type=\"widget\" data-widget_type=\"image-box.default\">\n\t\t\t\t<div class=\"elementor-widget-container\">\n\t\t\t\t\t<div class=\"elementor-image-box-wrapper\"><div class=\"elementor-image-box-content\"><h3 class=\"elementor-image-box-title\">Poemin, video, 1980<\/h3><p class=\"elementor-image-box-description\">Katalin Ladik<\/p><\/div><\/div>\t\t\t\t<\/div>\n\t\t\t\t<\/div>\n\t\t\t\t<\/div>\n\t\t<div class=\"elementor-element elementor-element-c4d3deb e-con-full e-flex e-con e-child\" data-id=\"c4d3deb\" data-element_type=\"container\" data-e-type=\"container\">\n\t\t\t\t<div class=\"elementor-element elementor-element-31ebf74 elementor-widget elementor-widget-image\" data-id=\"31ebf74\" data-element_type=\"widget\" data-e-type=\"widget\" data-widget_type=\"image.default\">\n\t\t\t\t<div class=\"elementor-widget-container\">\n\t\t\t\t\t\t\t\t\t\t\t\t\t\t\t\t<a href=\"https:\/\/msuv.org\/wp-content\/uploads\/2024\/06\/15.-Slavko-Matkovic-Lice-telesna-akcija-1981.jpg\" data-elementor-open-lightbox=\"yes\" data-elementor-lightbox-title=\"Slavko Matkovi\u0107\" data-e-action-hash=\"#elementor-action%3Aaction%3Dlightbox%26settings%3DeyJpZCI6NjQwMywidXJsIjoiaHR0cHM6XC9cL21zdXYub3JnXC93cC1jb250ZW50XC91cGxvYWRzXC8yMDI0XC8wNlwvMTUuLVNsYXZrby1NYXRrb3ZpYy1MaWNlLXRlbGVzbmEtYWtjaWphLTE5ODEuanBnIn0%3D\">\n\t\t\t\t\t\t\t<img loading=\"lazy\" decoding=\"async\" width=\"722\" height=\"513\" src=\"https:\/\/msuv.org\/wp-content\/uploads\/2024\/06\/15.-Slavko-Matkovic-Lice-telesna-akcija-1981.jpg\" class=\"attachment-large size-large wp-image-6403\" alt=\"slavko-matkovi-lice-telesna-akcija-1981\" srcset=\"https:\/\/msuv.org\/wp-content\/uploads\/2024\/06\/15.-Slavko-Matkovic-Lice-telesna-akcija-1981.jpg 722w, https:\/\/msuv.org\/wp-content\/uploads\/2024\/06\/15.-Slavko-Matkovic-Lice-telesna-akcija-1981-300x213.jpg 300w, https:\/\/msuv.org\/wp-content\/uploads\/2024\/06\/15.-Slavko-Matkovic-Lice-telesna-akcija-1981-18x12.jpg 18w\" sizes=\"(max-width: 722px) 100vw, 722px\" \/>\t\t\t\t\t\t\t\t<\/a>\n\t\t\t\t\t\t\t\t\t\t\t\t\t\t\t<\/div>\n\t\t\t\t<\/div>\n\t\t\t\t<div class=\"elementor-element elementor-element-ae0a8ab elementor-widget-mobile__width-inherit elementor-widget elementor-widget-image-box\" data-id=\"ae0a8ab\" data-element_type=\"widget\" data-e-type=\"widget\" data-widget_type=\"image-box.default\">\n\t\t\t\t<div class=\"elementor-widget-container\">\n\t\t\t\t\t<div class=\"elementor-image-box-wrapper\"><div class=\"elementor-image-box-content\"><h3 class=\"elementor-image-box-title\">Lice, telesna akcija, 1981<\/h3><p class=\"elementor-image-box-description\">Slavko Matkovi\u0107<\/p><\/div><\/div>\t\t\t\t<\/div>\n\t\t\t\t<\/div>\n\t\t\t\t<\/div>\n\t\t<div class=\"elementor-element elementor-element-bc581ef e-con-full e-flex e-con e-child\" data-id=\"bc581ef\" data-element_type=\"container\" data-e-type=\"container\">\n\t\t\t\t<div class=\"elementor-element elementor-element-87b326d elementor-widget elementor-widget-image\" data-id=\"87b326d\" data-element_type=\"widget\" data-e-type=\"widget\" data-widget_type=\"image.default\">\n\t\t\t\t<div class=\"elementor-widget-container\">\n\t\t\t\t\t\t\t\t\t\t\t\t\t\t\t\t<a href=\"https:\/\/msuv.org\/wp-content\/uploads\/2024\/06\/16.-Slavko-Matkovic-Ja-ovako-slikam-akrilik-na-kartonu-1984-scaled.jpg\" data-elementor-open-lightbox=\"yes\" data-elementor-lightbox-title=\"Slavko Matkovi\u0107\" data-e-action-hash=\"#elementor-action%3Aaction%3Dlightbox%26settings%3DeyJpZCI6NjQwNCwidXJsIjoiaHR0cHM6XC9cL21zdXYub3JnXC93cC1jb250ZW50XC91cGxvYWRzXC8yMDI0XC8wNlwvMTYuLVNsYXZrby1NYXRrb3ZpYy1KYS1vdmFrby1zbGlrYW0tYWtyaWxpay1uYS1rYXJ0b251LTE5ODQtc2NhbGVkLmpwZyJ9\">\n\t\t\t\t\t\t\t<img loading=\"lazy\" decoding=\"async\" width=\"741\" height=\"1024\" src=\"https:\/\/msuv.org\/wp-content\/uploads\/2024\/06\/16.-Slavko-Matkovic-Ja-ovako-slikam-akrilik-na-kartonu-1984-741x1024.jpg\" class=\"attachment-large size-large wp-image-6404\" alt=\"slavko-matkovi-ja-ovako-slikam-akrilik-na-kartonu-1984\" srcset=\"https:\/\/msuv.org\/wp-content\/uploads\/2024\/06\/16.-Slavko-Matkovic-Ja-ovako-slikam-akrilik-na-kartonu-1984-741x1024.jpg 741w, https:\/\/msuv.org\/wp-content\/uploads\/2024\/06\/16.-Slavko-Matkovic-Ja-ovako-slikam-akrilik-na-kartonu-1984-217x300.jpg 217w, https:\/\/msuv.org\/wp-content\/uploads\/2024\/06\/16.-Slavko-Matkovic-Ja-ovako-slikam-akrilik-na-kartonu-1984-768x1061.jpg 768w, https:\/\/msuv.org\/wp-content\/uploads\/2024\/06\/16.-Slavko-Matkovic-Ja-ovako-slikam-akrilik-na-kartonu-1984-1112x1536.jpg 1112w, https:\/\/msuv.org\/wp-content\/uploads\/2024\/06\/16.-Slavko-Matkovic-Ja-ovako-slikam-akrilik-na-kartonu-1984-1483x2048.jpg 1483w, https:\/\/msuv.org\/wp-content\/uploads\/2024\/06\/16.-Slavko-Matkovic-Ja-ovako-slikam-akrilik-na-kartonu-1984-9x12.jpg 9w, https:\/\/msuv.org\/wp-content\/uploads\/2024\/06\/16.-Slavko-Matkovic-Ja-ovako-slikam-akrilik-na-kartonu-1984-scaled.jpg 1853w\" sizes=\"(max-width: 741px) 100vw, 741px\" \/>\t\t\t\t\t\t\t\t<\/a>\n\t\t\t\t\t\t\t\t\t\t\t\t\t\t\t<\/div>\n\t\t\t\t<\/div>\n\t\t\t\t<div class=\"elementor-element elementor-element-3288921 elementor-widget-mobile__width-inherit elementor-widget elementor-widget-image-box\" data-id=\"3288921\" data-element_type=\"widget\" data-e-type=\"widget\" data-widget_type=\"image-box.default\">\n\t\t\t\t<div class=\"elementor-widget-container\">\n\t\t\t\t\t<div class=\"elementor-image-box-wrapper\"><div class=\"elementor-image-box-content\"><h3 class=\"elementor-image-box-title\">Ja ovako slikam, akrilik na kartonu, 1984<\/h3><p class=\"elementor-image-box-description\">Slavko Matkovi\u0107<\/p><\/div><\/div>\t\t\t\t<\/div>\n\t\t\t\t<\/div>\n\t\t\t\t<\/div>\n\t\t\t\t<\/div>\n\t\t<div class=\"elementor-element elementor-element-92aef7e e-con-full e-flex e-con e-child\" data-id=\"92aef7e\" data-element_type=\"container\" data-e-type=\"container\">\n\t\t<div class=\"elementor-element elementor-element-89d827d e-con-full e-flex e-con e-child\" data-id=\"89d827d\" data-element_type=\"container\" data-e-type=\"container\">\n\t\t\t\t<\/div>\n\t\t<div class=\"elementor-element elementor-element-fdc58a2 e-con-full e-flex e-con e-child\" data-id=\"fdc58a2\" data-element_type=\"container\" data-e-type=\"container\">\n\t\t\t\t<\/div>\n\t\t<div class=\"elementor-element elementor-element-c8be28e e-con-full e-flex e-con e-child\" data-id=\"c8be28e\" data-element_type=\"container\" data-e-type=\"container\">\n\t\t\t\t<\/div>\n\t\t<div class=\"elementor-element elementor-element-46cc74e e-con-full e-flex e-con e-child\" data-id=\"46cc74e\" data-element_type=\"container\" data-e-type=\"container\">\n\t\t\t\t<div class=\"elementor-element elementor-element-53cbf43 elementor-widget elementor-widget-image\" data-id=\"53cbf43\" data-element_type=\"widget\" data-e-type=\"widget\" data-widget_type=\"image.default\">\n\t\t\t\t<div class=\"elementor-widget-container\">\n\t\t\t\t\t\t\t\t\t\t\t\t\t\t\t\t<a href=\"https:\/\/msuv.org\/wp-content\/uploads\/2024\/06\/17.-Balint-Sombati-Zastave-2-performans-1995-scaled.jpg\" data-elementor-open-lightbox=\"yes\" data-elementor-lightbox-title=\"Balint Sombati\" data-e-action-hash=\"#elementor-action%3Aaction%3Dlightbox%26settings%3DeyJpZCI6NjQwNSwidXJsIjoiaHR0cHM6XC9cL21zdXYub3JnXC93cC1jb250ZW50XC91cGxvYWRzXC8yMDI0XC8wNlwvMTcuLUJhbGludC1Tb21iYXRpLVphc3RhdmUtMi1wZXJmb3JtYW5zLTE5OTUtc2NhbGVkLmpwZyJ9\">\n\t\t\t\t\t\t\t<img loading=\"lazy\" decoding=\"async\" width=\"768\" height=\"1155\" src=\"https:\/\/msuv.org\/wp-content\/uploads\/2024\/06\/17.-Balint-Sombati-Zastave-2-performans-1995-768x1155.jpg\" class=\"attachment-medium_large size-medium_large wp-image-6405\" alt=\"balint-sombati-zastave-2-performans-1995\" srcset=\"https:\/\/msuv.org\/wp-content\/uploads\/2024\/06\/17.-Balint-Sombati-Zastave-2-performans-1995-768x1155.jpg 768w, https:\/\/msuv.org\/wp-content\/uploads\/2024\/06\/17.-Balint-Sombati-Zastave-2-performans-1995-200x300.jpg 200w, https:\/\/msuv.org\/wp-content\/uploads\/2024\/06\/17.-Balint-Sombati-Zastave-2-performans-1995-681x1024.jpg 681w, https:\/\/msuv.org\/wp-content\/uploads\/2024\/06\/17.-Balint-Sombati-Zastave-2-performans-1995-1022x1536.jpg 1022w, https:\/\/msuv.org\/wp-content\/uploads\/2024\/06\/17.-Balint-Sombati-Zastave-2-performans-1995-1362x2048.jpg 1362w, https:\/\/msuv.org\/wp-content\/uploads\/2024\/06\/17.-Balint-Sombati-Zastave-2-performans-1995-8x12.jpg 8w, https:\/\/msuv.org\/wp-content\/uploads\/2024\/06\/17.-Balint-Sombati-Zastave-2-performans-1995-scaled.jpg 1703w\" sizes=\"(max-width: 768px) 100vw, 768px\" \/>\t\t\t\t\t\t\t\t<\/a>\n\t\t\t\t\t\t\t\t\t\t\t\t\t\t\t<\/div>\n\t\t\t\t<\/div>\n\t\t\t\t<div class=\"elementor-element elementor-element-07510a2 elementor-widget-mobile__width-inherit elementor-widget elementor-widget-image-box\" data-id=\"07510a2\" data-element_type=\"widget\" data-e-type=\"widget\" data-widget_type=\"image-box.default\">\n\t\t\t\t<div class=\"elementor-widget-container\">\n\t\t\t\t\t<div class=\"elementor-image-box-wrapper\"><div class=\"elementor-image-box-content\"><h3 class=\"elementor-image-box-title\">Zastave 2, performans, 1995<\/h3><p class=\"elementor-image-box-description\">Balint Sombati<\/p><\/div><\/div>\t\t\t\t<\/div>\n\t\t\t\t<\/div>\n\t\t\t\t<\/div>\n\t\t\t\t<\/div>\n\t\t\t\t<\/div>\n\t\t","protected":false},"excerpt":{"rendered":"<p>Instagram Icon Facebook Youtube Zbirka konceptualne umetnosti Zbirka konceptualne umetnosti kolekcionira, afirmi\u0161e i prezentuje radove vojvo\u0111anskih i jugoslovenskih neoavangardnih i konceptualnih umetnika 1960-ih i 1970-ih kao i odjeke te umetnosti kroz post i neo-konceptualisti\u010dke prakse sve do danas. Sadr\u017ei vi\u0161e stotina radova umetnika i umetnica me\u0111u kojima su i: Slavko Matkovi\u0107, Balint Sombati,Bogdanka Poznanovi\u0107, Katalin [&hellip;]<\/p>\n","protected":false},"author":1,"featured_media":0,"parent":0,"menu_order":0,"comment_status":"closed","ping_status":"closed","template":"elementor_header_footer","meta":{"footnotes":""},"class_list":["post-6382","page","type-page","status-publish","hentry"],"yoast_head":"<!-- This site is optimized with the Yoast SEO plugin v27.4 - https:\/\/yoast.com\/product\/yoast-seo-wordpress\/ -->\n<title>Zbirka konceptualne umetnosti - Muzej savremene umetnosti Vojvodine<\/title>\n<meta name=\"robots\" content=\"index, follow, max-snippet:-1, max-image-preview:large, max-video-preview:-1\" \/>\n<link rel=\"canonical\" href=\"https:\/\/msuv.org\/en\/zbirka-konceptualne-umetnosti\/\" \/>\n<meta property=\"og:locale\" content=\"en_US\" \/>\n<meta property=\"og:type\" content=\"article\" \/>\n<meta property=\"og:title\" content=\"Zbirka konceptualne umetnosti - Muzej savremene umetnosti Vojvodine\" \/>\n<meta property=\"og:description\" content=\"Instagram Icon Facebook Youtube Zbirka konceptualne umetnosti Zbirka konceptualne umetnosti kolekcionira, afirmi\u0161e i prezentuje radove vojvo\u0111anskih i jugoslovenskih neoavangardnih i konceptualnih umetnika 1960-ih i 1970-ih kao i odjeke te umetnosti kroz post i neo-konceptualisti\u010dke prakse sve do danas. Sadr\u017ei vi\u0161e stotina radova umetnika i umetnica me\u0111u kojima su i: Slavko Matkovi\u0107, Balint Sombati,Bogdanka Poznanovi\u0107, Katalin [&hellip;]\" \/>\n<meta property=\"og:url\" content=\"https:\/\/msuv.org\/en\/zbirka-konceptualne-umetnosti\/\" \/>\n<meta property=\"og:site_name\" content=\"Muzej savremene umetnosti Vojvodine\" \/>\n<meta property=\"article:modified_time\" content=\"2025-07-10T09:48:54+00:00\" \/>\n<meta property=\"og:image\" content=\"https:\/\/msuv.org\/wp-content\/uploads\/2024\/06\/1-vujica-resin-tuci-moje-menstruacije-foto-performans-1968.jpg\" \/>\n\t<meta property=\"og:image:width\" content=\"595\" \/>\n\t<meta property=\"og:image:height\" content=\"764\" \/>\n\t<meta property=\"og:image:type\" content=\"image\/jpeg\" \/>\n<meta name=\"twitter:card\" content=\"summary_large_image\" \/>\n<meta name=\"twitter:label1\" content=\"Est. reading time\" \/>\n\t<meta name=\"twitter:data1\" content=\"5 minutes\" \/>\n<script type=\"application\/ld+json\" class=\"yoast-schema-graph\">{\"@context\":\"https:\\\/\\\/schema.org\",\"@graph\":[{\"@type\":\"WebPage\",\"@id\":\"https:\\\/\\\/msuv.org\\\/zbirka-konceptualne-umetnosti\\\/\",\"url\":\"https:\\\/\\\/msuv.org\\\/zbirka-konceptualne-umetnosti\\\/\",\"name\":\"Zbirka konceptualne umetnosti - Muzej savremene umetnosti Vojvodine\",\"isPartOf\":{\"@id\":\"https:\\\/\\\/msuv.org\\\/#website\"},\"primaryImageOfPage\":{\"@id\":\"https:\\\/\\\/msuv.org\\\/zbirka-konceptualne-umetnosti\\\/#primaryimage\"},\"image\":{\"@id\":\"https:\\\/\\\/msuv.org\\\/zbirka-konceptualne-umetnosti\\\/#primaryimage\"},\"thumbnailUrl\":\"https:\\\/\\\/msuv.org\\\/wp-content\\\/uploads\\\/2024\\\/06\\\/1-vujica-resin-tuci-moje-menstruacije-foto-performans-1968.jpg\",\"datePublished\":\"2024-06-04T14:55:09+00:00\",\"dateModified\":\"2025-07-10T09:48:54+00:00\",\"breadcrumb\":{\"@id\":\"https:\\\/\\\/msuv.org\\\/zbirka-konceptualne-umetnosti\\\/#breadcrumb\"},\"inLanguage\":\"en-US\",\"potentialAction\":[{\"@type\":\"ReadAction\",\"target\":[\"https:\\\/\\\/msuv.org\\\/zbirka-konceptualne-umetnosti\\\/\"]}]},{\"@type\":\"ImageObject\",\"inLanguage\":\"en-US\",\"@id\":\"https:\\\/\\\/msuv.org\\\/zbirka-konceptualne-umetnosti\\\/#primaryimage\",\"url\":\"https:\\\/\\\/msuv.org\\\/wp-content\\\/uploads\\\/2024\\\/06\\\/1-vujica-resin-tuci-moje-menstruacije-foto-performans-1968.jpg\",\"contentUrl\":\"https:\\\/\\\/msuv.org\\\/wp-content\\\/uploads\\\/2024\\\/06\\\/1-vujica-resin-tuci-moje-menstruacije-foto-performans-1968.jpg\"},{\"@type\":\"BreadcrumbList\",\"@id\":\"https:\\\/\\\/msuv.org\\\/zbirka-konceptualne-umetnosti\\\/#breadcrumb\",\"itemListElement\":[{\"@type\":\"ListItem\",\"position\":1,\"name\":\"Home\",\"item\":\"https:\\\/\\\/msuv.org\\\/\"},{\"@type\":\"ListItem\",\"position\":2,\"name\":\"Zbirka konceptualne umetnosti\"}]},{\"@type\":\"WebSite\",\"@id\":\"https:\\\/\\\/msuv.org\\\/#website\",\"url\":\"https:\\\/\\\/msuv.org\\\/\",\"name\":\"Muzej savremene umetnosti Vojvodine\",\"description\":\"\",\"publisher\":{\"@id\":\"https:\\\/\\\/msuv.org\\\/#organization\"},\"potentialAction\":[{\"@type\":\"SearchAction\",\"target\":{\"@type\":\"EntryPoint\",\"urlTemplate\":\"https:\\\/\\\/msuv.org\\\/?s={search_term_string}\"},\"query-input\":{\"@type\":\"PropertyValueSpecification\",\"valueRequired\":true,\"valueName\":\"search_term_string\"}}],\"inLanguage\":\"en-US\"},{\"@type\":\"Organization\",\"@id\":\"https:\\\/\\\/msuv.org\\\/#organization\",\"name\":\"Muzej savremene umetnosti Vojvodine\",\"url\":\"https:\\\/\\\/msuv.org\\\/\",\"logo\":{\"@type\":\"ImageObject\",\"inLanguage\":\"en-US\",\"@id\":\"https:\\\/\\\/msuv.org\\\/#\\\/schema\\\/logo\\\/image\\\/\",\"url\":\"https:\\\/\\\/msuv.org\\\/wp-content\\\/uploads\\\/2023\\\/11\\\/srpski-logo.png\",\"contentUrl\":\"https:\\\/\\\/msuv.org\\\/wp-content\\\/uploads\\\/2023\\\/11\\\/srpski-logo.png\",\"width\":872,\"height\":117,\"caption\":\"Muzej savremene umetnosti Vojvodine\"},\"image\":{\"@id\":\"https:\\\/\\\/msuv.org\\\/#\\\/schema\\\/logo\\\/image\\\/\"}}]}<\/script>\n<!-- \/ Yoast SEO plugin. -->","yoast_head_json":{"title":"Zbirka konceptualne umetnosti - Muzej savremene umetnosti Vojvodine","robots":{"index":"index","follow":"follow","max-snippet":"max-snippet:-1","max-image-preview":"max-image-preview:large","max-video-preview":"max-video-preview:-1"},"canonical":"https:\/\/msuv.org\/en\/zbirka-konceptualne-umetnosti\/","og_locale":"en_US","og_type":"article","og_title":"Zbirka konceptualne umetnosti - Muzej savremene umetnosti Vojvodine","og_description":"Instagram Icon Facebook Youtube Zbirka konceptualne umetnosti Zbirka konceptualne umetnosti kolekcionira, afirmi\u0161e i prezentuje radove vojvo\u0111anskih i jugoslovenskih neoavangardnih i konceptualnih umetnika 1960-ih i 1970-ih kao i odjeke te umetnosti kroz post i neo-konceptualisti\u010dke prakse sve do danas. Sadr\u017ei vi\u0161e stotina radova umetnika i umetnica me\u0111u kojima su i: Slavko Matkovi\u0107, Balint Sombati,Bogdanka Poznanovi\u0107, Katalin [&hellip;]","og_url":"https:\/\/msuv.org\/en\/zbirka-konceptualne-umetnosti\/","og_site_name":"Muzej savremene umetnosti Vojvodine","article_modified_time":"2025-07-10T09:48:54+00:00","og_image":[{"width":595,"height":764,"url":"https:\/\/msuv.org\/wp-content\/uploads\/2024\/06\/1-vujica-resin-tuci-moje-menstruacije-foto-performans-1968.jpg","type":"image\/jpeg"}],"twitter_card":"summary_large_image","twitter_misc":{"Est. reading time":"5 minutes"},"schema":{"@context":"https:\/\/schema.org","@graph":[{"@type":"WebPage","@id":"https:\/\/msuv.org\/zbirka-konceptualne-umetnosti\/","url":"https:\/\/msuv.org\/zbirka-konceptualne-umetnosti\/","name":"Zbirka konceptualne umetnosti - Muzej savremene umetnosti Vojvodine","isPartOf":{"@id":"https:\/\/msuv.org\/#website"},"primaryImageOfPage":{"@id":"https:\/\/msuv.org\/zbirka-konceptualne-umetnosti\/#primaryimage"},"image":{"@id":"https:\/\/msuv.org\/zbirka-konceptualne-umetnosti\/#primaryimage"},"thumbnailUrl":"https:\/\/msuv.org\/wp-content\/uploads\/2024\/06\/1-vujica-resin-tuci-moje-menstruacije-foto-performans-1968.jpg","datePublished":"2024-06-04T14:55:09+00:00","dateModified":"2025-07-10T09:48:54+00:00","breadcrumb":{"@id":"https:\/\/msuv.org\/zbirka-konceptualne-umetnosti\/#breadcrumb"},"inLanguage":"en-US","potentialAction":[{"@type":"ReadAction","target":["https:\/\/msuv.org\/zbirka-konceptualne-umetnosti\/"]}]},{"@type":"ImageObject","inLanguage":"en-US","@id":"https:\/\/msuv.org\/zbirka-konceptualne-umetnosti\/#primaryimage","url":"https:\/\/msuv.org\/wp-content\/uploads\/2024\/06\/1-vujica-resin-tuci-moje-menstruacije-foto-performans-1968.jpg","contentUrl":"https:\/\/msuv.org\/wp-content\/uploads\/2024\/06\/1-vujica-resin-tuci-moje-menstruacije-foto-performans-1968.jpg"},{"@type":"BreadcrumbList","@id":"https:\/\/msuv.org\/zbirka-konceptualne-umetnosti\/#breadcrumb","itemListElement":[{"@type":"ListItem","position":1,"name":"Home","item":"https:\/\/msuv.org\/"},{"@type":"ListItem","position":2,"name":"Zbirka konceptualne umetnosti"}]},{"@type":"WebSite","@id":"https:\/\/msuv.org\/#website","url":"https:\/\/msuv.org\/","name":"Muzej savremene umetnosti Vojvodine","description":"","publisher":{"@id":"https:\/\/msuv.org\/#organization"},"potentialAction":[{"@type":"SearchAction","target":{"@type":"EntryPoint","urlTemplate":"https:\/\/msuv.org\/?s={search_term_string}"},"query-input":{"@type":"PropertyValueSpecification","valueRequired":true,"valueName":"search_term_string"}}],"inLanguage":"en-US"},{"@type":"Organization","@id":"https:\/\/msuv.org\/#organization","name":"Muzej savremene umetnosti Vojvodine","url":"https:\/\/msuv.org\/","logo":{"@type":"ImageObject","inLanguage":"en-US","@id":"https:\/\/msuv.org\/#\/schema\/logo\/image\/","url":"https:\/\/msuv.org\/wp-content\/uploads\/2023\/11\/srpski-logo.png","contentUrl":"https:\/\/msuv.org\/wp-content\/uploads\/2023\/11\/srpski-logo.png","width":872,"height":117,"caption":"Muzej savremene umetnosti Vojvodine"},"image":{"@id":"https:\/\/msuv.org\/#\/schema\/logo\/image\/"}}]}},"_links":{"self":[{"href":"https:\/\/msuv.org\/en\/wp-json\/wp\/v2\/pages\/6382","targetHints":{"allow":["GET"]}}],"collection":[{"href":"https:\/\/msuv.org\/en\/wp-json\/wp\/v2\/pages"}],"about":[{"href":"https:\/\/msuv.org\/en\/wp-json\/wp\/v2\/types\/page"}],"author":[{"embeddable":true,"href":"https:\/\/msuv.org\/en\/wp-json\/wp\/v2\/users\/1"}],"replies":[{"embeddable":true,"href":"https:\/\/msuv.org\/en\/wp-json\/wp\/v2\/comments?post=6382"}],"version-history":[{"count":36,"href":"https:\/\/msuv.org\/en\/wp-json\/wp\/v2\/pages\/6382\/revisions"}],"predecessor-version":[{"id":8189,"href":"https:\/\/msuv.org\/en\/wp-json\/wp\/v2\/pages\/6382\/revisions\/8189"}],"wp:attachment":[{"href":"https:\/\/msuv.org\/en\/wp-json\/wp\/v2\/media?parent=6382"}],"curies":[{"name":"wp","href":"https:\/\/api.w.org\/{rel}","templated":true}]}}