{"id":5776,"date":"2024-04-07T19:02:16","date_gmt":"2024-04-07T19:02:16","guid":{"rendered":"https:\/\/msuv.org\/?page_id=5776"},"modified":"2024-06-30T18:34:07","modified_gmt":"2024-06-30T18:34:07","slug":"zbirka-skulptura-objekata-i-instalacija","status":"publish","type":"page","link":"https:\/\/msuv.org\/en\/zbirka-skulptura-objekata-i-instalacija\/","title":{"rendered":"Collection of Sculptures, Objects and Installations"},"content":{"rendered":"\t\t<div data-elementor-type=\"wp-page\" data-elementor-id=\"5776\" class=\"elementor elementor-5776\" data-elementor-post-type=\"page\">\n\t\t\t\t<div class=\"elementor-element elementor-element-ae48434 e-con-full e-flex e-con e-parent\" data-id=\"ae48434\" data-element_type=\"container\" data-e-type=\"container\" data-settings=\"{&quot;background_background&quot;:&quot;classic&quot;}\">\n\t\t\t\t<div class=\"elementor-element elementor-element-b658a23 elementor-grid-1 e-grid-align-left elementor-widget__width-auto elementor-fixed elementor-hidden-mobile elementor-hidden-tablet elementor-shape-rounded elementor-widget elementor-widget-social-icons\" data-id=\"b658a23\" data-element_type=\"widget\" data-e-type=\"widget\" data-settings=\"{&quot;_position&quot;:&quot;fixed&quot;,&quot;motion_fx_opacity_range&quot;:{&quot;unit&quot;:&quot;%&quot;,&quot;size&quot;:&quot;&quot;,&quot;sizes&quot;:{&quot;start&quot;:15,&quot;end&quot;:22}},&quot;motion_fx_motion_fx_scrolling&quot;:&quot;yes&quot;,&quot;motion_fx_opacity_effect&quot;:&quot;yes&quot;,&quot;motion_fx_opacity_direction&quot;:&quot;out-in&quot;,&quot;motion_fx_opacity_level&quot;:{&quot;unit&quot;:&quot;px&quot;,&quot;size&quot;:10,&quot;sizes&quot;:[]},&quot;motion_fx_devices&quot;:[&quot;widescreen&quot;,&quot;desktop&quot;,&quot;laptop&quot;,&quot;tablet&quot;,&quot;mobile&quot;]}\" data-widget_type=\"social-icons.default\">\n\t\t\t\t<div class=\"elementor-widget-container\">\n\t\t\t\t\t\t\t<div class=\"elementor-social-icons-wrapper elementor-grid\" role=\"list\">\n\t\t\t\t\t\t\t<span class=\"elementor-grid-item\" role=\"listitem\">\n\t\t\t\t\t<a class=\"elementor-icon elementor-social-icon elementor-social-icon-instagram icon elementor-animation-grow elementor-repeater-item-256705b\" href=\"https:\/\/www.instagram.com\/msuv_novisad\/\" target=\"_blank\">\n\t\t\t\t\t\t<span class=\"elementor-screen-only\">Instagram Icon<\/span>\n\t\t\t\t\t\t<svg xmlns=\"http:\/\/www.w3.org\/2000\/svg\" xmlns:xlink=\"http:\/\/www.w3.org\/1999\/xlink\" id=\"Layer_1\" x=\"0px\" y=\"0px\" viewBox=\"0 0 511.03 511.03\" style=\"enable-background:new 0 0 511.03 511.03;\" xml:space=\"preserve\"><g>\t<path d=\"M499.86,255.47c0,44.86,0.19,89.72-0.05,134.57c-0.29,53.51-35.46,96.73-87.49,107.59c-7.41,1.55-15.15,2.1-22.73,2.11  c-89.35,0.14-178.7,0.22-268.05,0.04c-53.85-0.11-97.34-35.37-108.2-87.48c-1.51-7.22-2.08-14.76-2.09-22.16  c-0.14-89.72-0.25-179.43-0.03-269.15c0.13-53.37,35.55-96.77,87.5-107.6c7.41-1.54,15.15-2.09,22.73-2.1  c89.35-0.14,178.7-0.21,268.05-0.05c53.83,0.1,97.32,35.29,108.15,87.5c1.69,8.14,2.09,16.66,2.13,25.01  C499.97,167.66,499.86,211.56,499.86,255.47z M413.8,255.59c0.05-87.24-70.54-158.03-157.81-158.26  C168.43,97.09,97.4,167.73,97.22,255.2c-0.18,87.45,70.63,158.47,158.1,158.56C342.83,413.86,413.75,343.08,413.8,255.59z   M450.64,92.52c-0.03-18.6-14.87-33.45-33.42-33.44c-18.52,0.01-33.41,14.89-33.44,33.43c-0.03,18.42,15.02,33.49,33.44,33.48  C435.73,125.98,450.67,111.01,450.64,92.52z\"><\/path>\t<path d=\"M345.15,255.31c0.11,49.55-39.66,89.6-89.23,89.84c-49.73,0.25-89.96-39.86-89.96-89.66c0.01-49.58,39.9-89.49,89.49-89.51  C305.06,165.95,345.04,205.76,345.15,255.31z\"><\/path><\/g><\/svg>\t\t\t\t\t<\/a>\n\t\t\t\t<\/span>\n\t\t\t\t\t\t\t<span class=\"elementor-grid-item\" role=\"listitem\">\n\t\t\t\t\t<a class=\"elementor-icon elementor-social-icon elementor-social-icon-facebook elementor-animation-grow elementor-repeater-item-fdd3169\" href=\"https:\/\/www.facebook.com\/MsuvNoviSad\/\" target=\"_blank\">\n\t\t\t\t\t\t<span class=\"elementor-screen-only\">Facebook<\/span>\n\t\t\t\t\t\t<svg aria-hidden=\"true\" class=\"e-font-icon-svg e-fab-facebook\" viewBox=\"0 0 512 512\" xmlns=\"http:\/\/www.w3.org\/2000\/svg\"><path d=\"M504 256C504 119 393 8 256 8S8 119 8 256c0 123.78 90.69 226.38 209.25 245V327.69h-63V256h63v-54.64c0-62.15 37-96.48 93.67-96.48 27.14 0 55.52 4.84 55.52 4.84v61h-31.28c-30.8 0-40.41 19.12-40.41 38.73V256h68.78l-11 71.69h-57.78V501C413.31 482.38 504 379.78 504 256z\"><\/path><\/svg>\t\t\t\t\t<\/a>\n\t\t\t\t<\/span>\n\t\t\t\t\t\t\t<span class=\"elementor-grid-item\" role=\"listitem\">\n\t\t\t\t\t<a class=\"elementor-icon elementor-social-icon elementor-social-icon-youtube elementor-animation-grow elementor-repeater-item-64aa097\" href=\"https:\/\/www.youtube.com\/@MSUV_NoviSad\" target=\"_blank\">\n\t\t\t\t\t\t<span class=\"elementor-screen-only\">Youtube<\/span>\n\t\t\t\t\t\t<svg aria-hidden=\"true\" class=\"e-font-icon-svg e-fab-youtube\" viewBox=\"0 0 576 512\" xmlns=\"http:\/\/www.w3.org\/2000\/svg\"><path d=\"M549.655 124.083c-6.281-23.65-24.787-42.276-48.284-48.597C458.781 64 288 64 288 64S117.22 64 74.629 75.486c-23.497 6.322-42.003 24.947-48.284 48.597-11.412 42.867-11.412 132.305-11.412 132.305s0 89.438 11.412 132.305c6.281 23.65 24.787 41.5 48.284 47.821C117.22 448 288 448 288 448s170.78 0 213.371-11.486c23.497-6.321 42.003-24.171 48.284-47.821 11.412-42.867 11.412-132.305 11.412-132.305s0-89.438-11.412-132.305zm-317.51 213.508V175.185l142.739 81.205-142.739 81.201z\"><\/path><\/svg>\t\t\t\t\t<\/a>\n\t\t\t\t<\/span>\n\t\t\t\t\t<\/div>\n\t\t\t\t\t\t<\/div>\n\t\t\t\t<\/div>\n\t\t<div class=\"elementor-element elementor-element-7c62a6b e-con-full e-flex e-con e-child\" data-id=\"7c62a6b\" data-element_type=\"container\" data-e-type=\"container\">\n\t\t\t\t<div class=\"elementor-element elementor-element-70c4254 elementor-widget elementor-widget-heading\" data-id=\"70c4254\" data-element_type=\"widget\" data-e-type=\"widget\" data-widget_type=\"heading.default\">\n\t\t\t\t<div class=\"elementor-widget-container\">\n\t\t\t\t\t<h2 class=\"elementor-heading-title elementor-size-default\">Zbirka skulptura, objekata i instalacija<\/h2>\t\t\t\t<\/div>\n\t\t\t\t<\/div>\n\t\t\t\t<\/div>\n\t\t<div class=\"elementor-element elementor-element-c6650f9 e-con-full e-flex e-con e-child\" data-id=\"c6650f9\" data-element_type=\"container\" data-e-type=\"container\">\n\t\t\t\t<div class=\"elementor-element elementor-element-72a6df8 elementor-widget-tablet__width-inherit elementor-widget elementor-widget-text-editor\" data-id=\"72a6df8\" data-element_type=\"widget\" data-e-type=\"widget\" data-widget_type=\"text-editor.default\">\n\t\t\t\t<div class=\"elementor-widget-container\">\n\t\t\t\t\t\t\t\t\t<p>Zbirka skulptura, objekata i instalacija MSUV formirana je 2005. i u njoj su zastupljene umetnice i umetnici kako iz Vojvodine i Srbije, tako i sa prostora biv\u0161e Jugoslavije i iz regiona. Umetni\u010dki radovi koji se \u010duvaju u Zbirci pokrivaju period od kraja \u0161ezdesetih godina 20. do prvih decenija 21. veka, reflektuju\u0107i istorijski i umetni\u010dki razvoj skulpture u okvirima modernisti\u010dkih, neokonceptualnih i postmodernisti\u010dkih tendencija. Formiranje Umetni\u010dke zbirke Galerije savremene likovne umetnosti, odmah po osnivanju 1966, zapo\u010delo je otkupom upravo jedne skulpture. U pitanju je rad Nikole Antova, \u201cMaska\u201d iz 1966-67, koji nosi inventarni br. 1<\/p>\t\t\t\t\t\t\t\t<\/div>\n\t\t\t\t<\/div>\n\t\t\t\t<\/div>\n\t\t\t\t<\/div>\n\t\t<div class=\"elementor-element elementor-element-75b9b3e e-con-full e-flex e-con e-child\" data-id=\"75b9b3e\" data-element_type=\"container\" data-e-type=\"container\">\n\t\t<div class=\"elementor-element elementor-element-996d22a e-con-full e-flex e-con e-child\" data-id=\"996d22a\" data-element_type=\"container\" data-e-type=\"container\">\n\t\t\t\t<div class=\"elementor-element elementor-element-efa32de elementor-widget elementor-widget-image\" data-id=\"efa32de\" data-element_type=\"widget\" data-e-type=\"widget\" data-widget_type=\"image.default\">\n\t\t\t\t<div class=\"elementor-widget-container\">\n\t\t\t\t\t\t\t\t\t\t\t\t\t\t\t\t<a href=\"https:\/\/msuv.org\/wp-content\/uploads\/2024\/06\/1-olga-jevri-portret-olge-jani-1953-scaled.jpg\" data-elementor-open-lightbox=\"yes\" data-elementor-lightbox-title=\"Olga Jevri\u0107\" data-e-action-hash=\"#elementor-action%3Aaction%3Dlightbox%26settings%3DeyJpZCI6NjQzNSwidXJsIjoiaHR0cHM6XC9cL21zdXYub3JnXC93cC1jb250ZW50XC91cGxvYWRzXC8yMDI0XC8wNlwvMS1vbGdhLWpldnJpLXBvcnRyZXQtb2xnZS1qYW5pLTE5NTMtc2NhbGVkLmpwZyJ9\">\n\t\t\t\t\t\t\t<img fetchpriority=\"high\" decoding=\"async\" width=\"728\" height=\"1024\" src=\"https:\/\/msuv.org\/wp-content\/uploads\/2024\/06\/1-olga-jevri-portret-olge-jani-1953-728x1024.jpg\" class=\"attachment-large size-large wp-image-6435\" alt=\"olga-jevri-portret-olge-jani-1953\" srcset=\"https:\/\/msuv.org\/wp-content\/uploads\/2024\/06\/1-olga-jevri-portret-olge-jani-1953-728x1024.jpg 728w, https:\/\/msuv.org\/wp-content\/uploads\/2024\/06\/1-olga-jevri-portret-olge-jani-1953-213x300.jpg 213w, https:\/\/msuv.org\/wp-content\/uploads\/2024\/06\/1-olga-jevri-portret-olge-jani-1953-768x1081.jpg 768w, https:\/\/msuv.org\/wp-content\/uploads\/2024\/06\/1-olga-jevri-portret-olge-jani-1953-1091x1536.jpg 1091w, https:\/\/msuv.org\/wp-content\/uploads\/2024\/06\/1-olga-jevri-portret-olge-jani-1953-1455x2048.jpg 1455w, https:\/\/msuv.org\/wp-content\/uploads\/2024\/06\/1-olga-jevri-portret-olge-jani-1953-9x12.jpg 9w, https:\/\/msuv.org\/wp-content\/uploads\/2024\/06\/1-olga-jevri-portret-olge-jani-1953-scaled.jpg 1819w\" sizes=\"(max-width: 728px) 100vw, 728px\" \/>\t\t\t\t\t\t\t\t<\/a>\n\t\t\t\t\t\t\t\t\t\t\t\t\t\t\t<\/div>\n\t\t\t\t<\/div>\n\t\t\t\t<div class=\"elementor-element elementor-element-c8ee5b7 elementor-widget-mobile__width-inherit elementor-widget elementor-widget-image-box\" data-id=\"c8ee5b7\" data-element_type=\"widget\" data-e-type=\"widget\" data-widget_type=\"image-box.default\">\n\t\t\t\t<div class=\"elementor-widget-container\">\n\t\t\t\t\t<div class=\"elementor-image-box-wrapper\"><div class=\"elementor-image-box-content\"><h3 class=\"elementor-image-box-title\">Portret Olge Jan\u010di\u0107, 1953.<\/h3><p class=\"elementor-image-box-description\">Olga Jevri\u0107<\/p><\/div><\/div>\t\t\t\t<\/div>\n\t\t\t\t<\/div>\n\t\t\t\t<\/div>\n\t\t<div class=\"elementor-element elementor-element-c23e9cf e-con-full e-flex e-con e-child\" data-id=\"c23e9cf\" data-element_type=\"container\" data-e-type=\"container\">\n\t\t\t\t<div class=\"elementor-element elementor-element-8aad6e3 elementor-widget elementor-widget-image\" data-id=\"8aad6e3\" data-element_type=\"widget\" data-e-type=\"widget\" data-widget_type=\"image.default\">\n\t\t\t\t<div class=\"elementor-widget-container\">\n\t\t\t\t\t\t\t\t\t\t\t\t\t\t\t\t<a href=\"https:\/\/msuv.org\/wp-content\/uploads\/2024\/06\/2-jovan-soldatovi-don-kihot-1970-bronza-95x87x225-cm-scaled.jpg\" data-elementor-open-lightbox=\"yes\" data-elementor-lightbox-title=\"Don Kihot, 1970.\" data-e-action-hash=\"#elementor-action%3Aaction%3Dlightbox%26settings%3DeyJpZCI6NjQzNiwidXJsIjoiaHR0cHM6XC9cL21zdXYub3JnXC93cC1jb250ZW50XC91cGxvYWRzXC8yMDI0XC8wNlwvMi1qb3Zhbi1zb2xkYXRvdmktZG9uLWtpaG90LTE5NzAtYnJvbnphLTk1eDg3eDIyNS1jbS1zY2FsZWQuanBnIn0%3D\">\n\t\t\t\t\t\t\t<img decoding=\"async\" width=\"788\" height=\"1024\" src=\"https:\/\/msuv.org\/wp-content\/uploads\/2024\/06\/2-jovan-soldatovi-don-kihot-1970-bronza-95x87x225-cm-788x1024.jpg\" class=\"attachment-large size-large wp-image-6436\" alt=\"jovan-soldatovi-don-kihot-1970\" srcset=\"https:\/\/msuv.org\/wp-content\/uploads\/2024\/06\/2-jovan-soldatovi-don-kihot-1970-bronza-95x87x225-cm-788x1024.jpg 788w, https:\/\/msuv.org\/wp-content\/uploads\/2024\/06\/2-jovan-soldatovi-don-kihot-1970-bronza-95x87x225-cm-231x300.jpg 231w, https:\/\/msuv.org\/wp-content\/uploads\/2024\/06\/2-jovan-soldatovi-don-kihot-1970-bronza-95x87x225-cm-768x998.jpg 768w, https:\/\/msuv.org\/wp-content\/uploads\/2024\/06\/2-jovan-soldatovi-don-kihot-1970-bronza-95x87x225-cm-1182x1536.jpg 1182w, https:\/\/msuv.org\/wp-content\/uploads\/2024\/06\/2-jovan-soldatovi-don-kihot-1970-bronza-95x87x225-cm-1576x2048.jpg 1576w, https:\/\/msuv.org\/wp-content\/uploads\/2024\/06\/2-jovan-soldatovi-don-kihot-1970-bronza-95x87x225-cm-9x12.jpg 9w, https:\/\/msuv.org\/wp-content\/uploads\/2024\/06\/2-jovan-soldatovi-don-kihot-1970-bronza-95x87x225-cm-scaled.jpg 1970w\" sizes=\"(max-width: 788px) 100vw, 788px\" \/>\t\t\t\t\t\t\t\t<\/a>\n\t\t\t\t\t\t\t\t\t\t\t\t\t\t\t<\/div>\n\t\t\t\t<\/div>\n\t\t\t\t<div class=\"elementor-element elementor-element-14ae70b elementor-widget-mobile__width-inherit elementor-widget elementor-widget-image-box\" data-id=\"14ae70b\" data-element_type=\"widget\" data-e-type=\"widget\" data-widget_type=\"image-box.default\">\n\t\t\t\t<div class=\"elementor-widget-container\">\n\t\t\t\t\t<div class=\"elementor-image-box-wrapper\"><div class=\"elementor-image-box-content\"><h3 class=\"elementor-image-box-title\">Don Kihot, 1970.<\/h3><p class=\"elementor-image-box-description\">Jovan Soldatovi\u0107<\/p><\/div><\/div>\t\t\t\t<\/div>\n\t\t\t\t<\/div>\n\t\t\t\t<\/div>\n\t\t<div class=\"elementor-element elementor-element-d117957 e-con-full e-flex e-con e-child\" data-id=\"d117957\" data-element_type=\"container\" data-e-type=\"container\">\n\t\t\t\t<div class=\"elementor-element elementor-element-29dbd4b elementor-widget elementor-widget-image\" data-id=\"29dbd4b\" data-element_type=\"widget\" data-e-type=\"widget\" data-widget_type=\"image.default\">\n\t\t\t\t<div class=\"elementor-widget-container\">\n\t\t\t\t\t\t\t\t\t\t\t\t\t\t\t\t<a href=\"https:\/\/msuv.org\/wp-content\/uploads\/2024\/06\/3-julijana-kis-biciklistkinja-1976-bronza-665x69x295-cm-scaled.jpg\" data-elementor-open-lightbox=\"yes\" data-elementor-lightbox-title=\"Biciklistkinja, 1976.\" data-e-action-hash=\"#elementor-action%3Aaction%3Dlightbox%26settings%3DeyJpZCI6NjQzNywidXJsIjoiaHR0cHM6XC9cL21zdXYub3JnXC93cC1jb250ZW50XC91cGxvYWRzXC8yMDI0XC8wNlwvMy1qdWxpamFuYS1raXMtYmljaWtsaXN0a2luamEtMTk3Ni1icm9uemEtNjY1eDY5eDI5NS1jbS1zY2FsZWQuanBnIn0%3D\">\n\t\t\t\t\t\t\t<img decoding=\"async\" width=\"763\" height=\"1024\" src=\"https:\/\/msuv.org\/wp-content\/uploads\/2024\/06\/3-julijana-kis-biciklistkinja-1976-bronza-665x69x295-cm-763x1024.jpg\" class=\"attachment-large size-large wp-image-6437\" alt=\"julijana-kis-biciklistkinja-1976-bronza-665x69x295-cm\" srcset=\"https:\/\/msuv.org\/wp-content\/uploads\/2024\/06\/3-julijana-kis-biciklistkinja-1976-bronza-665x69x295-cm-763x1024.jpg 763w, https:\/\/msuv.org\/wp-content\/uploads\/2024\/06\/3-julijana-kis-biciklistkinja-1976-bronza-665x69x295-cm-223x300.jpg 223w, https:\/\/msuv.org\/wp-content\/uploads\/2024\/06\/3-julijana-kis-biciklistkinja-1976-bronza-665x69x295-cm-768x1031.jpg 768w, https:\/\/msuv.org\/wp-content\/uploads\/2024\/06\/3-julijana-kis-biciklistkinja-1976-bronza-665x69x295-cm-1144x1536.jpg 1144w, https:\/\/msuv.org\/wp-content\/uploads\/2024\/06\/3-julijana-kis-biciklistkinja-1976-bronza-665x69x295-cm-1525x2048.jpg 1525w, https:\/\/msuv.org\/wp-content\/uploads\/2024\/06\/3-julijana-kis-biciklistkinja-1976-bronza-665x69x295-cm-9x12.jpg 9w, https:\/\/msuv.org\/wp-content\/uploads\/2024\/06\/3-julijana-kis-biciklistkinja-1976-bronza-665x69x295-cm-scaled.jpg 1907w\" sizes=\"(max-width: 763px) 100vw, 763px\" \/>\t\t\t\t\t\t\t\t<\/a>\n\t\t\t\t\t\t\t\t\t\t\t\t\t\t\t<\/div>\n\t\t\t\t<\/div>\n\t\t\t\t<div class=\"elementor-element elementor-element-2a2095a elementor-widget-mobile__width-inherit elementor-widget elementor-widget-image-box\" data-id=\"2a2095a\" data-element_type=\"widget\" data-e-type=\"widget\" data-widget_type=\"image-box.default\">\n\t\t\t\t<div class=\"elementor-widget-container\">\n\t\t\t\t\t<div class=\"elementor-image-box-wrapper\"><div class=\"elementor-image-box-content\"><h3 class=\"elementor-image-box-title\">Biciklistkinja, 1976.<\/h3><p class=\"elementor-image-box-description\">Julijana Ki\u0161<\/p><\/div><\/div>\t\t\t\t<\/div>\n\t\t\t\t<\/div>\n\t\t\t\t<\/div>\n\t\t<div class=\"elementor-element elementor-element-dc749d3 e-con-full e-flex e-con e-child\" data-id=\"dc749d3\" data-element_type=\"container\" data-e-type=\"container\">\n\t\t\t\t<div class=\"elementor-element elementor-element-c88e073 elementor-widget elementor-widget-image\" data-id=\"c88e073\" data-element_type=\"widget\" data-e-type=\"widget\" data-widget_type=\"image.default\">\n\t\t\t\t<div class=\"elementor-widget-container\">\n\t\t\t\t\t\t\t\t\t\t\t\t\t\t\t\t<a href=\"https:\/\/msuv.org\/wp-content\/uploads\/2024\/06\/4-borislav-suput-pisaa-masina-1979-drvo-60x85x45-cm.jpg\" data-elementor-open-lightbox=\"yes\" data-elementor-lightbox-title=\"Pisa\u0107a ma\u0161ina, 1979.\" data-e-action-hash=\"#elementor-action%3Aaction%3Dlightbox%26settings%3DeyJpZCI6NjQzOCwidXJsIjoiaHR0cHM6XC9cL21zdXYub3JnXC93cC1jb250ZW50XC91cGxvYWRzXC8yMDI0XC8wNlwvNC1ib3Jpc2xhdi1zdXB1dC1waXNhYS1tYXNpbmEtMTk3OS1kcnZvLTYweDg1eDQ1LWNtLmpwZyJ9\">\n\t\t\t\t\t\t\t<img loading=\"lazy\" decoding=\"async\" width=\"800\" height=\"596\" src=\"https:\/\/msuv.org\/wp-content\/uploads\/2024\/06\/4-borislav-suput-pisaa-masina-1979-drvo-60x85x45-cm-1024x763.jpg\" class=\"attachment-large size-large wp-image-6438\" alt=\"borislav-suput-pisaa-masina-1979-drvo-60x85x45-cm\" srcset=\"https:\/\/msuv.org\/wp-content\/uploads\/2024\/06\/4-borislav-suput-pisaa-masina-1979-drvo-60x85x45-cm-1024x763.jpg 1024w, https:\/\/msuv.org\/wp-content\/uploads\/2024\/06\/4-borislav-suput-pisaa-masina-1979-drvo-60x85x45-cm-300x223.jpg 300w, https:\/\/msuv.org\/wp-content\/uploads\/2024\/06\/4-borislav-suput-pisaa-masina-1979-drvo-60x85x45-cm-768x572.jpg 768w, https:\/\/msuv.org\/wp-content\/uploads\/2024\/06\/4-borislav-suput-pisaa-masina-1979-drvo-60x85x45-cm-16x12.jpg 16w, https:\/\/msuv.org\/wp-content\/uploads\/2024\/06\/4-borislav-suput-pisaa-masina-1979-drvo-60x85x45-cm.jpg 1309w\" sizes=\"(max-width: 800px) 100vw, 800px\" \/>\t\t\t\t\t\t\t\t<\/a>\n\t\t\t\t\t\t\t\t\t\t\t\t\t\t\t<\/div>\n\t\t\t\t<\/div>\n\t\t\t\t<div class=\"elementor-element elementor-element-e116754 elementor-widget-mobile__width-inherit elementor-widget elementor-widget-image-box\" data-id=\"e116754\" data-element_type=\"widget\" data-e-type=\"widget\" data-widget_type=\"image-box.default\">\n\t\t\t\t<div class=\"elementor-widget-container\">\n\t\t\t\t\t<div class=\"elementor-image-box-wrapper\"><div class=\"elementor-image-box-content\"><h3 class=\"elementor-image-box-title\">Pisa\u0107a ma\u0161ina, 1979.<\/h3><p class=\"elementor-image-box-description\">Borislav \u0160uput<\/p><\/div><\/div>\t\t\t\t<\/div>\n\t\t\t\t<\/div>\n\t\t\t\t<\/div>\n\t\t\t\t<\/div>\n\t\t<div class=\"elementor-element elementor-element-c8398d1 e-con-full e-flex e-con e-child\" data-id=\"c8398d1\" data-element_type=\"container\" data-e-type=\"container\">\n\t\t<div class=\"elementor-element elementor-element-7c8eab6 e-con-full e-flex e-con e-child\" data-id=\"7c8eab6\" data-element_type=\"container\" data-e-type=\"container\">\n\t\t\t\t<div class=\"elementor-element elementor-element-48638c6 elementor-widget elementor-widget-image\" data-id=\"48638c6\" data-element_type=\"widget\" data-e-type=\"widget\" data-widget_type=\"image.default\">\n\t\t\t\t<div class=\"elementor-widget-container\">\n\t\t\t\t\t\t\t\t\t\t\t\t\t\t\t\t<a href=\"https:\/\/msuv.org\/wp-content\/uploads\/2024\/06\/5-slobodan-boduli-nisan-1981-75x38x31-cm.jpg\" data-elementor-open-lightbox=\"yes\" data-elementor-lightbox-title=\"Ni\u0161an, 1981.\" data-e-action-hash=\"#elementor-action%3Aaction%3Dlightbox%26settings%3DeyJpZCI6NjQ0NSwidXJsIjoiaHR0cHM6XC9cL21zdXYub3JnXC93cC1jb250ZW50XC91cGxvYWRzXC8yMDI0XC8wNlwvNS1zbG9ib2Rhbi1ib2R1bGktbmlzYW4tMTk4MS03NXgzOHgzMS1jbS5qcGcifQ%3D%3D\">\n\t\t\t\t\t\t\t<img loading=\"lazy\" decoding=\"async\" width=\"677\" height=\"1024\" src=\"https:\/\/msuv.org\/wp-content\/uploads\/2024\/06\/5-slobodan-boduli-nisan-1981-75x38x31-cm-677x1024.jpg\" class=\"attachment-large size-large wp-image-6445\" alt=\"slobodan-boduli-nisan-1981\" srcset=\"https:\/\/msuv.org\/wp-content\/uploads\/2024\/06\/5-slobodan-boduli-nisan-1981-75x38x31-cm-677x1024.jpg 677w, https:\/\/msuv.org\/wp-content\/uploads\/2024\/06\/5-slobodan-boduli-nisan-1981-75x38x31-cm-198x300.jpg 198w, https:\/\/msuv.org\/wp-content\/uploads\/2024\/06\/5-slobodan-boduli-nisan-1981-75x38x31-cm-768x1162.jpg 768w, https:\/\/msuv.org\/wp-content\/uploads\/2024\/06\/5-slobodan-boduli-nisan-1981-75x38x31-cm-1015x1536.jpg 1015w, https:\/\/msuv.org\/wp-content\/uploads\/2024\/06\/5-slobodan-boduli-nisan-1981-75x38x31-cm-8x12.jpg 8w, https:\/\/msuv.org\/wp-content\/uploads\/2024\/06\/5-slobodan-boduli-nisan-1981-75x38x31-cm.jpg 1285w\" sizes=\"(max-width: 677px) 100vw, 677px\" \/>\t\t\t\t\t\t\t\t<\/a>\n\t\t\t\t\t\t\t\t\t\t\t\t\t\t\t<\/div>\n\t\t\t\t<\/div>\n\t\t\t\t<div class=\"elementor-element elementor-element-04d79c6 elementor-widget-mobile__width-inherit elementor-widget elementor-widget-image-box\" data-id=\"04d79c6\" data-element_type=\"widget\" data-e-type=\"widget\" data-widget_type=\"image-box.default\">\n\t\t\t\t<div class=\"elementor-widget-container\">\n\t\t\t\t\t<div class=\"elementor-image-box-wrapper\"><div class=\"elementor-image-box-content\"><h3 class=\"elementor-image-box-title\">Ni\u0161an, 1981<\/h3><p class=\"elementor-image-box-description\">Slobodan Boduli\u0107<\/p><\/div><\/div>\t\t\t\t<\/div>\n\t\t\t\t<\/div>\n\t\t\t\t<\/div>\n\t\t<div class=\"elementor-element elementor-element-a102924 e-con-full e-flex e-con e-child\" data-id=\"a102924\" data-element_type=\"container\" data-e-type=\"container\">\n\t\t\t\t<div class=\"elementor-element elementor-element-74c5df3 elementor-widget elementor-widget-image\" data-id=\"74c5df3\" data-element_type=\"widget\" data-e-type=\"widget\" data-widget_type=\"image.default\">\n\t\t\t\t<div class=\"elementor-widget-container\">\n\t\t\t\t\t\t\t\t\t\t\t\t\t\t\t\t<a href=\"https:\/\/msuv.org\/wp-content\/uploads\/2024\/06\/6-oto-logo-katedrala-v-1984-bronza-49x425x21-cm.jpg\" data-elementor-open-lightbox=\"yes\" data-elementor-lightbox-title=\"Katedrala V, 1984\" data-e-action-hash=\"#elementor-action%3Aaction%3Dlightbox%26settings%3DeyJpZCI6NjQ0NCwidXJsIjoiaHR0cHM6XC9cL21zdXYub3JnXC93cC1jb250ZW50XC91cGxvYWRzXC8yMDI0XC8wNlwvNi1vdG8tbG9nby1rYXRlZHJhbGEtdi0xOTg0LWJyb256YS00OXg0MjV4MjEtY20uanBnIn0%3D\">\n\t\t\t\t\t\t\t<img loading=\"lazy\" decoding=\"async\" width=\"800\" height=\"993\" src=\"https:\/\/msuv.org\/wp-content\/uploads\/2024\/06\/6-oto-logo-katedrala-v-1984-bronza-49x425x21-cm-825x1024.jpg\" class=\"attachment-large size-large wp-image-6444\" alt=\"oto-logo-katedrala-v-1984\" srcset=\"https:\/\/msuv.org\/wp-content\/uploads\/2024\/06\/6-oto-logo-katedrala-v-1984-bronza-49x425x21-cm-825x1024.jpg 825w, https:\/\/msuv.org\/wp-content\/uploads\/2024\/06\/6-oto-logo-katedrala-v-1984-bronza-49x425x21-cm-242x300.jpg 242w, https:\/\/msuv.org\/wp-content\/uploads\/2024\/06\/6-oto-logo-katedrala-v-1984-bronza-49x425x21-cm-768x953.jpg 768w, https:\/\/msuv.org\/wp-content\/uploads\/2024\/06\/6-oto-logo-katedrala-v-1984-bronza-49x425x21-cm-10x12.jpg 10w, https:\/\/msuv.org\/wp-content\/uploads\/2024\/06\/6-oto-logo-katedrala-v-1984-bronza-49x425x21-cm.jpg 1096w\" sizes=\"(max-width: 800px) 100vw, 800px\" \/>\t\t\t\t\t\t\t\t<\/a>\n\t\t\t\t\t\t\t\t\t\t\t\t\t\t\t<\/div>\n\t\t\t\t<\/div>\n\t\t\t\t<div class=\"elementor-element elementor-element-65e9b16 elementor-widget-mobile__width-inherit elementor-widget elementor-widget-image-box\" data-id=\"65e9b16\" data-element_type=\"widget\" data-e-type=\"widget\" data-widget_type=\"image-box.default\">\n\t\t\t\t<div class=\"elementor-widget-container\">\n\t\t\t\t\t<div class=\"elementor-image-box-wrapper\"><div class=\"elementor-image-box-content\"><h3 class=\"elementor-image-box-title\">Katedrala V, 1984.<\/h3><p class=\"elementor-image-box-description\">Oto Logo<\/p><\/div><\/div>\t\t\t\t<\/div>\n\t\t\t\t<\/div>\n\t\t\t\t<\/div>\n\t\t<div class=\"elementor-element elementor-element-083baec e-con-full e-flex e-con e-child\" data-id=\"083baec\" data-element_type=\"container\" data-e-type=\"container\">\n\t\t\t\t<div class=\"elementor-element elementor-element-8cb9d2a elementor-widget elementor-widget-image\" data-id=\"8cb9d2a\" data-element_type=\"widget\" data-e-type=\"widget\" data-widget_type=\"image.default\">\n\t\t\t\t<div class=\"elementor-widget-container\">\n\t\t\t\t\t\t\t\t\t\t\t\t\t\t\t\t<a href=\"https:\/\/msuv.org\/wp-content\/uploads\/2024\/06\/7-ana-besli-jastuci-1988-poliester-45x30x30cm-scaled.jpg\" data-elementor-open-lightbox=\"yes\" data-elementor-lightbox-title=\"Jastuci, 1988.\" data-e-action-hash=\"#elementor-action%3Aaction%3Dlightbox%26settings%3DeyJpZCI6NjQ0MywidXJsIjoiaHR0cHM6XC9cL21zdXYub3JnXC93cC1jb250ZW50XC91cGxvYWRzXC8yMDI0XC8wNlwvNy1hbmEtYmVzbGktamFzdHVjaS0xOTg4LXBvbGllc3Rlci00NXgzMHgzMGNtLXNjYWxlZC5qcGcifQ%3D%3D\">\n\t\t\t\t\t\t\t<img loading=\"lazy\" decoding=\"async\" width=\"800\" height=\"545\" src=\"https:\/\/msuv.org\/wp-content\/uploads\/2024\/06\/7-ana-besli-jastuci-1988-poliester-45x30x30cm-1024x697.jpg\" class=\"attachment-large size-large wp-image-6443\" alt=\"ana-besli-jastuci-1988\" srcset=\"https:\/\/msuv.org\/wp-content\/uploads\/2024\/06\/7-ana-besli-jastuci-1988-poliester-45x30x30cm-1024x697.jpg 1024w, https:\/\/msuv.org\/wp-content\/uploads\/2024\/06\/7-ana-besli-jastuci-1988-poliester-45x30x30cm-300x204.jpg 300w, https:\/\/msuv.org\/wp-content\/uploads\/2024\/06\/7-ana-besli-jastuci-1988-poliester-45x30x30cm-768x523.jpg 768w, https:\/\/msuv.org\/wp-content\/uploads\/2024\/06\/7-ana-besli-jastuci-1988-poliester-45x30x30cm-1536x1046.jpg 1536w, https:\/\/msuv.org\/wp-content\/uploads\/2024\/06\/7-ana-besli-jastuci-1988-poliester-45x30x30cm-2048x1395.jpg 2048w, https:\/\/msuv.org\/wp-content\/uploads\/2024\/06\/7-ana-besli-jastuci-1988-poliester-45x30x30cm-18x12.jpg 18w\" sizes=\"(max-width: 800px) 100vw, 800px\" \/>\t\t\t\t\t\t\t\t<\/a>\n\t\t\t\t\t\t\t\t\t\t\t\t\t\t\t<\/div>\n\t\t\t\t<\/div>\n\t\t\t\t<div class=\"elementor-element elementor-element-4713db8 elementor-widget-mobile__width-inherit elementor-widget elementor-widget-image-box\" data-id=\"4713db8\" data-element_type=\"widget\" data-e-type=\"widget\" data-widget_type=\"image-box.default\">\n\t\t\t\t<div class=\"elementor-widget-container\">\n\t\t\t\t\t<div class=\"elementor-image-box-wrapper\"><div class=\"elementor-image-box-content\"><h3 class=\"elementor-image-box-title\">Jastuci, 1988.<\/h3><p class=\"elementor-image-box-description\"> Ana Be\u0161li\u0107<\/p><\/div><\/div>\t\t\t\t<\/div>\n\t\t\t\t<\/div>\n\t\t\t\t<\/div>\n\t\t<div class=\"elementor-element elementor-element-ebfc058 e-con-full e-flex e-con e-child\" data-id=\"ebfc058\" data-element_type=\"container\" data-e-type=\"container\">\n\t\t\t\t<div class=\"elementor-element elementor-element-75e4aed elementor-widget elementor-widget-image\" data-id=\"75e4aed\" data-element_type=\"widget\" data-e-type=\"widget\" data-widget_type=\"image.default\">\n\t\t\t\t<div class=\"elementor-widget-container\">\n\t\t\t\t\t\t\t\t\t\t\t\t\t\t\t\t<a href=\"https:\/\/msuv.org\/wp-content\/uploads\/2024\/06\/8-verbumprogram-bez-naziva-spitze-ding-iz-ciklusa-forma-occidit-1990-kararski-mermer-15x60-cm-scaled.jpg\" data-elementor-open-lightbox=\"yes\" data-elementor-lightbox-title=\"Verbumprogram\" data-e-action-hash=\"#elementor-action%3Aaction%3Dlightbox%26settings%3DeyJpZCI6NjQ0MiwidXJsIjoiaHR0cHM6XC9cL21zdXYub3JnXC93cC1jb250ZW50XC91cGxvYWRzXC8yMDI0XC8wNlwvOC12ZXJidW1wcm9ncmFtLWJlei1uYXppdmEtc3BpdHplLWRpbmctaXotY2lrbHVzYS1mb3JtYS1vY2NpZGl0LTE5OTAta2FyYXJza2ktbWVybWVyLTE1eDYwLWNtLXNjYWxlZC5qcGcifQ%3D%3D\">\n\t\t\t\t\t\t\t<img loading=\"lazy\" decoding=\"async\" width=\"800\" height=\"488\" src=\"https:\/\/msuv.org\/wp-content\/uploads\/2024\/06\/8-verbumprogram-bez-naziva-spitze-ding-iz-ciklusa-forma-occidit-1990-kararski-mermer-15x60-cm-1024x624.jpg\" class=\"attachment-large size-large wp-image-6442\" alt=\"verbumprogram-bez-naziva-spitze-ding-iz-ciklusa-forma-occidit-1990-kararski\" srcset=\"https:\/\/msuv.org\/wp-content\/uploads\/2024\/06\/8-verbumprogram-bez-naziva-spitze-ding-iz-ciklusa-forma-occidit-1990-kararski-mermer-15x60-cm-1024x624.jpg 1024w, https:\/\/msuv.org\/wp-content\/uploads\/2024\/06\/8-verbumprogram-bez-naziva-spitze-ding-iz-ciklusa-forma-occidit-1990-kararski-mermer-15x60-cm-300x183.jpg 300w, https:\/\/msuv.org\/wp-content\/uploads\/2024\/06\/8-verbumprogram-bez-naziva-spitze-ding-iz-ciklusa-forma-occidit-1990-kararski-mermer-15x60-cm-768x468.jpg 768w, https:\/\/msuv.org\/wp-content\/uploads\/2024\/06\/8-verbumprogram-bez-naziva-spitze-ding-iz-ciklusa-forma-occidit-1990-kararski-mermer-15x60-cm-1536x936.jpg 1536w, https:\/\/msuv.org\/wp-content\/uploads\/2024\/06\/8-verbumprogram-bez-naziva-spitze-ding-iz-ciklusa-forma-occidit-1990-kararski-mermer-15x60-cm-2048x1248.jpg 2048w, https:\/\/msuv.org\/wp-content\/uploads\/2024\/06\/8-verbumprogram-bez-naziva-spitze-ding-iz-ciklusa-forma-occidit-1990-kararski-mermer-15x60-cm-18x12.jpg 18w\" sizes=\"(max-width: 800px) 100vw, 800px\" \/>\t\t\t\t\t\t\t\t<\/a>\n\t\t\t\t\t\t\t\t\t\t\t\t\t\t\t<\/div>\n\t\t\t\t<\/div>\n\t\t\t\t<div class=\"elementor-element elementor-element-4ce919a elementor-widget-mobile__width-inherit elementor-widget elementor-widget-image-box\" data-id=\"4ce919a\" data-element_type=\"widget\" data-e-type=\"widget\" data-widget_type=\"image-box.default\">\n\t\t\t\t<div class=\"elementor-widget-container\">\n\t\t\t\t\t<div class=\"elementor-image-box-wrapper\"><div class=\"elementor-image-box-content\"><h3 class=\"elementor-image-box-title\">Bez naziva, Spitze ding iz ciklusa Forma Occidit, 1990.<\/h3><p class=\"elementor-image-box-description\">Verbumprogram<\/p><\/div><\/div>\t\t\t\t<\/div>\n\t\t\t\t<\/div>\n\t\t\t\t<\/div>\n\t\t\t\t<\/div>\n\t\t<div class=\"elementor-element elementor-element-051f799 e-con-full e-flex e-con e-child\" data-id=\"051f799\" data-element_type=\"container\" data-e-type=\"container\">\n\t\t<div class=\"elementor-element elementor-element-ec9848f e-con-full e-flex e-con e-child\" data-id=\"ec9848f\" data-element_type=\"container\" data-e-type=\"container\">\n\t\t\t\t<div class=\"elementor-element elementor-element-8852679 elementor-widget elementor-widget-image\" data-id=\"8852679\" data-element_type=\"widget\" data-e-type=\"widget\" data-widget_type=\"image.default\">\n\t\t\t\t<div class=\"elementor-widget-container\">\n\t\t\t\t\t\t\t\t\t\t\t\t\t\t\t\t<a href=\"https:\/\/msuv.org\/wp-content\/uploads\/2024\/06\/9-dragan-jelenkovi-trg-1991-bronza-26-elemenata-scaled.jpg\" data-elementor-open-lightbox=\"yes\" data-elementor-lightbox-title=\"Trg, 1991.\" data-e-action-hash=\"#elementor-action%3Aaction%3Dlightbox%26settings%3DeyJpZCI6NjQzMSwidXJsIjoiaHR0cHM6XC9cL21zdXYub3JnXC93cC1jb250ZW50XC91cGxvYWRzXC8yMDI0XC8wNlwvOS1kcmFnYW4tamVsZW5rb3ZpLXRyZy0xOTkxLWJyb256YS0yNi1lbGVtZW5hdGEtc2NhbGVkLmpwZyJ9\">\n\t\t\t\t\t\t\t<img loading=\"lazy\" decoding=\"async\" width=\"800\" height=\"1020\" src=\"https:\/\/msuv.org\/wp-content\/uploads\/2024\/06\/9-dragan-jelenkovi-trg-1991-bronza-26-elemenata-803x1024.jpg\" class=\"attachment-large size-large wp-image-6431\" alt=\"dragan-jelenkovi-trg-1991\" srcset=\"https:\/\/msuv.org\/wp-content\/uploads\/2024\/06\/9-dragan-jelenkovi-trg-1991-bronza-26-elemenata-803x1024.jpg 803w, https:\/\/msuv.org\/wp-content\/uploads\/2024\/06\/9-dragan-jelenkovi-trg-1991-bronza-26-elemenata-235x300.jpg 235w, https:\/\/msuv.org\/wp-content\/uploads\/2024\/06\/9-dragan-jelenkovi-trg-1991-bronza-26-elemenata-768x979.jpg 768w, https:\/\/msuv.org\/wp-content\/uploads\/2024\/06\/9-dragan-jelenkovi-trg-1991-bronza-26-elemenata-1205x1536.jpg 1205w, https:\/\/msuv.org\/wp-content\/uploads\/2024\/06\/9-dragan-jelenkovi-trg-1991-bronza-26-elemenata-1606x2048.jpg 1606w, https:\/\/msuv.org\/wp-content\/uploads\/2024\/06\/9-dragan-jelenkovi-trg-1991-bronza-26-elemenata-9x12.jpg 9w, https:\/\/msuv.org\/wp-content\/uploads\/2024\/06\/9-dragan-jelenkovi-trg-1991-bronza-26-elemenata-scaled.jpg 2008w\" sizes=\"(max-width: 800px) 100vw, 800px\" \/>\t\t\t\t\t\t\t\t<\/a>\n\t\t\t\t\t\t\t\t\t\t\t\t\t\t\t<\/div>\n\t\t\t\t<\/div>\n\t\t\t\t<div class=\"elementor-element elementor-element-db877d7 elementor-widget-mobile__width-inherit elementor-widget elementor-widget-image-box\" data-id=\"db877d7\" data-element_type=\"widget\" data-e-type=\"widget\" data-widget_type=\"image-box.default\">\n\t\t\t\t<div class=\"elementor-widget-container\">\n\t\t\t\t\t<div class=\"elementor-image-box-wrapper\"><div class=\"elementor-image-box-content\"><h3 class=\"elementor-image-box-title\">Trg, 1991.<\/h3><p class=\"elementor-image-box-description\">Dragan Jelenkovi\u0107<\/p><\/div><\/div>\t\t\t\t<\/div>\n\t\t\t\t<\/div>\n\t\t\t\t<\/div>\n\t\t<div class=\"elementor-element elementor-element-0a1d41a e-con-full e-flex e-con e-child\" data-id=\"0a1d41a\" data-element_type=\"container\" data-e-type=\"container\">\n\t\t\t\t<div class=\"elementor-element elementor-element-fdcc5a9 elementor-widget elementor-widget-image\" data-id=\"fdcc5a9\" data-element_type=\"widget\" data-e-type=\"widget\" data-widget_type=\"image.default\">\n\t\t\t\t<div class=\"elementor-widget-container\">\n\t\t\t\t\t\t\t\t\t\t\t\t\t\t\t\t<a href=\"https:\/\/msuv.org\/wp-content\/uploads\/2024\/06\/10-dragan-raki-budunost-1992-kombinovana-tehnika-248x90x70-cm-scaled.jpg\" data-elementor-open-lightbox=\"yes\" data-elementor-lightbox-title=\"Budu\u0107nost, 1992.\" data-e-action-hash=\"#elementor-action%3Aaction%3Dlightbox%26settings%3DeyJpZCI6NjQzMiwidXJsIjoiaHR0cHM6XC9cL21zdXYub3JnXC93cC1jb250ZW50XC91cGxvYWRzXC8yMDI0XC8wNlwvMTAtZHJhZ2FuLXJha2ktYnVkdW5vc3QtMTk5Mi1rb21iaW5vdmFuYS10ZWhuaWthLTI0OHg5MHg3MC1jbS1zY2FsZWQuanBnIn0%3D\">\n\t\t\t\t\t\t\t<img loading=\"lazy\" decoding=\"async\" width=\"668\" height=\"1024\" src=\"https:\/\/msuv.org\/wp-content\/uploads\/2024\/06\/10-dragan-raki-budunost-1992-kombinovana-tehnika-248x90x70-cm-668x1024.jpg\" class=\"attachment-large size-large wp-image-6432\" alt=\"dragan-raki-budunost-1992\" srcset=\"https:\/\/msuv.org\/wp-content\/uploads\/2024\/06\/10-dragan-raki-budunost-1992-kombinovana-tehnika-248x90x70-cm-668x1024.jpg 668w, https:\/\/msuv.org\/wp-content\/uploads\/2024\/06\/10-dragan-raki-budunost-1992-kombinovana-tehnika-248x90x70-cm-196x300.jpg 196w, https:\/\/msuv.org\/wp-content\/uploads\/2024\/06\/10-dragan-raki-budunost-1992-kombinovana-tehnika-248x90x70-cm-768x1178.jpg 768w, https:\/\/msuv.org\/wp-content\/uploads\/2024\/06\/10-dragan-raki-budunost-1992-kombinovana-tehnika-248x90x70-cm-1001x1536.jpg 1001w, https:\/\/msuv.org\/wp-content\/uploads\/2024\/06\/10-dragan-raki-budunost-1992-kombinovana-tehnika-248x90x70-cm-1335x2048.jpg 1335w, https:\/\/msuv.org\/wp-content\/uploads\/2024\/06\/10-dragan-raki-budunost-1992-kombinovana-tehnika-248x90x70-cm-8x12.jpg 8w, https:\/\/msuv.org\/wp-content\/uploads\/2024\/06\/10-dragan-raki-budunost-1992-kombinovana-tehnika-248x90x70-cm-scaled.jpg 1669w\" sizes=\"(max-width: 668px) 100vw, 668px\" \/>\t\t\t\t\t\t\t\t<\/a>\n\t\t\t\t\t\t\t\t\t\t\t\t\t\t\t<\/div>\n\t\t\t\t<\/div>\n\t\t\t\t<div class=\"elementor-element elementor-element-e0e9d62 elementor-widget-mobile__width-inherit elementor-widget elementor-widget-image-box\" data-id=\"e0e9d62\" data-element_type=\"widget\" data-e-type=\"widget\" data-widget_type=\"image-box.default\">\n\t\t\t\t<div class=\"elementor-widget-container\">\n\t\t\t\t\t<div class=\"elementor-image-box-wrapper\"><div class=\"elementor-image-box-content\"><h3 class=\"elementor-image-box-title\">Budu\u0107nost, 1992.<\/h3><p class=\"elementor-image-box-description\">Dragan Raki\u0107<\/p><\/div><\/div>\t\t\t\t<\/div>\n\t\t\t\t<\/div>\n\t\t\t\t<\/div>\n\t\t<div class=\"elementor-element elementor-element-62861d0 e-con-full e-flex e-con e-child\" data-id=\"62861d0\" data-element_type=\"container\" data-e-type=\"container\">\n\t\t\t\t<div class=\"elementor-element elementor-element-62118ab elementor-widget elementor-widget-image\" data-id=\"62118ab\" data-element_type=\"widget\" data-e-type=\"widget\" data-widget_type=\"image.default\">\n\t\t\t\t<div class=\"elementor-widget-container\">\n\t\t\t\t\t\t\t\t\t\t\t\t\t\t\t\t<a href=\"https:\/\/msuv.org\/wp-content\/uploads\/2024\/06\/11-zoran-panteli-prsten-1994-gvoze-r-178-cm.jpg\" data-elementor-open-lightbox=\"yes\" data-elementor-lightbox-title=\"Prsten, 1994.\" data-e-action-hash=\"#elementor-action%3Aaction%3Dlightbox%26settings%3DeyJpZCI6NjQ0MSwidXJsIjoiaHR0cHM6XC9cL21zdXYub3JnXC93cC1jb250ZW50XC91cGxvYWRzXC8yMDI0XC8wNlwvMTEtem9yYW4tcGFudGVsaS1wcnN0ZW4tMTk5NC1ndm96ZS1yLTE3OC1jbS5qcGcifQ%3D%3D\">\n\t\t\t\t\t\t\t<img loading=\"lazy\" decoding=\"async\" width=\"800\" height=\"600\" src=\"https:\/\/msuv.org\/wp-content\/uploads\/2024\/06\/11-zoran-panteli-prsten-1994-gvoze-r-178-cm-1024x768.jpg\" class=\"attachment-large size-large wp-image-6441\" alt=\"zoran-panteli-prsten-1994\" srcset=\"https:\/\/msuv.org\/wp-content\/uploads\/2024\/06\/11-zoran-panteli-prsten-1994-gvoze-r-178-cm-1024x768.jpg 1024w, https:\/\/msuv.org\/wp-content\/uploads\/2024\/06\/11-zoran-panteli-prsten-1994-gvoze-r-178-cm-300x225.jpg 300w, https:\/\/msuv.org\/wp-content\/uploads\/2024\/06\/11-zoran-panteli-prsten-1994-gvoze-r-178-cm-768x576.jpg 768w, https:\/\/msuv.org\/wp-content\/uploads\/2024\/06\/11-zoran-panteli-prsten-1994-gvoze-r-178-cm-1536x1152.jpg 1536w, https:\/\/msuv.org\/wp-content\/uploads\/2024\/06\/11-zoran-panteli-prsten-1994-gvoze-r-178-cm-16x12.jpg 16w, https:\/\/msuv.org\/wp-content\/uploads\/2024\/06\/11-zoran-panteli-prsten-1994-gvoze-r-178-cm.jpg 2044w\" sizes=\"(max-width: 800px) 100vw, 800px\" \/>\t\t\t\t\t\t\t\t<\/a>\n\t\t\t\t\t\t\t\t\t\t\t\t\t\t\t<\/div>\n\t\t\t\t<\/div>\n\t\t\t\t<div class=\"elementor-element elementor-element-ad5afb5 elementor-widget-mobile__width-inherit elementor-widget elementor-widget-image-box\" data-id=\"ad5afb5\" data-element_type=\"widget\" data-e-type=\"widget\" data-widget_type=\"image-box.default\">\n\t\t\t\t<div class=\"elementor-widget-container\">\n\t\t\t\t\t<div class=\"elementor-image-box-wrapper\"><div class=\"elementor-image-box-content\"><h3 class=\"elementor-image-box-title\">Prsten, 1994.<\/h3><p class=\"elementor-image-box-description\">Zoran Panteli\u0107<\/p><\/div><\/div>\t\t\t\t<\/div>\n\t\t\t\t<\/div>\n\t\t\t\t<\/div>\n\t\t<div class=\"elementor-element elementor-element-420beb4 e-con-full e-flex e-con e-child\" data-id=\"420beb4\" data-element_type=\"container\" data-e-type=\"container\">\n\t\t\t\t<div class=\"elementor-element elementor-element-ebefcd0 elementor-widget elementor-widget-image\" data-id=\"ebefcd0\" data-element_type=\"widget\" data-e-type=\"widget\" data-widget_type=\"image.default\">\n\t\t\t\t<div class=\"elementor-widget-container\">\n\t\t\t\t\t\t\t\t\t\t\t\t\t\t\t\t<a href=\"https:\/\/msuv.org\/wp-content\/uploads\/2024\/06\/12-sran-apostolovi-fatal-fanatic-1995-elik-drvena-kutija-21x160x24-cm.jpg\" data-elementor-open-lightbox=\"yes\" data-elementor-lightbox-title=\"Fatal-fanatic, 1995.\" data-e-action-hash=\"#elementor-action%3Aaction%3Dlightbox%26settings%3DeyJpZCI6NjQ0MCwidXJsIjoiaHR0cHM6XC9cL21zdXYub3JnXC93cC1jb250ZW50XC91cGxvYWRzXC8yMDI0XC8wNlwvMTItc3Jhbi1hcG9zdG9sb3ZpLWZhdGFsLWZhbmF0aWMtMTk5NS1lbGlrLWRydmVuYS1rdXRpamEtMjF4MTYweDI0LWNtLmpwZyJ9\">\n\t\t\t\t\t\t\t<img loading=\"lazy\" decoding=\"async\" width=\"800\" height=\"534\" src=\"https:\/\/msuv.org\/wp-content\/uploads\/2024\/06\/12-sran-apostolovi-fatal-fanatic-1995-elik-drvena-kutija-21x160x24-cm-1024x683.jpg\" class=\"attachment-large size-large wp-image-6440\" alt=\"sran-apostolovi-fatal-fanatic-1995-elik-drvena-kutija\" srcset=\"https:\/\/msuv.org\/wp-content\/uploads\/2024\/06\/12-sran-apostolovi-fatal-fanatic-1995-elik-drvena-kutija-21x160x24-cm-1024x683.jpg 1024w, https:\/\/msuv.org\/wp-content\/uploads\/2024\/06\/12-sran-apostolovi-fatal-fanatic-1995-elik-drvena-kutija-21x160x24-cm-300x200.jpg 300w, https:\/\/msuv.org\/wp-content\/uploads\/2024\/06\/12-sran-apostolovi-fatal-fanatic-1995-elik-drvena-kutija-21x160x24-cm-768x512.jpg 768w, https:\/\/msuv.org\/wp-content\/uploads\/2024\/06\/12-sran-apostolovi-fatal-fanatic-1995-elik-drvena-kutija-21x160x24-cm-1536x1024.jpg 1536w, https:\/\/msuv.org\/wp-content\/uploads\/2024\/06\/12-sran-apostolovi-fatal-fanatic-1995-elik-drvena-kutija-21x160x24-cm-2048x1365.jpg 2048w, https:\/\/msuv.org\/wp-content\/uploads\/2024\/06\/12-sran-apostolovi-fatal-fanatic-1995-elik-drvena-kutija-21x160x24-cm-18x12.jpg 18w\" sizes=\"(max-width: 800px) 100vw, 800px\" \/>\t\t\t\t\t\t\t\t<\/a>\n\t\t\t\t\t\t\t\t\t\t\t\t\t\t\t<\/div>\n\t\t\t\t<\/div>\n\t\t\t\t<div class=\"elementor-element elementor-element-b7c84c3 elementor-widget-mobile__width-inherit elementor-widget elementor-widget-image-box\" data-id=\"b7c84c3\" data-element_type=\"widget\" data-e-type=\"widget\" data-widget_type=\"image-box.default\">\n\t\t\t\t<div class=\"elementor-widget-container\">\n\t\t\t\t\t<div class=\"elementor-image-box-wrapper\"><div class=\"elementor-image-box-content\"><h3 class=\"elementor-image-box-title\">Fatal-fanatic, 1995.<\/h3><p class=\"elementor-image-box-description\">Sr\u0111an Apostolovi\u0107<\/p><\/div><\/div>\t\t\t\t<\/div>\n\t\t\t\t<\/div>\n\t\t\t\t<\/div>\n\t\t\t\t<\/div>\n\t\t<div class=\"elementor-element elementor-element-a78ef7f e-con-full e-flex e-con e-child\" data-id=\"a78ef7f\" data-element_type=\"container\" data-e-type=\"container\">\n\t\t<div class=\"elementor-element elementor-element-0ebe086 e-con-full e-flex e-con e-child\" data-id=\"0ebe086\" data-element_type=\"container\" data-e-type=\"container\">\n\t\t\t\t<div class=\"elementor-element elementor-element-5919235 elementor-widget elementor-widget-image\" data-id=\"5919235\" data-element_type=\"widget\" data-e-type=\"widget\" data-widget_type=\"image.default\">\n\t\t\t\t<div class=\"elementor-widget-container\">\n\t\t\t\t\t\t\t\t\t\t\t\t\t\t\t\t<a href=\"https:\/\/msuv.org\/wp-content\/uploads\/2024\/06\/13-mira-brtka-vertikale-1999-2000-bojeno-gvoze-230x100x70-cm-scaled.jpg\" data-elementor-open-lightbox=\"yes\" data-elementor-lightbox-title=\"Vertikale, 1999-2000\" data-e-action-hash=\"#elementor-action%3Aaction%3Dlightbox%26settings%3DeyJpZCI6NjQzMywidXJsIjoiaHR0cHM6XC9cL21zdXYub3JnXC93cC1jb250ZW50XC91cGxvYWRzXC8yMDI0XC8wNlwvMTMtbWlyYS1icnRrYS12ZXJ0aWthbGUtMTk5OS0yMDAwLWJvamVuby1ndm96ZS0yMzB4MTAweDcwLWNtLXNjYWxlZC5qcGcifQ%3D%3D\">\n\t\t\t\t\t\t\t<img loading=\"lazy\" decoding=\"async\" width=\"683\" height=\"1024\" src=\"https:\/\/msuv.org\/wp-content\/uploads\/2024\/06\/13-mira-brtka-vertikale-1999-2000-bojeno-gvoze-230x100x70-cm-683x1024.jpg\" class=\"attachment-large size-large wp-image-6433\" alt=\"mira-brtka-vertikale-1999-2000\" srcset=\"https:\/\/msuv.org\/wp-content\/uploads\/2024\/06\/13-mira-brtka-vertikale-1999-2000-bojeno-gvoze-230x100x70-cm-683x1024.jpg 683w, https:\/\/msuv.org\/wp-content\/uploads\/2024\/06\/13-mira-brtka-vertikale-1999-2000-bojeno-gvoze-230x100x70-cm-200x300.jpg 200w, https:\/\/msuv.org\/wp-content\/uploads\/2024\/06\/13-mira-brtka-vertikale-1999-2000-bojeno-gvoze-230x100x70-cm-768x1152.jpg 768w, https:\/\/msuv.org\/wp-content\/uploads\/2024\/06\/13-mira-brtka-vertikale-1999-2000-bojeno-gvoze-230x100x70-cm-1024x1536.jpg 1024w, https:\/\/msuv.org\/wp-content\/uploads\/2024\/06\/13-mira-brtka-vertikale-1999-2000-bojeno-gvoze-230x100x70-cm-1365x2048.jpg 1365w, https:\/\/msuv.org\/wp-content\/uploads\/2024\/06\/13-mira-brtka-vertikale-1999-2000-bojeno-gvoze-230x100x70-cm-8x12.jpg 8w, https:\/\/msuv.org\/wp-content\/uploads\/2024\/06\/13-mira-brtka-vertikale-1999-2000-bojeno-gvoze-230x100x70-cm-scaled.jpg 1707w\" sizes=\"(max-width: 683px) 100vw, 683px\" \/>\t\t\t\t\t\t\t\t<\/a>\n\t\t\t\t\t\t\t\t\t\t\t\t\t\t\t<\/div>\n\t\t\t\t<\/div>\n\t\t\t\t<div class=\"elementor-element elementor-element-1be11c9 elementor-widget-mobile__width-inherit elementor-widget elementor-widget-image-box\" data-id=\"1be11c9\" data-element_type=\"widget\" data-e-type=\"widget\" data-widget_type=\"image-box.default\">\n\t\t\t\t<div class=\"elementor-widget-container\">\n\t\t\t\t\t<div class=\"elementor-image-box-wrapper\"><div class=\"elementor-image-box-content\"><h3 class=\"elementor-image-box-title\">Vertikale, 1999-2000<\/h3><p class=\"elementor-image-box-description\">Mira Brtka<\/p><\/div><\/div>\t\t\t\t<\/div>\n\t\t\t\t<\/div>\n\t\t\t\t<\/div>\n\t\t<div class=\"elementor-element elementor-element-319fb06 e-con-full e-flex e-con e-child\" data-id=\"319fb06\" data-element_type=\"container\" data-e-type=\"container\">\n\t\t\t\t<div class=\"elementor-element elementor-element-94a306e elementor-widget elementor-widget-image\" data-id=\"94a306e\" data-element_type=\"widget\" data-e-type=\"widget\" data-widget_type=\"image.default\">\n\t\t\t\t<div class=\"elementor-widget-container\">\n\t\t\t\t\t\t\t\t\t\t\t\t\t\t\t\t<a href=\"https:\/\/msuv.org\/wp-content\/uploads\/2024\/06\/14-zvonimir-santra-kavez-2011-200x150x150-cm-scaled.jpg\" data-elementor-open-lightbox=\"yes\" data-elementor-lightbox-title=\"Kavez, 2011.\" data-e-action-hash=\"#elementor-action%3Aaction%3Dlightbox%26settings%3DeyJpZCI6NjQzNCwidXJsIjoiaHR0cHM6XC9cL21zdXYub3JnXC93cC1jb250ZW50XC91cGxvYWRzXC8yMDI0XC8wNlwvMTQtenZvbmltaXItc2FudHJhLWthdmV6LTIwMTEtMjAweDE1MHgxNTAtY20tc2NhbGVkLmpwZyJ9\">\n\t\t\t\t\t\t\t<img loading=\"lazy\" decoding=\"async\" width=\"709\" height=\"1024\" src=\"https:\/\/msuv.org\/wp-content\/uploads\/2024\/06\/14-zvonimir-santra-kavez-2011-200x150x150-cm-709x1024.jpg\" class=\"attachment-large size-large wp-image-6434\" alt=\"vonimir-santrac-kavez-2011\" srcset=\"https:\/\/msuv.org\/wp-content\/uploads\/2024\/06\/14-zvonimir-santra-kavez-2011-200x150x150-cm-709x1024.jpg 709w, https:\/\/msuv.org\/wp-content\/uploads\/2024\/06\/14-zvonimir-santra-kavez-2011-200x150x150-cm-208x300.jpg 208w, https:\/\/msuv.org\/wp-content\/uploads\/2024\/06\/14-zvonimir-santra-kavez-2011-200x150x150-cm-768x1109.jpg 768w, https:\/\/msuv.org\/wp-content\/uploads\/2024\/06\/14-zvonimir-santra-kavez-2011-200x150x150-cm-1064x1536.jpg 1064w, https:\/\/msuv.org\/wp-content\/uploads\/2024\/06\/14-zvonimir-santra-kavez-2011-200x150x150-cm-1418x2048.jpg 1418w, https:\/\/msuv.org\/wp-content\/uploads\/2024\/06\/14-zvonimir-santra-kavez-2011-200x150x150-cm-8x12.jpg 8w, https:\/\/msuv.org\/wp-content\/uploads\/2024\/06\/14-zvonimir-santra-kavez-2011-200x150x150-cm-scaled.jpg 1773w\" sizes=\"(max-width: 709px) 100vw, 709px\" \/>\t\t\t\t\t\t\t\t<\/a>\n\t\t\t\t\t\t\t\t\t\t\t\t\t\t\t<\/div>\n\t\t\t\t<\/div>\n\t\t\t\t<div class=\"elementor-element elementor-element-92a3406 elementor-widget-mobile__width-inherit elementor-widget elementor-widget-image-box\" data-id=\"92a3406\" data-element_type=\"widget\" data-e-type=\"widget\" data-widget_type=\"image-box.default\">\n\t\t\t\t<div class=\"elementor-widget-container\">\n\t\t\t\t\t<div class=\"elementor-image-box-wrapper\"><div class=\"elementor-image-box-content\"><h3 class=\"elementor-image-box-title\">Kavez, 2011.<\/h3><p class=\"elementor-image-box-description\">Zvonimir Santra\u010d<\/p><\/div><\/div>\t\t\t\t<\/div>\n\t\t\t\t<\/div>\n\t\t\t\t<\/div>\n\t\t<div class=\"elementor-element elementor-element-dbdb18d e-con-full e-flex e-con e-child\" data-id=\"dbdb18d\" data-element_type=\"container\" data-e-type=\"container\">\n\t\t\t\t<div class=\"elementor-element elementor-element-baccdfd elementor-widget elementor-widget-image\" data-id=\"baccdfd\" data-element_type=\"widget\" data-e-type=\"widget\" data-widget_type=\"image.default\">\n\t\t\t\t<div class=\"elementor-widget-container\">\n\t\t\t\t\t\t\t\t\t\t\t\t\t\t\t\t<a href=\"https:\/\/msuv.org\/wp-content\/uploads\/2024\/06\/15-dragoljub-rasa-todosijevi-bog-voli-srbe-2011.jpg\" data-elementor-open-lightbox=\"yes\" data-elementor-lightbox-title=\"Bog voli Srbe, 2011.\" data-e-action-hash=\"#elementor-action%3Aaction%3Dlightbox%26settings%3DeyJpZCI6NjQzOSwidXJsIjoiaHR0cHM6XC9cL21zdXYub3JnXC93cC1jb250ZW50XC91cGxvYWRzXC8yMDI0XC8wNlwvMTUtZHJhZ29sanViLXJhc2EtdG9kb3NpamV2aS1ib2ctdm9saS1zcmJlLTIwMTEuanBnIn0%3D\">\n\t\t\t\t\t\t\t<img loading=\"lazy\" decoding=\"async\" width=\"800\" height=\"534\" src=\"https:\/\/msuv.org\/wp-content\/uploads\/2024\/06\/15-dragoljub-rasa-todosijevi-bog-voli-srbe-2011-1024x683.jpg\" class=\"attachment-large size-large wp-image-6439\" alt=\"dragoljub-rasa-todosijevi-bog-voli-srbe-2011\" srcset=\"https:\/\/msuv.org\/wp-content\/uploads\/2024\/06\/15-dragoljub-rasa-todosijevi-bog-voli-srbe-2011-1024x683.jpg 1024w, https:\/\/msuv.org\/wp-content\/uploads\/2024\/06\/15-dragoljub-rasa-todosijevi-bog-voli-srbe-2011-300x200.jpg 300w, https:\/\/msuv.org\/wp-content\/uploads\/2024\/06\/15-dragoljub-rasa-todosijevi-bog-voli-srbe-2011-768x512.jpg 768w, https:\/\/msuv.org\/wp-content\/uploads\/2024\/06\/15-dragoljub-rasa-todosijevi-bog-voli-srbe-2011-1536x1024.jpg 1536w, https:\/\/msuv.org\/wp-content\/uploads\/2024\/06\/15-dragoljub-rasa-todosijevi-bog-voli-srbe-2011-2048x1365.jpg 2048w, https:\/\/msuv.org\/wp-content\/uploads\/2024\/06\/15-dragoljub-rasa-todosijevi-bog-voli-srbe-2011-18x12.jpg 18w\" sizes=\"(max-width: 800px) 100vw, 800px\" \/>\t\t\t\t\t\t\t\t<\/a>\n\t\t\t\t\t\t\t\t\t\t\t\t\t\t\t<\/div>\n\t\t\t\t<\/div>\n\t\t\t\t<div class=\"elementor-element elementor-element-ed90651 elementor-widget-mobile__width-inherit elementor-widget elementor-widget-image-box\" data-id=\"ed90651\" data-element_type=\"widget\" data-e-type=\"widget\" data-widget_type=\"image-box.default\">\n\t\t\t\t<div class=\"elementor-widget-container\">\n\t\t\t\t\t<div class=\"elementor-image-box-wrapper\"><div class=\"elementor-image-box-content\"><h3 class=\"elementor-image-box-title\">Bog voli Srbe, 2011.<\/h3><p class=\"elementor-image-box-description\">Dragoljub Ra\u0161a Todosijevi\u0107<\/p><\/div><\/div>\t\t\t\t<\/div>\n\t\t\t\t<\/div>\n\t\t\t\t<\/div>\n\t\t<div class=\"elementor-element elementor-element-7aaadb9 e-con-full e-flex e-con e-child\" data-id=\"7aaadb9\" data-element_type=\"container\" data-e-type=\"container\">\n\t\t\t\t<\/div>\n\t\t\t\t<\/div>\n\t\t\t\t<\/div>\n\t\t","protected":false},"excerpt":{"rendered":"<p>Instagram Icon Facebook Youtube Zbirka skulptura, objekata i instalacija Zbirka skulptura, objekata i instalacija MSUV formirana je 2005. i u njoj su zastupljene umetnice i umetnici kako iz Vojvodine i Srbije, tako i sa prostora biv\u0161e Jugoslavije i iz regiona. Umetni\u010dki radovi koji se \u010duvaju u Zbirci pokrivaju period od kraja \u0161ezdesetih godina 20. do [&hellip;]<\/p>\n","protected":false},"author":1,"featured_media":0,"parent":0,"menu_order":0,"comment_status":"closed","ping_status":"closed","template":"elementor_header_footer","meta":{"footnotes":""},"class_list":["post-5776","page","type-page","status-publish","hentry"],"yoast_head":"<!-- This site is optimized with the Yoast SEO plugin v27.4 - https:\/\/yoast.com\/product\/yoast-seo-wordpress\/ -->\n<title>Zbirka skulptura, objekata i instalacija - Muzej savremene umetnosti Vojvodine<\/title>\n<meta name=\"robots\" content=\"index, follow, max-snippet:-1, max-image-preview:large, max-video-preview:-1\" \/>\n<link rel=\"canonical\" href=\"https:\/\/msuv.org\/en\/zbirka-skulptura-objekata-i-instalacija\/\" \/>\n<meta property=\"og:locale\" content=\"en_US\" \/>\n<meta property=\"og:type\" content=\"article\" \/>\n<meta property=\"og:title\" content=\"Zbirka skulptura, objekata i instalacija - Muzej savremene umetnosti Vojvodine\" \/>\n<meta property=\"og:description\" content=\"Instagram Icon Facebook Youtube Zbirka skulptura, objekata i instalacija Zbirka skulptura, objekata i instalacija MSUV formirana je 2005. i u njoj su zastupljene umetnice i umetnici kako iz Vojvodine i Srbije, tako i sa prostora biv\u0161e Jugoslavije i iz regiona. Umetni\u010dki radovi koji se \u010duvaju u Zbirci pokrivaju period od kraja \u0161ezdesetih godina 20. do [&hellip;]\" \/>\n<meta property=\"og:url\" content=\"https:\/\/msuv.org\/en\/zbirka-skulptura-objekata-i-instalacija\/\" \/>\n<meta property=\"og:site_name\" content=\"Muzej savremene umetnosti Vojvodine\" \/>\n<meta property=\"article:modified_time\" content=\"2024-06-30T18:34:07+00:00\" \/>\n<meta property=\"og:image\" content=\"https:\/\/msuv.org\/wp-content\/uploads\/2024\/06\/1-olga-jevri-portret-olge-jani-1953-728x1024.jpg\" \/>\n<meta name=\"twitter:card\" content=\"summary_large_image\" \/>\n<meta name=\"twitter:label1\" content=\"Est. reading time\" \/>\n\t<meta name=\"twitter:data1\" content=\"4 minutes\" \/>\n<script type=\"application\/ld+json\" class=\"yoast-schema-graph\">{\"@context\":\"https:\\\/\\\/schema.org\",\"@graph\":[{\"@type\":\"WebPage\",\"@id\":\"https:\\\/\\\/msuv.org\\\/zbirka-skulptura-objekata-i-instalacija\\\/\",\"url\":\"https:\\\/\\\/msuv.org\\\/zbirka-skulptura-objekata-i-instalacija\\\/\",\"name\":\"Zbirka skulptura, objekata i instalacija - Muzej savremene umetnosti Vojvodine\",\"isPartOf\":{\"@id\":\"https:\\\/\\\/msuv.org\\\/#website\"},\"primaryImageOfPage\":{\"@id\":\"https:\\\/\\\/msuv.org\\\/zbirka-skulptura-objekata-i-instalacija\\\/#primaryimage\"},\"image\":{\"@id\":\"https:\\\/\\\/msuv.org\\\/zbirka-skulptura-objekata-i-instalacija\\\/#primaryimage\"},\"thumbnailUrl\":\"https:\\\/\\\/msuv.org\\\/wp-content\\\/uploads\\\/2024\\\/06\\\/1-olga-jevri-portret-olge-jani-1953-728x1024.jpg\",\"datePublished\":\"2024-04-07T19:02:16+00:00\",\"dateModified\":\"2024-06-30T18:34:07+00:00\",\"breadcrumb\":{\"@id\":\"https:\\\/\\\/msuv.org\\\/zbirka-skulptura-objekata-i-instalacija\\\/#breadcrumb\"},\"inLanguage\":\"en-US\",\"potentialAction\":[{\"@type\":\"ReadAction\",\"target\":[\"https:\\\/\\\/msuv.org\\\/zbirka-skulptura-objekata-i-instalacija\\\/\"]}]},{\"@type\":\"ImageObject\",\"inLanguage\":\"en-US\",\"@id\":\"https:\\\/\\\/msuv.org\\\/zbirka-skulptura-objekata-i-instalacija\\\/#primaryimage\",\"url\":\"https:\\\/\\\/msuv.org\\\/wp-content\\\/uploads\\\/2024\\\/06\\\/1-olga-jevri-portret-olge-jani-1953-728x1024.jpg\",\"contentUrl\":\"https:\\\/\\\/msuv.org\\\/wp-content\\\/uploads\\\/2024\\\/06\\\/1-olga-jevri-portret-olge-jani-1953-728x1024.jpg\"},{\"@type\":\"BreadcrumbList\",\"@id\":\"https:\\\/\\\/msuv.org\\\/zbirka-skulptura-objekata-i-instalacija\\\/#breadcrumb\",\"itemListElement\":[{\"@type\":\"ListItem\",\"position\":1,\"name\":\"Home\",\"item\":\"https:\\\/\\\/msuv.org\\\/\"},{\"@type\":\"ListItem\",\"position\":2,\"name\":\"Zbirka skulptura, objekata i instalacija\"}]},{\"@type\":\"WebSite\",\"@id\":\"https:\\\/\\\/msuv.org\\\/#website\",\"url\":\"https:\\\/\\\/msuv.org\\\/\",\"name\":\"Muzej savremene umetnosti Vojvodine\",\"description\":\"\",\"publisher\":{\"@id\":\"https:\\\/\\\/msuv.org\\\/#organization\"},\"potentialAction\":[{\"@type\":\"SearchAction\",\"target\":{\"@type\":\"EntryPoint\",\"urlTemplate\":\"https:\\\/\\\/msuv.org\\\/?s={search_term_string}\"},\"query-input\":{\"@type\":\"PropertyValueSpecification\",\"valueRequired\":true,\"valueName\":\"search_term_string\"}}],\"inLanguage\":\"en-US\"},{\"@type\":\"Organization\",\"@id\":\"https:\\\/\\\/msuv.org\\\/#organization\",\"name\":\"Muzej savremene umetnosti Vojvodine\",\"url\":\"https:\\\/\\\/msuv.org\\\/\",\"logo\":{\"@type\":\"ImageObject\",\"inLanguage\":\"en-US\",\"@id\":\"https:\\\/\\\/msuv.org\\\/#\\\/schema\\\/logo\\\/image\\\/\",\"url\":\"https:\\\/\\\/msuv.org\\\/wp-content\\\/uploads\\\/2023\\\/11\\\/srpski-logo.png\",\"contentUrl\":\"https:\\\/\\\/msuv.org\\\/wp-content\\\/uploads\\\/2023\\\/11\\\/srpski-logo.png\",\"width\":872,\"height\":117,\"caption\":\"Muzej savremene umetnosti Vojvodine\"},\"image\":{\"@id\":\"https:\\\/\\\/msuv.org\\\/#\\\/schema\\\/logo\\\/image\\\/\"}}]}<\/script>\n<!-- \/ Yoast SEO plugin. -->","yoast_head_json":{"title":"Zbirka skulptura, objekata i instalacija - Muzej savremene umetnosti Vojvodine","robots":{"index":"index","follow":"follow","max-snippet":"max-snippet:-1","max-image-preview":"max-image-preview:large","max-video-preview":"max-video-preview:-1"},"canonical":"https:\/\/msuv.org\/en\/zbirka-skulptura-objekata-i-instalacija\/","og_locale":"en_US","og_type":"article","og_title":"Zbirka skulptura, objekata i instalacija - Muzej savremene umetnosti Vojvodine","og_description":"Instagram Icon Facebook Youtube Zbirka skulptura, objekata i instalacija Zbirka skulptura, objekata i instalacija MSUV formirana je 2005. i u njoj su zastupljene umetnice i umetnici kako iz Vojvodine i Srbije, tako i sa prostora biv\u0161e Jugoslavije i iz regiona. Umetni\u010dki radovi koji se \u010duvaju u Zbirci pokrivaju period od kraja \u0161ezdesetih godina 20. do [&hellip;]","og_url":"https:\/\/msuv.org\/en\/zbirka-skulptura-objekata-i-instalacija\/","og_site_name":"Muzej savremene umetnosti Vojvodine","article_modified_time":"2024-06-30T18:34:07+00:00","og_image":[{"url":"https:\/\/msuv.org\/wp-content\/uploads\/2024\/06\/1-olga-jevri-portret-olge-jani-1953-728x1024.jpg","type":"","width":"","height":""}],"twitter_card":"summary_large_image","twitter_misc":{"Est. reading time":"4 minutes"},"schema":{"@context":"https:\/\/schema.org","@graph":[{"@type":"WebPage","@id":"https:\/\/msuv.org\/zbirka-skulptura-objekata-i-instalacija\/","url":"https:\/\/msuv.org\/zbirka-skulptura-objekata-i-instalacija\/","name":"Zbirka skulptura, objekata i instalacija - Muzej savremene umetnosti Vojvodine","isPartOf":{"@id":"https:\/\/msuv.org\/#website"},"primaryImageOfPage":{"@id":"https:\/\/msuv.org\/zbirka-skulptura-objekata-i-instalacija\/#primaryimage"},"image":{"@id":"https:\/\/msuv.org\/zbirka-skulptura-objekata-i-instalacija\/#primaryimage"},"thumbnailUrl":"https:\/\/msuv.org\/wp-content\/uploads\/2024\/06\/1-olga-jevri-portret-olge-jani-1953-728x1024.jpg","datePublished":"2024-04-07T19:02:16+00:00","dateModified":"2024-06-30T18:34:07+00:00","breadcrumb":{"@id":"https:\/\/msuv.org\/zbirka-skulptura-objekata-i-instalacija\/#breadcrumb"},"inLanguage":"en-US","potentialAction":[{"@type":"ReadAction","target":["https:\/\/msuv.org\/zbirka-skulptura-objekata-i-instalacija\/"]}]},{"@type":"ImageObject","inLanguage":"en-US","@id":"https:\/\/msuv.org\/zbirka-skulptura-objekata-i-instalacija\/#primaryimage","url":"https:\/\/msuv.org\/wp-content\/uploads\/2024\/06\/1-olga-jevri-portret-olge-jani-1953-728x1024.jpg","contentUrl":"https:\/\/msuv.org\/wp-content\/uploads\/2024\/06\/1-olga-jevri-portret-olge-jani-1953-728x1024.jpg"},{"@type":"BreadcrumbList","@id":"https:\/\/msuv.org\/zbirka-skulptura-objekata-i-instalacija\/#breadcrumb","itemListElement":[{"@type":"ListItem","position":1,"name":"Home","item":"https:\/\/msuv.org\/"},{"@type":"ListItem","position":2,"name":"Zbirka skulptura, objekata i instalacija"}]},{"@type":"WebSite","@id":"https:\/\/msuv.org\/#website","url":"https:\/\/msuv.org\/","name":"Muzej savremene umetnosti Vojvodine","description":"","publisher":{"@id":"https:\/\/msuv.org\/#organization"},"potentialAction":[{"@type":"SearchAction","target":{"@type":"EntryPoint","urlTemplate":"https:\/\/msuv.org\/?s={search_term_string}"},"query-input":{"@type":"PropertyValueSpecification","valueRequired":true,"valueName":"search_term_string"}}],"inLanguage":"en-US"},{"@type":"Organization","@id":"https:\/\/msuv.org\/#organization","name":"Muzej savremene umetnosti Vojvodine","url":"https:\/\/msuv.org\/","logo":{"@type":"ImageObject","inLanguage":"en-US","@id":"https:\/\/msuv.org\/#\/schema\/logo\/image\/","url":"https:\/\/msuv.org\/wp-content\/uploads\/2023\/11\/srpski-logo.png","contentUrl":"https:\/\/msuv.org\/wp-content\/uploads\/2023\/11\/srpski-logo.png","width":872,"height":117,"caption":"Muzej savremene umetnosti Vojvodine"},"image":{"@id":"https:\/\/msuv.org\/#\/schema\/logo\/image\/"}}]}},"_links":{"self":[{"href":"https:\/\/msuv.org\/en\/wp-json\/wp\/v2\/pages\/5776","targetHints":{"allow":["GET"]}}],"collection":[{"href":"https:\/\/msuv.org\/en\/wp-json\/wp\/v2\/pages"}],"about":[{"href":"https:\/\/msuv.org\/en\/wp-json\/wp\/v2\/types\/page"}],"author":[{"embeddable":true,"href":"https:\/\/msuv.org\/en\/wp-json\/wp\/v2\/users\/1"}],"replies":[{"embeddable":true,"href":"https:\/\/msuv.org\/en\/wp-json\/wp\/v2\/comments?post=5776"}],"version-history":[{"count":52,"href":"https:\/\/msuv.org\/en\/wp-json\/wp\/v2\/pages\/5776\/revisions"}],"predecessor-version":[{"id":6821,"href":"https:\/\/msuv.org\/en\/wp-json\/wp\/v2\/pages\/5776\/revisions\/6821"}],"wp:attachment":[{"href":"https:\/\/msuv.org\/en\/wp-json\/wp\/v2\/media?parent=5776"}],"curies":[{"name":"wp","href":"https:\/\/api.w.org\/{rel}","templated":true}]}}