{"id":5643,"date":"2024-04-03T14:48:03","date_gmt":"2024-04-03T14:48:03","guid":{"rendered":"https:\/\/msuv.org\/?page_id=5643"},"modified":"2024-05-07T10:50:07","modified_gmt":"2024-05-07T10:50:07","slug":"zbirka-crteza-i-grafike","status":"publish","type":"page","link":"https:\/\/msuv.org\/en\/zbirka-crteza-i-grafike\/","title":{"rendered":"Collection of Drawings and Graphics"},"content":{"rendered":"\t\t<div data-elementor-type=\"wp-page\" data-elementor-id=\"5643\" class=\"elementor elementor-5643\" data-elementor-post-type=\"page\">\n\t\t\t\t<div class=\"elementor-element elementor-element-d6484bb e-con-full e-flex e-con e-parent\" data-id=\"d6484bb\" data-element_type=\"container\" data-e-type=\"container\" data-settings=\"{&quot;background_background&quot;:&quot;classic&quot;}\">\n\t\t<div class=\"elementor-element elementor-element-7d5d972 e-con-full e-flex e-con e-child\" data-id=\"7d5d972\" data-element_type=\"container\" data-e-type=\"container\">\n\t\t\t\t<div class=\"elementor-element elementor-element-d0ec6cf elementor-widget elementor-widget-heading\" data-id=\"d0ec6cf\" data-element_type=\"widget\" data-e-type=\"widget\" data-widget_type=\"heading.default\">\n\t\t\t\t<div class=\"elementor-widget-container\">\n\t\t\t\t\t<h2 class=\"elementor-heading-title elementor-size-default\">Zbirka crte\u017ea i grafike <\/h2>\t\t\t\t<\/div>\n\t\t\t\t<\/div>\n\t\t\t\t<\/div>\n\t\t<div class=\"elementor-element elementor-element-8cc8304 e-con-full e-flex e-con e-child\" data-id=\"8cc8304\" data-element_type=\"container\" data-e-type=\"container\">\n\t\t\t\t<div class=\"elementor-element elementor-element-dcb9ad0 elementor-widget-tablet__width-inherit elementor-widget elementor-widget-text-editor\" data-id=\"dcb9ad0\" data-element_type=\"widget\" data-e-type=\"widget\" data-widget_type=\"text-editor.default\">\n\t\t\t\t<div class=\"elementor-widget-container\">\n\t\t\t\t\t\t\t\t\t<p><span style=\"font-weight: 400;\">Zbirka crte\u017ea i grafike spada u najobimnije u fondu i broji\u00a0 preko 1850 dela u razli\u010ditim tehnikama i formatima od crte\u017ea, grafike, radova na papiru, kola\u017ea, do radova izvedenih u kombinovanim slikarskim tehnikama ( gva\u0161, akvarel, tempera). Dinami\u010dna i rastuc\u0301a zbirka obuhvata radove vojvo\u0111anskih,\u00a0 jugoslovenskih, srpskih, kao i stranih umetnika, prisutnih na likovnoj sceni u periodu od\u00a060-tih. godina 20. veka do danas. Po sadr\u017eaju zbirke, dela su zasnovana na razli\u010ditim tematskim prikazima, od pejza\u017ea, portreta, figuracija, preko apstraktnih i asocijativnih prikaza i geometriskih kompozicija, uklju\u010dujuc\u0301i skice, crte\u017ee i tematske mape. U Zbirci se nalaze i pojedina dela internacionalnih umetnika, kao \u0161to su\u00a0Vazareli, Soto, Per\u017eovski, Knifer, kao i doma\u0107ih autora Soldatovi\u0107, Trumi\u0107, \u010cubrakovi\u0107, Todorovi\u0107, Vu\u010dini\u0107, Raki\u0107 itd.<\/span><\/p>\t\t\t\t\t\t\t\t<\/div>\n\t\t\t\t<\/div>\n\t\t\t\t<\/div>\n\t\t\t\t<\/div>\n\t\t<div class=\"elementor-element elementor-element-285caaa e-con-full e-flex e-con e-child\" data-id=\"285caaa\" data-element_type=\"container\" data-e-type=\"container\">\n\t\t<div class=\"elementor-element elementor-element-3112c7e e-con-full e-flex e-con e-child\" data-id=\"3112c7e\" data-element_type=\"container\" data-e-type=\"container\">\n\t\t\t\t<div class=\"elementor-element elementor-element-c860154 elementor-widget elementor-widget-image\" data-id=\"c860154\" data-element_type=\"widget\" data-e-type=\"widget\" data-widget_type=\"image.default\">\n\t\t\t\t<div class=\"elementor-widget-container\">\n\t\t\t\t\t\t\t\t\t\t\t\t\t\t\t\t<a href=\"https:\/\/msuv.org\/wp-content\/uploads\/2024\/04\/1.-Milan-Kerac-Crveni-bik.jpg\" data-elementor-open-lightbox=\"yes\" data-elementor-lightbox-title=\"Crveni bik - Milan Kerac 1959. Linorez 65 x 84\" data-e-action-hash=\"#elementor-action%3Aaction%3Dlightbox%26settings%3DeyJpZCI6NTY0OSwidXJsIjoiaHR0cHM6XC9cL21zdXYub3JnXC93cC1jb250ZW50XC91cGxvYWRzXC8yMDI0XC8wNFwvMS4tTWlsYW4tS2VyYWMtQ3J2ZW5pLWJpay5qcGcifQ%3D%3D\">\n\t\t\t\t\t\t\t<img fetchpriority=\"high\" decoding=\"async\" width=\"800\" height=\"608\" src=\"https:\/\/msuv.org\/wp-content\/uploads\/2024\/04\/1.-Milan-Kerac-Crveni-bik.jpg\" class=\"attachment-large size-large wp-image-5649\" alt=\"Milan Kerac - Crveni bik\" srcset=\"https:\/\/msuv.org\/wp-content\/uploads\/2024\/04\/1.-Milan-Kerac-Crveni-bik.jpg 800w, https:\/\/msuv.org\/wp-content\/uploads\/2024\/04\/1.-Milan-Kerac-Crveni-bik-300x228.jpg 300w, https:\/\/msuv.org\/wp-content\/uploads\/2024\/04\/1.-Milan-Kerac-Crveni-bik-768x584.jpg 768w, https:\/\/msuv.org\/wp-content\/uploads\/2024\/04\/1.-Milan-Kerac-Crveni-bik-16x12.jpg 16w\" sizes=\"(max-width: 800px) 100vw, 800px\" \/>\t\t\t\t\t\t\t\t<\/a>\n\t\t\t\t\t\t\t\t\t\t\t\t\t\t\t<\/div>\n\t\t\t\t<\/div>\n\t\t\t\t<div class=\"elementor-element elementor-element-4d09d3c elementor-widget-mobile__width-inherit elementor-widget elementor-widget-image-box\" data-id=\"4d09d3c\" data-element_type=\"widget\" data-e-type=\"widget\" data-widget_type=\"image-box.default\">\n\t\t\t\t<div class=\"elementor-widget-container\">\n\t\t\t\t\t<div class=\"elementor-image-box-wrapper\"><div class=\"elementor-image-box-content\"><h3 class=\"elementor-image-box-title\">Crveni bik<\/h3><p class=\"elementor-image-box-description\">Milan Kerac<\/p><\/div><\/div>\t\t\t\t<\/div>\n\t\t\t\t<\/div>\n\t\t\t\t<\/div>\n\t\t<div class=\"elementor-element elementor-element-e6c0f69 e-con-full e-flex e-con e-child\" data-id=\"e6c0f69\" data-element_type=\"container\" data-e-type=\"container\">\n\t\t\t\t<div class=\"elementor-element elementor-element-f4999c8 elementor-widget elementor-widget-image\" data-id=\"f4999c8\" data-element_type=\"widget\" data-e-type=\"widget\" data-widget_type=\"image.default\">\n\t\t\t\t<div class=\"elementor-widget-container\">\n\t\t\t\t\t\t\t\t\t\t\t\t\t\t\t\t<a href=\"https:\/\/msuv.org\/wp-content\/uploads\/2024\/04\/2.-Vladimir-Bogdanovic-Dogadaj.jpg\" data-elementor-open-lightbox=\"yes\" data-elementor-lightbox-title=\"Doga\u0111aj Vladimir Bogdanovi\u0107 1990. Crte\u017e, kombinovana tehnika 70 x 98\" data-e-action-hash=\"#elementor-action%3Aaction%3Dlightbox%26settings%3DeyJpZCI6NTY1MCwidXJsIjoiaHR0cHM6XC9cL21zdXYub3JnXC93cC1jb250ZW50XC91cGxvYWRzXC8yMDI0XC8wNFwvMi4tVmxhZGltaXItQm9nZGFub3ZpYy1Eb2dhZGFqLmpwZyJ9\">\n\t\t\t\t\t\t\t<img decoding=\"async\" width=\"800\" height=\"569\" src=\"https:\/\/msuv.org\/wp-content\/uploads\/2024\/04\/2.-Vladimir-Bogdanovic-Dogadaj.jpg\" class=\"attachment-large size-large wp-image-5650\" alt=\"Doga\u0111aj Vladimir Bogdanovi\u0107 1990. Crte\u017e, kombinovana tehnika 70 x 98\" srcset=\"https:\/\/msuv.org\/wp-content\/uploads\/2024\/04\/2.-Vladimir-Bogdanovic-Dogadaj.jpg 800w, https:\/\/msuv.org\/wp-content\/uploads\/2024\/04\/2.-Vladimir-Bogdanovic-Dogadaj-300x213.jpg 300w, https:\/\/msuv.org\/wp-content\/uploads\/2024\/04\/2.-Vladimir-Bogdanovic-Dogadaj-768x546.jpg 768w, https:\/\/msuv.org\/wp-content\/uploads\/2024\/04\/2.-Vladimir-Bogdanovic-Dogadaj-18x12.jpg 18w\" sizes=\"(max-width: 800px) 100vw, 800px\" \/>\t\t\t\t\t\t\t\t<\/a>\n\t\t\t\t\t\t\t\t\t\t\t\t\t\t\t<\/div>\n\t\t\t\t<\/div>\n\t\t\t\t<div class=\"elementor-element elementor-element-0503a90 elementor-widget-mobile__width-inherit elementor-widget elementor-widget-image-box\" data-id=\"0503a90\" data-element_type=\"widget\" data-e-type=\"widget\" data-widget_type=\"image-box.default\">\n\t\t\t\t<div class=\"elementor-widget-container\">\n\t\t\t\t\t<div class=\"elementor-image-box-wrapper\"><div class=\"elementor-image-box-content\"><h3 class=\"elementor-image-box-title\">Doga\u0111aj<\/h3><p class=\"elementor-image-box-description\">Vladimir Bogdanovi\u0107<\/p><\/div><\/div>\t\t\t\t<\/div>\n\t\t\t\t<\/div>\n\t\t\t\t<\/div>\n\t\t<div class=\"elementor-element elementor-element-4743765 e-con-full e-flex e-con e-child\" data-id=\"4743765\" data-element_type=\"container\" data-e-type=\"container\">\n\t\t\t\t<div class=\"elementor-element elementor-element-04e1a2b elementor-widget elementor-widget-image\" data-id=\"04e1a2b\" data-element_type=\"widget\" data-e-type=\"widget\" data-widget_type=\"image.default\">\n\t\t\t\t<div class=\"elementor-widget-container\">\n\t\t\t\t\t\t\t\t\t\t\t\t\t\t\t\t<a href=\"https:\/\/msuv.org\/wp-content\/uploads\/2024\/04\/3.-Branko-Andric-SITUATION-XIII-1974.jpg\" data-elementor-open-lightbox=\"yes\" data-elementor-lightbox-title=\"Situation XIII - Branko Andri\u0107 1974. Grafika 50 x 63\" data-e-action-hash=\"#elementor-action%3Aaction%3Dlightbox%26settings%3DeyJpZCI6NTY1MSwidXJsIjoiaHR0cHM6XC9cL21zdXYub3JnXC93cC1jb250ZW50XC91cGxvYWRzXC8yMDI0XC8wNFwvMy4tQnJhbmtvLUFuZHJpYy1TSVRVQVRJT04tWElJSS0xOTc0LmpwZyJ9\">\n\t\t\t\t\t\t\t<img decoding=\"async\" width=\"800\" height=\"633\" src=\"https:\/\/msuv.org\/wp-content\/uploads\/2024\/04\/3.-Branko-Andric-SITUATION-XIII-1974.jpg\" class=\"attachment-large size-large wp-image-5651\" alt=\"Situation XIII Branko Andri\u0107 1974. Grafika 50 x 63\" srcset=\"https:\/\/msuv.org\/wp-content\/uploads\/2024\/04\/3.-Branko-Andric-SITUATION-XIII-1974.jpg 800w, https:\/\/msuv.org\/wp-content\/uploads\/2024\/04\/3.-Branko-Andric-SITUATION-XIII-1974-300x237.jpg 300w, https:\/\/msuv.org\/wp-content\/uploads\/2024\/04\/3.-Branko-Andric-SITUATION-XIII-1974-768x608.jpg 768w, https:\/\/msuv.org\/wp-content\/uploads\/2024\/04\/3.-Branko-Andric-SITUATION-XIII-1974-15x12.jpg 15w\" sizes=\"(max-width: 800px) 100vw, 800px\" \/>\t\t\t\t\t\t\t\t<\/a>\n\t\t\t\t\t\t\t\t\t\t\t\t\t\t\t<\/div>\n\t\t\t\t<\/div>\n\t\t\t\t<div class=\"elementor-element elementor-element-f12ccf3 elementor-widget-mobile__width-inherit elementor-widget elementor-widget-image-box\" data-id=\"f12ccf3\" data-element_type=\"widget\" data-e-type=\"widget\" data-widget_type=\"image-box.default\">\n\t\t\t\t<div class=\"elementor-widget-container\">\n\t\t\t\t\t<div class=\"elementor-image-box-wrapper\"><div class=\"elementor-image-box-content\"><h3 class=\"elementor-image-box-title\">SITUATION XIII<\/h3><p class=\"elementor-image-box-description\">Branko Andri\u0107<\/p><\/div><\/div>\t\t\t\t<\/div>\n\t\t\t\t<\/div>\n\t\t\t\t<\/div>\n\t\t<div class=\"elementor-element elementor-element-3140e53 e-con-full e-flex e-con e-child\" data-id=\"3140e53\" data-element_type=\"container\" data-e-type=\"container\">\n\t\t\t\t<div class=\"elementor-element elementor-element-94330c8 elementor-widget elementor-widget-image\" data-id=\"94330c8\" data-element_type=\"widget\" data-e-type=\"widget\" data-widget_type=\"image.default\">\n\t\t\t\t<div class=\"elementor-widget-container\">\n\t\t\t\t\t\t\t\t\t\t\t\t\t\t\t\t<a href=\"https:\/\/msuv.org\/wp-content\/uploads\/2024\/04\/4.Jelena-Sredanovic_-Kapi-i-senke.jpg\" data-elementor-open-lightbox=\"yes\" data-elementor-lightbox-title=\"Kapi i senke - Jelena Sredanovi\u0107 2008.\" data-e-action-hash=\"#elementor-action%3Aaction%3Dlightbox%26settings%3DeyJpZCI6NTY1MiwidXJsIjoiaHR0cHM6XC9cL21zdXYub3JnXC93cC1jb250ZW50XC91cGxvYWRzXC8yMDI0XC8wNFwvNC5KZWxlbmEtU3JlZGFub3ZpY18tS2FwaS1pLXNlbmtlLmpwZyJ9\">\n\t\t\t\t\t\t\t<img loading=\"lazy\" decoding=\"async\" width=\"800\" height=\"558\" src=\"https:\/\/msuv.org\/wp-content\/uploads\/2024\/04\/4.Jelena-Sredanovic_-Kapi-i-senke.jpg\" class=\"attachment-large size-large wp-image-5652\" alt=\"Kapi i senke Jelena Sredanovi\u0107 2008.\" srcset=\"https:\/\/msuv.org\/wp-content\/uploads\/2024\/04\/4.Jelena-Sredanovic_-Kapi-i-senke.jpg 800w, https:\/\/msuv.org\/wp-content\/uploads\/2024\/04\/4.Jelena-Sredanovic_-Kapi-i-senke-300x209.jpg 300w, https:\/\/msuv.org\/wp-content\/uploads\/2024\/04\/4.Jelena-Sredanovic_-Kapi-i-senke-768x536.jpg 768w, https:\/\/msuv.org\/wp-content\/uploads\/2024\/04\/4.Jelena-Sredanovic_-Kapi-i-senke-18x12.jpg 18w\" sizes=\"(max-width: 800px) 100vw, 800px\" \/>\t\t\t\t\t\t\t\t<\/a>\n\t\t\t\t\t\t\t\t\t\t\t\t\t\t\t<\/div>\n\t\t\t\t<\/div>\n\t\t\t\t<div class=\"elementor-element elementor-element-67a81c1 elementor-widget-mobile__width-inherit elementor-widget elementor-widget-image-box\" data-id=\"67a81c1\" data-element_type=\"widget\" data-e-type=\"widget\" data-widget_type=\"image-box.default\">\n\t\t\t\t<div class=\"elementor-widget-container\">\n\t\t\t\t\t<div class=\"elementor-image-box-wrapper\"><div class=\"elementor-image-box-content\"><h3 class=\"elementor-image-box-title\">Kapi i senke<\/h3><p class=\"elementor-image-box-description\">Jelena Sredanovi\u0107<\/p><\/div><\/div>\t\t\t\t<\/div>\n\t\t\t\t<\/div>\n\t\t\t\t<\/div>\n\t\t\t\t<\/div>\n\t\t<div class=\"elementor-element elementor-element-2864b62 e-con-full e-flex e-con e-child\" data-id=\"2864b62\" data-element_type=\"container\" data-e-type=\"container\">\n\t\t<div class=\"elementor-element elementor-element-5e0e019 e-con-full e-flex e-con e-child\" data-id=\"5e0e019\" data-element_type=\"container\" data-e-type=\"container\">\n\t\t\t\t<div class=\"elementor-element elementor-element-429f0e6 elementor-widget elementor-widget-image\" data-id=\"429f0e6\" data-element_type=\"widget\" data-e-type=\"widget\" data-widget_type=\"image.default\">\n\t\t\t\t<div class=\"elementor-widget-container\">\n\t\t\t\t\t\t\t\t\t\t\t\t\t\t\t\t<a href=\"https:\/\/msuv.org\/wp-content\/uploads\/2024\/04\/5.Dan-Perzovski-THE-ROLE-OF-INTELLECTUALS-2010.jpg\" data-elementor-open-lightbox=\"yes\" data-elementor-lightbox-title=\"The Role of Intellectuals - Dan Per\u017eovski 2010. Crte\u017e, kreda  120 x 240\" data-e-action-hash=\"#elementor-action%3Aaction%3Dlightbox%26settings%3DeyJpZCI6NTY1MywidXJsIjoiaHR0cHM6XC9cL21zdXYub3JnXC93cC1jb250ZW50XC91cGxvYWRzXC8yMDI0XC8wNFwvNS5EYW4tUGVyem92c2tpLVRIRS1ST0xFLU9GLUlOVEVMTEVDVFVBTFMtMjAxMC5qcGcifQ%3D%3D\">\n\t\t\t\t\t\t\t<img loading=\"lazy\" decoding=\"async\" width=\"800\" height=\"400\" src=\"https:\/\/msuv.org\/wp-content\/uploads\/2024\/04\/5.Dan-Perzovski-THE-ROLE-OF-INTELLECTUALS-2010.jpg\" class=\"attachment-large size-large wp-image-5653\" alt=\"The Role of Intellectuals - Dan Per\u017eovski 2010. Crte\u017e, kreda 120 x 240\" srcset=\"https:\/\/msuv.org\/wp-content\/uploads\/2024\/04\/5.Dan-Perzovski-THE-ROLE-OF-INTELLECTUALS-2010.jpg 800w, https:\/\/msuv.org\/wp-content\/uploads\/2024\/04\/5.Dan-Perzovski-THE-ROLE-OF-INTELLECTUALS-2010-300x150.jpg 300w, https:\/\/msuv.org\/wp-content\/uploads\/2024\/04\/5.Dan-Perzovski-THE-ROLE-OF-INTELLECTUALS-2010-768x384.jpg 768w, https:\/\/msuv.org\/wp-content\/uploads\/2024\/04\/5.Dan-Perzovski-THE-ROLE-OF-INTELLECTUALS-2010-18x9.jpg 18w\" sizes=\"(max-width: 800px) 100vw, 800px\" \/>\t\t\t\t\t\t\t\t<\/a>\n\t\t\t\t\t\t\t\t\t\t\t\t\t\t\t<\/div>\n\t\t\t\t<\/div>\n\t\t\t\t<div class=\"elementor-element elementor-element-83bdf33 elementor-widget-mobile__width-inherit elementor-widget elementor-widget-image-box\" data-id=\"83bdf33\" data-element_type=\"widget\" data-e-type=\"widget\" data-widget_type=\"image-box.default\">\n\t\t\t\t<div class=\"elementor-widget-container\">\n\t\t\t\t\t<div class=\"elementor-image-box-wrapper\"><div class=\"elementor-image-box-content\"><h3 class=\"elementor-image-box-title\">The Role of Intellectuals<\/h3><p class=\"elementor-image-box-description\">Dan Per\u017eovski<\/p><\/div><\/div>\t\t\t\t<\/div>\n\t\t\t\t<\/div>\n\t\t\t\t<\/div>\n\t\t<div class=\"elementor-element elementor-element-f61b2a6 e-con-full e-flex e-con e-child\" data-id=\"f61b2a6\" data-element_type=\"container\" data-e-type=\"container\">\n\t\t\t\t<div class=\"elementor-element elementor-element-5aa7ec5 elementor-widget elementor-widget-image\" data-id=\"5aa7ec5\" data-element_type=\"widget\" data-e-type=\"widget\" data-widget_type=\"image.default\">\n\t\t\t\t<div class=\"elementor-widget-container\">\n\t\t\t\t\t\t\t\t\t\t\t\t\t\t\t\t<a href=\"https:\/\/msuv.org\/wp-content\/uploads\/2024\/04\/6.Dusan-Todorovic_Ilegall-Operation.jpg\" data-elementor-open-lightbox=\"yes\" data-elementor-lightbox-title=\"Illegal Operation - Du\u0161an Todorovi\u0107 2007. Crte\u017e, kombinovana tehnika 70 x 50\" data-e-action-hash=\"#elementor-action%3Aaction%3Dlightbox%26settings%3DeyJpZCI6NTY1NCwidXJsIjoiaHR0cHM6XC9cL21zdXYub3JnXC93cC1jb250ZW50XC91cGxvYWRzXC8yMDI0XC8wNFwvNi5EdXNhbi1Ub2Rvcm92aWNfSWxlZ2FsbC1PcGVyYXRpb24uanBnIn0%3D\">\n\t\t\t\t\t\t\t<img loading=\"lazy\" decoding=\"async\" width=\"800\" height=\"563\" src=\"https:\/\/msuv.org\/wp-content\/uploads\/2024\/04\/6.Dusan-Todorovic_Ilegall-Operation.jpg\" class=\"attachment-large size-large wp-image-5654\" alt=\"Illegal Operation - Du\u0161an Todorovi\u0107 2007. Crte\u017e, kombinovana tehnika 70 x 50\" srcset=\"https:\/\/msuv.org\/wp-content\/uploads\/2024\/04\/6.Dusan-Todorovic_Ilegall-Operation.jpg 800w, https:\/\/msuv.org\/wp-content\/uploads\/2024\/04\/6.Dusan-Todorovic_Ilegall-Operation-300x211.jpg 300w, https:\/\/msuv.org\/wp-content\/uploads\/2024\/04\/6.Dusan-Todorovic_Ilegall-Operation-768x540.jpg 768w, https:\/\/msuv.org\/wp-content\/uploads\/2024\/04\/6.Dusan-Todorovic_Ilegall-Operation-18x12.jpg 18w\" sizes=\"(max-width: 800px) 100vw, 800px\" \/>\t\t\t\t\t\t\t\t<\/a>\n\t\t\t\t\t\t\t\t\t\t\t\t\t\t\t<\/div>\n\t\t\t\t<\/div>\n\t\t\t\t<div class=\"elementor-element elementor-element-735dcbb elementor-widget-mobile__width-inherit elementor-widget elementor-widget-image-box\" data-id=\"735dcbb\" data-element_type=\"widget\" data-e-type=\"widget\" data-widget_type=\"image-box.default\">\n\t\t\t\t<div class=\"elementor-widget-container\">\n\t\t\t\t\t<div class=\"elementor-image-box-wrapper\"><div class=\"elementor-image-box-content\"><h3 class=\"elementor-image-box-title\">Illegal Operation<\/h3><p class=\"elementor-image-box-description\">Du\u0161an Todorovi\u0107<\/p><\/div><\/div>\t\t\t\t<\/div>\n\t\t\t\t<\/div>\n\t\t\t\t<\/div>\n\t\t<div class=\"elementor-element elementor-element-000c9e5 e-con-full e-flex e-con e-child\" data-id=\"000c9e5\" data-element_type=\"container\" data-e-type=\"container\">\n\t\t\t\t<div class=\"elementor-element elementor-element-6d27583 elementor-widget elementor-widget-image\" data-id=\"6d27583\" data-element_type=\"widget\" data-e-type=\"widget\" data-widget_type=\"image.default\">\n\t\t\t\t<div class=\"elementor-widget-container\">\n\t\t\t\t\t\t\t\t\t\t\t\t\t\t\t\t<a href=\"https:\/\/msuv.org\/wp-content\/uploads\/2024\/04\/7.Novakovic-Bojan-Food-Inside.jpg\" data-elementor-open-lightbox=\"yes\" data-elementor-lightbox-title=\"Food Inside - Bojan Novakovi\u0107 2009. Crte\u017e, kombinovana tehnika 50 x 61\" data-e-action-hash=\"#elementor-action%3Aaction%3Dlightbox%26settings%3DeyJpZCI6NTY1NSwidXJsIjoiaHR0cHM6XC9cL21zdXYub3JnXC93cC1jb250ZW50XC91cGxvYWRzXC8yMDI0XC8wNFwvNy5Ob3Zha292aWMtQm9qYW4tRm9vZC1JbnNpZGUuanBnIn0%3D\">\n\t\t\t\t\t\t\t<img loading=\"lazy\" decoding=\"async\" width=\"800\" height=\"654\" src=\"https:\/\/msuv.org\/wp-content\/uploads\/2024\/04\/7.Novakovic-Bojan-Food-Inside.jpg\" class=\"attachment-large size-large wp-image-5655\" alt=\"Food Inside - Bojan Novakovi\u0107 2009. Crte\u017e, kombinovana tehnika 50 x 61\" srcset=\"https:\/\/msuv.org\/wp-content\/uploads\/2024\/04\/7.Novakovic-Bojan-Food-Inside.jpg 800w, https:\/\/msuv.org\/wp-content\/uploads\/2024\/04\/7.Novakovic-Bojan-Food-Inside-300x245.jpg 300w, https:\/\/msuv.org\/wp-content\/uploads\/2024\/04\/7.Novakovic-Bojan-Food-Inside-768x628.jpg 768w, https:\/\/msuv.org\/wp-content\/uploads\/2024\/04\/7.Novakovic-Bojan-Food-Inside-15x12.jpg 15w\" sizes=\"(max-width: 800px) 100vw, 800px\" \/>\t\t\t\t\t\t\t\t<\/a>\n\t\t\t\t\t\t\t\t\t\t\t\t\t\t\t<\/div>\n\t\t\t\t<\/div>\n\t\t\t\t<div class=\"elementor-element elementor-element-3de53aa elementor-widget-mobile__width-inherit elementor-widget elementor-widget-image-box\" data-id=\"3de53aa\" data-element_type=\"widget\" data-e-type=\"widget\" data-widget_type=\"image-box.default\">\n\t\t\t\t<div class=\"elementor-widget-container\">\n\t\t\t\t\t<div class=\"elementor-image-box-wrapper\"><div class=\"elementor-image-box-content\"><h3 class=\"elementor-image-box-title\">Food Inside<\/h3><p class=\"elementor-image-box-description\">Bojan Novakovi\u0107<\/p><\/div><\/div>\t\t\t\t<\/div>\n\t\t\t\t<\/div>\n\t\t\t\t<\/div>\n\t\t<div class=\"elementor-element elementor-element-fad9ef5 e-con-full e-flex e-con e-child\" data-id=\"fad9ef5\" data-element_type=\"container\" data-e-type=\"container\">\n\t\t\t\t<div class=\"elementor-element elementor-element-43b6310 elementor-widget elementor-widget-image\" data-id=\"43b6310\" data-element_type=\"widget\" data-e-type=\"widget\" data-widget_type=\"image.default\">\n\t\t\t\t<div class=\"elementor-widget-container\">\n\t\t\t\t\t\t\t\t\t\t\t\t\t\t\t\t<a href=\"https:\/\/msuv.org\/wp-content\/uploads\/2024\/04\/8.Radomir-Damnjanovic-Damnjan-OBJEKT-1969.jpg\" data-elementor-open-lightbox=\"yes\" data-elementor-lightbox-title=\"Objekt - Radomir Damnjanovi\u0107 Damnjan 1969. Serigrafija\" data-e-action-hash=\"#elementor-action%3Aaction%3Dlightbox%26settings%3DeyJpZCI6NTY1NiwidXJsIjoiaHR0cHM6XC9cL21zdXYub3JnXC93cC1jb250ZW50XC91cGxvYWRzXC8yMDI0XC8wNFwvOC5SYWRvbWlyLURhbW5qYW5vdmljLURhbW5qYW4tT0JKRUtULTE5NjkuanBnIn0%3D\">\n\t\t\t\t\t\t\t<img loading=\"lazy\" decoding=\"async\" width=\"800\" height=\"562\" src=\"https:\/\/msuv.org\/wp-content\/uploads\/2024\/04\/8.Radomir-Damnjanovic-Damnjan-OBJEKT-1969.jpg\" class=\"attachment-large size-large wp-image-5656\" alt=\"Objekt - Radomir Damnjanovi\u0107 Damnjan 1969. Serigrafija\" srcset=\"https:\/\/msuv.org\/wp-content\/uploads\/2024\/04\/8.Radomir-Damnjanovic-Damnjan-OBJEKT-1969.jpg 800w, https:\/\/msuv.org\/wp-content\/uploads\/2024\/04\/8.Radomir-Damnjanovic-Damnjan-OBJEKT-1969-300x211.jpg 300w, https:\/\/msuv.org\/wp-content\/uploads\/2024\/04\/8.Radomir-Damnjanovic-Damnjan-OBJEKT-1969-768x540.jpg 768w, https:\/\/msuv.org\/wp-content\/uploads\/2024\/04\/8.Radomir-Damnjanovic-Damnjan-OBJEKT-1969-18x12.jpg 18w\" sizes=\"(max-width: 800px) 100vw, 800px\" \/>\t\t\t\t\t\t\t\t<\/a>\n\t\t\t\t\t\t\t\t\t\t\t\t\t\t\t<\/div>\n\t\t\t\t<\/div>\n\t\t\t\t<div class=\"elementor-element elementor-element-e88b18a elementor-widget-mobile__width-inherit elementor-widget elementor-widget-image-box\" data-id=\"e88b18a\" data-element_type=\"widget\" data-e-type=\"widget\" data-widget_type=\"image-box.default\">\n\t\t\t\t<div class=\"elementor-widget-container\">\n\t\t\t\t\t<div class=\"elementor-image-box-wrapper\"><div class=\"elementor-image-box-content\"><h3 class=\"elementor-image-box-title\">Objekt<\/h3><p class=\"elementor-image-box-description\">Radomir Damnjanovi\u0107 Damnjan\n\n<\/p><\/div><\/div>\t\t\t\t<\/div>\n\t\t\t\t<\/div>\n\t\t\t\t<\/div>\n\t\t\t\t<\/div>\n\t\t<div class=\"elementor-element elementor-element-01f0fa6 e-con-full e-flex e-con e-child\" data-id=\"01f0fa6\" data-element_type=\"container\" data-e-type=\"container\">\n\t\t<div class=\"elementor-element elementor-element-3cbc299 e-con-full e-flex e-con e-child\" data-id=\"3cbc299\" data-element_type=\"container\" data-e-type=\"container\">\n\t\t\t\t<div class=\"elementor-element elementor-element-3891820 elementor-widget elementor-widget-image\" data-id=\"3891820\" data-element_type=\"widget\" data-e-type=\"widget\" data-widget_type=\"image.default\">\n\t\t\t\t<div class=\"elementor-widget-container\">\n\t\t\t\t\t\t\t\t\t\t\t\t\t\t\t\t<a href=\"https:\/\/msuv.org\/wp-content\/uploads\/2024\/04\/9.Slobodan-Knezevic-Abi-Mobilni-crtez-2002.jpg\" data-elementor-open-lightbox=\"yes\" data-elementor-lightbox-title=\"Mobilni crte\u017e - Slobodan Kne\u017eevi\u0107 Abi 2002. Crte\u017e, akrilik na natron papiru 4 x (62 x 114 cm)\" data-e-action-hash=\"#elementor-action%3Aaction%3Dlightbox%26settings%3DeyJpZCI6NTY1NywidXJsIjoiaHR0cHM6XC9cL21zdXYub3JnXC93cC1jb250ZW50XC91cGxvYWRzXC8yMDI0XC8wNFwvOS5TbG9ib2Rhbi1LbmV6ZXZpYy1BYmktTW9iaWxuaS1jcnRlei0yMDAyLmpwZyJ9\">\n\t\t\t\t\t\t\t<img loading=\"lazy\" decoding=\"async\" width=\"800\" height=\"533\" src=\"https:\/\/msuv.org\/wp-content\/uploads\/2024\/04\/9.Slobodan-Knezevic-Abi-Mobilni-crtez-2002.jpg\" class=\"attachment-large size-large wp-image-5657\" alt=\"Mobilni crte\u017e - Slobodan Kne\u017eevi\u0107 Abi 2002. Crte\u017e, akrilik na natron papiru 4 x (62 x 114 cm)\" srcset=\"https:\/\/msuv.org\/wp-content\/uploads\/2024\/04\/9.Slobodan-Knezevic-Abi-Mobilni-crtez-2002.jpg 800w, https:\/\/msuv.org\/wp-content\/uploads\/2024\/04\/9.Slobodan-Knezevic-Abi-Mobilni-crtez-2002-300x200.jpg 300w, https:\/\/msuv.org\/wp-content\/uploads\/2024\/04\/9.Slobodan-Knezevic-Abi-Mobilni-crtez-2002-768x512.jpg 768w, https:\/\/msuv.org\/wp-content\/uploads\/2024\/04\/9.Slobodan-Knezevic-Abi-Mobilni-crtez-2002-18x12.jpg 18w\" sizes=\"(max-width: 800px) 100vw, 800px\" \/>\t\t\t\t\t\t\t\t<\/a>\n\t\t\t\t\t\t\t\t\t\t\t\t\t\t\t<\/div>\n\t\t\t\t<\/div>\n\t\t\t\t<div class=\"elementor-element elementor-element-063b9a0 elementor-widget-mobile__width-inherit elementor-widget elementor-widget-image-box\" data-id=\"063b9a0\" data-element_type=\"widget\" data-e-type=\"widget\" data-widget_type=\"image-box.default\">\n\t\t\t\t<div class=\"elementor-widget-container\">\n\t\t\t\t\t<div class=\"elementor-image-box-wrapper\"><div class=\"elementor-image-box-content\"><h3 class=\"elementor-image-box-title\">Mobilni crte\u017e<\/h3><p class=\"elementor-image-box-description\">Slobodan Kne\u017eevi\u0107 Abi\n\n<\/p><\/div><\/div>\t\t\t\t<\/div>\n\t\t\t\t<\/div>\n\t\t\t\t<\/div>\n\t\t<div class=\"elementor-element elementor-element-3cda5e0 e-con-full e-flex e-con e-child\" data-id=\"3cda5e0\" data-element_type=\"container\" data-e-type=\"container\">\n\t\t\t\t<div class=\"elementor-element elementor-element-ef6927a elementor-widget elementor-widget-image\" data-id=\"ef6927a\" data-element_type=\"widget\" data-e-type=\"widget\" data-widget_type=\"image.default\">\n\t\t\t\t<div class=\"elementor-widget-container\">\n\t\t\t\t\t\t\t\t\t\t\t\t\t\t\t\t<a href=\"https:\/\/msuv.org\/wp-content\/uploads\/2024\/04\/10.Jozef-Benes-FIGURINE-71-1971.jpg\" data-elementor-open-lightbox=\"yes\" data-elementor-lightbox-title=\"Figurine 71 - Jo\u017eef Bene\u0161 1971. Grafika 50 x 70,5\" data-e-action-hash=\"#elementor-action%3Aaction%3Dlightbox%26settings%3DeyJpZCI6NTY1OCwidXJsIjoiaHR0cHM6XC9cL21zdXYub3JnXC93cC1jb250ZW50XC91cGxvYWRzXC8yMDI0XC8wNFwvMTAuSm96ZWYtQmVuZXMtRklHVVJJTkUtNzEtMTk3MS5qcGcifQ%3D%3D\">\n\t\t\t\t\t\t\t<img loading=\"lazy\" decoding=\"async\" width=\"723\" height=\"1024\" src=\"https:\/\/msuv.org\/wp-content\/uploads\/2024\/04\/10.Jozef-Benes-FIGURINE-71-1971-723x1024.jpg\" class=\"attachment-large size-large wp-image-5658\" alt=\"Figurine 71 - Jo\u017eef Bene\u0161 1971. Grafika 50 x 70,5\" srcset=\"https:\/\/msuv.org\/wp-content\/uploads\/2024\/04\/10.Jozef-Benes-FIGURINE-71-1971-723x1024.jpg 723w, https:\/\/msuv.org\/wp-content\/uploads\/2024\/04\/10.Jozef-Benes-FIGURINE-71-1971-212x300.jpg 212w, https:\/\/msuv.org\/wp-content\/uploads\/2024\/04\/10.Jozef-Benes-FIGURINE-71-1971-768x1088.jpg 768w, https:\/\/msuv.org\/wp-content\/uploads\/2024\/04\/10.Jozef-Benes-FIGURINE-71-1971-8x12.jpg 8w, https:\/\/msuv.org\/wp-content\/uploads\/2024\/04\/10.Jozef-Benes-FIGURINE-71-1971.jpg 800w\" sizes=\"(max-width: 723px) 100vw, 723px\" \/>\t\t\t\t\t\t\t\t<\/a>\n\t\t\t\t\t\t\t\t\t\t\t\t\t\t\t<\/div>\n\t\t\t\t<\/div>\n\t\t\t\t<div class=\"elementor-element elementor-element-fe49805 elementor-widget-mobile__width-inherit elementor-widget elementor-widget-image-box\" data-id=\"fe49805\" data-element_type=\"widget\" data-e-type=\"widget\" data-widget_type=\"image-box.default\">\n\t\t\t\t<div class=\"elementor-widget-container\">\n\t\t\t\t\t<div class=\"elementor-image-box-wrapper\"><div class=\"elementor-image-box-content\"><h3 class=\"elementor-image-box-title\">Figurine 71<\/h3><p class=\"elementor-image-box-description\">Jo\u017eef Bene\u0161\n<\/p><\/div><\/div>\t\t\t\t<\/div>\n\t\t\t\t<\/div>\n\t\t\t\t<\/div>\n\t\t<div class=\"elementor-element elementor-element-3e05a65 e-con-full e-flex e-con e-child\" data-id=\"3e05a65\" data-element_type=\"container\" data-e-type=\"container\">\n\t\t\t\t<div class=\"elementor-element elementor-element-bb9160f elementor-widget elementor-widget-image\" data-id=\"bb9160f\" data-element_type=\"widget\" data-e-type=\"widget\" data-widget_type=\"image.default\">\n\t\t\t\t<div class=\"elementor-widget-container\">\n\t\t\t\t\t\t\t\t\t\t\t\t\t\t\t\t<a href=\"https:\/\/msuv.org\/wp-content\/uploads\/2024\/04\/11.-Kosta-Bogdanovic-_Bez-naziva.jpg\" data-elementor-open-lightbox=\"yes\" data-elementor-lightbox-title=\"Bez naziva - Kosta Bogdanovi\u0107 Serigrafija 47 x 35\" data-e-action-hash=\"#elementor-action%3Aaction%3Dlightbox%26settings%3DeyJpZCI6NTY1OSwidXJsIjoiaHR0cHM6XC9cL21zdXYub3JnXC93cC1jb250ZW50XC91cGxvYWRzXC8yMDI0XC8wNFwvMTEuLUtvc3RhLUJvZ2Rhbm92aWMtX0Jlei1uYXppdmEuanBnIn0%3D\">\n\t\t\t\t\t\t\t<img loading=\"lazy\" decoding=\"async\" width=\"763\" height=\"1024\" src=\"https:\/\/msuv.org\/wp-content\/uploads\/2024\/04\/11.-Kosta-Bogdanovic-_Bez-naziva-763x1024.jpg\" class=\"attachment-large size-large wp-image-5659\" alt=\"Bez naziva - Kosta Bogdanovi\u0107 Serigrafija 47 x 35\" srcset=\"https:\/\/msuv.org\/wp-content\/uploads\/2024\/04\/11.-Kosta-Bogdanovic-_Bez-naziva-763x1024.jpg 763w, https:\/\/msuv.org\/wp-content\/uploads\/2024\/04\/11.-Kosta-Bogdanovic-_Bez-naziva-224x300.jpg 224w, https:\/\/msuv.org\/wp-content\/uploads\/2024\/04\/11.-Kosta-Bogdanovic-_Bez-naziva-768x1030.jpg 768w, https:\/\/msuv.org\/wp-content\/uploads\/2024\/04\/11.-Kosta-Bogdanovic-_Bez-naziva-9x12.jpg 9w, https:\/\/msuv.org\/wp-content\/uploads\/2024\/04\/11.-Kosta-Bogdanovic-_Bez-naziva.jpg 800w\" sizes=\"(max-width: 763px) 100vw, 763px\" \/>\t\t\t\t\t\t\t\t<\/a>\n\t\t\t\t\t\t\t\t\t\t\t\t\t\t\t<\/div>\n\t\t\t\t<\/div>\n\t\t\t\t<div class=\"elementor-element elementor-element-ebe614d elementor-widget-mobile__width-inherit elementor-widget elementor-widget-image-box\" data-id=\"ebe614d\" data-element_type=\"widget\" data-e-type=\"widget\" data-widget_type=\"image-box.default\">\n\t\t\t\t<div class=\"elementor-widget-container\">\n\t\t\t\t\t<div class=\"elementor-image-box-wrapper\"><div class=\"elementor-image-box-content\"><h3 class=\"elementor-image-box-title\">Bez naziva<\/h3><p class=\"elementor-image-box-description\">Kosta Bogdanovi\u0107<\/p><\/div><\/div>\t\t\t\t<\/div>\n\t\t\t\t<\/div>\n\t\t\t\t<\/div>\n\t\t<div class=\"elementor-element elementor-element-6ca8e27 e-con-full e-flex e-con e-child\" data-id=\"6ca8e27\" data-element_type=\"container\" data-e-type=\"container\">\n\t\t\t\t<div class=\"elementor-element elementor-element-681f41d elementor-widget elementor-widget-image\" data-id=\"681f41d\" data-element_type=\"widget\" data-e-type=\"widget\" data-widget_type=\"image.default\">\n\t\t\t\t<div class=\"elementor-widget-container\">\n\t\t\t\t\t\t\t\t\t\t\t\t\t\t\t\t<a href=\"https:\/\/msuv.org\/wp-content\/uploads\/2024\/04\/12.-Tanas-Lulovski-Bez-naziva.jpg\" data-elementor-open-lightbox=\"yes\" data-elementor-lightbox-title=\"Bez naziva - Tanas Lulovski 1979. Crte\u017e, olovka 70,4 x 50\" data-e-action-hash=\"#elementor-action%3Aaction%3Dlightbox%26settings%3DeyJpZCI6NTY2MCwidXJsIjoiaHR0cHM6XC9cL21zdXYub3JnXC93cC1jb250ZW50XC91cGxvYWRzXC8yMDI0XC8wNFwvMTIuLVRhbmFzLUx1bG92c2tpLUJlei1uYXppdmEuanBnIn0%3D\">\n\t\t\t\t\t\t\t<img loading=\"lazy\" decoding=\"async\" width=\"730\" height=\"1024\" src=\"https:\/\/msuv.org\/wp-content\/uploads\/2024\/04\/12.-Tanas-Lulovski-Bez-naziva-730x1024.jpg\" class=\"attachment-large size-large wp-image-5660\" alt=\"Bez naziva - Tanas Lulovski 1979. Crte\u017e, olovka 70,4 x 50\" srcset=\"https:\/\/msuv.org\/wp-content\/uploads\/2024\/04\/12.-Tanas-Lulovski-Bez-naziva-730x1024.jpg 730w, https:\/\/msuv.org\/wp-content\/uploads\/2024\/04\/12.-Tanas-Lulovski-Bez-naziva-214x300.jpg 214w, https:\/\/msuv.org\/wp-content\/uploads\/2024\/04\/12.-Tanas-Lulovski-Bez-naziva-768x1077.jpg 768w, https:\/\/msuv.org\/wp-content\/uploads\/2024\/04\/12.-Tanas-Lulovski-Bez-naziva-9x12.jpg 9w, https:\/\/msuv.org\/wp-content\/uploads\/2024\/04\/12.-Tanas-Lulovski-Bez-naziva.jpg 800w\" sizes=\"(max-width: 730px) 100vw, 730px\" \/>\t\t\t\t\t\t\t\t<\/a>\n\t\t\t\t\t\t\t\t\t\t\t\t\t\t\t<\/div>\n\t\t\t\t<\/div>\n\t\t\t\t<div class=\"elementor-element elementor-element-7951faf elementor-widget-mobile__width-inherit elementor-widget elementor-widget-image-box\" data-id=\"7951faf\" data-element_type=\"widget\" data-e-type=\"widget\" data-widget_type=\"image-box.default\">\n\t\t\t\t<div class=\"elementor-widget-container\">\n\t\t\t\t\t<div class=\"elementor-image-box-wrapper\"><div class=\"elementor-image-box-content\"><h3 class=\"elementor-image-box-title\">Bez naziva<\/h3><p class=\"elementor-image-box-description\">Tanas Lulovski\n<\/p><\/div><\/div>\t\t\t\t<\/div>\n\t\t\t\t<\/div>\n\t\t\t\t<\/div>\n\t\t\t\t<\/div>\n\t\t<div class=\"elementor-element elementor-element-1214903 e-con-full e-flex e-con e-child\" data-id=\"1214903\" data-element_type=\"container\" data-e-type=\"container\">\n\t\t<div class=\"elementor-element elementor-element-186cb48 e-con-full e-flex e-con e-child\" data-id=\"186cb48\" data-element_type=\"container\" data-e-type=\"container\">\n\t\t\t\t<div class=\"elementor-element elementor-element-8a741d0 elementor-widget elementor-widget-image\" data-id=\"8a741d0\" data-element_type=\"widget\" data-e-type=\"widget\" data-widget_type=\"image.default\">\n\t\t\t\t<div class=\"elementor-widget-container\">\n\t\t\t\t\t\t\t\t\t\t\t\t\t\t\t\t<a href=\"https:\/\/msuv.org\/wp-content\/uploads\/2024\/04\/13.-Milan-Nesic-NA-JUGU-NAPETO-2006.jpg\" data-elementor-open-lightbox=\"yes\" data-elementor-lightbox-title=\"Na jugu napeto - Milan Ne\u0161i\u0107 2006. Crte\u017e 69,4 x 50,3\" data-e-action-hash=\"#elementor-action%3Aaction%3Dlightbox%26settings%3DeyJpZCI6NTY2MSwidXJsIjoiaHR0cHM6XC9cL21zdXYub3JnXC93cC1jb250ZW50XC91cGxvYWRzXC8yMDI0XC8wNFwvMTMuLU1pbGFuLU5lc2ljLU5BLUpVR1UtTkFQRVRPLTIwMDYuanBnIn0%3D\">\n\t\t\t\t\t\t\t<img loading=\"lazy\" decoding=\"async\" width=\"749\" height=\"1024\" src=\"https:\/\/msuv.org\/wp-content\/uploads\/2024\/04\/13.-Milan-Nesic-NA-JUGU-NAPETO-2006-749x1024.jpg\" class=\"attachment-large size-large wp-image-5661\" alt=\"Na jugu napeto - Milan Ne\u0161i\u0107 2006. Crte\u017e 69,4 x 50,3\" srcset=\"https:\/\/msuv.org\/wp-content\/uploads\/2024\/04\/13.-Milan-Nesic-NA-JUGU-NAPETO-2006-749x1024.jpg 749w, https:\/\/msuv.org\/wp-content\/uploads\/2024\/04\/13.-Milan-Nesic-NA-JUGU-NAPETO-2006-219x300.jpg 219w, https:\/\/msuv.org\/wp-content\/uploads\/2024\/04\/13.-Milan-Nesic-NA-JUGU-NAPETO-2006-768x1050.jpg 768w, https:\/\/msuv.org\/wp-content\/uploads\/2024\/04\/13.-Milan-Nesic-NA-JUGU-NAPETO-2006-9x12.jpg 9w, https:\/\/msuv.org\/wp-content\/uploads\/2024\/04\/13.-Milan-Nesic-NA-JUGU-NAPETO-2006.jpg 800w\" sizes=\"(max-width: 749px) 100vw, 749px\" \/>\t\t\t\t\t\t\t\t<\/a>\n\t\t\t\t\t\t\t\t\t\t\t\t\t\t\t<\/div>\n\t\t\t\t<\/div>\n\t\t\t\t<div class=\"elementor-element elementor-element-c8598ab elementor-widget-mobile__width-inherit elementor-widget elementor-widget-image-box\" data-id=\"c8598ab\" data-element_type=\"widget\" data-e-type=\"widget\" data-widget_type=\"image-box.default\">\n\t\t\t\t<div class=\"elementor-widget-container\">\n\t\t\t\t\t<div class=\"elementor-image-box-wrapper\"><div class=\"elementor-image-box-content\"><h3 class=\"elementor-image-box-title\">Na jugu napeto<\/h3><p class=\"elementor-image-box-description\">Milan Ne\u0161i\u0107\n\n<\/p><\/div><\/div>\t\t\t\t<\/div>\n\t\t\t\t<\/div>\n\t\t\t\t<\/div>\n\t\t<div class=\"elementor-element elementor-element-e096754 e-con-full e-flex e-con e-child\" data-id=\"e096754\" data-element_type=\"container\" data-e-type=\"container\">\n\t\t\t\t<div class=\"elementor-element elementor-element-8ab9e74 elementor-widget elementor-widget-image\" data-id=\"8ab9e74\" data-element_type=\"widget\" data-e-type=\"widget\" data-widget_type=\"image.default\">\n\t\t\t\t<div class=\"elementor-widget-container\">\n\t\t\t\t\t\t\t\t\t\t\t\t\t\t\t\t<a href=\"https:\/\/msuv.org\/wp-content\/uploads\/2024\/04\/14.-Milena-Cubrakovic-KONCEPCIJA-III-1968.jpg\" data-elementor-open-lightbox=\"yes\" data-elementor-lightbox-title=\"Koncepcija III - Milena \u010cubrakovi\u0107 1968. Crte\u017e, tempera 70,6 x 69,9\" data-e-action-hash=\"#elementor-action%3Aaction%3Dlightbox%26settings%3DeyJpZCI6NTY2MiwidXJsIjoiaHR0cHM6XC9cL21zdXYub3JnXC93cC1jb250ZW50XC91cGxvYWRzXC8yMDI0XC8wNFwvMTQuLU1pbGVuYS1DdWJyYWtvdmljLUtPTkNFUENJSkEtSUlJLTE5NjguanBnIn0%3D\">\n\t\t\t\t\t\t\t<img loading=\"lazy\" decoding=\"async\" width=\"800\" height=\"813\" src=\"https:\/\/msuv.org\/wp-content\/uploads\/2024\/04\/14.-Milena-Cubrakovic-KONCEPCIJA-III-1968.jpg\" class=\"attachment-large size-large wp-image-5662\" alt=\"Koncepcija III - Milena \u010cubrakovi\u0107 1968. Crte\u017e, tempera 70,6 x 69,9\" srcset=\"https:\/\/msuv.org\/wp-content\/uploads\/2024\/04\/14.-Milena-Cubrakovic-KONCEPCIJA-III-1968.jpg 800w, https:\/\/msuv.org\/wp-content\/uploads\/2024\/04\/14.-Milena-Cubrakovic-KONCEPCIJA-III-1968-295x300.jpg 295w, https:\/\/msuv.org\/wp-content\/uploads\/2024\/04\/14.-Milena-Cubrakovic-KONCEPCIJA-III-1968-768x780.jpg 768w, https:\/\/msuv.org\/wp-content\/uploads\/2024\/04\/14.-Milena-Cubrakovic-KONCEPCIJA-III-1968-12x12.jpg 12w\" sizes=\"(max-width: 800px) 100vw, 800px\" \/>\t\t\t\t\t\t\t\t<\/a>\n\t\t\t\t\t\t\t\t\t\t\t\t\t\t\t<\/div>\n\t\t\t\t<\/div>\n\t\t\t\t<div class=\"elementor-element elementor-element-872959d elementor-widget-mobile__width-inherit elementor-widget elementor-widget-image-box\" data-id=\"872959d\" data-element_type=\"widget\" data-e-type=\"widget\" data-widget_type=\"image-box.default\">\n\t\t\t\t<div class=\"elementor-widget-container\">\n\t\t\t\t\t<div class=\"elementor-image-box-wrapper\"><div class=\"elementor-image-box-content\"><h3 class=\"elementor-image-box-title\">Koncepcija III<\/h3><p class=\"elementor-image-box-description\">Milena \u010cubrakovi\u0107\n<\/p><\/div><\/div>\t\t\t\t<\/div>\n\t\t\t\t<\/div>\n\t\t\t\t<\/div>\n\t\t<div class=\"elementor-element elementor-element-476bfc9 e-con-full e-flex e-con e-child\" data-id=\"476bfc9\" data-element_type=\"container\" data-e-type=\"container\">\n\t\t\t\t<div class=\"elementor-element elementor-element-58efdf3 elementor-widget elementor-widget-image\" data-id=\"58efdf3\" data-element_type=\"widget\" data-e-type=\"widget\" data-widget_type=\"image.default\">\n\t\t\t\t<div class=\"elementor-widget-container\">\n\t\t\t\t\t\t\t\t\t\t\t\t\t\t\t\t<a href=\"https:\/\/msuv.org\/wp-content\/uploads\/2024\/04\/15.-Verbumprogram-Ratomir-Kulic-i-Vladimir-Mattioni-ESKURS-IV-2-1-2009.jpg\" data-elementor-open-lightbox=\"yes\" data-elementor-lightbox-title=\"Eskurs IV - 2-1,   Verbumprogram (Ratomir Kuli\u0107 i Vladimir Mattioni)  2009.\" data-e-action-hash=\"#elementor-action%3Aaction%3Dlightbox%26settings%3DeyJpZCI6NTY2MywidXJsIjoiaHR0cHM6XC9cL21zdXYub3JnXC93cC1jb250ZW50XC91cGxvYWRzXC8yMDI0XC8wNFwvMTUuLVZlcmJ1bXByb2dyYW0tUmF0b21pci1LdWxpYy1pLVZsYWRpbWlyLU1hdHRpb25pLUVTS1VSUy1JVi0yLTEtMjAwOS5qcGcifQ%3D%3D\">\n\t\t\t\t\t\t\t<img loading=\"lazy\" decoding=\"async\" width=\"728\" height=\"1024\" src=\"https:\/\/msuv.org\/wp-content\/uploads\/2024\/04\/15.-Verbumprogram-Ratomir-Kulic-i-Vladimir-Mattioni-ESKURS-IV-2-1-2009-728x1024.jpg\" class=\"attachment-large size-large wp-image-5663\" alt=\"Eskurs IV - 2-1, Verbumprogram (Ratomir Kuli\u0107 i Vladimir Mattioni) 2009.\" srcset=\"https:\/\/msuv.org\/wp-content\/uploads\/2024\/04\/15.-Verbumprogram-Ratomir-Kulic-i-Vladimir-Mattioni-ESKURS-IV-2-1-2009-728x1024.jpg 728w, https:\/\/msuv.org\/wp-content\/uploads\/2024\/04\/15.-Verbumprogram-Ratomir-Kulic-i-Vladimir-Mattioni-ESKURS-IV-2-1-2009-213x300.jpg 213w, https:\/\/msuv.org\/wp-content\/uploads\/2024\/04\/15.-Verbumprogram-Ratomir-Kulic-i-Vladimir-Mattioni-ESKURS-IV-2-1-2009-768x1081.jpg 768w, https:\/\/msuv.org\/wp-content\/uploads\/2024\/04\/15.-Verbumprogram-Ratomir-Kulic-i-Vladimir-Mattioni-ESKURS-IV-2-1-2009-9x12.jpg 9w, https:\/\/msuv.org\/wp-content\/uploads\/2024\/04\/15.-Verbumprogram-Ratomir-Kulic-i-Vladimir-Mattioni-ESKURS-IV-2-1-2009.jpg 800w\" sizes=\"(max-width: 728px) 100vw, 728px\" \/>\t\t\t\t\t\t\t\t<\/a>\n\t\t\t\t\t\t\t\t\t\t\t\t\t\t\t<\/div>\n\t\t\t\t<\/div>\n\t\t\t\t<div class=\"elementor-element elementor-element-92b3551 elementor-widget-mobile__width-inherit elementor-widget elementor-widget-image-box\" data-id=\"92b3551\" data-element_type=\"widget\" data-e-type=\"widget\" data-widget_type=\"image-box.default\">\n\t\t\t\t<div class=\"elementor-widget-container\">\n\t\t\t\t\t<div class=\"elementor-image-box-wrapper\"><div class=\"elementor-image-box-content\"><h3 class=\"elementor-image-box-title\">Eskurs IV - 2-1,   Verbumprogram<\/h3><p class=\"elementor-image-box-description\">(Ratomir Kuli\u0107 i Vladimir Mattioni) \n2009.\n<\/p><\/div><\/div>\t\t\t\t<\/div>\n\t\t\t\t<\/div>\n\t\t\t\t<\/div>\n\t\t<div class=\"elementor-element elementor-element-a486eed e-con-full e-flex e-con e-child\" data-id=\"a486eed\" data-element_type=\"container\" data-e-type=\"container\">\n\t\t\t\t<div class=\"elementor-element elementor-element-6fc778b elementor-widget elementor-widget-image\" data-id=\"6fc778b\" data-element_type=\"widget\" data-e-type=\"widget\" data-widget_type=\"image.default\">\n\t\t\t\t<div class=\"elementor-widget-container\">\n\t\t\t\t\t\t\t\t\t\t\t\t\t\t\t\t<a href=\"https:\/\/msuv.org\/wp-content\/uploads\/2024\/04\/Julije-Knifer-Grafika-I.jpg\" data-elementor-open-lightbox=\"yes\" data-elementor-lightbox-title=\"Grafika I - Julije Knifer 1987. Grafika 34,8 x 24,9\" data-e-action-hash=\"#elementor-action%3Aaction%3Dlightbox%26settings%3DeyJpZCI6NTY2NCwidXJsIjoiaHR0cHM6XC9cL21zdXYub3JnXC93cC1jb250ZW50XC91cGxvYWRzXC8yMDI0XC8wNFwvSnVsaWplLUtuaWZlci1HcmFmaWthLUkuanBnIn0%3D\">\n\t\t\t\t\t\t\t<img loading=\"lazy\" decoding=\"async\" width=\"719\" height=\"1024\" src=\"https:\/\/msuv.org\/wp-content\/uploads\/2024\/04\/Julije-Knifer-Grafika-I-719x1024.jpg\" class=\"attachment-large size-large wp-image-5664\" alt=\"Grafika I - Julije Knifer 1987. Grafika 34,8 x 24,9\" srcset=\"https:\/\/msuv.org\/wp-content\/uploads\/2024\/04\/Julije-Knifer-Grafika-I-719x1024.jpg 719w, https:\/\/msuv.org\/wp-content\/uploads\/2024\/04\/Julije-Knifer-Grafika-I-211x300.jpg 211w, https:\/\/msuv.org\/wp-content\/uploads\/2024\/04\/Julije-Knifer-Grafika-I-768x1093.jpg 768w, https:\/\/msuv.org\/wp-content\/uploads\/2024\/04\/Julije-Knifer-Grafika-I-8x12.jpg 8w, https:\/\/msuv.org\/wp-content\/uploads\/2024\/04\/Julije-Knifer-Grafika-I.jpg 800w\" sizes=\"(max-width: 719px) 100vw, 719px\" \/>\t\t\t\t\t\t\t\t<\/a>\n\t\t\t\t\t\t\t\t\t\t\t\t\t\t\t<\/div>\n\t\t\t\t<\/div>\n\t\t\t\t<div class=\"elementor-element elementor-element-dc29302 elementor-widget-mobile__width-inherit elementor-widget elementor-widget-image-box\" data-id=\"dc29302\" data-element_type=\"widget\" data-e-type=\"widget\" data-widget_type=\"image-box.default\">\n\t\t\t\t<div class=\"elementor-widget-container\">\n\t\t\t\t\t<div class=\"elementor-image-box-wrapper\"><div class=\"elementor-image-box-content\"><h3 class=\"elementor-image-box-title\">Grafika I<\/h3><p class=\"elementor-image-box-description\">Julije Knifer<\/p><\/div><\/div>\t\t\t\t<\/div>\n\t\t\t\t<\/div>\n\t\t\t\t<\/div>\n\t\t\t\t<\/div>\n\t\t<div class=\"elementor-element elementor-element-dc2a8da e-flex e-con-boxed e-con e-parent\" data-id=\"dc2a8da\" data-element_type=\"container\" data-e-type=\"container\">\n\t\t\t\t\t<div class=\"e-con-inner\">\n\t\t\t\t<div class=\"elementor-element elementor-element-1ba1391 elementor-grid-1 e-grid-align-left elementor-widget__width-auto elementor-fixed elementor-hidden-mobile elementor-hidden-tablet elementor-shape-rounded elementor-widget elementor-widget-social-icons\" data-id=\"1ba1391\" data-element_type=\"widget\" data-e-type=\"widget\" data-settings=\"{&quot;_position&quot;:&quot;fixed&quot;,&quot;motion_fx_opacity_range&quot;:{&quot;unit&quot;:&quot;%&quot;,&quot;size&quot;:&quot;&quot;,&quot;sizes&quot;:{&quot;start&quot;:15,&quot;end&quot;:22}},&quot;motion_fx_motion_fx_scrolling&quot;:&quot;yes&quot;,&quot;motion_fx_opacity_effect&quot;:&quot;yes&quot;,&quot;motion_fx_opacity_direction&quot;:&quot;out-in&quot;,&quot;motion_fx_opacity_level&quot;:{&quot;unit&quot;:&quot;px&quot;,&quot;size&quot;:10,&quot;sizes&quot;:[]},&quot;motion_fx_devices&quot;:[&quot;widescreen&quot;,&quot;desktop&quot;,&quot;laptop&quot;,&quot;tablet&quot;,&quot;mobile&quot;]}\" data-widget_type=\"social-icons.default\">\n\t\t\t\t<div class=\"elementor-widget-container\">\n\t\t\t\t\t\t\t<div class=\"elementor-social-icons-wrapper elementor-grid\" role=\"list\">\n\t\t\t\t\t\t\t<span class=\"elementor-grid-item\" role=\"listitem\">\n\t\t\t\t\t<a class=\"elementor-icon elementor-social-icon elementor-social-icon-instagram icon elementor-animation-grow elementor-repeater-item-256705b\" href=\"https:\/\/www.instagram.com\/msuv_novisad\/\" target=\"_blank\">\n\t\t\t\t\t\t<span class=\"elementor-screen-only\">Instagram Icon<\/span>\n\t\t\t\t\t\t<svg xmlns=\"http:\/\/www.w3.org\/2000\/svg\" xmlns:xlink=\"http:\/\/www.w3.org\/1999\/xlink\" id=\"Layer_1\" x=\"0px\" y=\"0px\" viewBox=\"0 0 511.03 511.03\" style=\"enable-background:new 0 0 511.03 511.03;\" xml:space=\"preserve\"><g>\t<path d=\"M499.86,255.47c0,44.86,0.19,89.72-0.05,134.57c-0.29,53.51-35.46,96.73-87.49,107.59c-7.41,1.55-15.15,2.1-22.73,2.11  c-89.35,0.14-178.7,0.22-268.05,0.04c-53.85-0.11-97.34-35.37-108.2-87.48c-1.51-7.22-2.08-14.76-2.09-22.16  c-0.14-89.72-0.25-179.43-0.03-269.15c0.13-53.37,35.55-96.77,87.5-107.6c7.41-1.54,15.15-2.09,22.73-2.1  c89.35-0.14,178.7-0.21,268.05-0.05c53.83,0.1,97.32,35.29,108.15,87.5c1.69,8.14,2.09,16.66,2.13,25.01  C499.97,167.66,499.86,211.56,499.86,255.47z M413.8,255.59c0.05-87.24-70.54-158.03-157.81-158.26  C168.43,97.09,97.4,167.73,97.22,255.2c-0.18,87.45,70.63,158.47,158.1,158.56C342.83,413.86,413.75,343.08,413.8,255.59z   M450.64,92.52c-0.03-18.6-14.87-33.45-33.42-33.44c-18.52,0.01-33.41,14.89-33.44,33.43c-0.03,18.42,15.02,33.49,33.44,33.48  C435.73,125.98,450.67,111.01,450.64,92.52z\"><\/path>\t<path d=\"M345.15,255.31c0.11,49.55-39.66,89.6-89.23,89.84c-49.73,0.25-89.96-39.86-89.96-89.66c0.01-49.58,39.9-89.49,89.49-89.51  C305.06,165.95,345.04,205.76,345.15,255.31z\"><\/path><\/g><\/svg>\t\t\t\t\t<\/a>\n\t\t\t\t<\/span>\n\t\t\t\t\t\t\t<span class=\"elementor-grid-item\" role=\"listitem\">\n\t\t\t\t\t<a class=\"elementor-icon elementor-social-icon elementor-social-icon-facebook elementor-animation-grow elementor-repeater-item-fdd3169\" href=\"https:\/\/www.facebook.com\/MsuvNoviSad\/\" target=\"_blank\">\n\t\t\t\t\t\t<span class=\"elementor-screen-only\">Facebook<\/span>\n\t\t\t\t\t\t<svg aria-hidden=\"true\" class=\"e-font-icon-svg e-fab-facebook\" viewBox=\"0 0 512 512\" xmlns=\"http:\/\/www.w3.org\/2000\/svg\"><path d=\"M504 256C504 119 393 8 256 8S8 119 8 256c0 123.78 90.69 226.38 209.25 245V327.69h-63V256h63v-54.64c0-62.15 37-96.48 93.67-96.48 27.14 0 55.52 4.84 55.52 4.84v61h-31.28c-30.8 0-40.41 19.12-40.41 38.73V256h68.78l-11 71.69h-57.78V501C413.31 482.38 504 379.78 504 256z\"><\/path><\/svg>\t\t\t\t\t<\/a>\n\t\t\t\t<\/span>\n\t\t\t\t\t\t\t<span class=\"elementor-grid-item\" role=\"listitem\">\n\t\t\t\t\t<a class=\"elementor-icon elementor-social-icon elementor-social-icon-youtube elementor-animation-grow elementor-repeater-item-64aa097\" href=\"https:\/\/www.youtube.com\/@MSUV_NoviSad\" target=\"_blank\">\n\t\t\t\t\t\t<span class=\"elementor-screen-only\">Youtube<\/span>\n\t\t\t\t\t\t<svg aria-hidden=\"true\" class=\"e-font-icon-svg e-fab-youtube\" viewBox=\"0 0 576 512\" xmlns=\"http:\/\/www.w3.org\/2000\/svg\"><path d=\"M549.655 124.083c-6.281-23.65-24.787-42.276-48.284-48.597C458.781 64 288 64 288 64S117.22 64 74.629 75.486c-23.497 6.322-42.003 24.947-48.284 48.597-11.412 42.867-11.412 132.305-11.412 132.305s0 89.438 11.412 132.305c6.281 23.65 24.787 41.5 48.284 47.821C117.22 448 288 448 288 448s170.78 0 213.371-11.486c23.497-6.321 42.003-24.171 48.284-47.821 11.412-42.867 11.412-132.305 11.412-132.305s0-89.438-11.412-132.305zm-317.51 213.508V175.185l142.739 81.205-142.739 81.201z\"><\/path><\/svg>\t\t\t\t\t<\/a>\n\t\t\t\t<\/span>\n\t\t\t\t\t<\/div>\n\t\t\t\t\t\t<\/div>\n\t\t\t\t<\/div>\n\t\t\t\t\t<\/div>\n\t\t\t\t<\/div>\n\t\t\t\t<\/div>\n\t\t","protected":false},"excerpt":{"rendered":"<p>Zbirka crte\u017ea i grafike Zbirka crte\u017ea i grafike spada u najobimnije u fondu i broji\u00a0 preko 1850 dela u razli\u010ditim tehnikama i formatima od crte\u017ea, grafike, radova na papiru, kola\u017ea, do radova izvedenih u kombinovanim slikarskim tehnikama ( gva\u0161, akvarel, tempera). Dinami\u010dna i rastuc\u0301a zbirka obuhvata radove vojvo\u0111anskih,\u00a0 jugoslovenskih, srpskih, kao i stranih umetnika, prisutnih [&hellip;]<\/p>\n","protected":false},"author":1,"featured_media":0,"parent":0,"menu_order":0,"comment_status":"closed","ping_status":"closed","template":"elementor_header_footer","meta":{"footnotes":""},"class_list":["post-5643","page","type-page","status-publish","hentry"],"yoast_head":"<!-- This site is optimized with the Yoast SEO plugin v27.4 - https:\/\/yoast.com\/product\/yoast-seo-wordpress\/ -->\n<title>Zbirka crte\u017ea i grafike - Muzej savremene umetnosti Vojvodine<\/title>\n<meta name=\"robots\" content=\"index, follow, max-snippet:-1, max-image-preview:large, max-video-preview:-1\" \/>\n<link rel=\"canonical\" href=\"https:\/\/msuv.org\/en\/zbirka-crteza-i-grafike\/\" \/>\n<meta property=\"og:locale\" content=\"en_US\" \/>\n<meta property=\"og:type\" content=\"article\" \/>\n<meta property=\"og:title\" content=\"Zbirka crte\u017ea i grafike - Muzej savremene umetnosti Vojvodine\" \/>\n<meta property=\"og:description\" content=\"Zbirka crte\u017ea i grafike Zbirka crte\u017ea i grafike spada u najobimnije u fondu i broji\u00a0 preko 1850 dela u razli\u010ditim tehnikama i formatima od crte\u017ea, grafike, radova na papiru, kola\u017ea, do radova izvedenih u kombinovanim slikarskim tehnikama ( gva\u0161, akvarel, tempera). Dinami\u010dna i rastuc\u0301a zbirka obuhvata radove vojvo\u0111anskih,\u00a0 jugoslovenskih, srpskih, kao i stranih umetnika, prisutnih [&hellip;]\" \/>\n<meta property=\"og:url\" content=\"https:\/\/msuv.org\/en\/zbirka-crteza-i-grafike\/\" \/>\n<meta property=\"og:site_name\" content=\"Muzej savremene umetnosti Vojvodine\" \/>\n<meta property=\"article:modified_time\" content=\"2024-05-07T10:50:07+00:00\" \/>\n<meta property=\"og:image\" content=\"https:\/\/msuv.org\/wp-content\/uploads\/2024\/04\/1.-Milan-Kerac-Crveni-bik.jpg\" \/>\n<meta name=\"twitter:card\" content=\"summary_large_image\" \/>\n<meta name=\"twitter:label1\" content=\"Est. reading time\" \/>\n\t<meta name=\"twitter:data1\" content=\"5 minutes\" \/>\n<script type=\"application\/ld+json\" class=\"yoast-schema-graph\">{\"@context\":\"https:\\\/\\\/schema.org\",\"@graph\":[{\"@type\":\"WebPage\",\"@id\":\"https:\\\/\\\/msuv.org\\\/zbirka-crteza-i-grafike\\\/\",\"url\":\"https:\\\/\\\/msuv.org\\\/zbirka-crteza-i-grafike\\\/\",\"name\":\"Zbirka crte\u017ea i grafike - Muzej savremene umetnosti Vojvodine\",\"isPartOf\":{\"@id\":\"https:\\\/\\\/msuv.org\\\/#website\"},\"primaryImageOfPage\":{\"@id\":\"https:\\\/\\\/msuv.org\\\/zbirka-crteza-i-grafike\\\/#primaryimage\"},\"image\":{\"@id\":\"https:\\\/\\\/msuv.org\\\/zbirka-crteza-i-grafike\\\/#primaryimage\"},\"thumbnailUrl\":\"https:\\\/\\\/msuv.org\\\/wp-content\\\/uploads\\\/2024\\\/04\\\/1.-Milan-Kerac-Crveni-bik.jpg\",\"datePublished\":\"2024-04-03T14:48:03+00:00\",\"dateModified\":\"2024-05-07T10:50:07+00:00\",\"breadcrumb\":{\"@id\":\"https:\\\/\\\/msuv.org\\\/zbirka-crteza-i-grafike\\\/#breadcrumb\"},\"inLanguage\":\"en-US\",\"potentialAction\":[{\"@type\":\"ReadAction\",\"target\":[\"https:\\\/\\\/msuv.org\\\/zbirka-crteza-i-grafike\\\/\"]}]},{\"@type\":\"ImageObject\",\"inLanguage\":\"en-US\",\"@id\":\"https:\\\/\\\/msuv.org\\\/zbirka-crteza-i-grafike\\\/#primaryimage\",\"url\":\"https:\\\/\\\/msuv.org\\\/wp-content\\\/uploads\\\/2024\\\/04\\\/1.-Milan-Kerac-Crveni-bik.jpg\",\"contentUrl\":\"https:\\\/\\\/msuv.org\\\/wp-content\\\/uploads\\\/2024\\\/04\\\/1.-Milan-Kerac-Crveni-bik.jpg\"},{\"@type\":\"BreadcrumbList\",\"@id\":\"https:\\\/\\\/msuv.org\\\/zbirka-crteza-i-grafike\\\/#breadcrumb\",\"itemListElement\":[{\"@type\":\"ListItem\",\"position\":1,\"name\":\"Home\",\"item\":\"https:\\\/\\\/msuv.org\\\/\"},{\"@type\":\"ListItem\",\"position\":2,\"name\":\"Zbirka crte\u017ea i grafike\"}]},{\"@type\":\"WebSite\",\"@id\":\"https:\\\/\\\/msuv.org\\\/#website\",\"url\":\"https:\\\/\\\/msuv.org\\\/\",\"name\":\"Muzej savremene umetnosti Vojvodine\",\"description\":\"\",\"publisher\":{\"@id\":\"https:\\\/\\\/msuv.org\\\/#organization\"},\"potentialAction\":[{\"@type\":\"SearchAction\",\"target\":{\"@type\":\"EntryPoint\",\"urlTemplate\":\"https:\\\/\\\/msuv.org\\\/?s={search_term_string}\"},\"query-input\":{\"@type\":\"PropertyValueSpecification\",\"valueRequired\":true,\"valueName\":\"search_term_string\"}}],\"inLanguage\":\"en-US\"},{\"@type\":\"Organization\",\"@id\":\"https:\\\/\\\/msuv.org\\\/#organization\",\"name\":\"Muzej savremene umetnosti Vojvodine\",\"url\":\"https:\\\/\\\/msuv.org\\\/\",\"logo\":{\"@type\":\"ImageObject\",\"inLanguage\":\"en-US\",\"@id\":\"https:\\\/\\\/msuv.org\\\/#\\\/schema\\\/logo\\\/image\\\/\",\"url\":\"https:\\\/\\\/msuv.org\\\/wp-content\\\/uploads\\\/2023\\\/11\\\/srpski-logo.png\",\"contentUrl\":\"https:\\\/\\\/msuv.org\\\/wp-content\\\/uploads\\\/2023\\\/11\\\/srpski-logo.png\",\"width\":872,\"height\":117,\"caption\":\"Muzej savremene umetnosti Vojvodine\"},\"image\":{\"@id\":\"https:\\\/\\\/msuv.org\\\/#\\\/schema\\\/logo\\\/image\\\/\"}}]}<\/script>\n<!-- \/ Yoast SEO plugin. -->","yoast_head_json":{"title":"Zbirka crte\u017ea i grafike - Muzej savremene umetnosti Vojvodine","robots":{"index":"index","follow":"follow","max-snippet":"max-snippet:-1","max-image-preview":"max-image-preview:large","max-video-preview":"max-video-preview:-1"},"canonical":"https:\/\/msuv.org\/en\/zbirka-crteza-i-grafike\/","og_locale":"en_US","og_type":"article","og_title":"Zbirka crte\u017ea i grafike - Muzej savremene umetnosti Vojvodine","og_description":"Zbirka crte\u017ea i grafike Zbirka crte\u017ea i grafike spada u najobimnije u fondu i broji\u00a0 preko 1850 dela u razli\u010ditim tehnikama i formatima od crte\u017ea, grafike, radova na papiru, kola\u017ea, do radova izvedenih u kombinovanim slikarskim tehnikama ( gva\u0161, akvarel, tempera). Dinami\u010dna i rastuc\u0301a zbirka obuhvata radove vojvo\u0111anskih,\u00a0 jugoslovenskih, srpskih, kao i stranih umetnika, prisutnih [&hellip;]","og_url":"https:\/\/msuv.org\/en\/zbirka-crteza-i-grafike\/","og_site_name":"Muzej savremene umetnosti Vojvodine","article_modified_time":"2024-05-07T10:50:07+00:00","og_image":[{"url":"https:\/\/msuv.org\/wp-content\/uploads\/2024\/04\/1.-Milan-Kerac-Crveni-bik.jpg","type":"","width":"","height":""}],"twitter_card":"summary_large_image","twitter_misc":{"Est. reading time":"5 minutes"},"schema":{"@context":"https:\/\/schema.org","@graph":[{"@type":"WebPage","@id":"https:\/\/msuv.org\/zbirka-crteza-i-grafike\/","url":"https:\/\/msuv.org\/zbirka-crteza-i-grafike\/","name":"Zbirka crte\u017ea i grafike - Muzej savremene umetnosti Vojvodine","isPartOf":{"@id":"https:\/\/msuv.org\/#website"},"primaryImageOfPage":{"@id":"https:\/\/msuv.org\/zbirka-crteza-i-grafike\/#primaryimage"},"image":{"@id":"https:\/\/msuv.org\/zbirka-crteza-i-grafike\/#primaryimage"},"thumbnailUrl":"https:\/\/msuv.org\/wp-content\/uploads\/2024\/04\/1.-Milan-Kerac-Crveni-bik.jpg","datePublished":"2024-04-03T14:48:03+00:00","dateModified":"2024-05-07T10:50:07+00:00","breadcrumb":{"@id":"https:\/\/msuv.org\/zbirka-crteza-i-grafike\/#breadcrumb"},"inLanguage":"en-US","potentialAction":[{"@type":"ReadAction","target":["https:\/\/msuv.org\/zbirka-crteza-i-grafike\/"]}]},{"@type":"ImageObject","inLanguage":"en-US","@id":"https:\/\/msuv.org\/zbirka-crteza-i-grafike\/#primaryimage","url":"https:\/\/msuv.org\/wp-content\/uploads\/2024\/04\/1.-Milan-Kerac-Crveni-bik.jpg","contentUrl":"https:\/\/msuv.org\/wp-content\/uploads\/2024\/04\/1.-Milan-Kerac-Crveni-bik.jpg"},{"@type":"BreadcrumbList","@id":"https:\/\/msuv.org\/zbirka-crteza-i-grafike\/#breadcrumb","itemListElement":[{"@type":"ListItem","position":1,"name":"Home","item":"https:\/\/msuv.org\/"},{"@type":"ListItem","position":2,"name":"Zbirka crte\u017ea i grafike"}]},{"@type":"WebSite","@id":"https:\/\/msuv.org\/#website","url":"https:\/\/msuv.org\/","name":"Muzej savremene umetnosti Vojvodine","description":"","publisher":{"@id":"https:\/\/msuv.org\/#organization"},"potentialAction":[{"@type":"SearchAction","target":{"@type":"EntryPoint","urlTemplate":"https:\/\/msuv.org\/?s={search_term_string}"},"query-input":{"@type":"PropertyValueSpecification","valueRequired":true,"valueName":"search_term_string"}}],"inLanguage":"en-US"},{"@type":"Organization","@id":"https:\/\/msuv.org\/#organization","name":"Muzej savremene umetnosti Vojvodine","url":"https:\/\/msuv.org\/","logo":{"@type":"ImageObject","inLanguage":"en-US","@id":"https:\/\/msuv.org\/#\/schema\/logo\/image\/","url":"https:\/\/msuv.org\/wp-content\/uploads\/2023\/11\/srpski-logo.png","contentUrl":"https:\/\/msuv.org\/wp-content\/uploads\/2023\/11\/srpski-logo.png","width":872,"height":117,"caption":"Muzej savremene umetnosti Vojvodine"},"image":{"@id":"https:\/\/msuv.org\/#\/schema\/logo\/image\/"}}]}},"_links":{"self":[{"href":"https:\/\/msuv.org\/en\/wp-json\/wp\/v2\/pages\/5643","targetHints":{"allow":["GET"]}}],"collection":[{"href":"https:\/\/msuv.org\/en\/wp-json\/wp\/v2\/pages"}],"about":[{"href":"https:\/\/msuv.org\/en\/wp-json\/wp\/v2\/types\/page"}],"author":[{"embeddable":true,"href":"https:\/\/msuv.org\/en\/wp-json\/wp\/v2\/users\/1"}],"replies":[{"embeddable":true,"href":"https:\/\/msuv.org\/en\/wp-json\/wp\/v2\/comments?post=5643"}],"version-history":[{"count":113,"href":"https:\/\/msuv.org\/en\/wp-json\/wp\/v2\/pages\/5643\/revisions"}],"predecessor-version":[{"id":6598,"href":"https:\/\/msuv.org\/en\/wp-json\/wp\/v2\/pages\/5643\/revisions\/6598"}],"wp:attachment":[{"href":"https:\/\/msuv.org\/en\/wp-json\/wp\/v2\/media?parent=5643"}],"curies":[{"name":"wp","href":"https:\/\/api.w.org\/{rel}","templated":true}]}}